{"id":13135,"date":"2024-04-29T16:52:36","date_gmt":"2024-04-29T16:52:36","guid":{"rendered":"https:\/\/turismosierradefrancia.es\/?page_id=13135"},"modified":"2024-10-24T20:49:00","modified_gmt":"2024-10-24T20:49:00","slug":"leyenda-de-la-moza-santa-de-sequeros","status":"publish","type":"page","link":"https:\/\/turismosierradefrancia.es\/?page_id=13135","title":{"rendered":"Leyenda de la Moza Santa de Sequeros"},"content":{"rendered":"\n<a class=\"tic-subheader-image\" style=\"display:none\" href=\"https:\/\/turismosierradefrancia.es\/wp-content\/uploads\/2023\/11\/cabecera-leyendas-3.webp\"><\/a>\n\n\n\n<div style=\"height:30px\" aria-hidden=\"true\" class=\"wp-block-spacer\"><\/div>\n\n\n\n<div class=\"wp-block-group tic-page-content\"><div class=\"wp-block-group__inner-container is-layout-constrained wp-block-group-is-layout-constrained\">\n<p class=\"has-drop-cap has-text-align-justify tic-contenido-principal wp-block-paragraph\">Existe una leyenda que pone como protagonista a una mujer llamada <strong>Juana Hern\u00e1ndez<\/strong>. La historia deja claro que, en el a\u00f1o 1424, se levant\u00f3 en\u00a0su propio funeral para anunciar los mensajes que hab\u00eda recibido del cielo, entre ellos la existencia de la talla de una Virgen que\u00a0llevaba enterrada m\u00e1s de doscientos a\u00f1os en alg\u00fan rinc\u00f3n de la <strong>Pe\u00f1a de Francia<\/strong>. Tiempo despu\u00e9s es la Virgen quien se aparece al estudiante\u00a0franc\u00e9s <strong>Sim\u00f3n Roland<\/strong> para pedirle que emprenda la b\u00fasqueda de la talla que finalmente descubre en una cueva en 1434. Nace as\u00ed la devoci\u00f3n a\u00a0la <strong><a href=\"https:\/\/turismosierradefrancia.es\/cultura\/historia-y-tradicion\/leyendas-de-la-sierra-de-francia\/leyenda-de-la-virgen-de-la-pena-de-francia\/\">Virgen de la Pe\u00f1a de Francia<\/a><\/strong>. Naci\u00f3 en la localidad de Sequeros a principios del siglo XV.<\/p>\n\n\n\n<p class=\"wp-block-paragraph\">La leyenda cuenta como la profetisa Juana anuncio en su lecho de muerte que se descubrir\u00eda una imagen de la Virgen. En un principio se pens\u00f3 que hab\u00eda muerto, pero lo que realmente estaba era en agon\u00eda. Esta imagen a la que se refer\u00eda Juana Hern\u00e1ndez era la&nbsp;de Nuestra Se\u00f1ora de la Pe\u00f1a de Francia que, en el a\u00f1o 1434, fue descubierta por el monje franc\u00e9s Sim\u00f3n Vela. Seg\u00fan cuenta esta leyenda, poco despu\u00e9s de que esta joven realizara la profec\u00eda, la virgen se apareci\u00f3 al franc\u00e9s para que buscara la imagen de&nbsp;la virgen en occidente.&nbsp;<\/p>\n\n\n\n<p class=\"wp-block-paragraph\">Lejos de que ese fuera el \u00fanico descubrimiento de Juana Hern\u00e1ndez, que pas\u00f3 a ser conocida como \u201cLa Moza Santa de&nbsp;Sequeros\u201d, tambi\u00e9n profetiz\u00f3 algo m\u00e1s, profetiz\u00f3 la fundaci\u00f3n del&nbsp;Convento de Gracia en San Mart\u00edn del Casta\u00f1ar,  cercano a Sequeros.<\/p>\n\n\n\n<p class=\"wp-block-paragraph\">La casa de la Moza de Sequeros se encuentra en una de las calles de la zona conocida como La Mata de&nbsp;los Jud\u00edos y, aunque no se afirma con rotundidad, es bastante probable que ella y su familia procedieran de conversos, cristianos nuevos, pero de&nbsp;or\u00edgenes jud\u00edos. Sus reliquias reposan en la preciosa <strong>Ermita de la Virgen del Robledo<\/strong>.<\/p>\n\n\n\n<figure class=\"wp-block-gallery has-nested-images columns-default is-cropped imagen-personalizada wp-block-gallery-1 is-layout-flex wp-block-gallery-is-layout-flex\">\n<figure class=\"wp-block-image size-full\"><a href=\"https:\/\/turismosierradefrancia.es\/wp-content\/uploads\/2023\/07\/turismo-sierra-de-francia-sequeros-3.jpg\"><img fetchpriority=\"high\" decoding=\"async\" width=\"1600\" height=\"1067\" data-id=\"4928\" src=\"https:\/\/turismosierradefrancia.es\/wp-content\/uploads\/2023\/07\/turismo-sierra-de-francia-sequeros-3.jpg\" alt=\"Santuario de la Virgen de Robledo en Sequeros\" class=\"wp-image-4928\" srcset=\"https:\/\/turismosierradefrancia.es\/wp-content\/uploads\/2023\/07\/turismo-sierra-de-francia-sequeros-3.jpg 1600w, https:\/\/turismosierradefrancia.es\/wp-content\/uploads\/2023\/07\/turismo-sierra-de-francia-sequeros-3-300x200.jpg 300w, https:\/\/turismosierradefrancia.es\/wp-content\/uploads\/2023\/07\/turismo-sierra-de-francia-sequeros-3-1024x683.jpg 1024w, https:\/\/turismosierradefrancia.es\/wp-content\/uploads\/2023\/07\/turismo-sierra-de-francia-sequeros-3-768x512.jpg 768w, https:\/\/turismosierradefrancia.es\/wp-content\/uploads\/2023\/07\/turismo-sierra-de-francia-sequeros-3-1536x1024.jpg 1536w, https:\/\/turismosierradefrancia.es\/wp-content\/uploads\/2023\/07\/turismo-sierra-de-francia-sequeros-3-112x75.jpg 112w, https:\/\/turismosierradefrancia.es\/wp-content\/uploads\/2023\/07\/turismo-sierra-de-francia-sequeros-3-480x320.jpg 480w\" sizes=\"(max-width:767px) 480px, (max-width:1600px) 100vw, 1600px\" \/><\/a><\/figure>\n\n\n\n<figure class=\"wp-block-image size-full\"><a href=\"https:\/\/turismosierradefrancia.es\/wp-content\/uploads\/2023\/08\/turismo-sierra-de-francia-sequeros-8-22-2.webp\"><img decoding=\"async\" width=\"800\" height=\"599\" data-id=\"13109\" src=\"https:\/\/turismosierradefrancia.es\/wp-content\/uploads\/2023\/08\/turismo-sierra-de-francia-sequeros-8-22-2.webp\" alt=\"leyenda de la moza santa de sequeros\" class=\"wp-image-13109\" srcset=\"https:\/\/turismosierradefrancia.es\/wp-content\/uploads\/2023\/08\/turismo-sierra-de-francia-sequeros-8-22-2.webp 800w, https:\/\/turismosierradefrancia.es\/wp-content\/uploads\/2023\/08\/turismo-sierra-de-francia-sequeros-8-22-2-300x225.webp 300w, https:\/\/turismosierradefrancia.es\/wp-content\/uploads\/2023\/08\/turismo-sierra-de-francia-sequeros-8-22-2-768x575.webp 768w, https:\/\/turismosierradefrancia.es\/wp-content\/uploads\/2023\/08\/turismo-sierra-de-francia-sequeros-8-22-2-100x75.webp 100w, https:\/\/turismosierradefrancia.es\/wp-content\/uploads\/2023\/08\/turismo-sierra-de-francia-sequeros-8-22-2-480x359.webp 480w\" sizes=\"(max-width:767px) 480px, (max-width:800px) 100vw, 800px\" \/><\/a><\/figure>\n\n\n\n<figure class=\"wp-block-image size-full\"><a href=\"https:\/\/turismosierradefrancia.es\/wp-content\/uploads\/2024\/04\/pena-francia-virgen-copia-2.webp\"><img decoding=\"async\" width=\"900\" height=\"675\" data-id=\"13154\" src=\"https:\/\/turismosierradefrancia.es\/wp-content\/uploads\/2024\/04\/pena-francia-virgen-copia-2.webp\" alt=\"Leyenda de la Moza Santa de Sequeros\" class=\"wp-image-13154\" srcset=\"https:\/\/turismosierradefrancia.es\/wp-content\/uploads\/2024\/04\/pena-francia-virgen-copia-2.webp 900w, https:\/\/turismosierradefrancia.es\/wp-content\/uploads\/2024\/04\/pena-francia-virgen-copia-2-300x225.webp 300w, https:\/\/turismosierradefrancia.es\/wp-content\/uploads\/2024\/04\/pena-francia-virgen-copia-2-768x576.webp 768w, https:\/\/turismosierradefrancia.es\/wp-content\/uploads\/2024\/04\/pena-francia-virgen-copia-2-100x75.webp 100w, https:\/\/turismosierradefrancia.es\/wp-content\/uploads\/2024\/04\/pena-francia-virgen-copia-2-480x360.webp 480w\" sizes=\"(max-width:767px) 480px, (max-width:900px) 100vw, 900px\" \/><\/a><\/figure>\n<\/figure>\n<\/div><\/div>\n\n\n\n<div style=\"height:30px\" aria-hidden=\"true\" class=\"wp-block-spacer\"><\/div>\n\n\n\n<div class=\"wp-block-group tic-page-footer\"><div class=\"wp-block-group__inner-container is-layout-constrained wp-block-group-is-layout-constrained\">\n<p class=\"tic-secicon has-medium-font-size wp-block-paragraph\"><strong>Relacionado<\/strong><\/p>\n\n\n\n\t\t\t<div class=\"foogallery foogallery-container foogallery-carousel foogallery-lightbox-none fg-carousel-hide-nav-arrows fg-carousel-hide-pagination fg-carousel-hide-progress-bar fg-carousel fg-ready fg-custom fg-shadow-outline fg-loading-default fg-loaded-fade-in fg-caption-always fg-hover-fade fg-c-c\" id=\"foogallery-gallery-3652\" data-foogallery=\"{&quot;item&quot;:{&quot;showCaptionTitle&quot;:true,&quot;showCaptionDescription&quot;:true},&quot;lazy&quot;:true,&quot;src&quot;:&quot;src&quot;,&quot;srcset&quot;:&quot;srcset&quot;,&quot;template&quot;:{&quot;maxItems&quot;:7,&quot;scale&quot;:0,&quot;gutter&quot;:{&quot;min&quot;:5,&quot;max&quot;:10,&quot;unit&quot;:&quot;px&quot;},&quot;autoplay&quot;:{&quot;time&quot;:5,&quot;interaction&quot;:&quot;disable&quot;},&quot;centerOnClick&quot;:false,&quot;align&quot;:&quot;center&quot;,&quot;activePosition&quot;:&quot;center&quot;}}\" style=\"--fg-title-line-clamp: 0; --fg-description-line-clamp: 0;\" >\n\t<button type=\"button\" class=\"fg-carousel-prev\" title=\"Anterior\"><\/button>\n\t<div class=\"fg-carousel-inner\">\n\t\t<div class=\"fg-carousel-center\"><\/div>\n\t\t<div class=\"fg-item fg-type-iframe fg-loading\"><figure class=\"fg-item-inner\"><a href=\"https:\/\/turismosierradefrancia.es\/nuestros-pueblos\/\" data-caption-title=\"Nuestros Pueblos\" data-attachment-id=\"16463\" data-e-disable-page-transition=\"true\" data-type=\"iframe\" class=\"fg-thumb\"><span class=\"fg-image-wrap\"><img loading=\"lazy\" src=\"https:\/\/turismosierradefrancia.es\/wp-content\/uploads\/cache\/2024\/06\/nuestros-pueblos-recomendado\/3504428687.webp\" title=\"Nuestros Pueblos\" width=\"293\" height=\"400\" class=\"skip-lazy fg-image\" decoding=\"async\" loading=\"lazy\"><\/span><span class=\"fg-image-overlay\"><\/span><\/a><figcaption class=\"fg-caption\"><div class=\"fg-caption-inner\"><div class=\"fg-caption-title\">Nuestros Pueblos<\/div><\/div><\/figcaption><\/figure><div class=\"fg-loader\"><\/div><\/div><div class=\"fg-item fg-type-iframe fg-loading\"><figure class=\"fg-item-inner\"><a href=\"https:\/\/turismosierradefrancia.es\/turismo-activo\/estacion-de-deportes-de-montana\/senderismo\/\" data-caption-title=\"Senderismo\" data-attachment-id=\"16465\" data-e-disable-page-transition=\"true\" data-type=\"iframe\" class=\"fg-thumb\"><span class=\"fg-image-wrap\"><img loading=\"lazy\" src=\"https:\/\/turismosierradefrancia.es\/wp-content\/uploads\/cache\/2024\/06\/senderismo-recomendador\/2738489355.webp\" title=\"Senderismo\" width=\"293\" height=\"400\" class=\"skip-lazy fg-image\" decoding=\"async\" loading=\"lazy\"><\/span><span class=\"fg-image-overlay\"><\/span><\/a><figcaption class=\"fg-caption\"><div class=\"fg-caption-inner\"><div class=\"fg-caption-title\">Senderismo<\/div><\/div><\/figcaption><\/figure><div class=\"fg-loader\"><\/div><\/div><div class=\"fg-item fg-type-iframe fg-loading\"><figure class=\"fg-item-inner\"><a href=\"https:\/\/turismosierradefrancia.es\/turismo-activo\/turismo-rutas-accesibles\/\" data-caption-title=\"Rutas Accesibles\" data-attachment-id=\"16464\" data-e-disable-page-transition=\"true\" data-type=\"iframe\" class=\"fg-thumb\"><span class=\"fg-image-wrap\"><img loading=\"lazy\" src=\"https:\/\/turismosierradefrancia.es\/wp-content\/uploads\/cache\/2024\/06\/rutas-accesibles-recomendador\/2972824326.webp\" title=\"Rutas Accesibles\" width=\"293\" height=\"400\" class=\"skip-lazy fg-image\" decoding=\"async\" loading=\"lazy\"><\/span><span class=\"fg-image-overlay\"><\/span><\/a><figcaption class=\"fg-caption\"><div class=\"fg-caption-inner\"><div class=\"fg-caption-title\">Rutas Accesibles<\/div><\/div><\/figcaption><\/figure><div class=\"fg-loader\"><\/div><\/div><div class=\"fg-item fg-type-iframe fg-loading\"><figure class=\"fg-item-inner\"><a href=\"https:\/\/turismosierradefrancia.es\/donde-dormir\/\" data-caption-title=\"\u00bfD\u00f3nde Comer?\" data-attachment-id=\"16462\" data-e-disable-page-transition=\"true\" data-type=\"iframe\" class=\"fg-thumb\"><span class=\"fg-image-wrap\"><img loading=\"lazy\" src=\"https:\/\/turismosierradefrancia.es\/wp-content\/uploads\/cache\/2024\/06\/donde_comer-recomendado\/1038040024.webp\" title=\"\u00bfD\u00f3nde Comer?\" width=\"293\" height=\"400\" class=\"skip-lazy fg-image\" decoding=\"async\" loading=\"lazy\"><\/span><span class=\"fg-image-overlay\"><\/span><\/a><figcaption class=\"fg-caption\"><div class=\"fg-caption-inner\"><div class=\"fg-caption-title\">\u00bfD\u00f3nde Comer?<\/div><\/div><\/figcaption><\/figure><div class=\"fg-loader\"><\/div><\/div><div class=\"fg-item fg-type-iframe fg-loading\"><figure class=\"fg-item-inner\"><a href=\"https:\/\/turismosierradefrancia.es\/donde-dormir\/\" data-caption-title=\"\u00bfD\u00f3nde Dormir?\" data-attachment-id=\"16461\" data-e-disable-page-transition=\"true\" data-type=\"iframe\" class=\"fg-thumb\"><span class=\"fg-image-wrap\"><img loading=\"lazy\" src=\"https:\/\/turismosierradefrancia.es\/wp-content\/uploads\/cache\/2024\/06\/donde-dormir-recomendado\/1391775750.webp\" title=\"\u00bfD\u00f3nde Dormir?\" width=\"293\" height=\"400\" class=\"skip-lazy fg-image\" decoding=\"async\" loading=\"lazy\"><\/span><span class=\"fg-image-overlay\"><\/span><\/a><figcaption class=\"fg-caption\"><div class=\"fg-caption-inner\"><div class=\"fg-caption-title\">\u00bfD\u00f3nde Dormir?<\/div><\/div><\/figcaption><\/figure><div class=\"fg-loader\"><\/div><\/div><div class=\"fg-item fg-type-iframe fg-loading\"><figure class=\"fg-item-inner\"><a href=\"https:\/\/turismosierradefrancia.es\/turismo-activo\/caminos-de-arte-en-la-naturaleza\/\" data-caption-title=\"Caminos de Arte\" data-attachment-id=\"16459\" data-e-disable-page-transition=\"true\" data-type=\"iframe\" class=\"fg-thumb\"><span class=\"fg-image-wrap\"><img loading=\"lazy\" src=\"https:\/\/turismosierradefrancia.es\/wp-content\/uploads\/cache\/2024\/06\/caminos-del-arte-recomendador\/4270799215.webp\" title=\"Caminos de Arte\" width=\"293\" height=\"400\" class=\"skip-lazy fg-image\" decoding=\"async\" loading=\"lazy\"><\/span><span class=\"fg-image-overlay\"><\/span><\/a><figcaption class=\"fg-caption\"><div class=\"fg-caption-inner\"><div class=\"fg-caption-title\">Caminos de Arte<\/div><\/div><\/figcaption><\/figure><div class=\"fg-loader\"><\/div><\/div><div class=\"fg-item fg-type-iframe fg-loading\"><figure class=\"fg-item-inner\"><a href=\"https:\/\/turismosierradefrancia.es\/cultura\/centros-interpretacion-museos\/\" data-caption-title=\"Centros de Interpretaci\u00f3n\" data-attachment-id=\"16460\" data-e-disable-page-transition=\"true\" data-type=\"iframe\" class=\"fg-thumb\"><span class=\"fg-image-wrap\"><img loading=\"lazy\" src=\"https:\/\/turismosierradefrancia.es\/wp-content\/uploads\/cache\/2024\/06\/centro-interpretacion-museo\/2796342601.webp\" title=\"Centros de Interpretaci\u00f3n\" width=\"293\" height=\"400\" class=\"skip-lazy fg-image\" decoding=\"async\" loading=\"lazy\"><\/span><span class=\"fg-image-overlay\"><\/span><\/a><figcaption class=\"fg-caption\"><div class=\"fg-caption-inner\"><div class=\"fg-caption-title\">Centros de Interpretaci\u00f3n<\/div><\/div><\/figcaption><\/figure><div class=\"fg-loader\"><\/div><\/div>\t<\/div>\n\t<div class=\"fg-carousel-bottom\"><\/div>\n\t<div class=\"fg-carousel-progress\"><\/div>\n\t<button type=\"button\" class=\"fg-carousel-next\" title=\"Siguiente\"><\/button>\n<\/div>\n\n\n\n<div style=\"height:50px\" aria-hidden=\"true\" class=\"wp-block-spacer\"><\/div>\n<\/div><\/div>\n<style class=\"advgb-styles-renderer\">\n#foogallery-gallery-3652 .fg-image { width: 293px; }#foogallery-gallery-3652 { \r\n width:100%;\r\n}\r\n\r\n#foogallery-gallery-3652 div.fg-caption-title { \r\nfont-weight:700;\r\n}\r\n\r\n<\/style>","protected":false},"excerpt":{"rendered":"<p>Existe una leyenda que pone como protagonista a una mujer llamada Juana Hern\u00e1ndez. La historia deja claro que, en el&hellip; <a class=\"continue\" href=\"https:\/\/turismosierradefrancia.es\/?page_id=13135\">Seguir leyendo<span> Leyenda de la Moza Santa de Sequeros<\/span><\/a><\/p>\n","protected":false},"author":1,"featured_media":0,"parent":5703,"menu_order":0,"comment_status":"closed","ping_status":"closed","template":"","meta":{"advgb_blocks_editor_width":"","advgb_blocks_columns_visual_guide":"","footnotes":""},"class_list":["post-13135","page","type-page","status-publish","hentry"],"yoast_head":"<!-- This site is optimized with the Yoast SEO plugin v28.2 - https:\/\/yoast.com\/product\/yoast-seo-wordpress\/ -->\n<title>Leyenda de la Moza Santa de Sequeros - Sierra de Francia<\/title>\n<meta name=\"description\" content=\"La casa de la Moza de Sequeros se encuentra en una de las calles de la zona conocida como La Mata de\u00a0los Jud\u00edos\" \/>\n<meta name=\"robots\" content=\"index, follow, max-snippet:-1, max-image-preview:large, max-video-preview:-1\" \/>\n<link rel=\"canonical\" href=\"https:\/\/turismosierradefrancia.es\/?page_id=13135\" \/>\n<meta property=\"og:locale\" content=\"es_ES\" \/>\n<meta property=\"og:type\" content=\"article\" \/>\n<meta property=\"og:title\" content=\"Leyenda de la Moza Santa de Sequeros - Sierra de Francia\" \/>\n<meta property=\"og:description\" content=\"La casa de la Moza de Sequeros se encuentra en una de las calles de la zona conocida como La Mata de\u00a0los Jud\u00edos\" \/>\n<meta property=\"og:url\" content=\"https:\/\/turismosierradefrancia.es\/?page_id=13135\" \/>\n<meta property=\"og:site_name\" content=\"Sierra de Francia\" \/>\n<meta property=\"article:publisher\" content=\"https:\/\/www.facebook.com\/visitasierradefrancia\/\" \/>\n<meta property=\"article:modified_time\" content=\"2024-10-24T20:49:00+00:00\" \/>\n<meta property=\"og:image\" content=\"https:\/\/turismosierradefrancia.es\/wp-content\/uploads\/2023\/07\/turismo-sierra-de-francia-sequeros-3.jpg\" \/>\n<meta name=\"twitter:card\" content=\"summary_large_image\" \/>\n<meta name=\"twitter:site\" content=\"@visitaSF\" \/>\n<meta name=\"twitter:label1\" content=\"Tiempo de lectura\" \/>\n\t<meta name=\"twitter:data1\" content=\"3 minutos\" \/>\n<script type=\"application\/ld+json\" class=\"yoast-schema-graph\">{\"@context\":\"https:\\\/\\\/schema.org\",\"@graph\":[{\"@type\":\"WebPage\",\"@id\":\"https:\\\/\\\/turismosierradefrancia.es\\\/?page_id=13135\",\"url\":\"https:\\\/\\\/turismosierradefrancia.es\\\/?page_id=13135\",\"name\":\"Leyenda de la Moza Santa de Sequeros - Sierra de Francia\",\"isPartOf\":{\"@id\":\"https:\\\/\\\/turismosierradefrancia.es\\\/#website\"},\"primaryImageOfPage\":{\"@id\":\"https:\\\/\\\/turismosierradefrancia.es\\\/?page_id=13135#primaryimage\"},\"image\":{\"@id\":\"https:\\\/\\\/turismosierradefrancia.es\\\/?page_id=13135#primaryimage\"},\"thumbnailUrl\":\"https:\\\/\\\/turismosierradefrancia.es\\\/wp-content\\\/uploads\\\/2023\\\/07\\\/turismo-sierra-de-francia-sequeros-3.jpg\",\"datePublished\":\"2024-04-29T16:52:36+00:00\",\"dateModified\":\"2024-10-24T20:49:00+00:00\",\"description\":\"La casa de la Moza de Sequeros se encuentra en una de las calles de la zona conocida como La Mata de\u00a0los Jud\u00edos\",\"breadcrumb\":{\"@id\":\"https:\\\/\\\/turismosierradefrancia.es\\\/?page_id=13135#breadcrumb\"},\"inLanguage\":\"es\",\"potentialAction\":[{\"@type\":\"ReadAction\",\"target\":[\"https:\\\/\\\/turismosierradefrancia.es\\\/?page_id=13135\"]}]},{\"@type\":\"ImageObject\",\"inLanguage\":\"es\",\"@id\":\"https:\\\/\\\/turismosierradefrancia.es\\\/?page_id=13135#primaryimage\",\"url\":\"https:\\\/\\\/turismosierradefrancia.es\\\/wp-content\\\/uploads\\\/2023\\\/07\\\/turismo-sierra-de-francia-sequeros-3.jpg\",\"contentUrl\":\"https:\\\/\\\/turismosierradefrancia.es\\\/wp-content\\\/uploads\\\/2023\\\/07\\\/turismo-sierra-de-francia-sequeros-3.jpg\",\"width\":1600,\"height\":1067,\"caption\":\"Santuario de la Virgen de Robledo en Sequeros\"},{\"@type\":\"BreadcrumbList\",\"@id\":\"https:\\\/\\\/turismosierradefrancia.es\\\/?page_id=13135#breadcrumb\",\"itemListElement\":[{\"@type\":\"ListItem\",\"position\":1,\"name\":\"Inicio\",\"item\":\"https:\\\/\\\/turismosierradefrancia.es\\\/\"},{\"@type\":\"ListItem\",\"position\":2,\"name\":\"Cultura\",\"item\":\"https:\\\/\\\/turismosierradefrancia.es\\\/?page_id=3508\"},{\"@type\":\"ListItem\",\"position\":3,\"name\":\"Historia y Tradici\u00f3n\",\"item\":\"https:\\\/\\\/turismosierradefrancia.es\\\/?page_id=1089\"},{\"@type\":\"ListItem\",\"position\":4,\"name\":\"Leyendas de la Sierra de Francia\",\"item\":\"https:\\\/\\\/turismosierradefrancia.es\\\/?page_id=5703\"},{\"@type\":\"ListItem\",\"position\":5,\"name\":\"Leyenda de la Moza Santa de Sequeros\"}]},{\"@type\":\"WebSite\",\"@id\":\"https:\\\/\\\/turismosierradefrancia.es\\\/#website\",\"url\":\"https:\\\/\\\/turismosierradefrancia.es\\\/\",\"name\":\"Sierra de Francia\",\"description\":\"\",\"publisher\":{\"@id\":\"https:\\\/\\\/turismosierradefrancia.es\\\/#organization\"},\"alternateName\":\"Turismo Sierra de Francia\",\"potentialAction\":[{\"@type\":\"SearchAction\",\"target\":{\"@type\":\"EntryPoint\",\"urlTemplate\":\"https:\\\/\\\/turismosierradefrancia.es\\\/?s={search_term_string}\"},\"query-input\":{\"@type\":\"PropertyValueSpecification\",\"valueRequired\":true,\"valueName\":\"search_term_string\"}}],\"inLanguage\":\"es\"},{\"@type\":\"Organization\",\"@id\":\"https:\\\/\\\/turismosierradefrancia.es\\\/#organization\",\"name\":\"Sierra de Francia\",\"alternateName\":\"Turismo Sierra de Francia\",\"url\":\"https:\\\/\\\/turismosierradefrancia.es\\\/\",\"logo\":{\"@type\":\"ImageObject\",\"inLanguage\":\"es\",\"@id\":\"https:\\\/\\\/turismosierradefrancia.es\\\/#\\\/schema\\\/logo\\\/image\\\/\",\"url\":\"https:\\\/\\\/turismosierradefrancia.es\\\/wp-content\\\/uploads\\\/2024\\\/04\\\/cropped-logo_redondo-removebg-preview.png\",\"contentUrl\":\"https:\\\/\\\/turismosierradefrancia.es\\\/wp-content\\\/uploads\\\/2024\\\/04\\\/cropped-logo_redondo-removebg-preview.png\",\"width\":512,\"height\":512,\"caption\":\"Sierra de Francia\"},\"image\":{\"@id\":\"https:\\\/\\\/turismosierradefrancia.es\\\/#\\\/schema\\\/logo\\\/image\\\/\"},\"sameAs\":[\"https:\\\/\\\/www.facebook.com\\\/visitasierradefrancia\\\/\",\"https:\\\/\\\/x.com\\\/visitaSF\",\"https:\\\/\\\/www.instagram.com\\\/visitasierradefrancia\\\/\",\"https:\\\/\\\/www.youtube.com\\\/@visitasierradefrancia\"]}]}<\/script>\n<!-- \/ Yoast SEO plugin. -->","yoast_head_json":{"title":"Leyenda de la Moza Santa de Sequeros - Sierra de Francia","description":"La casa de la Moza de Sequeros se encuentra en una de las calles de la zona conocida como La Mata de\u00a0los Jud\u00edos","robots":{"index":"index","follow":"follow","max-snippet":"max-snippet:-1","max-image-preview":"max-image-preview:large","max-video-preview":"max-video-preview:-1"},"canonical":"https:\/\/turismosierradefrancia.es\/?page_id=13135","og_locale":"es_ES","og_type":"article","og_title":"Leyenda de la Moza Santa de Sequeros - Sierra de Francia","og_description":"La casa de la Moza de Sequeros se encuentra en una de las calles de la zona conocida como La Mata de\u00a0los Jud\u00edos","og_url":"https:\/\/turismosierradefrancia.es\/?page_id=13135","og_site_name":"Sierra de Francia","article_publisher":"https:\/\/www.facebook.com\/visitasierradefrancia\/","article_modified_time":"2024-10-24T20:49:00+00:00","og_image":[{"url":"https:\/\/turismosierradefrancia.es\/wp-content\/uploads\/2023\/07\/turismo-sierra-de-francia-sequeros-3.jpg","type":"","width":"","height":""}],"twitter_card":"summary_large_image","twitter_site":"@visitaSF","twitter_misc":{"Tiempo de lectura":"3 minutos"},"schema":{"@context":"https:\/\/schema.org","@graph":[{"@type":"WebPage","@id":"https:\/\/turismosierradefrancia.es\/?page_id=13135","url":"https:\/\/turismosierradefrancia.es\/?page_id=13135","name":"Leyenda de la Moza Santa de Sequeros - Sierra de Francia","isPartOf":{"@id":"https:\/\/turismosierradefrancia.es\/#website"},"primaryImageOfPage":{"@id":"https:\/\/turismosierradefrancia.es\/?page_id=13135#primaryimage"},"image":{"@id":"https:\/\/turismosierradefrancia.es\/?page_id=13135#primaryimage"},"thumbnailUrl":"https:\/\/turismosierradefrancia.es\/wp-content\/uploads\/2023\/07\/turismo-sierra-de-francia-sequeros-3.jpg","datePublished":"2024-04-29T16:52:36+00:00","dateModified":"2024-10-24T20:49:00+00:00","description":"La casa de la Moza de Sequeros se encuentra en una de las calles de la zona conocida como La Mata de\u00a0los Jud\u00edos","breadcrumb":{"@id":"https:\/\/turismosierradefrancia.es\/?page_id=13135#breadcrumb"},"inLanguage":"es","potentialAction":[{"@type":"ReadAction","target":["https:\/\/turismosierradefrancia.es\/?page_id=13135"]}]},{"@type":"ImageObject","inLanguage":"es","@id":"https:\/\/turismosierradefrancia.es\/?page_id=13135#primaryimage","url":"https:\/\/turismosierradefrancia.es\/wp-content\/uploads\/2023\/07\/turismo-sierra-de-francia-sequeros-3.jpg","contentUrl":"https:\/\/turismosierradefrancia.es\/wp-content\/uploads\/2023\/07\/turismo-sierra-de-francia-sequeros-3.jpg","width":1600,"height":1067,"caption":"Santuario de la Virgen de Robledo en Sequeros"},{"@type":"BreadcrumbList","@id":"https:\/\/turismosierradefrancia.es\/?page_id=13135#breadcrumb","itemListElement":[{"@type":"ListItem","position":1,"name":"Inicio","item":"https:\/\/turismosierradefrancia.es\/"},{"@type":"ListItem","position":2,"name":"Cultura","item":"https:\/\/turismosierradefrancia.es\/?page_id=3508"},{"@type":"ListItem","position":3,"name":"Historia y Tradici\u00f3n","item":"https:\/\/turismosierradefrancia.es\/?page_id=1089"},{"@type":"ListItem","position":4,"name":"Leyendas de la Sierra de Francia","item":"https:\/\/turismosierradefrancia.es\/?page_id=5703"},{"@type":"ListItem","position":5,"name":"Leyenda de la Moza Santa de Sequeros"}]},{"@type":"WebSite","@id":"https:\/\/turismosierradefrancia.es\/#website","url":"https:\/\/turismosierradefrancia.es\/","name":"Sierra de Francia","description":"","publisher":{"@id":"https:\/\/turismosierradefrancia.es\/#organization"},"alternateName":"Turismo Sierra de Francia","potentialAction":[{"@type":"SearchAction","target":{"@type":"EntryPoint","urlTemplate":"https:\/\/turismosierradefrancia.es\/?s={search_term_string}"},"query-input":{"@type":"PropertyValueSpecification","valueRequired":true,"valueName":"search_term_string"}}],"inLanguage":"es"},{"@type":"Organization","@id":"https:\/\/turismosierradefrancia.es\/#organization","name":"Sierra de Francia","alternateName":"Turismo Sierra de Francia","url":"https:\/\/turismosierradefrancia.es\/","logo":{"@type":"ImageObject","inLanguage":"es","@id":"https:\/\/turismosierradefrancia.es\/#\/schema\/logo\/image\/","url":"https:\/\/turismosierradefrancia.es\/wp-content\/uploads\/2024\/04\/cropped-logo_redondo-removebg-preview.png","contentUrl":"https:\/\/turismosierradefrancia.es\/wp-content\/uploads\/2024\/04\/cropped-logo_redondo-removebg-preview.png","width":512,"height":512,"caption":"Sierra de Francia"},"image":{"@id":"https:\/\/turismosierradefrancia.es\/#\/schema\/logo\/image\/"},"sameAs":["https:\/\/www.facebook.com\/visitasierradefrancia\/","https:\/\/x.com\/visitaSF","https:\/\/www.instagram.com\/visitasierradefrancia\/","https:\/\/www.youtube.com\/@visitasierradefrancia"]}]}},"coauthors":[],"author_meta":{"author_link":"https:\/\/turismosierradefrancia.es\/?author=1","display_name":"admin"},"relative_dates":{"created":"Publicado 2 a\u00f1os hace","modified":"Actualizado 2 a\u00f1os hace"},"absolute_dates":{"created":"Publicado el 29\/04\/2024","modified":"Actualizado el 24\/10\/2024"},"absolute_dates_time":{"created":"Publicado el 29\/04\/2024 16:52","modified":"Actualizado el 24\/10\/2024 20:49"},"featured_img_caption":"","featured_img":false,"series_order":"","_links":{"self":[{"href":"https:\/\/turismosierradefrancia.es\/index.php?rest_route=\/wp\/v2\/pages\/13135","targetHints":{"allow":["GET"]}}],"collection":[{"href":"https:\/\/turismosierradefrancia.es\/index.php?rest_route=\/wp\/v2\/pages"}],"about":[{"href":"https:\/\/turismosierradefrancia.es\/index.php?rest_route=\/wp\/v2\/types\/page"}],"author":[{"embeddable":true,"href":"https:\/\/turismosierradefrancia.es\/index.php?rest_route=\/wp\/v2\/users\/1"}],"replies":[{"embeddable":true,"href":"https:\/\/turismosierradefrancia.es\/index.php?rest_route=%2Fwp%2Fv2%2Fcomments&post=13135"}],"version-history":[{"count":18,"href":"https:\/\/turismosierradefrancia.es\/index.php?rest_route=\/wp\/v2\/pages\/13135\/revisions"}],"predecessor-version":[{"id":18733,"href":"https:\/\/turismosierradefrancia.es\/index.php?rest_route=\/wp\/v2\/pages\/13135\/revisions\/18733"}],"up":[{"embeddable":true,"href":"https:\/\/turismosierradefrancia.es\/index.php?rest_route=\/wp\/v2\/pages\/5703"}],"wp:attachment":[{"href":"https:\/\/turismosierradefrancia.es\/index.php?rest_route=%2Fwp%2Fv2%2Fmedia&parent=13135"}],"curies":[{"name":"wp","href":"https:\/\/api.w.org\/{rel}","templated":true}]}}