{"id":5703,"date":"2023-09-06T12:42:55","date_gmt":"2023-09-06T12:42:55","guid":{"rendered":"https:\/\/turismosierradefrancia.es\/?page_id=5703"},"modified":"2024-07-03T15:33:44","modified_gmt":"2024-07-03T15:33:44","slug":"leyendas-de-la-sierra-de-francia","status":"publish","type":"page","link":"https:\/\/turismosierradefrancia.es\/?page_id=5703","title":{"rendered":"Leyendas de la Sierra de Francia"},"content":{"rendered":"\n<a class=\"tic-subheader-image\" style=\"display:none\" href=\"https:\/\/turismosierradefrancia.es\/wp-content\/uploads\/2023\/11\/cabecera-leyendas-3.webp\"><\/a>\n\n\n\n<p class=\"has-drop-cap tic-contenido-principal wp-block-paragraph\">Las leyendas narran hechos del pasado, con base hist\u00f3rica real, transmitidas oralmente a lo largo del tiempo. En la sierra, se contaban alrededor del fuego nocturno, incorporando elementos imaginarios que cobraban autenticidad en un contexto conocido.<\/p>\n\n\n\n<div class=\"wp-block-group tic-contenido-secundario-mosaic\"><div class=\"wp-block-group__inner-container is-layout-constrained wp-block-group-is-layout-constrained\">\n<p class=\"wp-block-paragraph\">Estas historias eran cruciales en las familias, narradas por los mayores a los j\u00f3venes. Los narradores pod\u00edan modificar las leyendas an\u00f3nimas, generando m\u00faltiples versiones y dificultando su origen. Hemos reunido las leyendas m\u00e1s comunes de las Sierras de Francia y Quilamas, consider\u00e1ndolas interpretaciones \u00fanicas. Te sugerimos escucharlas junto a la chimenea, narradas por nuestros mayores.<\/p>\n<\/div><\/div>\n\n\n\n<p class=\"tic-cita wp-block-paragraph\">\u00abEn el coraz\u00f3n de nuestros destinos yace un tesoro \u00fanico: las leyendas que han tejido la rica tela de la historia. Emb\u00e1rcate en un viaje que trasciende el tiempo, donde antiguos relatos cobran vida en escenarios reales. Desde majestuosos castillos que susurran secretos ancestrales hasta bosques que guardan misterios insondables, cada paso que das es un paso hacia una narrativa que trasciende generaciones. Deja que las leyendas te envuelvan, permitiendo que el pasado se entremezcle con el presente en un abrazo eterno. En nuestros destinos, las leyendas no son solo cuentos, son experiencias que esperan a ser vividas.\u00bb<\/p>\n\n\n\n<div class=\"wp-block-group tic-content-mosaic\"><div class=\"wp-block-group__inner-container is-layout-constrained wp-block-group-is-layout-constrained\">\n<div class=\"wp-block-columns is-layout-flex wp-container-core-columns-is-layout-8f761849 wp-block-columns-is-layout-flex\">\n<div class=\"wp-block-column is-layout-flow wp-block-column-is-layout-flow\">\n<div class=\"wp-block-cover aligncenter is-light has-custom-content-position is-position-bottom-left tic-image-mosaic\"><span aria-hidden=\"true\" class=\"wp-block-cover__background has-background-dim-10 has-background-dim\"><\/span><img fetchpriority=\"high\" decoding=\"async\" width=\"733\" height=\"1000\" class=\"wp-block-cover__image-background wp-image-6916\" alt=\"\" src=\"https:\/\/turismosierradefrancia.es\/wp-content\/uploads\/2023\/09\/Reina-Kilamas-Leyenda-1-copia-2.webp\" style=\"object-position:48% 8%\" data-object-fit=\"cover\" data-object-position=\"48% 8%\" srcset=\"https:\/\/turismosierradefrancia.es\/wp-content\/uploads\/2023\/09\/Reina-Kilamas-Leyenda-1-copia-2.webp 733w, https:\/\/turismosierradefrancia.es\/wp-content\/uploads\/2023\/09\/Reina-Kilamas-Leyenda-1-copia-2-220x300.webp 220w, https:\/\/turismosierradefrancia.es\/wp-content\/uploads\/2023\/09\/Reina-Kilamas-Leyenda-1-copia-2-55x75.webp 55w, https:\/\/turismosierradefrancia.es\/wp-content\/uploads\/2023\/09\/Reina-Kilamas-Leyenda-1-copia-2-480x655.webp 480w\" sizes=\"(max-width:767px) 480px, 733px\" \/><div class=\"wp-block-cover__inner-container is-layout-flow wp-block-cover-is-layout-flow\">\n<p class=\"has-text-align-left tic-link-mosaic has-medium-font-size wp-block-paragraph\"><strong><a href=\"https:\/\/turismosierradefrancia.es\/cultura\/historia-y-tradicion\/leyendas-de-la-sierra-de-francia\/la-leyenda-de-la-reina-quilama\/\"><strong>La leyenda de la Reina Quilama<\/strong><\/a><\/strong><\/p>\n<\/div><\/div>\n<\/div>\n\n\n\n<div class=\"wp-block-column is-layout-flow wp-block-column-is-layout-flow\">\n<div class=\"wp-block-cover aligncenter is-light has-custom-content-position is-position-bottom-left tic-image-mosaic\"><span aria-hidden=\"true\" class=\"wp-block-cover__background has-background-dim-10 has-background-dim\"><\/span><img decoding=\"async\" width=\"1200\" height=\"900\" class=\"wp-block-cover__image-background wp-image-10038\" alt=\"\" src=\"https:\/\/turismosierradefrancia.es\/wp-content\/uploads\/2023\/11\/P5146996-copia.webp\" data-object-fit=\"cover\" srcset=\"https:\/\/turismosierradefrancia.es\/wp-content\/uploads\/2023\/11\/P5146996-copia.webp 1200w, https:\/\/turismosierradefrancia.es\/wp-content\/uploads\/2023\/11\/P5146996-copia-300x225.webp 300w, https:\/\/turismosierradefrancia.es\/wp-content\/uploads\/2023\/11\/P5146996-copia-1024x768.webp 1024w, https:\/\/turismosierradefrancia.es\/wp-content\/uploads\/2023\/11\/P5146996-copia-768x576.webp 768w, https:\/\/turismosierradefrancia.es\/wp-content\/uploads\/2023\/11\/P5146996-copia-100x75.webp 100w, https:\/\/turismosierradefrancia.es\/wp-content\/uploads\/2023\/11\/P5146996-copia-960x720.webp 960w, https:\/\/turismosierradefrancia.es\/wp-content\/uploads\/2023\/11\/P5146996-copia-480x360.webp 480w\" sizes=\"(max-width:767px) 480px, (max-width:1200px) 100vw, 1200px\" \/><div class=\"wp-block-cover__inner-container is-layout-flow wp-block-cover-is-layout-flow\">\n<p class=\"has-text-align-left tic-link-mosaic has-medium-font-size wp-block-paragraph\"><strong><a href=\"https:\/\/turismosierradefrancia.es\/cultura\/historia-y-tradicion\/leyendas-de-la-sierra-de-francia\/romeria-de-majadas-viejas\/\"><strong>Romer\u00eda de Majadas Viejas<\/strong><\/a><\/strong><\/p>\n<\/div><\/div>\n<\/div>\n\n\n\n<div class=\"wp-block-column is-layout-flow wp-block-column-is-layout-flow\">\n<div class=\"wp-block-cover aligncenter has-custom-content-position is-position-bottom-left tic-image-mosaic\"><span aria-hidden=\"true\" class=\"wp-block-cover__background has-background-dim-10 has-background-dim\"><\/span><img decoding=\"async\" width=\"1200\" height=\"902\" class=\"wp-block-cover__image-background wp-image-10043\" alt=\"\" src=\"https:\/\/turismosierradefrancia.es\/wp-content\/uploads\/2023\/11\/Batuecas-y-monasterio-PM-copia-2.jpg\" data-object-fit=\"cover\" srcset=\"https:\/\/turismosierradefrancia.es\/wp-content\/uploads\/2023\/11\/Batuecas-y-monasterio-PM-copia-2.jpg 1200w, https:\/\/turismosierradefrancia.es\/wp-content\/uploads\/2023\/11\/Batuecas-y-monasterio-PM-copia-2-300x226.jpg 300w, https:\/\/turismosierradefrancia.es\/wp-content\/uploads\/2023\/11\/Batuecas-y-monasterio-PM-copia-2-1024x770.jpg 1024w, https:\/\/turismosierradefrancia.es\/wp-content\/uploads\/2023\/11\/Batuecas-y-monasterio-PM-copia-2-768x577.jpg 768w, https:\/\/turismosierradefrancia.es\/wp-content\/uploads\/2023\/11\/Batuecas-y-monasterio-PM-copia-2-100x75.jpg 100w, https:\/\/turismosierradefrancia.es\/wp-content\/uploads\/2023\/11\/Batuecas-y-monasterio-PM-copia-2-480x361.jpg 480w\" sizes=\"(max-width:767px) 480px, (max-width:1200px) 100vw, 1200px\" \/><div class=\"wp-block-cover__inner-container is-layout-flow wp-block-cover-is-layout-flow\">\n<p class=\"has-text-align-left tic-link-mosaic has-medium-font-size wp-block-paragraph\"><strong><a href=\"https:\/\/turismosierradefrancia.es\/cultura\/historia-y-tradicion\/leyendas-de-la-sierra-de-francia\/las-batuecas\/\"><strong>Las Batuecas<\/strong><\/a><\/strong><\/p>\n<\/div><\/div>\n<\/div>\n<\/div>\n\n\n\n<div class=\"wp-block-columns is-layout-flex wp-container-core-columns-is-layout-8f761849 wp-block-columns-is-layout-flex\">\n<div class=\"wp-block-column is-layout-flow wp-block-column-is-layout-flow\">\n<div class=\"wp-block-cover aligncenter has-custom-content-position is-position-bottom-left tic-image-mosaic\"><span aria-hidden=\"true\" class=\"wp-block-cover__background has-background-dim-10 has-background-dim\"><\/span><img loading=\"lazy\" decoding=\"async\" width=\"900\" height=\"1200\" class=\"wp-block-cover__image-background wp-image-10060\" alt=\"\" src=\"https:\/\/turismosierradefrancia.es\/wp-content\/uploads\/2023\/11\/pena-francia-virgen-.webp\" style=\"object-position:43% 50%\" data-object-fit=\"cover\" data-object-position=\"43% 50%\" srcset=\"https:\/\/turismosierradefrancia.es\/wp-content\/uploads\/2023\/11\/pena-francia-virgen-.webp 900w, https:\/\/turismosierradefrancia.es\/wp-content\/uploads\/2023\/11\/pena-francia-virgen--225x300.webp 225w, https:\/\/turismosierradefrancia.es\/wp-content\/uploads\/2023\/11\/pena-francia-virgen--768x1024.webp 768w, https:\/\/turismosierradefrancia.es\/wp-content\/uploads\/2023\/11\/pena-francia-virgen--56x75.webp 56w, https:\/\/turismosierradefrancia.es\/wp-content\/uploads\/2023\/11\/pena-francia-virgen--480x640.webp 480w\" sizes=\"(max-width:767px) 480px, (max-width:900px) 100vw, 900px\" \/><div class=\"wp-block-cover__inner-container is-layout-flow wp-block-cover-is-layout-flow\">\n<p class=\"has-text-align-left tic-link-mosaic has-medium-font-size wp-block-paragraph\"><strong><a href=\"https:\/\/turismosierradefrancia.es\/cultura\/historia-y-tradicion\/leyendas-de-la-sierra-de-francia\/leyenda-de-la-virgen-de-la-pena-de-francia\/\"><strong>Leyenda de la Virgen de la Pe\u00f1a de Francia<\/strong><\/a><\/strong><\/p>\n<\/div><\/div>\n<\/div>\n\n\n\n<div class=\"wp-block-column is-layout-flow wp-block-column-is-layout-flow\">\n<div class=\"wp-block-cover aligncenter has-custom-content-position is-position-bottom-left tic-image-mosaic\"><span aria-hidden=\"true\" class=\"wp-block-cover__background has-background-dim-10 has-background-dim\" style=\"background-color:#56434b\"><\/span><img loading=\"lazy\" decoding=\"async\" width=\"1700\" height=\"1130\" class=\"wp-block-cover__image-background wp-image-16881\" alt=\"\" src=\"https:\/\/turismosierradefrancia.es\/wp-content\/uploads\/2024\/07\/animas1-copia.webp\" style=\"object-position:23% 56%\" data-object-fit=\"cover\" data-object-position=\"23% 56%\" srcset=\"https:\/\/turismosierradefrancia.es\/wp-content\/uploads\/2024\/07\/animas1-copia.webp 1700w, https:\/\/turismosierradefrancia.es\/wp-content\/uploads\/2024\/07\/animas1-copia-300x199.webp 300w, https:\/\/turismosierradefrancia.es\/wp-content\/uploads\/2024\/07\/animas1-copia-1024x681.webp 1024w, https:\/\/turismosierradefrancia.es\/wp-content\/uploads\/2024\/07\/animas1-copia-768x510.webp 768w, https:\/\/turismosierradefrancia.es\/wp-content\/uploads\/2024\/07\/animas1-copia-1536x1021.webp 1536w, https:\/\/turismosierradefrancia.es\/wp-content\/uploads\/2024\/07\/animas1-copia-113x75.webp 113w, https:\/\/turismosierradefrancia.es\/wp-content\/uploads\/2024\/07\/animas1-copia-480x319.webp 480w\" sizes=\"(max-width:767px) 480px, (max-width:1700px) 100vw, 1700px\" \/><div class=\"wp-block-cover__inner-container is-layout-flow wp-block-cover-is-layout-flow\">\n<p class=\"has-text-align-left tic-link-mosaic has-medium-font-size wp-block-paragraph\"><strong><a href=\"https:\/\/turismosierradefrancia.es\/cultura\/historia-y-tradicion\/leyendas-de-la-sierra-de-francia\/la-moza-de-animas\/\"><strong>La Moza de \u00c1nimas<\/strong><\/a><\/strong><\/p>\n<\/div><\/div>\n<\/div>\n\n\n\n<div class=\"wp-block-column is-layout-flow wp-block-column-is-layout-flow\">\n<div class=\"wp-block-cover aligncenter is-light has-custom-content-position is-position-bottom-left tic-image-mosaic\"><span aria-hidden=\"true\" class=\"wp-block-cover__background has-background-dim-10 has-background-dim\"><\/span><img loading=\"lazy\" decoding=\"async\" width=\"1200\" height=\"900\" class=\"wp-block-cover__image-background wp-image-10072\" alt=\"\" src=\"https:\/\/turismosierradefrancia.es\/wp-content\/uploads\/2023\/11\/pendon-3.webp\" style=\"object-position:55% 50%\" data-object-fit=\"cover\" data-object-position=\"55% 50%\" srcset=\"https:\/\/turismosierradefrancia.es\/wp-content\/uploads\/2023\/11\/pendon-3.webp 1200w, https:\/\/turismosierradefrancia.es\/wp-content\/uploads\/2023\/11\/pendon-3-300x225.webp 300w, https:\/\/turismosierradefrancia.es\/wp-content\/uploads\/2023\/11\/pendon-3-1024x768.webp 1024w, https:\/\/turismosierradefrancia.es\/wp-content\/uploads\/2023\/11\/pendon-3-768x576.webp 768w, https:\/\/turismosierradefrancia.es\/wp-content\/uploads\/2023\/11\/pendon-3-100x75.webp 100w, https:\/\/turismosierradefrancia.es\/wp-content\/uploads\/2023\/11\/pendon-3-960x720.webp 960w, https:\/\/turismosierradefrancia.es\/wp-content\/uploads\/2023\/11\/pendon-3-480x360.webp 480w\" sizes=\"(max-width:767px) 480px, (max-width:1200px) 100vw, 1200px\" \/><div class=\"wp-block-cover__inner-container is-layout-flow wp-block-cover-is-layout-flow\">\n<p class=\"has-text-align-left tic-link-mosaic has-medium-font-size wp-block-paragraph\"><strong><a href=\"https:\/\/turismosierradefrancia.es\/cultura\/historia-y-tradicion\/leyendas-de-la-sierra-de-francia\/batalla-de-las-matancias\/\"><strong>Batalla de Las Matancias<\/strong><\/a><\/strong><\/p>\n<\/div><\/div>\n<\/div>\n<\/div>\n\n\n\n<div class=\"wp-block-columns is-layout-flex wp-container-core-columns-is-layout-8f761849 wp-block-columns-is-layout-flex\">\n<div class=\"wp-block-column is-layout-flow wp-block-column-is-layout-flow\">\n<div class=\"wp-block-cover aligncenter is-light has-custom-content-position is-position-bottom-left tic-image-mosaic\"><span aria-hidden=\"true\" class=\"wp-block-cover__background has-background-dim-10 has-background-dim\"><\/span><img loading=\"lazy\" decoding=\"async\" width=\"1200\" height=\"900\" class=\"wp-block-cover__image-background wp-image-10100\" alt=\"\" src=\"https:\/\/turismosierradefrancia.es\/wp-content\/uploads\/2023\/11\/FOTO-PIEDRA-MUSEO-3-copia.webp\" data-object-fit=\"cover\" srcset=\"https:\/\/turismosierradefrancia.es\/wp-content\/uploads\/2023\/11\/FOTO-PIEDRA-MUSEO-3-copia.webp 1200w, https:\/\/turismosierradefrancia.es\/wp-content\/uploads\/2023\/11\/FOTO-PIEDRA-MUSEO-3-copia-300x225.webp 300w, https:\/\/turismosierradefrancia.es\/wp-content\/uploads\/2023\/11\/FOTO-PIEDRA-MUSEO-3-copia-1024x768.webp 1024w, https:\/\/turismosierradefrancia.es\/wp-content\/uploads\/2023\/11\/FOTO-PIEDRA-MUSEO-3-copia-768x576.webp 768w, https:\/\/turismosierradefrancia.es\/wp-content\/uploads\/2023\/11\/FOTO-PIEDRA-MUSEO-3-copia-100x75.webp 100w, https:\/\/turismosierradefrancia.es\/wp-content\/uploads\/2023\/11\/FOTO-PIEDRA-MUSEO-3-copia-960x720.webp 960w, https:\/\/turismosierradefrancia.es\/wp-content\/uploads\/2023\/11\/FOTO-PIEDRA-MUSEO-3-copia-480x360.webp 480w\" sizes=\"(max-width:767px) 480px, (max-width:1200px) 100vw, 1200px\" \/><div class=\"wp-block-cover__inner-container is-layout-flow wp-block-cover-is-layout-flow\">\n<p class=\"has-text-align-left tic-link-mosaic has-medium-font-size wp-block-paragraph\"><strong><a href=\"https:\/\/turismosierradefrancia.es\/cultura\/historia-y-tradicion\/leyendas-de-la-sierra-de-francia\/conde-grimaldos\/\"><strong>Conde Grimaldos<\/strong><\/a><\/strong><\/p>\n<\/div><\/div>\n<\/div>\n\n\n\n<div class=\"wp-block-column is-layout-flow wp-block-column-is-layout-flow\">\n<div class=\"wp-block-cover aligncenter has-custom-content-position is-position-bottom-left tic-image-mosaic\"><span aria-hidden=\"true\" class=\"wp-block-cover__background has-background-dim-10 has-background-dim\"><\/span><img loading=\"lazy\" decoding=\"async\" width=\"1200\" height=\"900\" class=\"wp-block-cover__image-background wp-image-10024\" alt=\"\" src=\"https:\/\/turismosierradefrancia.es\/wp-content\/uploads\/2023\/11\/chozo-el-cabaco.webp\" data-object-fit=\"cover\" srcset=\"https:\/\/turismosierradefrancia.es\/wp-content\/uploads\/2023\/11\/chozo-el-cabaco.webp 1200w, https:\/\/turismosierradefrancia.es\/wp-content\/uploads\/2023\/11\/chozo-el-cabaco-300x225.webp 300w, https:\/\/turismosierradefrancia.es\/wp-content\/uploads\/2023\/11\/chozo-el-cabaco-1024x768.webp 1024w, https:\/\/turismosierradefrancia.es\/wp-content\/uploads\/2023\/11\/chozo-el-cabaco-768x576.webp 768w, https:\/\/turismosierradefrancia.es\/wp-content\/uploads\/2023\/11\/chozo-el-cabaco-100x75.webp 100w, https:\/\/turismosierradefrancia.es\/wp-content\/uploads\/2023\/11\/chozo-el-cabaco-960x720.webp 960w, https:\/\/turismosierradefrancia.es\/wp-content\/uploads\/2023\/11\/chozo-el-cabaco-480x360.webp 480w\" sizes=\"(max-width:767px) 480px, (max-width:1200px) 100vw, 1200px\" \/><div class=\"wp-block-cover__inner-container is-layout-flow wp-block-cover-is-layout-flow\">\n<p class=\"has-text-align-left tic-link-mosaic has-medium-font-size wp-block-paragraph\"><strong><a href=\"https:\/\/turismosierradefrancia.es\/cultura\/historia-y-tradicion\/leyendas-de-la-sierra-de-francia\/pedro-lobo\/\"><strong>Pedro Lobo<\/strong><\/a><\/strong><\/p>\n<\/div><\/div>\n<\/div>\n\n\n\n<div class=\"wp-block-column is-layout-flow wp-block-column-is-layout-flow\">\n<div class=\"wp-block-cover aligncenter has-custom-content-position is-position-bottom-left tic-image-mosaic\"><span aria-hidden=\"true\" class=\"wp-block-cover__background has-background-dim-10 has-background-dim\"><\/span><img loading=\"lazy\" decoding=\"async\" width=\"1024\" height=\"768\" class=\"wp-block-cover__image-background wp-image-10082\" alt=\"\" src=\"https:\/\/turismosierradefrancia.es\/wp-content\/uploads\/2023\/11\/WhatsApp-Image-2023-11-19-at-12.13-copia.webp\" style=\"object-position:54% 52%\" data-object-fit=\"cover\" data-object-position=\"54% 52%\" srcset=\"https:\/\/turismosierradefrancia.es\/wp-content\/uploads\/2023\/11\/WhatsApp-Image-2023-11-19-at-12.13-copia.webp 1024w, https:\/\/turismosierradefrancia.es\/wp-content\/uploads\/2023\/11\/WhatsApp-Image-2023-11-19-at-12.13-copia-300x225.webp 300w, https:\/\/turismosierradefrancia.es\/wp-content\/uploads\/2023\/11\/WhatsApp-Image-2023-11-19-at-12.13-copia-768x576.webp 768w, https:\/\/turismosierradefrancia.es\/wp-content\/uploads\/2023\/11\/WhatsApp-Image-2023-11-19-at-12.13-copia-100x75.webp 100w, https:\/\/turismosierradefrancia.es\/wp-content\/uploads\/2023\/11\/WhatsApp-Image-2023-11-19-at-12.13-copia-960x720.webp 960w, https:\/\/turismosierradefrancia.es\/wp-content\/uploads\/2023\/11\/WhatsApp-Image-2023-11-19-at-12.13-copia-480x360.webp 480w\" sizes=\"(max-width:767px) 480px, (max-width:1024px) 100vw, 1024px\" \/><div class=\"wp-block-cover__inner-container is-layout-flow wp-block-cover-is-layout-flow\">\n<p class=\"has-text-align-left tic-link-mosaic has-medium-font-size wp-block-paragraph\"><strong><a href=\"https:\/\/turismosierradefrancia.es\/cultura\/historia-y-tradicion\/leyendas-de-la-sierra-de-francia\/el-buen-suceso\/\"><strong>El Buen Suceso<\/strong><\/a><\/strong><\/p>\n<\/div><\/div>\n<\/div>\n<\/div>\n\n\n\n<div class=\"wp-block-columns is-layout-flex wp-container-core-columns-is-layout-8f761849 wp-block-columns-is-layout-flex\">\n<div class=\"wp-block-column is-layout-flow wp-block-column-is-layout-flow\">\n<div class=\"wp-block-cover aligncenter has-custom-content-position is-position-bottom-left tic-image-mosaic\"><span aria-hidden=\"true\" class=\"wp-block-cover__background has-background-dim-10 has-background-dim\"><\/span><img loading=\"lazy\" decoding=\"async\" width=\"1600\" height=\"1200\" class=\"wp-block-cover__image-background wp-image-10595\" alt=\"\" src=\"https:\/\/turismosierradefrancia.es\/wp-content\/uploads\/2023\/11\/WhatsApp-Image-2023-11-27-at-09.57.51.jpeg\" data-object-fit=\"cover\" srcset=\"https:\/\/turismosierradefrancia.es\/wp-content\/uploads\/2023\/11\/WhatsApp-Image-2023-11-27-at-09.57.51.jpeg 1600w, https:\/\/turismosierradefrancia.es\/wp-content\/uploads\/2023\/11\/WhatsApp-Image-2023-11-27-at-09.57.51-300x225.jpeg 300w, https:\/\/turismosierradefrancia.es\/wp-content\/uploads\/2023\/11\/WhatsApp-Image-2023-11-27-at-09.57.51-1024x768.jpeg 1024w, https:\/\/turismosierradefrancia.es\/wp-content\/uploads\/2023\/11\/WhatsApp-Image-2023-11-27-at-09.57.51-768x576.jpeg 768w, https:\/\/turismosierradefrancia.es\/wp-content\/uploads\/2023\/11\/WhatsApp-Image-2023-11-27-at-09.57.51-1536x1152.jpeg 1536w, https:\/\/turismosierradefrancia.es\/wp-content\/uploads\/2023\/11\/WhatsApp-Image-2023-11-27-at-09.57.51-100x75.jpeg 100w, https:\/\/turismosierradefrancia.es\/wp-content\/uploads\/2023\/11\/WhatsApp-Image-2023-11-27-at-09.57.51-960x720.jpeg 960w, https:\/\/turismosierradefrancia.es\/wp-content\/uploads\/2023\/11\/WhatsApp-Image-2023-11-27-at-09.57.51-480x360.jpeg 480w\" sizes=\"(max-width:767px) 480px, (max-width:1600px) 100vw, 1600px\" \/><div class=\"wp-block-cover__inner-container is-layout-flow wp-block-cover-is-layout-flow\">\n<p class=\"has-text-align-left tic-link-mosaic has-medium-font-size wp-block-paragraph\"><strong><a href=\"https:\/\/turismosierradefrancia.es\/cultura\/historia-y-tradicion\/leyendas-de-la-sierra-de-francia\/cueva-de-el-pinalejo\/\"><strong>Cueva de El Pinalejo<\/strong><\/a><\/strong><\/p>\n<\/div><\/div>\n<\/div>\n\n\n\n<div class=\"wp-block-column is-layout-flow wp-block-column-is-layout-flow\">\n<div class=\"wp-block-cover aligncenter has-custom-content-position is-position-bottom-left tic-image-mosaic\"><span aria-hidden=\"true\" class=\"wp-block-cover__background has-background-dim-10 has-background-dim\"><\/span><img loading=\"lazy\" decoding=\"async\" width=\"1200\" height=\"802\" class=\"wp-block-cover__image-background wp-image-8519\" alt=\"\" src=\"https:\/\/turismosierradefrancia.es\/wp-content\/uploads\/2023\/10\/Ranna-Consultoria-Turismo-Salamanca-Mogarraz-Pueblo-21.jpg\" style=\"object-position:69% 54%\" data-object-fit=\"cover\" data-object-position=\"69% 54%\" srcset=\"https:\/\/turismosierradefrancia.es\/wp-content\/uploads\/2023\/10\/Ranna-Consultoria-Turismo-Salamanca-Mogarraz-Pueblo-21.jpg 1200w, https:\/\/turismosierradefrancia.es\/wp-content\/uploads\/2023\/10\/Ranna-Consultoria-Turismo-Salamanca-Mogarraz-Pueblo-21-300x201.jpg 300w, https:\/\/turismosierradefrancia.es\/wp-content\/uploads\/2023\/10\/Ranna-Consultoria-Turismo-Salamanca-Mogarraz-Pueblo-21-1024x684.jpg 1024w, https:\/\/turismosierradefrancia.es\/wp-content\/uploads\/2023\/10\/Ranna-Consultoria-Turismo-Salamanca-Mogarraz-Pueblo-21-768x513.jpg 768w, https:\/\/turismosierradefrancia.es\/wp-content\/uploads\/2023\/10\/Ranna-Consultoria-Turismo-Salamanca-Mogarraz-Pueblo-21-112x75.jpg 112w, https:\/\/turismosierradefrancia.es\/wp-content\/uploads\/2023\/10\/Ranna-Consultoria-Turismo-Salamanca-Mogarraz-Pueblo-21-480x321.jpg 480w\" sizes=\"(max-width:767px) 480px, (max-width:1200px) 100vw, 1200px\" \/><div class=\"wp-block-cover__inner-container is-layout-flow wp-block-cover-is-layout-flow\">\n<p class=\"has-text-align-left tic-link-mosaic has-medium-font-size wp-block-paragraph\"><strong><a href=\"https:\/\/turismosierradefrancia.es\/cultura\/historia-y-tradicion\/leyendas-de-la-sierra-de-francia\/el-charco-de-la-mora-de-mogarraz\/\"><strong>El Charco de la Mora de Mogarraz<\/strong><\/a><\/strong><\/p>\n<\/div><\/div>\n<\/div>\n\n\n\n<div class=\"wp-block-column is-layout-flow wp-block-column-is-layout-flow\">\n<div class=\"wp-block-cover aligncenter has-custom-content-position is-position-bottom-left tic-image-mosaic\"><span aria-hidden=\"true\" class=\"wp-block-cover__background has-background-dim-10 has-background-dim\"><\/span><img loading=\"lazy\" decoding=\"async\" width=\"1200\" height=\"842\" class=\"wp-block-cover__image-background wp-image-10017\" alt=\"\" src=\"https:\/\/turismosierradefrancia.es\/wp-content\/uploads\/2023\/11\/3AFLIGIDOS-copia.webp\" data-object-fit=\"cover\" srcset=\"https:\/\/turismosierradefrancia.es\/wp-content\/uploads\/2023\/11\/3AFLIGIDOS-copia.webp 1200w, https:\/\/turismosierradefrancia.es\/wp-content\/uploads\/2023\/11\/3AFLIGIDOS-copia-300x211.webp 300w, https:\/\/turismosierradefrancia.es\/wp-content\/uploads\/2023\/11\/3AFLIGIDOS-copia-1024x719.webp 1024w, https:\/\/turismosierradefrancia.es\/wp-content\/uploads\/2023\/11\/3AFLIGIDOS-copia-768x539.webp 768w, https:\/\/turismosierradefrancia.es\/wp-content\/uploads\/2023\/11\/3AFLIGIDOS-copia-107x75.webp 107w, https:\/\/turismosierradefrancia.es\/wp-content\/uploads\/2023\/11\/3AFLIGIDOS-copia-480x337.webp 480w\" sizes=\"(max-width:767px) 480px, (max-width:1200px) 100vw, 1200px\" \/><div class=\"wp-block-cover__inner-container is-layout-flow wp-block-cover-is-layout-flow\">\n<p class=\"has-text-align-left tic-link-mosaic has-medium-font-size wp-block-paragraph\"><strong><a href=\"https:\/\/turismosierradefrancia.es\/cultura\/historia-y-tradicion\/leyendas-de-la-sierra-de-francia\/el-cristo-de-los-afligidos\/\"><strong>El Cristo de los Afligidos<\/strong><\/a><\/strong><\/p>\n<\/div><\/div>\n<\/div>\n<\/div>\n\n\n\n<div class=\"wp-block-columns is-layout-flex wp-container-core-columns-is-layout-8f761849 wp-block-columns-is-layout-flex\">\n<div class=\"wp-block-column is-layout-flow wp-block-column-is-layout-flow\">\n<div class=\"wp-block-cover aligncenter has-custom-content-position is-position-bottom-left tic-image-mosaic\"><span aria-hidden=\"true\" class=\"wp-block-cover__background has-background-dim-10 has-background-dim\"><\/span><img loading=\"lazy\" decoding=\"async\" width=\"1400\" height=\"1050\" class=\"wp-block-cover__image-background wp-image-8833\" alt=\"\" src=\"https:\/\/turismosierradefrancia.es\/wp-content\/uploads\/2023\/11\/2210_Sotoserrano_15-2-copia-2.webp\" style=\"object-position:56% 93%\" data-object-fit=\"cover\" data-object-position=\"56% 93%\" srcset=\"https:\/\/turismosierradefrancia.es\/wp-content\/uploads\/2023\/11\/2210_Sotoserrano_15-2-copia-2.webp 1400w, https:\/\/turismosierradefrancia.es\/wp-content\/uploads\/2023\/11\/2210_Sotoserrano_15-2-copia-2-300x225.webp 300w, https:\/\/turismosierradefrancia.es\/wp-content\/uploads\/2023\/11\/2210_Sotoserrano_15-2-copia-2-1024x768.webp 1024w, https:\/\/turismosierradefrancia.es\/wp-content\/uploads\/2023\/11\/2210_Sotoserrano_15-2-copia-2-768x576.webp 768w, https:\/\/turismosierradefrancia.es\/wp-content\/uploads\/2023\/11\/2210_Sotoserrano_15-2-copia-2-100x75.webp 100w, https:\/\/turismosierradefrancia.es\/wp-content\/uploads\/2023\/11\/2210_Sotoserrano_15-2-copia-2-960x720.webp 960w, https:\/\/turismosierradefrancia.es\/wp-content\/uploads\/2023\/11\/2210_Sotoserrano_15-2-copia-2-480x360.webp 480w\" sizes=\"(max-width:767px) 480px, (max-width:1400px) 100vw, 1400px\" \/><div class=\"wp-block-cover__inner-container is-layout-flow wp-block-cover-is-layout-flow\">\n<p class=\"has-text-align-left tic-link-mosaic has-medium-font-size wp-block-paragraph\"><strong><a href=\"https:\/\/turismosierradefrancia.es\/cultura\/historia-y-tradicion\/leyendas-de-la-sierra-de-francia\/el-espolon\/\"><strong>El Espol\u00f3n<\/strong><\/a><\/strong><\/p>\n<\/div><\/div>\n<\/div>\n\n\n\n<div class=\"wp-block-column is-layout-flow wp-block-column-is-layout-flow\">\n<div class=\"wp-block-cover aligncenter is-light has-custom-content-position is-position-bottom-left tic-image-mosaic\"><span aria-hidden=\"true\" class=\"wp-block-cover__background has-background-dim-10 has-background-dim\" style=\"background-color:#628eb3\"><\/span><img loading=\"lazy\" decoding=\"async\" width=\"1600\" height=\"1067\" class=\"wp-block-cover__image-background wp-image-4928\" alt=\"\" src=\"https:\/\/turismosierradefrancia.es\/wp-content\/uploads\/2023\/07\/turismo-sierra-de-francia-sequeros-3.jpg\" data-object-fit=\"cover\" srcset=\"https:\/\/turismosierradefrancia.es\/wp-content\/uploads\/2023\/07\/turismo-sierra-de-francia-sequeros-3.jpg 1600w, https:\/\/turismosierradefrancia.es\/wp-content\/uploads\/2023\/07\/turismo-sierra-de-francia-sequeros-3-300x200.jpg 300w, https:\/\/turismosierradefrancia.es\/wp-content\/uploads\/2023\/07\/turismo-sierra-de-francia-sequeros-3-1024x683.jpg 1024w, https:\/\/turismosierradefrancia.es\/wp-content\/uploads\/2023\/07\/turismo-sierra-de-francia-sequeros-3-768x512.jpg 768w, https:\/\/turismosierradefrancia.es\/wp-content\/uploads\/2023\/07\/turismo-sierra-de-francia-sequeros-3-1536x1024.jpg 1536w, https:\/\/turismosierradefrancia.es\/wp-content\/uploads\/2023\/07\/turismo-sierra-de-francia-sequeros-3-112x75.jpg 112w, https:\/\/turismosierradefrancia.es\/wp-content\/uploads\/2023\/07\/turismo-sierra-de-francia-sequeros-3-480x320.jpg 480w\" sizes=\"(max-width:767px) 480px, (max-width:1600px) 100vw, 1600px\" \/><div class=\"wp-block-cover__inner-container is-layout-flow wp-block-cover-is-layout-flow\">\n<p class=\"has-text-align-left tic-link-mosaic has-medium-font-size wp-block-paragraph\"><strong><strong><a href=\"https:\/\/turismosierradefrancia.es\/cultura\/historia-y-tradicion\/leyendas-de-la-sierra-de-francia\/leyenda-de-la-moza-santa-de-sequeros\/\">Moza Santa de Sequero<\/a><\/strong><a href=\"https:\/\/turismosierradefrancia.es\/cultura\/historia-y-tradicion\/leyendas-de-la-sierra-de-francia\/leyenda-de-la-virgen-de-la-pena-de-francia\/\"><strong>s<\/strong><\/a><\/strong><\/p>\n<\/div><\/div>\n<\/div>\n<\/div>\n<\/div><\/div>\n","protected":false},"excerpt":{"rendered":"<p>Las leyendas narran hechos del pasado, con base hist\u00f3rica real, transmitidas oralmente a lo largo del tiempo. En la sierra,&hellip; <a class=\"continue\" href=\"https:\/\/turismosierradefrancia.es\/?page_id=5703\">Seguir leyendo<span> Leyendas de la Sierra de Francia<\/span><\/a><\/p>\n","protected":false},"author":1,"featured_media":0,"parent":1089,"menu_order":0,"comment_status":"closed","ping_status":"closed","template":"","meta":{"advgb_blocks_editor_width":"","advgb_blocks_columns_visual_guide":"","footnotes":""},"class_list":["post-5703","page","type-page","status-publish","hentry"],"yoast_head":"<!-- This site is optimized with the Yoast SEO plugin v28.2 - https:\/\/yoast.com\/product\/yoast-seo-wordpress\/ -->\n<title>Leyendas de la Sierra de Francia - Sierra de Francia<\/title>\n<meta name=\"description\" content=\"Las leyendas narran hechos del pasado, con base hist\u00f3rica real, transmitidas oralmente a lo largo del tiempo.\" \/>\n<meta name=\"robots\" content=\"index, follow, max-snippet:-1, max-image-preview:large, max-video-preview:-1\" \/>\n<link rel=\"canonical\" href=\"https:\/\/turismosierradefrancia.es\/?page_id=5703\" \/>\n<meta property=\"og:locale\" content=\"es_ES\" \/>\n<meta property=\"og:type\" content=\"article\" \/>\n<meta property=\"og:title\" content=\"Leyendas de la Sierra de Francia - Sierra de Francia\" \/>\n<meta property=\"og:description\" content=\"Las leyendas narran hechos del pasado, con base hist\u00f3rica real, transmitidas oralmente a lo largo del tiempo.\" \/>\n<meta property=\"og:url\" content=\"https:\/\/turismosierradefrancia.es\/?page_id=5703\" \/>\n<meta property=\"og:site_name\" content=\"Sierra de Francia\" \/>\n<meta property=\"article:publisher\" content=\"https:\/\/www.facebook.com\/visitasierradefrancia\/\" \/>\n<meta property=\"article:modified_time\" content=\"2024-07-03T15:33:44+00:00\" \/>\n<meta property=\"og:image\" content=\"https:\/\/turismosierradefrancia.es\/wp-content\/uploads\/2023\/09\/Reina-Kilamas-Leyenda-1-copia-2.webp\" \/>\n<meta name=\"twitter:card\" content=\"summary_large_image\" \/>\n<meta name=\"twitter:site\" content=\"@visitaSF\" \/>\n<meta name=\"twitter:label1\" content=\"Tiempo de lectura\" \/>\n\t<meta name=\"twitter:data1\" content=\"4 minutos\" \/>\n<script type=\"application\/ld+json\" class=\"yoast-schema-graph\">{\"@context\":\"https:\\\/\\\/schema.org\",\"@graph\":[{\"@type\":\"WebPage\",\"@id\":\"https:\\\/\\\/turismosierradefrancia.es\\\/?page_id=5703\",\"url\":\"https:\\\/\\\/turismosierradefrancia.es\\\/?page_id=5703\",\"name\":\"Leyendas de la Sierra de Francia - Sierra de Francia\",\"isPartOf\":{\"@id\":\"https:\\\/\\\/turismosierradefrancia.es\\\/#website\"},\"primaryImageOfPage\":{\"@id\":\"https:\\\/\\\/turismosierradefrancia.es\\\/?page_id=5703#primaryimage\"},\"image\":{\"@id\":\"https:\\\/\\\/turismosierradefrancia.es\\\/?page_id=5703#primaryimage\"},\"thumbnailUrl\":\"https:\\\/\\\/turismosierradefrancia.es\\\/wp-content\\\/uploads\\\/2023\\\/09\\\/Reina-Kilamas-Leyenda-1-copia-2.webp\",\"datePublished\":\"2023-09-06T12:42:55+00:00\",\"dateModified\":\"2024-07-03T15:33:44+00:00\",\"description\":\"Las leyendas narran hechos del pasado, con base hist\u00f3rica real, transmitidas oralmente a lo largo del tiempo.\",\"breadcrumb\":{\"@id\":\"https:\\\/\\\/turismosierradefrancia.es\\\/?page_id=5703#breadcrumb\"},\"inLanguage\":\"es\",\"potentialAction\":[{\"@type\":\"ReadAction\",\"target\":[\"https:\\\/\\\/turismosierradefrancia.es\\\/?page_id=5703\"]}]},{\"@type\":\"ImageObject\",\"inLanguage\":\"es\",\"@id\":\"https:\\\/\\\/turismosierradefrancia.es\\\/?page_id=5703#primaryimage\",\"url\":\"https:\\\/\\\/turismosierradefrancia.es\\\/wp-content\\\/uploads\\\/2023\\\/09\\\/Reina-Kilamas-Leyenda-1-copia-2.webp\",\"contentUrl\":\"https:\\\/\\\/turismosierradefrancia.es\\\/wp-content\\\/uploads\\\/2023\\\/09\\\/Reina-Kilamas-Leyenda-1-copia-2.webp\",\"width\":733,\"height\":1000,\"caption\":\"La leyenda de la Reina Quilama detalle\"},{\"@type\":\"BreadcrumbList\",\"@id\":\"https:\\\/\\\/turismosierradefrancia.es\\\/?page_id=5703#breadcrumb\",\"itemListElement\":[{\"@type\":\"ListItem\",\"position\":1,\"name\":\"Inicio\",\"item\":\"https:\\\/\\\/turismosierradefrancia.es\\\/\"},{\"@type\":\"ListItem\",\"position\":2,\"name\":\"Cultura\",\"item\":\"https:\\\/\\\/turismosierradefrancia.es\\\/?page_id=3508\"},{\"@type\":\"ListItem\",\"position\":3,\"name\":\"Historia y Tradici\u00f3n\",\"item\":\"https:\\\/\\\/turismosierradefrancia.es\\\/?page_id=1089\"},{\"@type\":\"ListItem\",\"position\":4,\"name\":\"Leyendas de la Sierra de Francia\"}]},{\"@type\":\"WebSite\",\"@id\":\"https:\\\/\\\/turismosierradefrancia.es\\\/#website\",\"url\":\"https:\\\/\\\/turismosierradefrancia.es\\\/\",\"name\":\"Sierra de Francia\",\"description\":\"\",\"publisher\":{\"@id\":\"https:\\\/\\\/turismosierradefrancia.es\\\/#organization\"},\"alternateName\":\"Turismo Sierra de Francia\",\"potentialAction\":[{\"@type\":\"SearchAction\",\"target\":{\"@type\":\"EntryPoint\",\"urlTemplate\":\"https:\\\/\\\/turismosierradefrancia.es\\\/?s={search_term_string}\"},\"query-input\":{\"@type\":\"PropertyValueSpecification\",\"valueRequired\":true,\"valueName\":\"search_term_string\"}}],\"inLanguage\":\"es\"},{\"@type\":\"Organization\",\"@id\":\"https:\\\/\\\/turismosierradefrancia.es\\\/#organization\",\"name\":\"Sierra de Francia\",\"alternateName\":\"Turismo Sierra de Francia\",\"url\":\"https:\\\/\\\/turismosierradefrancia.es\\\/\",\"logo\":{\"@type\":\"ImageObject\",\"inLanguage\":\"es\",\"@id\":\"https:\\\/\\\/turismosierradefrancia.es\\\/#\\\/schema\\\/logo\\\/image\\\/\",\"url\":\"https:\\\/\\\/turismosierradefrancia.es\\\/wp-content\\\/uploads\\\/2024\\\/04\\\/cropped-logo_redondo-removebg-preview.png\",\"contentUrl\":\"https:\\\/\\\/turismosierradefrancia.es\\\/wp-content\\\/uploads\\\/2024\\\/04\\\/cropped-logo_redondo-removebg-preview.png\",\"width\":512,\"height\":512,\"caption\":\"Sierra de Francia\"},\"image\":{\"@id\":\"https:\\\/\\\/turismosierradefrancia.es\\\/#\\\/schema\\\/logo\\\/image\\\/\"},\"sameAs\":[\"https:\\\/\\\/www.facebook.com\\\/visitasierradefrancia\\\/\",\"https:\\\/\\\/x.com\\\/visitaSF\",\"https:\\\/\\\/www.instagram.com\\\/visitasierradefrancia\\\/\",\"https:\\\/\\\/www.youtube.com\\\/@visitasierradefrancia\"]}]}<\/script>\n<!-- \/ Yoast SEO plugin. -->","yoast_head_json":{"title":"Leyendas de la Sierra de Francia - Sierra de Francia","description":"Las leyendas narran hechos del pasado, con base hist\u00f3rica real, transmitidas oralmente a lo largo del tiempo.","robots":{"index":"index","follow":"follow","max-snippet":"max-snippet:-1","max-image-preview":"max-image-preview:large","max-video-preview":"max-video-preview:-1"},"canonical":"https:\/\/turismosierradefrancia.es\/?page_id=5703","og_locale":"es_ES","og_type":"article","og_title":"Leyendas de la Sierra de Francia - Sierra de Francia","og_description":"Las leyendas narran hechos del pasado, con base hist\u00f3rica real, transmitidas oralmente a lo largo del tiempo.","og_url":"https:\/\/turismosierradefrancia.es\/?page_id=5703","og_site_name":"Sierra de Francia","article_publisher":"https:\/\/www.facebook.com\/visitasierradefrancia\/","article_modified_time":"2024-07-03T15:33:44+00:00","og_image":[{"url":"https:\/\/turismosierradefrancia.es\/wp-content\/uploads\/2023\/09\/Reina-Kilamas-Leyenda-1-copia-2.webp","type":"","width":"","height":""}],"twitter_card":"summary_large_image","twitter_site":"@visitaSF","twitter_misc":{"Tiempo de lectura":"4 minutos"},"schema":{"@context":"https:\/\/schema.org","@graph":[{"@type":"WebPage","@id":"https:\/\/turismosierradefrancia.es\/?page_id=5703","url":"https:\/\/turismosierradefrancia.es\/?page_id=5703","name":"Leyendas de la Sierra de Francia - Sierra de Francia","isPartOf":{"@id":"https:\/\/turismosierradefrancia.es\/#website"},"primaryImageOfPage":{"@id":"https:\/\/turismosierradefrancia.es\/?page_id=5703#primaryimage"},"image":{"@id":"https:\/\/turismosierradefrancia.es\/?page_id=5703#primaryimage"},"thumbnailUrl":"https:\/\/turismosierradefrancia.es\/wp-content\/uploads\/2023\/09\/Reina-Kilamas-Leyenda-1-copia-2.webp","datePublished":"2023-09-06T12:42:55+00:00","dateModified":"2024-07-03T15:33:44+00:00","description":"Las leyendas narran hechos del pasado, con base hist\u00f3rica real, transmitidas oralmente a lo largo del tiempo.","breadcrumb":{"@id":"https:\/\/turismosierradefrancia.es\/?page_id=5703#breadcrumb"},"inLanguage":"es","potentialAction":[{"@type":"ReadAction","target":["https:\/\/turismosierradefrancia.es\/?page_id=5703"]}]},{"@type":"ImageObject","inLanguage":"es","@id":"https:\/\/turismosierradefrancia.es\/?page_id=5703#primaryimage","url":"https:\/\/turismosierradefrancia.es\/wp-content\/uploads\/2023\/09\/Reina-Kilamas-Leyenda-1-copia-2.webp","contentUrl":"https:\/\/turismosierradefrancia.es\/wp-content\/uploads\/2023\/09\/Reina-Kilamas-Leyenda-1-copia-2.webp","width":733,"height":1000,"caption":"La leyenda de la Reina Quilama detalle"},{"@type":"BreadcrumbList","@id":"https:\/\/turismosierradefrancia.es\/?page_id=5703#breadcrumb","itemListElement":[{"@type":"ListItem","position":1,"name":"Inicio","item":"https:\/\/turismosierradefrancia.es\/"},{"@type":"ListItem","position":2,"name":"Cultura","item":"https:\/\/turismosierradefrancia.es\/?page_id=3508"},{"@type":"ListItem","position":3,"name":"Historia y Tradici\u00f3n","item":"https:\/\/turismosierradefrancia.es\/?page_id=1089"},{"@type":"ListItem","position":4,"name":"Leyendas de la Sierra de Francia"}]},{"@type":"WebSite","@id":"https:\/\/turismosierradefrancia.es\/#website","url":"https:\/\/turismosierradefrancia.es\/","name":"Sierra de Francia","description":"","publisher":{"@id":"https:\/\/turismosierradefrancia.es\/#organization"},"alternateName":"Turismo Sierra de Francia","potentialAction":[{"@type":"SearchAction","target":{"@type":"EntryPoint","urlTemplate":"https:\/\/turismosierradefrancia.es\/?s={search_term_string}"},"query-input":{"@type":"PropertyValueSpecification","valueRequired":true,"valueName":"search_term_string"}}],"inLanguage":"es"},{"@type":"Organization","@id":"https:\/\/turismosierradefrancia.es\/#organization","name":"Sierra de Francia","alternateName":"Turismo Sierra de Francia","url":"https:\/\/turismosierradefrancia.es\/","logo":{"@type":"ImageObject","inLanguage":"es","@id":"https:\/\/turismosierradefrancia.es\/#\/schema\/logo\/image\/","url":"https:\/\/turismosierradefrancia.es\/wp-content\/uploads\/2024\/04\/cropped-logo_redondo-removebg-preview.png","contentUrl":"https:\/\/turismosierradefrancia.es\/wp-content\/uploads\/2024\/04\/cropped-logo_redondo-removebg-preview.png","width":512,"height":512,"caption":"Sierra de Francia"},"image":{"@id":"https:\/\/turismosierradefrancia.es\/#\/schema\/logo\/image\/"},"sameAs":["https:\/\/www.facebook.com\/visitasierradefrancia\/","https:\/\/x.com\/visitaSF","https:\/\/www.instagram.com\/visitasierradefrancia\/","https:\/\/www.youtube.com\/@visitasierradefrancia"]}]}},"coauthors":[],"author_meta":{"author_link":"https:\/\/turismosierradefrancia.es\/?author=1","display_name":"admin"},"relative_dates":{"created":"Publicado 3 a\u00f1os hace","modified":"Actualizado 2 a\u00f1os hace"},"absolute_dates":{"created":"Publicado el 06\/09\/2023","modified":"Actualizado el 03\/07\/2024"},"absolute_dates_time":{"created":"Publicado el 06\/09\/2023 12:42","modified":"Actualizado el 03\/07\/2024 15:33"},"featured_img_caption":"","featured_img":false,"series_order":"","_links":{"self":[{"href":"https:\/\/turismosierradefrancia.es\/index.php?rest_route=\/wp\/v2\/pages\/5703","targetHints":{"allow":["GET"]}}],"collection":[{"href":"https:\/\/turismosierradefrancia.es\/index.php?rest_route=\/wp\/v2\/pages"}],"about":[{"href":"https:\/\/turismosierradefrancia.es\/index.php?rest_route=\/wp\/v2\/types\/page"}],"author":[{"embeddable":true,"href":"https:\/\/turismosierradefrancia.es\/index.php?rest_route=\/wp\/v2\/users\/1"}],"replies":[{"embeddable":true,"href":"https:\/\/turismosierradefrancia.es\/index.php?rest_route=%2Fwp%2Fv2%2Fcomments&post=5703"}],"version-history":[{"count":41,"href":"https:\/\/turismosierradefrancia.es\/index.php?rest_route=\/wp\/v2\/pages\/5703\/revisions"}],"predecessor-version":[{"id":16883,"href":"https:\/\/turismosierradefrancia.es\/index.php?rest_route=\/wp\/v2\/pages\/5703\/revisions\/16883"}],"up":[{"embeddable":true,"href":"https:\/\/turismosierradefrancia.es\/index.php?rest_route=\/wp\/v2\/pages\/1089"}],"wp:attachment":[{"href":"https:\/\/turismosierradefrancia.es\/index.php?rest_route=%2Fwp%2Fv2%2Fmedia&parent=5703"}],"curies":[{"name":"wp","href":"https:\/\/api.w.org\/{rel}","templated":true}]}}