{"id":5720,"date":"2023-09-06T13:29:35","date_gmt":"2023-09-06T13:29:35","guid":{"rendered":"https:\/\/turismosierradefrancia.es\/?page_id=5720"},"modified":"2024-10-24T20:40:11","modified_gmt":"2024-10-24T20:40:11","slug":"leyenda-de-la-virgen-de-la-pena-de-francia","status":"publish","type":"page","link":"https:\/\/turismosierradefrancia.es\/?page_id=5720","title":{"rendered":"Leyenda de la Virgen de la Pe\u00f1a de Francia"},"content":{"rendered":"\n<a class=\"tic-subheader-image\" style=\"display:none\" href=\"https:\/\/turismosierradefrancia.es\/wp-content\/uploads\/2023\/11\/cabecera-leyendas-3.webp\"><\/a>\n\n\n\n<div style=\"height:30px\" aria-hidden=\"true\" class=\"wp-block-spacer\"><\/div>\n\n\n\n<div class=\"wp-block-group tic-page-content\"><div class=\"wp-block-group__inner-container is-layout-constrained wp-block-group-is-layout-constrained\">\n<p class=\"has-drop-cap has-text-align-justify tic-contenido-principal wp-block-paragraph\">Para entender esta leyenda hay que situarse en el contexto hist\u00f3rico en que est\u00e1 enmarcada la historia. En Castilla, durante la primera mitad del siglo XV la monarqu\u00eda castellana se encontraba debilitada, hab\u00eda peque\u00f1as guerras civiles entre nobles por aumentar su poder y en cuanto a la religi\u00f3n segu\u00edan existiendo mud\u00e9jares musulmanes y jud\u00edos cada vez m\u00e1s aislados por la iglesia (la inquisici\u00f3n se instaur\u00f3 en 1478 bajo el reinado de los Reyes Cat\u00f3licos), adem\u00e1s de que entre la plebe hab\u00eda numerosos curanderos, hechiceros y adivinos.<\/p>\n\n\n\n<p class=\"wp-block-paragraph\">Todo esto provoc\u00f3 una amalgama de supersticiones entre el pueblo que conllevaba la generaci\u00f3n de leyendas, en muchos casos paganas (como en el caso de la Leyenda de Batuecas) que la iglesia trat\u00f3 de silenciar, apareciendo otras leyendas de car\u00e1cter cristiano.<\/p>\n\n\n\n<p class=\"wp-block-paragraph\">Es en este contexto donde se sit\u00faa esta leyenda que, como todas, ha sido adornada para aumentar su mito, ya que parece que la iglesia intervino en su creaci\u00f3n. La superstici\u00f3n popular transmiti\u00f3 la f\u00e1bula que aprovecharon los dominicos para acallar otras leyendas no tan religiosas.<\/p>\n\n\n\n<p class=\"tic-cita wp-block-paragraph\">\u00abTras la niebla y las sombras, despiertan las Leyendas de la Sierra de Francia: secretos ocultos que aguardan ser revelados.\u00bb<\/p>\n\n\n\n<p class=\"wp-block-paragraph\">El caso es que Juana de <strong><a href=\"https:\/\/turismosierradefrancia.es\/nuestros-pueblos\/sequeros\/\">Sequeros<\/a><\/strong>, conocido como \u201cla Moza (mujer soltera) Santa de Sequeros enferm\u00f3 de peste en 1424 y, no se sabe bien si durante su agon\u00eda o ya muerta, se levant\u00f3 y vaticin\u00f3:<em> \u00abVolved vuestros rostros hacia la Pe\u00f1a de Francia y puestas las rodillas en tierra, con mucha fe y devoci\u00f3n, y decid tres veces el Ave Mar\u00eda, a honor y reverencia de una imagen que all\u00ed est\u00e1 escondida habr\u00e1 doscientos a\u00f1os. Ca sabed que luego sentir\u00e9is descanso en vuestro coraz\u00f3n. La cual imagen de aqu\u00ed a poco tiempo ha de ser manifestada, por la cual nuestro Se\u00f1or har\u00e1 muchos milagros y maravillas. Y despu\u00e9s que esta imagen fuese revelada vendr\u00e1n muchas gentes y naciones a la buscar all\u00ed<\/em>\u00ab.  Es lo que consta en la historia y milagros de nuestra Se\u00f1ora de la Pe\u00f1a de Francia, escrita en 1567.<\/p>\n\n\n\n<p class=\"wp-block-paragraph\"><strong><em><a href=\"https:\/\/turismosierradefrancia.es\/cultura\/historia-y-tradicion\/leyendas-de-la-sierra-de-francia\/leyenda-de-la-moza-santa-de-sequeros\/\">La Moza Santa de Sequeros<\/a><\/em><\/strong> tambi\u00e9n hab\u00eda profetizado que caer\u00edan desde el horizonte tres se\u00f1ales luminosas en forma de cruz:<\/p>\n\n\n\n<p class=\"wp-block-paragraph\">\u00ab<em>La primera se\u00f1al<\/em> caer\u00e1 sobre las casas del Obispo de Salamanca, que est\u00e1n cerca de San Mart\u00edn del Casta\u00f1ar, en las cuales se ha de edificar de aqu\u00ed a cinco a\u00f1os un monasterio de la Orden de San Francisco de la Observancia. <em>La segunda<\/em> caer\u00e1 sobre la Pe\u00f1a de Francia, donde la gloriosa imagen ha de ser mostrada a un hombre de buena vida. Y all\u00ed, en el mismo lugar, a reverencia de la Madre de Dios, se ha de hacer otro monasterio de la Orden de los Predicadores, que es del Bienaventurado Santo Domingo. <em>La se\u00f1al tercera<\/em> caer\u00e1 donde ser\u00e1 la devota casa de la Virgen Mar\u00eda, nuestra Se\u00f1ora de la Pe\u00f1a de Francia\u00bb. Otra profec\u00eda que hizo, se refiere a que nunca caer\u00edan ni rayos ni centellas en el casco urbano de Sequeros y siempre se ha cumplido.<\/p>\n\n\n\n<p class=\"wp-block-paragraph\">Unos a\u00f1os despu\u00e9s parece que en Par\u00eds se encuentra Sim\u00f3n Roland (probablemente escultor) y revela a varias personas que cuando duerme se le aparece la virgen y le dice \u201cSim\u00f3n, vela, vela y velar\u00e1s que en el risco m\u00e1s alto t\u00fa la encontrar\u00e1s\u00bb y desde entonces se convierte en peregrino en busca de la ansiada virgen. \u00a0Durante varios a\u00f1os recorre la Breta\u00f1a francesa y luego se encamina a Santiago de Compostela, donde tampoco encuentra nada. Siguiendo uno de sus ramales llega a Salamanca, donde en el mercado oye a unos carboneros serranos que vend\u00edan carb\u00f3n de la Pe\u00f1a de Francia. Estos recelan de su inter\u00e9s y no le muestran por d\u00f3nde ir, pero hablando con un grupo de mujeres le indican donde est\u00e1 el lugar. El 5 de enero de 1433, encontr\u00e1ndose en Ciudad Rodrigo ve una gran bola de fuego en el cielo en direcci\u00f3n a un risco prominente y se dirige hacia all\u00ed, haciendo parada en San Mart\u00edn del Casta\u00f1ar.<\/p>\n\n\n\n<p class=\"wp-block-paragraph\">De nuevo volvi\u00f3 a o\u00edr la voz en su interior: \u00ab<em>Sim\u00f3n, vela, vela y no duermas<\/em>\u00bb y al tercer d\u00eda de b\u00fasqueda, en una noche de tormenta y viento tiene un accidente quedando inconsciente, al despertar se le aparece la virgen que le indica donde est\u00e1 la talla. Probablemente fuera el propio Sim\u00f3n el tallista de la imagen, aunque los monjes dominicos la tallan m\u00e1s de 200 a\u00f1os antes y la atribuyen a que en 751 el Rey de los Omeyas, Muza invade estas tierras serranas y los cristianos esconden sus tallas en la monta\u00f1a para no ser saqueadas ni profanadas.<\/p>\n\n\n\n<p class=\"wp-block-paragraph\">Entonces baja al pueblo para dar fe de su descubrimiento y al contarlo varias personas le creen al coincidir con las predicciones de la Moza Santa de Sequeros que desde entonces se la considera profetisa al cumplirse sus palabras. Acompa\u00f1an a Sim\u00f3n y encuentran la talla de la virgen negra. Era 14 de mayo de 1934.<\/p>\n\n\n\n<p class=\"wp-block-paragraph\">El d\u00eda siguiente se pone la primera piedra del santuario. Inicialmente fue una capilla de madera, pero en 1436 ya era un convento seg\u00fan una carta expedida por el monarca castellano Juan II a favor de Fray Lope de Barrientos como prior del nuevo convento confirma documentalmente la fundaci\u00f3n, motivada aparentemente por el hecho de haberse \u00ab<em>descubierto una imagen por la cual se dice que Nuestro Se\u00f1or hace muchos milagros<\/em>\u00ab. En el presbiterio del santuario se puede observar en el altar \u201cmayor\u201d, debajo de la imagen de la Virgen, al lado derecho, a Sim\u00f3n Vela y, en el lado opuesto, la \u201cmoza santa de Sequeros\u201d.<\/p>\n\n\n\n<p class=\"wp-block-paragraph\">Sim\u00f3n se empez\u00f3 a llamar Sim\u00f3n Vela (nombre por el que se le recuerda) y se qued\u00f3 a vivir en el santuario, promoviendo el culto a la virgen, hasta su muerte el 11 de marzo de 1438. Fue enterrado junto al altar de la Virgen, aunque con el tiempo sus restos fueron trasladados junto a uno de los altares que dividen la capilla del cuerpo de la iglesia de Nuestra Se\u00f1ora del Robledo en Sequeros, donde permanecen junto a los de la Moza Santa. Y en esta iglesia se celebran las fiestas de la Santa Cruz el 3 de mayo, en la que la procesi\u00f3n pasa por delante de la casa de la moza santa y en cuya puerta, junto a la cruz de granito, se hace una parada.<\/p>\n\n\n\n<p class=\"wp-block-paragraph\"><strong><em>La Virgen de la Pe\u00f1a de Francia<\/em><\/strong> cuenta con notable devoci\u00f3n popular en Ciudad Rodrigo, donde se celebra una romer\u00eda anual coincidiendo con el \u00faltimo fin de semana de junio. Tambi\u00e9n hay otra ermita de Nuestra Se\u00f1ora de la Pe\u00f1a de Francia, situada en el t\u00e9rmino municipal de Zamora, en la Iglesia de San Mart\u00edn, en la ciudad de Valladolid, la Iglesia de Nuestra Se\u00f1ora de la Pe\u00f1a de Francia, en Puerto de la Cruz, Tenerife, o la Capilla de Nuestra Se\u00f1ora de la Pe\u00f1a de Francia, en Deva (Gij\u00f3n). Tambi\u00e9n en la comarca cacere\u00f1a de Las Hurdes, donde se celebran a primeros de agosto las Fiestas Mayores presididas por la imagen del santuario (trasladada expresamente para el evento), en la regi\u00f3n de Bicolandia (Filipinas), donde se celebra el Festival de Pe\u00f1afrancia, con numerosos actos. Y en lugares tan dispersos como el distrito de Paco en Manila, en M\u00e9xico, Argentina, Ecuador o la India. En Portugal hay cinco iglesias dedicadas a la Virgen de la Pe\u00f1a de Francia (3 en Azores) y en Brasil, que es el pa\u00eds que cuenta con un mayor n\u00famero de templos dedicados a esta advocaci\u00f3n hay 13, destacando los de S\u00e3o Paulo y R\u00edo de Janeiro.<\/p>\n\n\n\n<figure class=\"wp-block-gallery has-nested-images columns-default is-cropped imagen-personalizada wp-block-gallery-1 is-layout-flex wp-block-gallery-is-layout-flex\">\n<figure class=\"wp-block-image size-full\"><a href=\"https:\/\/turismosierradefrancia.es\/wp-content\/uploads\/2023\/11\/pena-francia-virgen-.webp\"><img fetchpriority=\"high\" decoding=\"async\" width=\"900\" height=\"1200\" data-id=\"10060\" src=\"https:\/\/turismosierradefrancia.es\/wp-content\/uploads\/2023\/11\/pena-francia-virgen-.webp\" alt=\"Leyenda de la Virgen de la Pe\u00f1a de Francia\" class=\"wp-image-10060\" srcset=\"https:\/\/turismosierradefrancia.es\/wp-content\/uploads\/2023\/11\/pena-francia-virgen-.webp 900w, https:\/\/turismosierradefrancia.es\/wp-content\/uploads\/2023\/11\/pena-francia-virgen--225x300.webp 225w, https:\/\/turismosierradefrancia.es\/wp-content\/uploads\/2023\/11\/pena-francia-virgen--768x1024.webp 768w, https:\/\/turismosierradefrancia.es\/wp-content\/uploads\/2023\/11\/pena-francia-virgen--56x75.webp 56w, https:\/\/turismosierradefrancia.es\/wp-content\/uploads\/2023\/11\/pena-francia-virgen--480x640.webp 480w\" sizes=\"(max-width:767px) 480px, (max-width:900px) 100vw, 900px\" \/><\/a><\/figure>\n\n\n\n<figure class=\"wp-block-image size-full\"><a href=\"https:\/\/turismosierradefrancia.es\/wp-content\/uploads\/2023\/11\/pena-francia-virgen-1.webp\"><img decoding=\"async\" width=\"900\" height=\"1200\" data-id=\"10061\" src=\"https:\/\/turismosierradefrancia.es\/wp-content\/uploads\/2023\/11\/pena-francia-virgen-1.webp\" alt=\"Leyenda de la Virgen de la Pe\u00f1a de Francia\" class=\"wp-image-10061\" srcset=\"https:\/\/turismosierradefrancia.es\/wp-content\/uploads\/2023\/11\/pena-francia-virgen-1.webp 900w, https:\/\/turismosierradefrancia.es\/wp-content\/uploads\/2023\/11\/pena-francia-virgen-1-225x300.webp 225w, https:\/\/turismosierradefrancia.es\/wp-content\/uploads\/2023\/11\/pena-francia-virgen-1-768x1024.webp 768w, https:\/\/turismosierradefrancia.es\/wp-content\/uploads\/2023\/11\/pena-francia-virgen-1-56x75.webp 56w, https:\/\/turismosierradefrancia.es\/wp-content\/uploads\/2023\/11\/pena-francia-virgen-1-480x640.webp 480w\" sizes=\"(max-width:767px) 480px, (max-width:900px) 100vw, 900px\" \/><\/a><\/figure>\n\n\n\n<figure class=\"wp-block-image size-full\"><a href=\"https:\/\/turismosierradefrancia.es\/wp-content\/uploads\/2023\/11\/pena-francia-virgen-13.webp\"><img decoding=\"async\" width=\"900\" height=\"1200\" data-id=\"10062\" src=\"https:\/\/turismosierradefrancia.es\/wp-content\/uploads\/2023\/11\/pena-francia-virgen-13.webp\" alt=\"Leyenda de la Virgen de la Pe\u00f1a de Francia 2\" class=\"wp-image-10062\" srcset=\"https:\/\/turismosierradefrancia.es\/wp-content\/uploads\/2023\/11\/pena-francia-virgen-13.webp 900w, https:\/\/turismosierradefrancia.es\/wp-content\/uploads\/2023\/11\/pena-francia-virgen-13-225x300.webp 225w, https:\/\/turismosierradefrancia.es\/wp-content\/uploads\/2023\/11\/pena-francia-virgen-13-768x1024.webp 768w, https:\/\/turismosierradefrancia.es\/wp-content\/uploads\/2023\/11\/pena-francia-virgen-13-56x75.webp 56w, https:\/\/turismosierradefrancia.es\/wp-content\/uploads\/2023\/11\/pena-francia-virgen-13-480x640.webp 480w\" sizes=\"(max-width:767px) 480px, (max-width:900px) 100vw, 900px\" \/><\/a><\/figure>\n<\/figure>\n<\/div><\/div>\n\n\n\n<div style=\"height:30px\" aria-hidden=\"true\" class=\"wp-block-spacer\"><\/div>\n\n\n\n<div class=\"wp-block-group tic-page-footer\"><div class=\"wp-block-group__inner-container is-layout-constrained wp-block-group-is-layout-constrained\">\n<p class=\"tic-secicon has-medium-font-size wp-block-paragraph\"><strong>Relacionado<\/strong><\/p>\n\n\n\n\t\t\t<div class=\"foogallery foogallery-container foogallery-carousel foogallery-lightbox-none fg-carousel-hide-nav-arrows fg-carousel-hide-pagination fg-carousel-hide-progress-bar fg-carousel fg-ready fg-custom fg-shadow-outline fg-loading-default fg-loaded-fade-in fg-caption-always fg-hover-fade fg-c-c\" id=\"foogallery-gallery-3652\" data-foogallery=\"{&quot;item&quot;:{&quot;showCaptionTitle&quot;:true,&quot;showCaptionDescription&quot;:true},&quot;lazy&quot;:true,&quot;src&quot;:&quot;src&quot;,&quot;srcset&quot;:&quot;srcset&quot;,&quot;template&quot;:{&quot;maxItems&quot;:7,&quot;scale&quot;:0,&quot;gutter&quot;:{&quot;min&quot;:5,&quot;max&quot;:10,&quot;unit&quot;:&quot;px&quot;},&quot;autoplay&quot;:{&quot;time&quot;:5,&quot;interaction&quot;:&quot;disable&quot;},&quot;centerOnClick&quot;:false,&quot;align&quot;:&quot;center&quot;,&quot;activePosition&quot;:&quot;center&quot;}}\" style=\"--fg-title-line-clamp: 0; --fg-description-line-clamp: 0;\" >\n\t<button type=\"button\" class=\"fg-carousel-prev\" title=\"Anterior\"><\/button>\n\t<div class=\"fg-carousel-inner\">\n\t\t<div class=\"fg-carousel-center\"><\/div>\n\t\t<div class=\"fg-item fg-type-iframe fg-loading\"><figure class=\"fg-item-inner\"><a href=\"https:\/\/turismosierradefrancia.es\/nuestros-pueblos\/\" data-caption-title=\"Nuestros Pueblos\" data-attachment-id=\"16463\" data-e-disable-page-transition=\"true\" data-type=\"iframe\" class=\"fg-thumb\"><span class=\"fg-image-wrap\"><img loading=\"lazy\" src=\"https:\/\/turismosierradefrancia.es\/wp-content\/uploads\/cache\/2024\/06\/nuestros-pueblos-recomendado\/3504428687.webp\" title=\"Nuestros Pueblos\" width=\"293\" height=\"400\" class=\"skip-lazy fg-image\" decoding=\"async\" loading=\"lazy\"><\/span><span class=\"fg-image-overlay\"><\/span><\/a><figcaption class=\"fg-caption\"><div class=\"fg-caption-inner\"><div class=\"fg-caption-title\">Nuestros Pueblos<\/div><\/div><\/figcaption><\/figure><div class=\"fg-loader\"><\/div><\/div><div class=\"fg-item fg-type-iframe fg-loading\"><figure class=\"fg-item-inner\"><a href=\"https:\/\/turismosierradefrancia.es\/turismo-activo\/estacion-de-deportes-de-montana\/senderismo\/\" data-caption-title=\"Senderismo\" data-attachment-id=\"16465\" data-e-disable-page-transition=\"true\" data-type=\"iframe\" class=\"fg-thumb\"><span class=\"fg-image-wrap\"><img loading=\"lazy\" src=\"https:\/\/turismosierradefrancia.es\/wp-content\/uploads\/cache\/2024\/06\/senderismo-recomendador\/2738489355.webp\" title=\"Senderismo\" width=\"293\" height=\"400\" class=\"skip-lazy fg-image\" decoding=\"async\" loading=\"lazy\"><\/span><span class=\"fg-image-overlay\"><\/span><\/a><figcaption class=\"fg-caption\"><div class=\"fg-caption-inner\"><div class=\"fg-caption-title\">Senderismo<\/div><\/div><\/figcaption><\/figure><div class=\"fg-loader\"><\/div><\/div><div class=\"fg-item fg-type-iframe fg-loading\"><figure class=\"fg-item-inner\"><a href=\"https:\/\/turismosierradefrancia.es\/turismo-activo\/turismo-rutas-accesibles\/\" data-caption-title=\"Rutas Accesibles\" data-attachment-id=\"16464\" data-e-disable-page-transition=\"true\" data-type=\"iframe\" class=\"fg-thumb\"><span class=\"fg-image-wrap\"><img loading=\"lazy\" src=\"https:\/\/turismosierradefrancia.es\/wp-content\/uploads\/cache\/2024\/06\/rutas-accesibles-recomendador\/2972824326.webp\" title=\"Rutas Accesibles\" width=\"293\" height=\"400\" class=\"skip-lazy fg-image\" decoding=\"async\" loading=\"lazy\"><\/span><span class=\"fg-image-overlay\"><\/span><\/a><figcaption class=\"fg-caption\"><div class=\"fg-caption-inner\"><div class=\"fg-caption-title\">Rutas Accesibles<\/div><\/div><\/figcaption><\/figure><div class=\"fg-loader\"><\/div><\/div><div class=\"fg-item fg-type-iframe fg-loading\"><figure class=\"fg-item-inner\"><a href=\"https:\/\/turismosierradefrancia.es\/donde-dormir\/\" data-caption-title=\"\u00bfD\u00f3nde Comer?\" data-attachment-id=\"16462\" data-e-disable-page-transition=\"true\" data-type=\"iframe\" class=\"fg-thumb\"><span class=\"fg-image-wrap\"><img loading=\"lazy\" src=\"https:\/\/turismosierradefrancia.es\/wp-content\/uploads\/cache\/2024\/06\/donde_comer-recomendado\/1038040024.webp\" title=\"\u00bfD\u00f3nde Comer?\" width=\"293\" height=\"400\" class=\"skip-lazy fg-image\" decoding=\"async\" loading=\"lazy\"><\/span><span class=\"fg-image-overlay\"><\/span><\/a><figcaption class=\"fg-caption\"><div class=\"fg-caption-inner\"><div class=\"fg-caption-title\">\u00bfD\u00f3nde Comer?<\/div><\/div><\/figcaption><\/figure><div class=\"fg-loader\"><\/div><\/div><div class=\"fg-item fg-type-iframe fg-loading\"><figure class=\"fg-item-inner\"><a href=\"https:\/\/turismosierradefrancia.es\/donde-dormir\/\" data-caption-title=\"\u00bfD\u00f3nde Dormir?\" data-attachment-id=\"16461\" data-e-disable-page-transition=\"true\" data-type=\"iframe\" class=\"fg-thumb\"><span class=\"fg-image-wrap\"><img loading=\"lazy\" src=\"https:\/\/turismosierradefrancia.es\/wp-content\/uploads\/cache\/2024\/06\/donde-dormir-recomendado\/1391775750.webp\" title=\"\u00bfD\u00f3nde Dormir?\" width=\"293\" height=\"400\" class=\"skip-lazy fg-image\" decoding=\"async\" loading=\"lazy\"><\/span><span class=\"fg-image-overlay\"><\/span><\/a><figcaption class=\"fg-caption\"><div class=\"fg-caption-inner\"><div class=\"fg-caption-title\">\u00bfD\u00f3nde Dormir?<\/div><\/div><\/figcaption><\/figure><div class=\"fg-loader\"><\/div><\/div><div class=\"fg-item fg-type-iframe fg-loading\"><figure class=\"fg-item-inner\"><a href=\"https:\/\/turismosierradefrancia.es\/turismo-activo\/caminos-de-arte-en-la-naturaleza\/\" data-caption-title=\"Caminos de Arte\" data-attachment-id=\"16459\" data-e-disable-page-transition=\"true\" data-type=\"iframe\" class=\"fg-thumb\"><span class=\"fg-image-wrap\"><img loading=\"lazy\" src=\"https:\/\/turismosierradefrancia.es\/wp-content\/uploads\/cache\/2024\/06\/caminos-del-arte-recomendador\/4270799215.webp\" title=\"Caminos de Arte\" width=\"293\" height=\"400\" class=\"skip-lazy fg-image\" decoding=\"async\" loading=\"lazy\"><\/span><span class=\"fg-image-overlay\"><\/span><\/a><figcaption class=\"fg-caption\"><div class=\"fg-caption-inner\"><div class=\"fg-caption-title\">Caminos de Arte<\/div><\/div><\/figcaption><\/figure><div class=\"fg-loader\"><\/div><\/div><div class=\"fg-item fg-type-iframe fg-loading\"><figure class=\"fg-item-inner\"><a href=\"https:\/\/turismosierradefrancia.es\/cultura\/centros-interpretacion-museos\/\" data-caption-title=\"Centros de Interpretaci\u00f3n\" data-attachment-id=\"16460\" data-e-disable-page-transition=\"true\" data-type=\"iframe\" class=\"fg-thumb\"><span class=\"fg-image-wrap\"><img loading=\"lazy\" src=\"https:\/\/turismosierradefrancia.es\/wp-content\/uploads\/cache\/2024\/06\/centro-interpretacion-museo\/2796342601.webp\" title=\"Centros de Interpretaci\u00f3n\" width=\"293\" height=\"400\" class=\"skip-lazy fg-image\" decoding=\"async\" loading=\"lazy\"><\/span><span class=\"fg-image-overlay\"><\/span><\/a><figcaption class=\"fg-caption\"><div class=\"fg-caption-inner\"><div class=\"fg-caption-title\">Centros de Interpretaci\u00f3n<\/div><\/div><\/figcaption><\/figure><div class=\"fg-loader\"><\/div><\/div>\t<\/div>\n\t<div class=\"fg-carousel-bottom\"><\/div>\n\t<div class=\"fg-carousel-progress\"><\/div>\n\t<button type=\"button\" class=\"fg-carousel-next\" title=\"Siguiente\"><\/button>\n<\/div>\n\n\n\n<div style=\"height:50px\" aria-hidden=\"true\" class=\"wp-block-spacer\"><\/div>\n<\/div><\/div>\n<style class=\"advgb-styles-renderer\">\n#foogallery-gallery-3652 .fg-image { width: 293px; }#foogallery-gallery-3652 { \r\n width:100%;\r\n}\r\n\r\n#foogallery-gallery-3652 div.fg-caption-title { \r\nfont-weight:700;\r\n}\r\n\r\n<\/style>","protected":false},"excerpt":{"rendered":"<p>Para entender esta leyenda hay que situarse en el contexto hist\u00f3rico en que est\u00e1 enmarcada la historia. En Castilla, durante&hellip; <a class=\"continue\" href=\"https:\/\/turismosierradefrancia.es\/?page_id=5720\">Seguir leyendo<span> Leyenda de la Virgen de la Pe\u00f1a de Francia<\/span><\/a><\/p>\n","protected":false},"author":1,"featured_media":0,"parent":5703,"menu_order":0,"comment_status":"closed","ping_status":"closed","template":"","meta":{"advgb_blocks_editor_width":"","advgb_blocks_columns_visual_guide":"","footnotes":""},"class_list":["post-5720","page","type-page","status-publish","hentry"],"yoast_head":"<!-- This site is optimized with the Yoast SEO plugin v28.2 - https:\/\/yoast.com\/product\/yoast-seo-wordpress\/ -->\n<title>Leyenda de la Virgen de la Pe\u00f1a de Francia - Sierra de Francia<\/title>\n<meta name=\"description\" content=\"Para entender la Leyenda de la Virgen de la Pe\u00f1a de Francia hay que situarse en el contexto hist\u00f3rico en que est\u00e1 enmarcada la historia\" \/>\n<meta name=\"robots\" content=\"index, follow, max-snippet:-1, max-image-preview:large, max-video-preview:-1\" \/>\n<link rel=\"canonical\" href=\"https:\/\/turismosierradefrancia.es\/?page_id=5720\" \/>\n<meta property=\"og:locale\" content=\"es_ES\" \/>\n<meta property=\"og:type\" content=\"article\" \/>\n<meta property=\"og:title\" content=\"Leyenda de la Virgen de la Pe\u00f1a de Francia - Sierra de Francia\" \/>\n<meta property=\"og:description\" content=\"Para entender la Leyenda de la Virgen de la Pe\u00f1a de Francia hay que situarse en el contexto hist\u00f3rico en que est\u00e1 enmarcada la historia\" \/>\n<meta property=\"og:url\" content=\"https:\/\/turismosierradefrancia.es\/?page_id=5720\" \/>\n<meta property=\"og:site_name\" content=\"Sierra de Francia\" \/>\n<meta property=\"article:publisher\" content=\"https:\/\/www.facebook.com\/visitasierradefrancia\/\" \/>\n<meta property=\"article:modified_time\" content=\"2024-10-24T20:40:11+00:00\" \/>\n<meta property=\"og:image\" content=\"https:\/\/turismosierradefrancia.es\/wp-content\/uploads\/2023\/11\/pena-francia-virgen-.webp\" \/>\n<meta name=\"twitter:card\" content=\"summary_large_image\" \/>\n<meta name=\"twitter:site\" content=\"@visitaSF\" \/>\n<meta name=\"twitter:label1\" content=\"Tiempo de lectura\" \/>\n\t<meta name=\"twitter:data1\" content=\"7 minutos\" \/>\n<script type=\"application\/ld+json\" class=\"yoast-schema-graph\">{\"@context\":\"https:\\\/\\\/schema.org\",\"@graph\":[{\"@type\":\"WebPage\",\"@id\":\"https:\\\/\\\/turismosierradefrancia.es\\\/?page_id=5720\",\"url\":\"https:\\\/\\\/turismosierradefrancia.es\\\/?page_id=5720\",\"name\":\"Leyenda de la Virgen de la Pe\u00f1a de Francia - Sierra de Francia\",\"isPartOf\":{\"@id\":\"https:\\\/\\\/turismosierradefrancia.es\\\/#website\"},\"primaryImageOfPage\":{\"@id\":\"https:\\\/\\\/turismosierradefrancia.es\\\/?page_id=5720#primaryimage\"},\"image\":{\"@id\":\"https:\\\/\\\/turismosierradefrancia.es\\\/?page_id=5720#primaryimage\"},\"thumbnailUrl\":\"https:\\\/\\\/turismosierradefrancia.es\\\/wp-content\\\/uploads\\\/2023\\\/11\\\/pena-francia-virgen-.webp\",\"datePublished\":\"2023-09-06T13:29:35+00:00\",\"dateModified\":\"2024-10-24T20:40:11+00:00\",\"description\":\"Para entender la Leyenda de la Virgen de la Pe\u00f1a de Francia hay que situarse en el contexto hist\u00f3rico en que est\u00e1 enmarcada la historia\",\"breadcrumb\":{\"@id\":\"https:\\\/\\\/turismosierradefrancia.es\\\/?page_id=5720#breadcrumb\"},\"inLanguage\":\"es\",\"potentialAction\":[{\"@type\":\"ReadAction\",\"target\":[\"https:\\\/\\\/turismosierradefrancia.es\\\/?page_id=5720\"]}]},{\"@type\":\"ImageObject\",\"inLanguage\":\"es\",\"@id\":\"https:\\\/\\\/turismosierradefrancia.es\\\/?page_id=5720#primaryimage\",\"url\":\"https:\\\/\\\/turismosierradefrancia.es\\\/wp-content\\\/uploads\\\/2023\\\/11\\\/pena-francia-virgen-.webp\",\"contentUrl\":\"https:\\\/\\\/turismosierradefrancia.es\\\/wp-content\\\/uploads\\\/2023\\\/11\\\/pena-francia-virgen-.webp\"},{\"@type\":\"BreadcrumbList\",\"@id\":\"https:\\\/\\\/turismosierradefrancia.es\\\/?page_id=5720#breadcrumb\",\"itemListElement\":[{\"@type\":\"ListItem\",\"position\":1,\"name\":\"Inicio\",\"item\":\"https:\\\/\\\/turismosierradefrancia.es\\\/\"},{\"@type\":\"ListItem\",\"position\":2,\"name\":\"Cultura\",\"item\":\"https:\\\/\\\/turismosierradefrancia.es\\\/?page_id=3508\"},{\"@type\":\"ListItem\",\"position\":3,\"name\":\"Historia y Tradici\u00f3n\",\"item\":\"https:\\\/\\\/turismosierradefrancia.es\\\/?page_id=1089\"},{\"@type\":\"ListItem\",\"position\":4,\"name\":\"Leyendas de la Sierra de Francia\",\"item\":\"https:\\\/\\\/turismosierradefrancia.es\\\/?page_id=5703\"},{\"@type\":\"ListItem\",\"position\":5,\"name\":\"Leyenda de la Virgen de la Pe\u00f1a de Francia\"}]},{\"@type\":\"WebSite\",\"@id\":\"https:\\\/\\\/turismosierradefrancia.es\\\/#website\",\"url\":\"https:\\\/\\\/turismosierradefrancia.es\\\/\",\"name\":\"Sierra de Francia\",\"description\":\"\",\"publisher\":{\"@id\":\"https:\\\/\\\/turismosierradefrancia.es\\\/#organization\"},\"alternateName\":\"Turismo Sierra de Francia\",\"potentialAction\":[{\"@type\":\"SearchAction\",\"target\":{\"@type\":\"EntryPoint\",\"urlTemplate\":\"https:\\\/\\\/turismosierradefrancia.es\\\/?s={search_term_string}\"},\"query-input\":{\"@type\":\"PropertyValueSpecification\",\"valueRequired\":true,\"valueName\":\"search_term_string\"}}],\"inLanguage\":\"es\"},{\"@type\":\"Organization\",\"@id\":\"https:\\\/\\\/turismosierradefrancia.es\\\/#organization\",\"name\":\"Sierra de Francia\",\"alternateName\":\"Turismo Sierra de Francia\",\"url\":\"https:\\\/\\\/turismosierradefrancia.es\\\/\",\"logo\":{\"@type\":\"ImageObject\",\"inLanguage\":\"es\",\"@id\":\"https:\\\/\\\/turismosierradefrancia.es\\\/#\\\/schema\\\/logo\\\/image\\\/\",\"url\":\"https:\\\/\\\/turismosierradefrancia.es\\\/wp-content\\\/uploads\\\/2024\\\/04\\\/cropped-logo_redondo-removebg-preview.png\",\"contentUrl\":\"https:\\\/\\\/turismosierradefrancia.es\\\/wp-content\\\/uploads\\\/2024\\\/04\\\/cropped-logo_redondo-removebg-preview.png\",\"width\":512,\"height\":512,\"caption\":\"Sierra de Francia\"},\"image\":{\"@id\":\"https:\\\/\\\/turismosierradefrancia.es\\\/#\\\/schema\\\/logo\\\/image\\\/\"},\"sameAs\":[\"https:\\\/\\\/www.facebook.com\\\/visitasierradefrancia\\\/\",\"https:\\\/\\\/x.com\\\/visitaSF\",\"https:\\\/\\\/www.instagram.com\\\/visitasierradefrancia\\\/\",\"https:\\\/\\\/www.youtube.com\\\/@visitasierradefrancia\"]}]}<\/script>\n<!-- \/ Yoast SEO plugin. -->","yoast_head_json":{"title":"Leyenda de la Virgen de la Pe\u00f1a de Francia - Sierra de Francia","description":"Para entender la Leyenda de la Virgen de la Pe\u00f1a de Francia hay que situarse en el contexto hist\u00f3rico en que est\u00e1 enmarcada la historia","robots":{"index":"index","follow":"follow","max-snippet":"max-snippet:-1","max-image-preview":"max-image-preview:large","max-video-preview":"max-video-preview:-1"},"canonical":"https:\/\/turismosierradefrancia.es\/?page_id=5720","og_locale":"es_ES","og_type":"article","og_title":"Leyenda de la Virgen de la Pe\u00f1a de Francia - Sierra de Francia","og_description":"Para entender la Leyenda de la Virgen de la Pe\u00f1a de Francia hay que situarse en el contexto hist\u00f3rico en que est\u00e1 enmarcada la historia","og_url":"https:\/\/turismosierradefrancia.es\/?page_id=5720","og_site_name":"Sierra de Francia","article_publisher":"https:\/\/www.facebook.com\/visitasierradefrancia\/","article_modified_time":"2024-10-24T20:40:11+00:00","og_image":[{"url":"https:\/\/turismosierradefrancia.es\/wp-content\/uploads\/2023\/11\/pena-francia-virgen-.webp","type":"","width":"","height":""}],"twitter_card":"summary_large_image","twitter_site":"@visitaSF","twitter_misc":{"Tiempo de lectura":"7 minutos"},"schema":{"@context":"https:\/\/schema.org","@graph":[{"@type":"WebPage","@id":"https:\/\/turismosierradefrancia.es\/?page_id=5720","url":"https:\/\/turismosierradefrancia.es\/?page_id=5720","name":"Leyenda de la Virgen de la Pe\u00f1a de Francia - Sierra de Francia","isPartOf":{"@id":"https:\/\/turismosierradefrancia.es\/#website"},"primaryImageOfPage":{"@id":"https:\/\/turismosierradefrancia.es\/?page_id=5720#primaryimage"},"image":{"@id":"https:\/\/turismosierradefrancia.es\/?page_id=5720#primaryimage"},"thumbnailUrl":"https:\/\/turismosierradefrancia.es\/wp-content\/uploads\/2023\/11\/pena-francia-virgen-.webp","datePublished":"2023-09-06T13:29:35+00:00","dateModified":"2024-10-24T20:40:11+00:00","description":"Para entender la Leyenda de la Virgen de la Pe\u00f1a de Francia hay que situarse en el contexto hist\u00f3rico en que est\u00e1 enmarcada la historia","breadcrumb":{"@id":"https:\/\/turismosierradefrancia.es\/?page_id=5720#breadcrumb"},"inLanguage":"es","potentialAction":[{"@type":"ReadAction","target":["https:\/\/turismosierradefrancia.es\/?page_id=5720"]}]},{"@type":"ImageObject","inLanguage":"es","@id":"https:\/\/turismosierradefrancia.es\/?page_id=5720#primaryimage","url":"https:\/\/turismosierradefrancia.es\/wp-content\/uploads\/2023\/11\/pena-francia-virgen-.webp","contentUrl":"https:\/\/turismosierradefrancia.es\/wp-content\/uploads\/2023\/11\/pena-francia-virgen-.webp"},{"@type":"BreadcrumbList","@id":"https:\/\/turismosierradefrancia.es\/?page_id=5720#breadcrumb","itemListElement":[{"@type":"ListItem","position":1,"name":"Inicio","item":"https:\/\/turismosierradefrancia.es\/"},{"@type":"ListItem","position":2,"name":"Cultura","item":"https:\/\/turismosierradefrancia.es\/?page_id=3508"},{"@type":"ListItem","position":3,"name":"Historia y Tradici\u00f3n","item":"https:\/\/turismosierradefrancia.es\/?page_id=1089"},{"@type":"ListItem","position":4,"name":"Leyendas de la Sierra de Francia","item":"https:\/\/turismosierradefrancia.es\/?page_id=5703"},{"@type":"ListItem","position":5,"name":"Leyenda de la Virgen de la Pe\u00f1a de Francia"}]},{"@type":"WebSite","@id":"https:\/\/turismosierradefrancia.es\/#website","url":"https:\/\/turismosierradefrancia.es\/","name":"Sierra de Francia","description":"","publisher":{"@id":"https:\/\/turismosierradefrancia.es\/#organization"},"alternateName":"Turismo Sierra de Francia","potentialAction":[{"@type":"SearchAction","target":{"@type":"EntryPoint","urlTemplate":"https:\/\/turismosierradefrancia.es\/?s={search_term_string}"},"query-input":{"@type":"PropertyValueSpecification","valueRequired":true,"valueName":"search_term_string"}}],"inLanguage":"es"},{"@type":"Organization","@id":"https:\/\/turismosierradefrancia.es\/#organization","name":"Sierra de Francia","alternateName":"Turismo Sierra de Francia","url":"https:\/\/turismosierradefrancia.es\/","logo":{"@type":"ImageObject","inLanguage":"es","@id":"https:\/\/turismosierradefrancia.es\/#\/schema\/logo\/image\/","url":"https:\/\/turismosierradefrancia.es\/wp-content\/uploads\/2024\/04\/cropped-logo_redondo-removebg-preview.png","contentUrl":"https:\/\/turismosierradefrancia.es\/wp-content\/uploads\/2024\/04\/cropped-logo_redondo-removebg-preview.png","width":512,"height":512,"caption":"Sierra de Francia"},"image":{"@id":"https:\/\/turismosierradefrancia.es\/#\/schema\/logo\/image\/"},"sameAs":["https:\/\/www.facebook.com\/visitasierradefrancia\/","https:\/\/x.com\/visitaSF","https:\/\/www.instagram.com\/visitasierradefrancia\/","https:\/\/www.youtube.com\/@visitasierradefrancia"]}]}},"coauthors":[],"author_meta":{"author_link":"https:\/\/turismosierradefrancia.es\/?author=1","display_name":"admin"},"relative_dates":{"created":"Publicado 3 a\u00f1os hace","modified":"Actualizado 2 a\u00f1os hace"},"absolute_dates":{"created":"Publicado el 06\/09\/2023","modified":"Actualizado el 24\/10\/2024"},"absolute_dates_time":{"created":"Publicado el 06\/09\/2023 13:29","modified":"Actualizado el 24\/10\/2024 20:40"},"featured_img_caption":"","featured_img":false,"series_order":"","_links":{"self":[{"href":"https:\/\/turismosierradefrancia.es\/index.php?rest_route=\/wp\/v2\/pages\/5720","targetHints":{"allow":["GET"]}}],"collection":[{"href":"https:\/\/turismosierradefrancia.es\/index.php?rest_route=\/wp\/v2\/pages"}],"about":[{"href":"https:\/\/turismosierradefrancia.es\/index.php?rest_route=\/wp\/v2\/types\/page"}],"author":[{"embeddable":true,"href":"https:\/\/turismosierradefrancia.es\/index.php?rest_route=\/wp\/v2\/users\/1"}],"replies":[{"embeddable":true,"href":"https:\/\/turismosierradefrancia.es\/index.php?rest_route=%2Fwp%2Fv2%2Fcomments&post=5720"}],"version-history":[{"count":12,"href":"https:\/\/turismosierradefrancia.es\/index.php?rest_route=\/wp\/v2\/pages\/5720\/revisions"}],"predecessor-version":[{"id":18723,"href":"https:\/\/turismosierradefrancia.es\/index.php?rest_route=\/wp\/v2\/pages\/5720\/revisions\/18723"}],"up":[{"embeddable":true,"href":"https:\/\/turismosierradefrancia.es\/index.php?rest_route=\/wp\/v2\/pages\/5703"}],"wp:attachment":[{"href":"https:\/\/turismosierradefrancia.es\/index.php?rest_route=%2Fwp%2Fv2%2Fmedia&parent=5720"}],"curies":[{"name":"wp","href":"https:\/\/api.w.org\/{rel}","templated":true}]}}