{"id":5723,"date":"2023-09-06T13:37:17","date_gmt":"2023-09-06T13:37:17","guid":{"rendered":"https:\/\/turismosierradefrancia.es\/?page_id=5723"},"modified":"2024-10-24T20:41:32","modified_gmt":"2024-10-24T20:41:32","slug":"la-moza-de-animas","status":"publish","type":"page","link":"https:\/\/turismosierradefrancia.es\/?page_id=5723","title":{"rendered":"La Moza de \u00c1nimas"},"content":{"rendered":"\n<a class=\"tic-subheader-image\" style=\"display:none\" href=\"https:\/\/turismosierradefrancia.es\/wp-content\/uploads\/2023\/11\/cabecera-leyendas-3.webp\"><\/a>\n\n\n\n<div style=\"height:30px\" aria-hidden=\"true\" class=\"wp-block-spacer\"><\/div>\n\n\n\n<div class=\"wp-block-group tic-page-content\"><div class=\"wp-block-group__inner-container is-layout-constrained wp-block-group-is-layout-constrained\">\n<p class=\"has-drop-cap has-text-align-justify tic-contenido-principal wp-block-paragraph\">Una de las leyendas que se pueden \u201cvisualizar\u201d hoy en d\u00eda y que sorprende e incluso asusta a los visitantes es la de la moza de \u00e1nimas que podemos ver en las calles de <strong><em><a href=\"https:\/\/turismosierradefrancia.es\/nuestros-pueblos\/la-alberca\/\">La Alberca<\/a><\/em><\/strong> o <strong><em><a href=\"https:\/\/turismosierradefrancia.es\/nuestros-pueblos\/mogarraz\/\">Mogarraz<\/a><\/em><\/strong> (noche de las Almas Blancas). Aunque en realidad se hac\u00eda en muchos pueblos de la sierra y de la ribera, e incluso en pueblos de las Hurdes y Sierra de Gata.<\/p>\n\n\n\n<p class=\"wp-block-paragraph\">Iniciada en el siglo XVI, refleja una particular relaci\u00f3n de los serranos con la muerte, mezclando lo sagrado y lo profano, generando un halo de misterio al que lo observa. Esta relaci\u00f3n se ve reflejada en la creaci\u00f3n de un traje espec\u00edfico denominado \u201ctraje del ventioseno\u201d para despedir a los difuntos (totalmente negro y sin ning\u00fan tipo de alhajas). De forma tradicional las mozas del pueblo sal\u00edan a rezar oraciones por los difuntos y se cuenta que en una ocasi\u00f3n una moza no sali\u00f3 por el fr\u00edo que hac\u00eda y sin saber por qu\u00e9 una esquila cay\u00f3 rodando por las escaleras emitiendo su particular sonido, lo que se interpret\u00f3 como una se\u00f1al de que no deb\u00eda olvidarse salir a rezar. Desde hace cuatro siglos esta tradici\u00f3n se sigue realizando todos los viernes del a\u00f1o. Entre las mujeres de La Alberca, estas mozas se reparten los turnos, de manera que cada una de ellas realiza el mismo ritual a lo largo de un mes para cumplir una promesa, como se\u00f1al de agradecimiento a peticiones concedidas o simplemente por devoci\u00f3n.<\/p>\n\n\n\n<p class=\"tic-cita wp-block-paragraph\">\u00abSum\u00e9rgete en un viaje \u00fanico: donde la historia cobra vida, la aventura llama a tu esp\u00edritu y el misterio te envuelve. Bienvenido a las Leyendas de la Sierra de Francia.\u00bb<\/p>\n\n\n\n<p class=\"wp-block-paragraph\">Es igual que llueva, nieve, haga fr\u00edo o calor, en el ocaso del d\u00eda, cuando la luz natural apenas ilumina y durante media hora de duraci\u00f3n, estas mozas salen en un grupo m\u00ednimo de tres a rezar por los difuntos cuyas almas est\u00e1n en el purgatorio ya que seg\u00fan dicen \u201c<em>Las del cielo no lo necesitan y las del infierno no lo merecen\u201d<\/em>. Vestidas de negro van recorriendo las calles del pueblo rezando el rosario a la luz del candil y llevando una esquila. Al llegar a determinadas esquinas hacen sonar la esquila tres veces y la moza de \u00e1nimas entona un salmo por las almas del purgatorio animando a los habitantes a rezar por ellos, cada uno desde el calor del hogar: <em>\u201cFieles cristianos, acord\u00e9monos de las Benditas Almas del Purgatorio con un Padrenuestro y un Ave Mar\u00eda por el amor de Dios\u201d<\/em>. De nuevo hace sonar la esquila durante tres veces y a\u00f1ade <em>\u201cOtro Padrenuestro y otra Avemar\u00eda por los que est\u00e1n en pecado mortal, para que su Divina Majestad los saque de tal miserable estado\u201d<\/em><\/p>\n\n\n\n<p class=\"wp-block-paragraph\">Luego contin\u00faan su camino hasta la siguiente esquina marcada en el camino y as\u00ed hasta llegar al final, en la fachada exterior de la Iglesia de la Asunci\u00f3n, exactamente donde se encuentra el osario flanqueado por dos calaveras que nos recuerdan que todos moriremos alg\u00fan d\u00eda.<\/p>\n\n\n\n<p class=\"wp-block-paragraph\">Se dice que desde que existe esta tradici\u00f3n, \u00fanicamente en una ocasi\u00f3n la moza de \u00e1nimas no sali\u00f3 a hacer su recorrido porque ese mismo d\u00eda fue asesinada de forma misteriosa. Sin embargo, los habitantes de La Alberca afirman que escucharon la esquila perfectamente a\u00fan a sabiendas de que estaba muerta y nadie hab\u00eda salido nadie en su sustituci\u00f3n. Incluso hay quien asegura que tanto en Mogarraz como en La Alberca estas \u00e1nimas <em>\u00abse han dejado ver\u00bb.<\/em><\/p>\n\n\n\n<figure class=\"wp-block-gallery has-nested-images columns-default is-cropped imagen-personalizada wp-block-gallery-1 is-layout-flex wp-block-gallery-is-layout-flex\">\n<figure class=\"wp-block-image size-full\"><a href=\"https:\/\/turismosierradefrancia.es\/wp-content\/uploads\/2024\/07\/animas2-copia.webp\"><img fetchpriority=\"high\" decoding=\"async\" width=\"1700\" height=\"1130\" data-id=\"16882\" src=\"https:\/\/turismosierradefrancia.es\/wp-content\/uploads\/2024\/07\/animas2-copia.webp\" alt=\"La Moza de \u00c1nimas 1\" class=\"wp-image-16882\" srcset=\"https:\/\/turismosierradefrancia.es\/wp-content\/uploads\/2024\/07\/animas2-copia.webp 1700w, https:\/\/turismosierradefrancia.es\/wp-content\/uploads\/2024\/07\/animas2-copia-300x199.webp 300w, https:\/\/turismosierradefrancia.es\/wp-content\/uploads\/2024\/07\/animas2-copia-1024x681.webp 1024w, https:\/\/turismosierradefrancia.es\/wp-content\/uploads\/2024\/07\/animas2-copia-768x510.webp 768w, https:\/\/turismosierradefrancia.es\/wp-content\/uploads\/2024\/07\/animas2-copia-1536x1021.webp 1536w, https:\/\/turismosierradefrancia.es\/wp-content\/uploads\/2024\/07\/animas2-copia-113x75.webp 113w, https:\/\/turismosierradefrancia.es\/wp-content\/uploads\/2024\/07\/animas2-copia-480x319.webp 480w\" sizes=\"(max-width:767px) 480px, (max-width:1700px) 100vw, 1700px\" \/><\/a><\/figure>\n\n\n\n<figure class=\"wp-block-image size-full\"><a href=\"https:\/\/turismosierradefrancia.es\/wp-content\/uploads\/2024\/07\/animas1-copia.webp\"><img decoding=\"async\" width=\"1700\" height=\"1130\" data-id=\"16881\" src=\"https:\/\/turismosierradefrancia.es\/wp-content\/uploads\/2024\/07\/animas1-copia.webp\" alt=\"La Moza de \u00c1nimas 2\" class=\"wp-image-16881\" srcset=\"https:\/\/turismosierradefrancia.es\/wp-content\/uploads\/2024\/07\/animas1-copia.webp 1700w, https:\/\/turismosierradefrancia.es\/wp-content\/uploads\/2024\/07\/animas1-copia-300x199.webp 300w, https:\/\/turismosierradefrancia.es\/wp-content\/uploads\/2024\/07\/animas1-copia-1024x681.webp 1024w, https:\/\/turismosierradefrancia.es\/wp-content\/uploads\/2024\/07\/animas1-copia-768x510.webp 768w, https:\/\/turismosierradefrancia.es\/wp-content\/uploads\/2024\/07\/animas1-copia-1536x1021.webp 1536w, https:\/\/turismosierradefrancia.es\/wp-content\/uploads\/2024\/07\/animas1-copia-113x75.webp 113w, https:\/\/turismosierradefrancia.es\/wp-content\/uploads\/2024\/07\/animas1-copia-480x319.webp 480w\" sizes=\"(max-width:767px) 480px, (max-width:1700px) 100vw, 1700px\" \/><\/a><\/figure>\n<\/figure>\n<\/div><\/div>\n\n\n\n<div style=\"height:30px\" aria-hidden=\"true\" class=\"wp-block-spacer\"><\/div>\n\n\n\n<div class=\"wp-block-group tic-page-footer\"><div class=\"wp-block-group__inner-container is-layout-constrained wp-block-group-is-layout-constrained\">\n<p class=\"tic-secicon has-medium-font-size wp-block-paragraph\"><strong>Relacionado<\/strong><\/p>\n\n\n\n\t\t\t<div class=\"foogallery foogallery-container foogallery-carousel foogallery-lightbox-none fg-carousel-hide-nav-arrows fg-carousel-hide-pagination fg-carousel-hide-progress-bar fg-carousel fg-ready fg-custom fg-shadow-outline fg-loading-default fg-loaded-fade-in fg-caption-always fg-hover-fade fg-c-c\" id=\"foogallery-gallery-3652\" data-foogallery=\"{&quot;item&quot;:{&quot;showCaptionTitle&quot;:true,&quot;showCaptionDescription&quot;:true},&quot;lazy&quot;:true,&quot;src&quot;:&quot;src&quot;,&quot;srcset&quot;:&quot;srcset&quot;,&quot;template&quot;:{&quot;maxItems&quot;:7,&quot;scale&quot;:0,&quot;gutter&quot;:{&quot;min&quot;:5,&quot;max&quot;:10,&quot;unit&quot;:&quot;px&quot;},&quot;autoplay&quot;:{&quot;time&quot;:5,&quot;interaction&quot;:&quot;disable&quot;},&quot;centerOnClick&quot;:false,&quot;align&quot;:&quot;center&quot;,&quot;activePosition&quot;:&quot;center&quot;}}\" style=\"--fg-title-line-clamp: 0; --fg-description-line-clamp: 0;\" >\n\t<button type=\"button\" class=\"fg-carousel-prev\" title=\"Anterior\"><\/button>\n\t<div class=\"fg-carousel-inner\">\n\t\t<div class=\"fg-carousel-center\"><\/div>\n\t\t<div class=\"fg-item fg-type-iframe fg-loading\"><figure class=\"fg-item-inner\"><a href=\"https:\/\/turismosierradefrancia.es\/nuestros-pueblos\/\" data-caption-title=\"Nuestros Pueblos\" data-attachment-id=\"16463\" data-e-disable-page-transition=\"true\" data-type=\"iframe\" class=\"fg-thumb\"><span class=\"fg-image-wrap\"><img loading=\"lazy\" src=\"https:\/\/turismosierradefrancia.es\/wp-content\/uploads\/cache\/2024\/06\/nuestros-pueblos-recomendado\/3504428687.webp\" title=\"Nuestros Pueblos\" width=\"293\" height=\"400\" class=\"skip-lazy fg-image\" decoding=\"async\" loading=\"lazy\"><\/span><span class=\"fg-image-overlay\"><\/span><\/a><figcaption class=\"fg-caption\"><div class=\"fg-caption-inner\"><div class=\"fg-caption-title\">Nuestros Pueblos<\/div><\/div><\/figcaption><\/figure><div class=\"fg-loader\"><\/div><\/div><div class=\"fg-item fg-type-iframe fg-loading\"><figure class=\"fg-item-inner\"><a href=\"https:\/\/turismosierradefrancia.es\/turismo-activo\/estacion-de-deportes-de-montana\/senderismo\/\" data-caption-title=\"Senderismo\" data-attachment-id=\"16465\" data-e-disable-page-transition=\"true\" data-type=\"iframe\" class=\"fg-thumb\"><span class=\"fg-image-wrap\"><img loading=\"lazy\" src=\"https:\/\/turismosierradefrancia.es\/wp-content\/uploads\/cache\/2024\/06\/senderismo-recomendador\/2738489355.webp\" title=\"Senderismo\" width=\"293\" height=\"400\" class=\"skip-lazy fg-image\" decoding=\"async\" loading=\"lazy\"><\/span><span class=\"fg-image-overlay\"><\/span><\/a><figcaption class=\"fg-caption\"><div class=\"fg-caption-inner\"><div class=\"fg-caption-title\">Senderismo<\/div><\/div><\/figcaption><\/figure><div class=\"fg-loader\"><\/div><\/div><div class=\"fg-item fg-type-iframe fg-loading\"><figure class=\"fg-item-inner\"><a href=\"https:\/\/turismosierradefrancia.es\/turismo-activo\/turismo-rutas-accesibles\/\" data-caption-title=\"Rutas Accesibles\" data-attachment-id=\"16464\" data-e-disable-page-transition=\"true\" data-type=\"iframe\" class=\"fg-thumb\"><span class=\"fg-image-wrap\"><img loading=\"lazy\" src=\"https:\/\/turismosierradefrancia.es\/wp-content\/uploads\/cache\/2024\/06\/rutas-accesibles-recomendador\/2972824326.webp\" title=\"Rutas Accesibles\" width=\"293\" height=\"400\" class=\"skip-lazy fg-image\" decoding=\"async\" loading=\"lazy\"><\/span><span class=\"fg-image-overlay\"><\/span><\/a><figcaption class=\"fg-caption\"><div class=\"fg-caption-inner\"><div class=\"fg-caption-title\">Rutas Accesibles<\/div><\/div><\/figcaption><\/figure><div class=\"fg-loader\"><\/div><\/div><div class=\"fg-item fg-type-iframe fg-loading\"><figure class=\"fg-item-inner\"><a href=\"https:\/\/turismosierradefrancia.es\/donde-dormir\/\" data-caption-title=\"\u00bfD\u00f3nde Comer?\" data-attachment-id=\"16462\" data-e-disable-page-transition=\"true\" data-type=\"iframe\" class=\"fg-thumb\"><span class=\"fg-image-wrap\"><img loading=\"lazy\" src=\"https:\/\/turismosierradefrancia.es\/wp-content\/uploads\/cache\/2024\/06\/donde_comer-recomendado\/1038040024.webp\" title=\"\u00bfD\u00f3nde Comer?\" width=\"293\" height=\"400\" class=\"skip-lazy fg-image\" decoding=\"async\" loading=\"lazy\"><\/span><span class=\"fg-image-overlay\"><\/span><\/a><figcaption class=\"fg-caption\"><div class=\"fg-caption-inner\"><div class=\"fg-caption-title\">\u00bfD\u00f3nde Comer?<\/div><\/div><\/figcaption><\/figure><div class=\"fg-loader\"><\/div><\/div><div class=\"fg-item fg-type-iframe fg-loading\"><figure class=\"fg-item-inner\"><a href=\"https:\/\/turismosierradefrancia.es\/donde-dormir\/\" data-caption-title=\"\u00bfD\u00f3nde Dormir?\" data-attachment-id=\"16461\" data-e-disable-page-transition=\"true\" data-type=\"iframe\" class=\"fg-thumb\"><span class=\"fg-image-wrap\"><img loading=\"lazy\" src=\"https:\/\/turismosierradefrancia.es\/wp-content\/uploads\/cache\/2024\/06\/donde-dormir-recomendado\/1391775750.webp\" title=\"\u00bfD\u00f3nde Dormir?\" width=\"293\" height=\"400\" class=\"skip-lazy fg-image\" decoding=\"async\" loading=\"lazy\"><\/span><span class=\"fg-image-overlay\"><\/span><\/a><figcaption class=\"fg-caption\"><div class=\"fg-caption-inner\"><div class=\"fg-caption-title\">\u00bfD\u00f3nde Dormir?<\/div><\/div><\/figcaption><\/figure><div class=\"fg-loader\"><\/div><\/div><div class=\"fg-item fg-type-iframe fg-loading\"><figure class=\"fg-item-inner\"><a href=\"https:\/\/turismosierradefrancia.es\/turismo-activo\/caminos-de-arte-en-la-naturaleza\/\" data-caption-title=\"Caminos de Arte\" data-attachment-id=\"16459\" data-e-disable-page-transition=\"true\" data-type=\"iframe\" class=\"fg-thumb\"><span class=\"fg-image-wrap\"><img loading=\"lazy\" src=\"https:\/\/turismosierradefrancia.es\/wp-content\/uploads\/cache\/2024\/06\/caminos-del-arte-recomendador\/4270799215.webp\" title=\"Caminos de Arte\" width=\"293\" height=\"400\" class=\"skip-lazy fg-image\" decoding=\"async\" loading=\"lazy\"><\/span><span class=\"fg-image-overlay\"><\/span><\/a><figcaption class=\"fg-caption\"><div class=\"fg-caption-inner\"><div class=\"fg-caption-title\">Caminos de Arte<\/div><\/div><\/figcaption><\/figure><div class=\"fg-loader\"><\/div><\/div><div class=\"fg-item fg-type-iframe fg-loading\"><figure class=\"fg-item-inner\"><a href=\"https:\/\/turismosierradefrancia.es\/cultura\/centros-interpretacion-museos\/\" data-caption-title=\"Centros de Interpretaci\u00f3n\" data-attachment-id=\"16460\" data-e-disable-page-transition=\"true\" data-type=\"iframe\" class=\"fg-thumb\"><span class=\"fg-image-wrap\"><img loading=\"lazy\" src=\"https:\/\/turismosierradefrancia.es\/wp-content\/uploads\/cache\/2024\/06\/centro-interpretacion-museo\/2796342601.webp\" title=\"Centros de Interpretaci\u00f3n\" width=\"293\" height=\"400\" class=\"skip-lazy fg-image\" decoding=\"async\" loading=\"lazy\"><\/span><span class=\"fg-image-overlay\"><\/span><\/a><figcaption class=\"fg-caption\"><div class=\"fg-caption-inner\"><div class=\"fg-caption-title\">Centros de Interpretaci\u00f3n<\/div><\/div><\/figcaption><\/figure><div class=\"fg-loader\"><\/div><\/div>\t<\/div>\n\t<div class=\"fg-carousel-bottom\"><\/div>\n\t<div class=\"fg-carousel-progress\"><\/div>\n\t<button type=\"button\" class=\"fg-carousel-next\" title=\"Siguiente\"><\/button>\n<\/div>\n\n\n\n<div style=\"height:50px\" aria-hidden=\"true\" class=\"wp-block-spacer\"><\/div>\n<\/div><\/div>\n<style class=\"advgb-styles-renderer\">\n#foogallery-gallery-3652 .fg-image { width: 293px; }#foogallery-gallery-3652 { \r\n width:100%;\r\n}\r\n\r\n#foogallery-gallery-3652 div.fg-caption-title { \r\nfont-weight:700;\r\n}\r\n\r\n<\/style>","protected":false},"excerpt":{"rendered":"<p>Una de las leyendas que se pueden \u201cvisualizar\u201d hoy en d\u00eda y que sorprende e incluso asusta a los visitantes&hellip; <a class=\"continue\" href=\"https:\/\/turismosierradefrancia.es\/?page_id=5723\">Seguir leyendo<span> La Moza de \u00c1nimas<\/span><\/a><\/p>\n","protected":false},"author":1,"featured_media":0,"parent":5703,"menu_order":0,"comment_status":"closed","ping_status":"closed","template":"","meta":{"advgb_blocks_editor_width":"","advgb_blocks_columns_visual_guide":"","footnotes":""},"class_list":["post-5723","page","type-page","status-publish","hentry"],"yoast_head":"<!-- This site is optimized with the Yoast SEO plugin v28.2 - https:\/\/yoast.com\/product\/yoast-seo-wordpress\/ -->\n<title>La Moza de \u00c1nimas - Sierra de Francia<\/title>\n<meta name=\"description\" content=\"La Moza de \u00c1nimas es una de las leyendas que se pueden \u201cvisualizar\u201d hoy en d\u00eda y que sorprende e incluso asusta a los visitantes y que podemos ver en las calles de La Alberca o Mogarraz (noche de las Almas Blancas).\" \/>\n<meta name=\"robots\" content=\"index, follow, max-snippet:-1, max-image-preview:large, max-video-preview:-1\" \/>\n<link rel=\"canonical\" href=\"https:\/\/turismosierradefrancia.es\/?page_id=5723\" \/>\n<meta property=\"og:locale\" content=\"es_ES\" \/>\n<meta property=\"og:type\" content=\"article\" \/>\n<meta property=\"og:title\" content=\"La Moza de \u00c1nimas - Sierra de Francia\" \/>\n<meta property=\"og:description\" content=\"La Moza de \u00c1nimas es una de las leyendas que se pueden \u201cvisualizar\u201d hoy en d\u00eda y que sorprende e incluso asusta a los visitantes y que podemos ver en las calles de La Alberca o Mogarraz (noche de las Almas Blancas).\" \/>\n<meta property=\"og:url\" content=\"https:\/\/turismosierradefrancia.es\/?page_id=5723\" \/>\n<meta property=\"og:site_name\" content=\"Sierra de Francia\" \/>\n<meta property=\"article:publisher\" content=\"https:\/\/www.facebook.com\/visitasierradefrancia\/\" \/>\n<meta property=\"article:modified_time\" content=\"2024-10-24T20:41:32+00:00\" \/>\n<meta property=\"og:image\" content=\"https:\/\/turismosierradefrancia.es\/wp-content\/uploads\/2024\/07\/animas2-copia.webp\" \/>\n<meta name=\"twitter:card\" content=\"summary_large_image\" \/>\n<meta name=\"twitter:site\" content=\"@visitaSF\" \/>\n<meta name=\"twitter:label1\" content=\"Tiempo de lectura\" \/>\n\t<meta name=\"twitter:data1\" content=\"4 minutos\" \/>\n<script type=\"application\/ld+json\" class=\"yoast-schema-graph\">{\"@context\":\"https:\\\/\\\/schema.org\",\"@graph\":[{\"@type\":\"WebPage\",\"@id\":\"https:\\\/\\\/turismosierradefrancia.es\\\/?page_id=5723\",\"url\":\"https:\\\/\\\/turismosierradefrancia.es\\\/?page_id=5723\",\"name\":\"La Moza de \u00c1nimas - Sierra de Francia\",\"isPartOf\":{\"@id\":\"https:\\\/\\\/turismosierradefrancia.es\\\/#website\"},\"primaryImageOfPage\":{\"@id\":\"https:\\\/\\\/turismosierradefrancia.es\\\/?page_id=5723#primaryimage\"},\"image\":{\"@id\":\"https:\\\/\\\/turismosierradefrancia.es\\\/?page_id=5723#primaryimage\"},\"thumbnailUrl\":\"https:\\\/\\\/turismosierradefrancia.es\\\/wp-content\\\/uploads\\\/2024\\\/07\\\/animas2-copia.webp\",\"datePublished\":\"2023-09-06T13:37:17+00:00\",\"dateModified\":\"2024-10-24T20:41:32+00:00\",\"description\":\"La Moza de \u00c1nimas es una de las leyendas que se pueden \u201cvisualizar\u201d hoy en d\u00eda y que sorprende e incluso asusta a los visitantes y que podemos ver en las calles de La Alberca o Mogarraz (noche de las Almas Blancas).\",\"breadcrumb\":{\"@id\":\"https:\\\/\\\/turismosierradefrancia.es\\\/?page_id=5723#breadcrumb\"},\"inLanguage\":\"es\",\"potentialAction\":[{\"@type\":\"ReadAction\",\"target\":[\"https:\\\/\\\/turismosierradefrancia.es\\\/?page_id=5723\"]}]},{\"@type\":\"ImageObject\",\"inLanguage\":\"es\",\"@id\":\"https:\\\/\\\/turismosierradefrancia.es\\\/?page_id=5723#primaryimage\",\"url\":\"https:\\\/\\\/turismosierradefrancia.es\\\/wp-content\\\/uploads\\\/2024\\\/07\\\/animas2-copia.webp\",\"contentUrl\":\"https:\\\/\\\/turismosierradefrancia.es\\\/wp-content\\\/uploads\\\/2024\\\/07\\\/animas2-copia.webp\"},{\"@type\":\"BreadcrumbList\",\"@id\":\"https:\\\/\\\/turismosierradefrancia.es\\\/?page_id=5723#breadcrumb\",\"itemListElement\":[{\"@type\":\"ListItem\",\"position\":1,\"name\":\"Inicio\",\"item\":\"https:\\\/\\\/turismosierradefrancia.es\\\/\"},{\"@type\":\"ListItem\",\"position\":2,\"name\":\"Cultura\",\"item\":\"https:\\\/\\\/turismosierradefrancia.es\\\/?page_id=3508\"},{\"@type\":\"ListItem\",\"position\":3,\"name\":\"Historia y Tradici\u00f3n\",\"item\":\"https:\\\/\\\/turismosierradefrancia.es\\\/?page_id=1089\"},{\"@type\":\"ListItem\",\"position\":4,\"name\":\"Leyendas de la Sierra de Francia\",\"item\":\"https:\\\/\\\/turismosierradefrancia.es\\\/?page_id=5703\"},{\"@type\":\"ListItem\",\"position\":5,\"name\":\"La Moza de \u00c1nimas\"}]},{\"@type\":\"WebSite\",\"@id\":\"https:\\\/\\\/turismosierradefrancia.es\\\/#website\",\"url\":\"https:\\\/\\\/turismosierradefrancia.es\\\/\",\"name\":\"Sierra de Francia\",\"description\":\"\",\"publisher\":{\"@id\":\"https:\\\/\\\/turismosierradefrancia.es\\\/#organization\"},\"alternateName\":\"Turismo Sierra de Francia\",\"potentialAction\":[{\"@type\":\"SearchAction\",\"target\":{\"@type\":\"EntryPoint\",\"urlTemplate\":\"https:\\\/\\\/turismosierradefrancia.es\\\/?s={search_term_string}\"},\"query-input\":{\"@type\":\"PropertyValueSpecification\",\"valueRequired\":true,\"valueName\":\"search_term_string\"}}],\"inLanguage\":\"es\"},{\"@type\":\"Organization\",\"@id\":\"https:\\\/\\\/turismosierradefrancia.es\\\/#organization\",\"name\":\"Sierra de Francia\",\"alternateName\":\"Turismo Sierra de Francia\",\"url\":\"https:\\\/\\\/turismosierradefrancia.es\\\/\",\"logo\":{\"@type\":\"ImageObject\",\"inLanguage\":\"es\",\"@id\":\"https:\\\/\\\/turismosierradefrancia.es\\\/#\\\/schema\\\/logo\\\/image\\\/\",\"url\":\"https:\\\/\\\/turismosierradefrancia.es\\\/wp-content\\\/uploads\\\/2024\\\/04\\\/cropped-logo_redondo-removebg-preview.png\",\"contentUrl\":\"https:\\\/\\\/turismosierradefrancia.es\\\/wp-content\\\/uploads\\\/2024\\\/04\\\/cropped-logo_redondo-removebg-preview.png\",\"width\":512,\"height\":512,\"caption\":\"Sierra de Francia\"},\"image\":{\"@id\":\"https:\\\/\\\/turismosierradefrancia.es\\\/#\\\/schema\\\/logo\\\/image\\\/\"},\"sameAs\":[\"https:\\\/\\\/www.facebook.com\\\/visitasierradefrancia\\\/\",\"https:\\\/\\\/x.com\\\/visitaSF\",\"https:\\\/\\\/www.instagram.com\\\/visitasierradefrancia\\\/\",\"https:\\\/\\\/www.youtube.com\\\/@visitasierradefrancia\"]}]}<\/script>\n<!-- \/ Yoast SEO plugin. -->","yoast_head_json":{"title":"La Moza de \u00c1nimas - Sierra de Francia","description":"La Moza de \u00c1nimas es una de las leyendas que se pueden \u201cvisualizar\u201d hoy en d\u00eda y que sorprende e incluso asusta a los visitantes y que podemos ver en las calles de La Alberca o Mogarraz (noche de las Almas Blancas).","robots":{"index":"index","follow":"follow","max-snippet":"max-snippet:-1","max-image-preview":"max-image-preview:large","max-video-preview":"max-video-preview:-1"},"canonical":"https:\/\/turismosierradefrancia.es\/?page_id=5723","og_locale":"es_ES","og_type":"article","og_title":"La Moza de \u00c1nimas - Sierra de Francia","og_description":"La Moza de \u00c1nimas es una de las leyendas que se pueden \u201cvisualizar\u201d hoy en d\u00eda y que sorprende e incluso asusta a los visitantes y que podemos ver en las calles de La Alberca o Mogarraz (noche de las Almas Blancas).","og_url":"https:\/\/turismosierradefrancia.es\/?page_id=5723","og_site_name":"Sierra de Francia","article_publisher":"https:\/\/www.facebook.com\/visitasierradefrancia\/","article_modified_time":"2024-10-24T20:41:32+00:00","og_image":[{"url":"https:\/\/turismosierradefrancia.es\/wp-content\/uploads\/2024\/07\/animas2-copia.webp","type":"","width":"","height":""}],"twitter_card":"summary_large_image","twitter_site":"@visitaSF","twitter_misc":{"Tiempo de lectura":"4 minutos"},"schema":{"@context":"https:\/\/schema.org","@graph":[{"@type":"WebPage","@id":"https:\/\/turismosierradefrancia.es\/?page_id=5723","url":"https:\/\/turismosierradefrancia.es\/?page_id=5723","name":"La Moza de \u00c1nimas - Sierra de Francia","isPartOf":{"@id":"https:\/\/turismosierradefrancia.es\/#website"},"primaryImageOfPage":{"@id":"https:\/\/turismosierradefrancia.es\/?page_id=5723#primaryimage"},"image":{"@id":"https:\/\/turismosierradefrancia.es\/?page_id=5723#primaryimage"},"thumbnailUrl":"https:\/\/turismosierradefrancia.es\/wp-content\/uploads\/2024\/07\/animas2-copia.webp","datePublished":"2023-09-06T13:37:17+00:00","dateModified":"2024-10-24T20:41:32+00:00","description":"La Moza de \u00c1nimas es una de las leyendas que se pueden \u201cvisualizar\u201d hoy en d\u00eda y que sorprende e incluso asusta a los visitantes y que podemos ver en las calles de La Alberca o Mogarraz (noche de las Almas Blancas).","breadcrumb":{"@id":"https:\/\/turismosierradefrancia.es\/?page_id=5723#breadcrumb"},"inLanguage":"es","potentialAction":[{"@type":"ReadAction","target":["https:\/\/turismosierradefrancia.es\/?page_id=5723"]}]},{"@type":"ImageObject","inLanguage":"es","@id":"https:\/\/turismosierradefrancia.es\/?page_id=5723#primaryimage","url":"https:\/\/turismosierradefrancia.es\/wp-content\/uploads\/2024\/07\/animas2-copia.webp","contentUrl":"https:\/\/turismosierradefrancia.es\/wp-content\/uploads\/2024\/07\/animas2-copia.webp"},{"@type":"BreadcrumbList","@id":"https:\/\/turismosierradefrancia.es\/?page_id=5723#breadcrumb","itemListElement":[{"@type":"ListItem","position":1,"name":"Inicio","item":"https:\/\/turismosierradefrancia.es\/"},{"@type":"ListItem","position":2,"name":"Cultura","item":"https:\/\/turismosierradefrancia.es\/?page_id=3508"},{"@type":"ListItem","position":3,"name":"Historia y Tradici\u00f3n","item":"https:\/\/turismosierradefrancia.es\/?page_id=1089"},{"@type":"ListItem","position":4,"name":"Leyendas de la Sierra de Francia","item":"https:\/\/turismosierradefrancia.es\/?page_id=5703"},{"@type":"ListItem","position":5,"name":"La Moza de \u00c1nimas"}]},{"@type":"WebSite","@id":"https:\/\/turismosierradefrancia.es\/#website","url":"https:\/\/turismosierradefrancia.es\/","name":"Sierra de Francia","description":"","publisher":{"@id":"https:\/\/turismosierradefrancia.es\/#organization"},"alternateName":"Turismo Sierra de Francia","potentialAction":[{"@type":"SearchAction","target":{"@type":"EntryPoint","urlTemplate":"https:\/\/turismosierradefrancia.es\/?s={search_term_string}"},"query-input":{"@type":"PropertyValueSpecification","valueRequired":true,"valueName":"search_term_string"}}],"inLanguage":"es"},{"@type":"Organization","@id":"https:\/\/turismosierradefrancia.es\/#organization","name":"Sierra de Francia","alternateName":"Turismo Sierra de Francia","url":"https:\/\/turismosierradefrancia.es\/","logo":{"@type":"ImageObject","inLanguage":"es","@id":"https:\/\/turismosierradefrancia.es\/#\/schema\/logo\/image\/","url":"https:\/\/turismosierradefrancia.es\/wp-content\/uploads\/2024\/04\/cropped-logo_redondo-removebg-preview.png","contentUrl":"https:\/\/turismosierradefrancia.es\/wp-content\/uploads\/2024\/04\/cropped-logo_redondo-removebg-preview.png","width":512,"height":512,"caption":"Sierra de Francia"},"image":{"@id":"https:\/\/turismosierradefrancia.es\/#\/schema\/logo\/image\/"},"sameAs":["https:\/\/www.facebook.com\/visitasierradefrancia\/","https:\/\/x.com\/visitaSF","https:\/\/www.instagram.com\/visitasierradefrancia\/","https:\/\/www.youtube.com\/@visitasierradefrancia"]}]}},"coauthors":[],"author_meta":{"author_link":"https:\/\/turismosierradefrancia.es\/?author=1","display_name":"admin"},"relative_dates":{"created":"Publicado 3 a\u00f1os hace","modified":"Actualizado 2 a\u00f1os hace"},"absolute_dates":{"created":"Publicado el 06\/09\/2023","modified":"Actualizado el 24\/10\/2024"},"absolute_dates_time":{"created":"Publicado el 06\/09\/2023 13:37","modified":"Actualizado el 24\/10\/2024 20:41"},"featured_img_caption":"","featured_img":false,"series_order":"","_links":{"self":[{"href":"https:\/\/turismosierradefrancia.es\/index.php?rest_route=\/wp\/v2\/pages\/5723","targetHints":{"allow":["GET"]}}],"collection":[{"href":"https:\/\/turismosierradefrancia.es\/index.php?rest_route=\/wp\/v2\/pages"}],"about":[{"href":"https:\/\/turismosierradefrancia.es\/index.php?rest_route=\/wp\/v2\/types\/page"}],"author":[{"embeddable":true,"href":"https:\/\/turismosierradefrancia.es\/index.php?rest_route=\/wp\/v2\/users\/1"}],"replies":[{"embeddable":true,"href":"https:\/\/turismosierradefrancia.es\/index.php?rest_route=%2Fwp%2Fv2%2Fcomments&post=5723"}],"version-history":[{"count":13,"href":"https:\/\/turismosierradefrancia.es\/index.php?rest_route=\/wp\/v2\/pages\/5723\/revisions"}],"predecessor-version":[{"id":18725,"href":"https:\/\/turismosierradefrancia.es\/index.php?rest_route=\/wp\/v2\/pages\/5723\/revisions\/18725"}],"up":[{"embeddable":true,"href":"https:\/\/turismosierradefrancia.es\/index.php?rest_route=\/wp\/v2\/pages\/5703"}],"wp:attachment":[{"href":"https:\/\/turismosierradefrancia.es\/index.php?rest_route=%2Fwp%2Fv2%2Fmedia&parent=5723"}],"curies":[{"name":"wp","href":"https:\/\/api.w.org\/{rel}","templated":true}]}}