{"id":5731,"date":"2023-09-06T13:50:50","date_gmt":"2023-09-06T13:50:50","guid":{"rendered":"https:\/\/turismosierradefrancia.es\/?page_id=5731"},"modified":"2024-06-17T17:47:29","modified_gmt":"2024-06-17T17:47:29","slug":"conde-grimaldos","status":"publish","type":"page","link":"https:\/\/turismosierradefrancia.es\/?page_id=5731","title":{"rendered":"Conde Grimaldos"},"content":{"rendered":"\n<a class=\"tic-subheader-image\" style=\"display:none\" href=\"https:\/\/turismosierradefrancia.es\/wp-content\/uploads\/2023\/11\/cabecera-leyendas-3.webp\"><\/a>\n\n\n\n<div style=\"height:30px\" aria-hidden=\"true\" class=\"wp-block-spacer\"><\/div>\n\n\n\n<div class=\"wp-block-group tic-page-content\"><div class=\"wp-block-group__inner-container is-layout-constrained wp-block-group-is-layout-constrained\">\n<p class=\"has-drop-cap has-text-align-justify tic-contenido-principal wp-block-paragraph\">Esta leyenda se enmarca dentro del imperio Carolingio, denominado as\u00ed el reino Franco tras la coronaci\u00f3n imperial de Carlomagno, aunque es dudosa y cuenta con algunos fallos hist\u00f3ricos. Parece que el Conde Grimaldos, noble franco, que inicialmente fue recompensado por Carlomagno, posteriormente es despojado de sus bienes y desterrado por el propio Carlomagno por celos de su t\u00edo Carlos Martel debido a la mayordom\u00eda de palacio. Encontr\u00e1ndose en la Sierra de Francia, su mujer, la princesa Teusinda da a luz a su hijo Teobaldo, que el vulgo llam\u00f3 Montesinos, nombre con el que pasar\u00e1 a la historia. El conde parece que fue enterrado en el Convento de San Juan Evangelista (parece coincidir con la leyenda que dice que en ese lugar est\u00e1 enterrado el \u00faltimo Rey visigodo Don Rodrigo), situado en <strong><em><a href=\"https:\/\/turismosierradefrancia.es\/nuestros-pueblos\/santibanez-de-la-sierra\/\">Santiba\u00f1ez de la Sierra<\/a><\/em><\/strong>, donde tambi\u00e9n fue bautizado Teobaldo. En dicha iglesia hab\u00eda una pieza de m\u00e1rmol blanco que destacaba de entre los escombros que Ambrosio de Morales, cronista de Castilla en 1563, evalu\u00f3 en la propia ermita de San Juan. Dicha placa estaba decorada con una inscripci\u00f3n que mencionaba a un c\u00e9lebre conde de la Galia (se cree fuera el famoso Montesinos) que fue expulsado de Francia por el Emperador Carlos Martel en el a\u00f1o 723. La traducci\u00f3n literal de Morales dec\u00eda:<\/p>\n\n\n\n<p class=\"tic-cita wp-block-paragraph\">\u00abPadre Omnipotente, mira clemente nuestro ingreso, el que se acerque como siervo pase a ser hijo; la muerte piadosa ayudar\u00e1 y all\u00ed lo que pida alcanzar\u00e1 (dedicado) al que en otro tiempo fue dichoso conde de B\u00e9lgica. Ech\u00f3lo de la tierra mand\u00e1ndolo Carlos Martel rey de Francia el a\u00f1o 723\u00bb<\/p>\n\n\n\n<p class=\"wp-block-paragraph\">Cuando \u00e9ste llega a adulto restaura el honor de su padre siendo perdonado y regresando del destierro como ha quedado reflejado en el romance de Montesinos (aunque en este caso el enemigo se llama Tomillas).<\/p>\n\n\n\n<p class=\"wp-block-paragraph\">La versi\u00f3n serrana modifica el contexto hist\u00f3rico, pasando del siglo VIII al XIV en tiempos de la corte de Luis X. El h\u00e9roe en este caso se llama Orlando d\u00b4Auverni\u00e8res y (al igual que el conde Grimaldos), tambi\u00e9n es expulsado por el rey franco. Le acompa\u00f1an, adem\u00e1s de sus vasallos, su mujer y su hijo Girm Aldos, llegando a Castilla para ofrecer sus servicios, y m\u00e1s tarde a Portugal.<\/p>\n\n\n\n<p class=\"wp-block-paragraph\">A su regreso pasa por Pe\u00f1aparda y acampa junto a una fuente (m\u00e1s tarde llamada Fuenteguinaldo, por Girm Aldos). En su viaje se interna en la Sierra de Francia, pero el conde de Miranda les proh\u00edbe acampar, teniendo que hacerlo en la cima de una monta\u00f1a, y en ella su mujer dar\u00eda a luz a una ni\u00f1a, en conmemoraci\u00f3n edific\u00f3 una ermita dedicada a Nuestra Se\u00f1ora de Francia.<\/p>\n\n\n\n<figure class=\"wp-block-gallery has-nested-images columns-default is-cropped imagen-personalizada wp-block-gallery-1 is-layout-flex wp-block-gallery-is-layout-flex\">\n<figure class=\"wp-block-image size-full\"><a href=\"https:\/\/turismosierradefrancia.es\/wp-content\/uploads\/2023\/11\/FOTO-PIEDRA-MUSEO-2-copia.webp\"><img fetchpriority=\"high\" decoding=\"async\" width=\"1200\" height=\"803\" data-id=\"10099\" src=\"https:\/\/turismosierradefrancia.es\/wp-content\/uploads\/2023\/11\/FOTO-PIEDRA-MUSEO-2-copia.webp\" alt=\"Conde Grimaldos\" class=\"wp-image-10099\" srcset=\"https:\/\/turismosierradefrancia.es\/wp-content\/uploads\/2023\/11\/FOTO-PIEDRA-MUSEO-2-copia.webp 1200w, https:\/\/turismosierradefrancia.es\/wp-content\/uploads\/2023\/11\/FOTO-PIEDRA-MUSEO-2-copia-300x201.webp 300w, https:\/\/turismosierradefrancia.es\/wp-content\/uploads\/2023\/11\/FOTO-PIEDRA-MUSEO-2-copia-1024x685.webp 1024w, https:\/\/turismosierradefrancia.es\/wp-content\/uploads\/2023\/11\/FOTO-PIEDRA-MUSEO-2-copia-768x514.webp 768w, https:\/\/turismosierradefrancia.es\/wp-content\/uploads\/2023\/11\/FOTO-PIEDRA-MUSEO-2-copia-112x75.webp 112w, https:\/\/turismosierradefrancia.es\/wp-content\/uploads\/2023\/11\/FOTO-PIEDRA-MUSEO-2-copia-480x321.webp 480w\" sizes=\"(max-width:767px) 480px, (max-width:1200px) 100vw, 1200px\" \/><\/a><\/figure>\n\n\n\n<figure class=\"wp-block-image size-full\"><a href=\"https:\/\/turismosierradefrancia.es\/wp-content\/uploads\/2023\/11\/FOTO-PIEDRA-MUSEO-3-copia.webp\"><img decoding=\"async\" width=\"1200\" height=\"900\" data-id=\"10100\" src=\"https:\/\/turismosierradefrancia.es\/wp-content\/uploads\/2023\/11\/FOTO-PIEDRA-MUSEO-3-copia.webp\" alt=\"leyenda de Conde Grimaldos\" class=\"wp-image-10100\" srcset=\"https:\/\/turismosierradefrancia.es\/wp-content\/uploads\/2023\/11\/FOTO-PIEDRA-MUSEO-3-copia.webp 1200w, https:\/\/turismosierradefrancia.es\/wp-content\/uploads\/2023\/11\/FOTO-PIEDRA-MUSEO-3-copia-300x225.webp 300w, https:\/\/turismosierradefrancia.es\/wp-content\/uploads\/2023\/11\/FOTO-PIEDRA-MUSEO-3-copia-1024x768.webp 1024w, https:\/\/turismosierradefrancia.es\/wp-content\/uploads\/2023\/11\/FOTO-PIEDRA-MUSEO-3-copia-768x576.webp 768w, https:\/\/turismosierradefrancia.es\/wp-content\/uploads\/2023\/11\/FOTO-PIEDRA-MUSEO-3-copia-100x75.webp 100w, https:\/\/turismosierradefrancia.es\/wp-content\/uploads\/2023\/11\/FOTO-PIEDRA-MUSEO-3-copia-960x720.webp 960w, https:\/\/turismosierradefrancia.es\/wp-content\/uploads\/2023\/11\/FOTO-PIEDRA-MUSEO-3-copia-480x360.webp 480w\" sizes=\"(max-width:767px) 480px, (max-width:1200px) 100vw, 1200px\" \/><\/a><\/figure>\n\n\n\n<figure class=\"wp-block-image size-full\"><a href=\"https:\/\/turismosierradefrancia.es\/wp-content\/uploads\/2023\/11\/FOTO-PIEDRA-MUSEO1-copia.webp\"><img decoding=\"async\" width=\"1200\" height=\"803\" data-id=\"10101\" src=\"https:\/\/turismosierradefrancia.es\/wp-content\/uploads\/2023\/11\/FOTO-PIEDRA-MUSEO1-copia.webp\" alt=\"leyenda de Conde Grimaldos 3\" class=\"wp-image-10101\" srcset=\"https:\/\/turismosierradefrancia.es\/wp-content\/uploads\/2023\/11\/FOTO-PIEDRA-MUSEO1-copia.webp 1200w, https:\/\/turismosierradefrancia.es\/wp-content\/uploads\/2023\/11\/FOTO-PIEDRA-MUSEO1-copia-300x201.webp 300w, https:\/\/turismosierradefrancia.es\/wp-content\/uploads\/2023\/11\/FOTO-PIEDRA-MUSEO1-copia-1024x685.webp 1024w, https:\/\/turismosierradefrancia.es\/wp-content\/uploads\/2023\/11\/FOTO-PIEDRA-MUSEO1-copia-768x514.webp 768w, https:\/\/turismosierradefrancia.es\/wp-content\/uploads\/2023\/11\/FOTO-PIEDRA-MUSEO1-copia-112x75.webp 112w, https:\/\/turismosierradefrancia.es\/wp-content\/uploads\/2023\/11\/FOTO-PIEDRA-MUSEO1-copia-480x321.webp 480w\" sizes=\"(max-width:767px) 480px, (max-width:1200px) 100vw, 1200px\" \/><\/a><\/figure>\n<\/figure>\n<\/div><\/div>\n\n\n\n<div style=\"height:30px\" aria-hidden=\"true\" class=\"wp-block-spacer\"><\/div>\n\n\n\n<div class=\"wp-block-group tic-page-footer\"><div class=\"wp-block-group__inner-container is-layout-constrained wp-block-group-is-layout-constrained\">\n<p class=\"tic-secicon has-medium-font-size wp-block-paragraph\"><strong>Relacionado<\/strong><\/p>\n\n\n\n\t\t\t<div class=\"foogallery foogallery-container foogallery-carousel foogallery-lightbox-none fg-carousel-hide-nav-arrows fg-carousel-hide-pagination fg-carousel-hide-progress-bar fg-carousel fg-ready fg-custom fg-shadow-outline fg-loading-default fg-loaded-fade-in fg-caption-always fg-hover-fade fg-c-c\" id=\"foogallery-gallery-3652\" data-foogallery=\"{&quot;item&quot;:{&quot;showCaptionTitle&quot;:true,&quot;showCaptionDescription&quot;:true},&quot;lazy&quot;:true,&quot;src&quot;:&quot;src&quot;,&quot;srcset&quot;:&quot;srcset&quot;,&quot;template&quot;:{&quot;maxItems&quot;:7,&quot;scale&quot;:0,&quot;gutter&quot;:{&quot;min&quot;:5,&quot;max&quot;:10,&quot;unit&quot;:&quot;px&quot;},&quot;autoplay&quot;:{&quot;time&quot;:5,&quot;interaction&quot;:&quot;disable&quot;},&quot;centerOnClick&quot;:false,&quot;align&quot;:&quot;center&quot;,&quot;activePosition&quot;:&quot;center&quot;}}\" style=\"--fg-title-line-clamp: 0; --fg-description-line-clamp: 0;\" >\n\t<button type=\"button\" class=\"fg-carousel-prev\" title=\"Anterior\"><\/button>\n\t<div class=\"fg-carousel-inner\">\n\t\t<div class=\"fg-carousel-center\"><\/div>\n\t\t<div class=\"fg-item fg-type-iframe fg-loading\"><figure class=\"fg-item-inner\"><a href=\"https:\/\/turismosierradefrancia.es\/nuestros-pueblos\/\" data-caption-title=\"Nuestros Pueblos\" data-attachment-id=\"16463\" data-e-disable-page-transition=\"true\" data-type=\"iframe\" class=\"fg-thumb\"><span class=\"fg-image-wrap\"><img loading=\"lazy\" src=\"https:\/\/turismosierradefrancia.es\/wp-content\/uploads\/cache\/2024\/06\/nuestros-pueblos-recomendado\/3504428687.webp\" title=\"Nuestros Pueblos\" width=\"293\" height=\"400\" class=\"skip-lazy fg-image\" decoding=\"async\" loading=\"lazy\"><\/span><span class=\"fg-image-overlay\"><\/span><\/a><figcaption class=\"fg-caption\"><div class=\"fg-caption-inner\"><div class=\"fg-caption-title\">Nuestros Pueblos<\/div><\/div><\/figcaption><\/figure><div class=\"fg-loader\"><\/div><\/div><div class=\"fg-item fg-type-iframe fg-loading\"><figure class=\"fg-item-inner\"><a href=\"https:\/\/turismosierradefrancia.es\/turismo-activo\/estacion-de-deportes-de-montana\/senderismo\/\" data-caption-title=\"Senderismo\" data-attachment-id=\"16465\" data-e-disable-page-transition=\"true\" data-type=\"iframe\" class=\"fg-thumb\"><span class=\"fg-image-wrap\"><img loading=\"lazy\" src=\"https:\/\/turismosierradefrancia.es\/wp-content\/uploads\/cache\/2024\/06\/senderismo-recomendador\/2738489355.webp\" title=\"Senderismo\" width=\"293\" height=\"400\" class=\"skip-lazy fg-image\" decoding=\"async\" loading=\"lazy\"><\/span><span class=\"fg-image-overlay\"><\/span><\/a><figcaption class=\"fg-caption\"><div class=\"fg-caption-inner\"><div class=\"fg-caption-title\">Senderismo<\/div><\/div><\/figcaption><\/figure><div class=\"fg-loader\"><\/div><\/div><div class=\"fg-item fg-type-iframe fg-loading\"><figure class=\"fg-item-inner\"><a href=\"https:\/\/turismosierradefrancia.es\/turismo-activo\/turismo-rutas-accesibles\/\" data-caption-title=\"Rutas Accesibles\" data-attachment-id=\"16464\" data-e-disable-page-transition=\"true\" data-type=\"iframe\" class=\"fg-thumb\"><span class=\"fg-image-wrap\"><img loading=\"lazy\" src=\"https:\/\/turismosierradefrancia.es\/wp-content\/uploads\/cache\/2024\/06\/rutas-accesibles-recomendador\/2972824326.webp\" title=\"Rutas Accesibles\" width=\"293\" height=\"400\" class=\"skip-lazy fg-image\" decoding=\"async\" loading=\"lazy\"><\/span><span class=\"fg-image-overlay\"><\/span><\/a><figcaption class=\"fg-caption\"><div class=\"fg-caption-inner\"><div class=\"fg-caption-title\">Rutas Accesibles<\/div><\/div><\/figcaption><\/figure><div class=\"fg-loader\"><\/div><\/div><div class=\"fg-item fg-type-iframe fg-loading\"><figure class=\"fg-item-inner\"><a href=\"https:\/\/turismosierradefrancia.es\/donde-dormir\/\" data-caption-title=\"\u00bfD\u00f3nde Comer?\" data-attachment-id=\"16462\" data-e-disable-page-transition=\"true\" data-type=\"iframe\" class=\"fg-thumb\"><span class=\"fg-image-wrap\"><img loading=\"lazy\" src=\"https:\/\/turismosierradefrancia.es\/wp-content\/uploads\/cache\/2024\/06\/donde_comer-recomendado\/1038040024.webp\" title=\"\u00bfD\u00f3nde Comer?\" width=\"293\" height=\"400\" class=\"skip-lazy fg-image\" decoding=\"async\" loading=\"lazy\"><\/span><span class=\"fg-image-overlay\"><\/span><\/a><figcaption class=\"fg-caption\"><div class=\"fg-caption-inner\"><div class=\"fg-caption-title\">\u00bfD\u00f3nde Comer?<\/div><\/div><\/figcaption><\/figure><div class=\"fg-loader\"><\/div><\/div><div class=\"fg-item fg-type-iframe fg-loading\"><figure class=\"fg-item-inner\"><a href=\"https:\/\/turismosierradefrancia.es\/donde-dormir\/\" data-caption-title=\"\u00bfD\u00f3nde Dormir?\" data-attachment-id=\"16461\" data-e-disable-page-transition=\"true\" data-type=\"iframe\" class=\"fg-thumb\"><span class=\"fg-image-wrap\"><img loading=\"lazy\" src=\"https:\/\/turismosierradefrancia.es\/wp-content\/uploads\/cache\/2024\/06\/donde-dormir-recomendado\/1391775750.webp\" title=\"\u00bfD\u00f3nde Dormir?\" width=\"293\" height=\"400\" class=\"skip-lazy fg-image\" decoding=\"async\" loading=\"lazy\"><\/span><span class=\"fg-image-overlay\"><\/span><\/a><figcaption class=\"fg-caption\"><div class=\"fg-caption-inner\"><div class=\"fg-caption-title\">\u00bfD\u00f3nde Dormir?<\/div><\/div><\/figcaption><\/figure><div class=\"fg-loader\"><\/div><\/div><div class=\"fg-item fg-type-iframe fg-loading\"><figure class=\"fg-item-inner\"><a href=\"https:\/\/turismosierradefrancia.es\/turismo-activo\/caminos-de-arte-en-la-naturaleza\/\" data-caption-title=\"Caminos de Arte\" data-attachment-id=\"16459\" data-e-disable-page-transition=\"true\" data-type=\"iframe\" class=\"fg-thumb\"><span class=\"fg-image-wrap\"><img loading=\"lazy\" src=\"https:\/\/turismosierradefrancia.es\/wp-content\/uploads\/cache\/2024\/06\/caminos-del-arte-recomendador\/4270799215.webp\" title=\"Caminos de Arte\" width=\"293\" height=\"400\" class=\"skip-lazy fg-image\" decoding=\"async\" loading=\"lazy\"><\/span><span class=\"fg-image-overlay\"><\/span><\/a><figcaption class=\"fg-caption\"><div class=\"fg-caption-inner\"><div class=\"fg-caption-title\">Caminos de Arte<\/div><\/div><\/figcaption><\/figure><div class=\"fg-loader\"><\/div><\/div><div class=\"fg-item fg-type-iframe fg-loading\"><figure class=\"fg-item-inner\"><a href=\"https:\/\/turismosierradefrancia.es\/cultura\/centros-interpretacion-museos\/\" data-caption-title=\"Centros de Interpretaci\u00f3n\" data-attachment-id=\"16460\" data-e-disable-page-transition=\"true\" data-type=\"iframe\" class=\"fg-thumb\"><span class=\"fg-image-wrap\"><img loading=\"lazy\" src=\"https:\/\/turismosierradefrancia.es\/wp-content\/uploads\/cache\/2024\/06\/centro-interpretacion-museo\/2796342601.webp\" title=\"Centros de Interpretaci\u00f3n\" width=\"293\" height=\"400\" class=\"skip-lazy fg-image\" decoding=\"async\" loading=\"lazy\"><\/span><span class=\"fg-image-overlay\"><\/span><\/a><figcaption class=\"fg-caption\"><div class=\"fg-caption-inner\"><div class=\"fg-caption-title\">Centros de Interpretaci\u00f3n<\/div><\/div><\/figcaption><\/figure><div class=\"fg-loader\"><\/div><\/div>\t<\/div>\n\t<div class=\"fg-carousel-bottom\"><\/div>\n\t<div class=\"fg-carousel-progress\"><\/div>\n\t<button type=\"button\" class=\"fg-carousel-next\" title=\"Siguiente\"><\/button>\n<\/div>\n\n\n\n<div style=\"height:50px\" aria-hidden=\"true\" class=\"wp-block-spacer\"><\/div>\n<\/div><\/div>\n<style class=\"advgb-styles-renderer\">\n#foogallery-gallery-3652 .fg-image { width: 293px; }#foogallery-gallery-3652 { \r\n width:100%;\r\n}\r\n\r\n#foogallery-gallery-3652 div.fg-caption-title { \r\nfont-weight:700;\r\n}\r\n\r\n<\/style>","protected":false},"excerpt":{"rendered":"<p>Esta leyenda se enmarca dentro del imperio Carolingio, denominado as\u00ed el reino Franco tras la coronaci\u00f3n imperial de Carlomagno, aunque&hellip; <a class=\"continue\" href=\"https:\/\/turismosierradefrancia.es\/?page_id=5731\">Seguir leyendo<span> Conde Grimaldos<\/span><\/a><\/p>\n","protected":false},"author":1,"featured_media":0,"parent":5703,"menu_order":0,"comment_status":"closed","ping_status":"closed","template":"","meta":{"advgb_blocks_editor_width":"","advgb_blocks_columns_visual_guide":"","footnotes":""},"class_list":["post-5731","page","type-page","status-publish","hentry"],"yoast_head":"<!-- This site is optimized with the Yoast SEO plugin v28.2 - https:\/\/yoast.com\/product\/yoast-seo-wordpress\/ -->\n<title>Conde Grimaldos - Sierra de Francia<\/title>\n<meta name=\"description\" content=\"Parece que el Conde Grimaldos, noble franco, que inicialmente fue recompensado por Carlomagno, posteriormente es despojado de sus bienes y desterrado por el propio Carlomagno por celos de su t\u00edo Carlos Martel debido a la mayordom\u00eda de palacio.\" \/>\n<meta name=\"robots\" content=\"index, follow, max-snippet:-1, max-image-preview:large, max-video-preview:-1\" \/>\n<link rel=\"canonical\" href=\"https:\/\/turismosierradefrancia.es\/?page_id=5731\" \/>\n<meta property=\"og:locale\" content=\"es_ES\" \/>\n<meta property=\"og:type\" content=\"article\" \/>\n<meta property=\"og:title\" content=\"Conde Grimaldos - Sierra de Francia\" \/>\n<meta property=\"og:description\" content=\"Parece que el Conde Grimaldos, noble franco, que inicialmente fue recompensado por Carlomagno, posteriormente es despojado de sus bienes y desterrado por el propio Carlomagno por celos de su t\u00edo Carlos Martel debido a la mayordom\u00eda de palacio.\" \/>\n<meta property=\"og:url\" content=\"https:\/\/turismosierradefrancia.es\/?page_id=5731\" \/>\n<meta property=\"og:site_name\" content=\"Sierra de Francia\" \/>\n<meta property=\"article:publisher\" content=\"https:\/\/www.facebook.com\/visitasierradefrancia\/\" \/>\n<meta property=\"article:modified_time\" content=\"2024-06-17T17:47:29+00:00\" \/>\n<meta property=\"og:image\" content=\"https:\/\/turismosierradefrancia.es\/wp-content\/uploads\/2023\/11\/FOTO-PIEDRA-MUSEO-2-copia.webp\" \/>\n<meta name=\"twitter:card\" content=\"summary_large_image\" \/>\n<meta name=\"twitter:site\" content=\"@visitaSF\" \/>\n<meta name=\"twitter:label1\" content=\"Tiempo de lectura\" \/>\n\t<meta name=\"twitter:data1\" content=\"3 minutos\" \/>\n<script type=\"application\/ld+json\" class=\"yoast-schema-graph\">{\"@context\":\"https:\\\/\\\/schema.org\",\"@graph\":[{\"@type\":\"WebPage\",\"@id\":\"https:\\\/\\\/turismosierradefrancia.es\\\/?page_id=5731\",\"url\":\"https:\\\/\\\/turismosierradefrancia.es\\\/?page_id=5731\",\"name\":\"Conde Grimaldos - Sierra de Francia\",\"isPartOf\":{\"@id\":\"https:\\\/\\\/turismosierradefrancia.es\\\/#website\"},\"primaryImageOfPage\":{\"@id\":\"https:\\\/\\\/turismosierradefrancia.es\\\/?page_id=5731#primaryimage\"},\"image\":{\"@id\":\"https:\\\/\\\/turismosierradefrancia.es\\\/?page_id=5731#primaryimage\"},\"thumbnailUrl\":\"https:\\\/\\\/turismosierradefrancia.es\\\/wp-content\\\/uploads\\\/2023\\\/11\\\/FOTO-PIEDRA-MUSEO-2-copia.webp\",\"datePublished\":\"2023-09-06T13:50:50+00:00\",\"dateModified\":\"2024-06-17T17:47:29+00:00\",\"description\":\"Parece que el Conde Grimaldos, noble franco, que inicialmente fue recompensado por Carlomagno, posteriormente es despojado de sus bienes y desterrado por el propio Carlomagno por celos de su t\u00edo Carlos Martel debido a la mayordom\u00eda de palacio.\",\"breadcrumb\":{\"@id\":\"https:\\\/\\\/turismosierradefrancia.es\\\/?page_id=5731#breadcrumb\"},\"inLanguage\":\"es\",\"potentialAction\":[{\"@type\":\"ReadAction\",\"target\":[\"https:\\\/\\\/turismosierradefrancia.es\\\/?page_id=5731\"]}]},{\"@type\":\"ImageObject\",\"inLanguage\":\"es\",\"@id\":\"https:\\\/\\\/turismosierradefrancia.es\\\/?page_id=5731#primaryimage\",\"url\":\"https:\\\/\\\/turismosierradefrancia.es\\\/wp-content\\\/uploads\\\/2023\\\/11\\\/FOTO-PIEDRA-MUSEO-2-copia.webp\",\"contentUrl\":\"https:\\\/\\\/turismosierradefrancia.es\\\/wp-content\\\/uploads\\\/2023\\\/11\\\/FOTO-PIEDRA-MUSEO-2-copia.webp\",\"width\":1200,\"height\":803,\"caption\":\"Conde Grimaldos\"},{\"@type\":\"BreadcrumbList\",\"@id\":\"https:\\\/\\\/turismosierradefrancia.es\\\/?page_id=5731#breadcrumb\",\"itemListElement\":[{\"@type\":\"ListItem\",\"position\":1,\"name\":\"Inicio\",\"item\":\"https:\\\/\\\/turismosierradefrancia.es\\\/\"},{\"@type\":\"ListItem\",\"position\":2,\"name\":\"Cultura\",\"item\":\"https:\\\/\\\/turismosierradefrancia.es\\\/?page_id=3508\"},{\"@type\":\"ListItem\",\"position\":3,\"name\":\"Historia y Tradici\u00f3n\",\"item\":\"https:\\\/\\\/turismosierradefrancia.es\\\/?page_id=1089\"},{\"@type\":\"ListItem\",\"position\":4,\"name\":\"Leyendas de la Sierra de Francia\",\"item\":\"https:\\\/\\\/turismosierradefrancia.es\\\/?page_id=5703\"},{\"@type\":\"ListItem\",\"position\":5,\"name\":\"Conde Grimaldos\"}]},{\"@type\":\"WebSite\",\"@id\":\"https:\\\/\\\/turismosierradefrancia.es\\\/#website\",\"url\":\"https:\\\/\\\/turismosierradefrancia.es\\\/\",\"name\":\"Sierra de Francia\",\"description\":\"\",\"publisher\":{\"@id\":\"https:\\\/\\\/turismosierradefrancia.es\\\/#organization\"},\"alternateName\":\"Turismo Sierra de Francia\",\"potentialAction\":[{\"@type\":\"SearchAction\",\"target\":{\"@type\":\"EntryPoint\",\"urlTemplate\":\"https:\\\/\\\/turismosierradefrancia.es\\\/?s={search_term_string}\"},\"query-input\":{\"@type\":\"PropertyValueSpecification\",\"valueRequired\":true,\"valueName\":\"search_term_string\"}}],\"inLanguage\":\"es\"},{\"@type\":\"Organization\",\"@id\":\"https:\\\/\\\/turismosierradefrancia.es\\\/#organization\",\"name\":\"Sierra de Francia\",\"alternateName\":\"Turismo Sierra de Francia\",\"url\":\"https:\\\/\\\/turismosierradefrancia.es\\\/\",\"logo\":{\"@type\":\"ImageObject\",\"inLanguage\":\"es\",\"@id\":\"https:\\\/\\\/turismosierradefrancia.es\\\/#\\\/schema\\\/logo\\\/image\\\/\",\"url\":\"https:\\\/\\\/turismosierradefrancia.es\\\/wp-content\\\/uploads\\\/2024\\\/04\\\/cropped-logo_redondo-removebg-preview.png\",\"contentUrl\":\"https:\\\/\\\/turismosierradefrancia.es\\\/wp-content\\\/uploads\\\/2024\\\/04\\\/cropped-logo_redondo-removebg-preview.png\",\"width\":512,\"height\":512,\"caption\":\"Sierra de Francia\"},\"image\":{\"@id\":\"https:\\\/\\\/turismosierradefrancia.es\\\/#\\\/schema\\\/logo\\\/image\\\/\"},\"sameAs\":[\"https:\\\/\\\/www.facebook.com\\\/visitasierradefrancia\\\/\",\"https:\\\/\\\/x.com\\\/visitaSF\",\"https:\\\/\\\/www.instagram.com\\\/visitasierradefrancia\\\/\",\"https:\\\/\\\/www.youtube.com\\\/@visitasierradefrancia\"]}]}<\/script>\n<!-- \/ Yoast SEO plugin. -->","yoast_head_json":{"title":"Conde Grimaldos - Sierra de Francia","description":"Parece que el Conde Grimaldos, noble franco, que inicialmente fue recompensado por Carlomagno, posteriormente es despojado de sus bienes y desterrado por el propio Carlomagno por celos de su t\u00edo Carlos Martel debido a la mayordom\u00eda de palacio.","robots":{"index":"index","follow":"follow","max-snippet":"max-snippet:-1","max-image-preview":"max-image-preview:large","max-video-preview":"max-video-preview:-1"},"canonical":"https:\/\/turismosierradefrancia.es\/?page_id=5731","og_locale":"es_ES","og_type":"article","og_title":"Conde Grimaldos - Sierra de Francia","og_description":"Parece que el Conde Grimaldos, noble franco, que inicialmente fue recompensado por Carlomagno, posteriormente es despojado de sus bienes y desterrado por el propio Carlomagno por celos de su t\u00edo Carlos Martel debido a la mayordom\u00eda de palacio.","og_url":"https:\/\/turismosierradefrancia.es\/?page_id=5731","og_site_name":"Sierra de Francia","article_publisher":"https:\/\/www.facebook.com\/visitasierradefrancia\/","article_modified_time":"2024-06-17T17:47:29+00:00","og_image":[{"url":"https:\/\/turismosierradefrancia.es\/wp-content\/uploads\/2023\/11\/FOTO-PIEDRA-MUSEO-2-copia.webp","type":"","width":"","height":""}],"twitter_card":"summary_large_image","twitter_site":"@visitaSF","twitter_misc":{"Tiempo de lectura":"3 minutos"},"schema":{"@context":"https:\/\/schema.org","@graph":[{"@type":"WebPage","@id":"https:\/\/turismosierradefrancia.es\/?page_id=5731","url":"https:\/\/turismosierradefrancia.es\/?page_id=5731","name":"Conde Grimaldos - Sierra de Francia","isPartOf":{"@id":"https:\/\/turismosierradefrancia.es\/#website"},"primaryImageOfPage":{"@id":"https:\/\/turismosierradefrancia.es\/?page_id=5731#primaryimage"},"image":{"@id":"https:\/\/turismosierradefrancia.es\/?page_id=5731#primaryimage"},"thumbnailUrl":"https:\/\/turismosierradefrancia.es\/wp-content\/uploads\/2023\/11\/FOTO-PIEDRA-MUSEO-2-copia.webp","datePublished":"2023-09-06T13:50:50+00:00","dateModified":"2024-06-17T17:47:29+00:00","description":"Parece que el Conde Grimaldos, noble franco, que inicialmente fue recompensado por Carlomagno, posteriormente es despojado de sus bienes y desterrado por el propio Carlomagno por celos de su t\u00edo Carlos Martel debido a la mayordom\u00eda de palacio.","breadcrumb":{"@id":"https:\/\/turismosierradefrancia.es\/?page_id=5731#breadcrumb"},"inLanguage":"es","potentialAction":[{"@type":"ReadAction","target":["https:\/\/turismosierradefrancia.es\/?page_id=5731"]}]},{"@type":"ImageObject","inLanguage":"es","@id":"https:\/\/turismosierradefrancia.es\/?page_id=5731#primaryimage","url":"https:\/\/turismosierradefrancia.es\/wp-content\/uploads\/2023\/11\/FOTO-PIEDRA-MUSEO-2-copia.webp","contentUrl":"https:\/\/turismosierradefrancia.es\/wp-content\/uploads\/2023\/11\/FOTO-PIEDRA-MUSEO-2-copia.webp","width":1200,"height":803,"caption":"Conde Grimaldos"},{"@type":"BreadcrumbList","@id":"https:\/\/turismosierradefrancia.es\/?page_id=5731#breadcrumb","itemListElement":[{"@type":"ListItem","position":1,"name":"Inicio","item":"https:\/\/turismosierradefrancia.es\/"},{"@type":"ListItem","position":2,"name":"Cultura","item":"https:\/\/turismosierradefrancia.es\/?page_id=3508"},{"@type":"ListItem","position":3,"name":"Historia y Tradici\u00f3n","item":"https:\/\/turismosierradefrancia.es\/?page_id=1089"},{"@type":"ListItem","position":4,"name":"Leyendas de la Sierra de Francia","item":"https:\/\/turismosierradefrancia.es\/?page_id=5703"},{"@type":"ListItem","position":5,"name":"Conde Grimaldos"}]},{"@type":"WebSite","@id":"https:\/\/turismosierradefrancia.es\/#website","url":"https:\/\/turismosierradefrancia.es\/","name":"Sierra de Francia","description":"","publisher":{"@id":"https:\/\/turismosierradefrancia.es\/#organization"},"alternateName":"Turismo Sierra de Francia","potentialAction":[{"@type":"SearchAction","target":{"@type":"EntryPoint","urlTemplate":"https:\/\/turismosierradefrancia.es\/?s={search_term_string}"},"query-input":{"@type":"PropertyValueSpecification","valueRequired":true,"valueName":"search_term_string"}}],"inLanguage":"es"},{"@type":"Organization","@id":"https:\/\/turismosierradefrancia.es\/#organization","name":"Sierra de Francia","alternateName":"Turismo Sierra de Francia","url":"https:\/\/turismosierradefrancia.es\/","logo":{"@type":"ImageObject","inLanguage":"es","@id":"https:\/\/turismosierradefrancia.es\/#\/schema\/logo\/image\/","url":"https:\/\/turismosierradefrancia.es\/wp-content\/uploads\/2024\/04\/cropped-logo_redondo-removebg-preview.png","contentUrl":"https:\/\/turismosierradefrancia.es\/wp-content\/uploads\/2024\/04\/cropped-logo_redondo-removebg-preview.png","width":512,"height":512,"caption":"Sierra de Francia"},"image":{"@id":"https:\/\/turismosierradefrancia.es\/#\/schema\/logo\/image\/"},"sameAs":["https:\/\/www.facebook.com\/visitasierradefrancia\/","https:\/\/x.com\/visitaSF","https:\/\/www.instagram.com\/visitasierradefrancia\/","https:\/\/www.youtube.com\/@visitasierradefrancia"]}]}},"coauthors":[],"author_meta":{"author_link":"https:\/\/turismosierradefrancia.es\/?author=1","display_name":"admin"},"relative_dates":{"created":"Publicado 3 a\u00f1os hace","modified":"Actualizado 2 a\u00f1os hace"},"absolute_dates":{"created":"Publicado el 06\/09\/2023","modified":"Actualizado el 17\/06\/2024"},"absolute_dates_time":{"created":"Publicado el 06\/09\/2023 13:50","modified":"Actualizado el 17\/06\/2024 17:47"},"featured_img_caption":"","featured_img":false,"series_order":"","_links":{"self":[{"href":"https:\/\/turismosierradefrancia.es\/index.php?rest_route=\/wp\/v2\/pages\/5731","targetHints":{"allow":["GET"]}}],"collection":[{"href":"https:\/\/turismosierradefrancia.es\/index.php?rest_route=\/wp\/v2\/pages"}],"about":[{"href":"https:\/\/turismosierradefrancia.es\/index.php?rest_route=\/wp\/v2\/types\/page"}],"author":[{"embeddable":true,"href":"https:\/\/turismosierradefrancia.es\/index.php?rest_route=\/wp\/v2\/users\/1"}],"replies":[{"embeddable":true,"href":"https:\/\/turismosierradefrancia.es\/index.php?rest_route=%2Fwp%2Fv2%2Fcomments&post=5731"}],"version-history":[{"count":9,"href":"https:\/\/turismosierradefrancia.es\/index.php?rest_route=\/wp\/v2\/pages\/5731\/revisions"}],"predecessor-version":[{"id":16437,"href":"https:\/\/turismosierradefrancia.es\/index.php?rest_route=\/wp\/v2\/pages\/5731\/revisions\/16437"}],"up":[{"embeddable":true,"href":"https:\/\/turismosierradefrancia.es\/index.php?rest_route=\/wp\/v2\/pages\/5703"}],"wp:attachment":[{"href":"https:\/\/turismosierradefrancia.es\/index.php?rest_route=%2Fwp%2Fv2%2Fmedia&parent=5731"}],"curies":[{"name":"wp","href":"https:\/\/api.w.org\/{rel}","templated":true}]}}