{"id":5744,"date":"2023-09-06T14:14:17","date_gmt":"2023-09-06T14:14:17","guid":{"rendered":"https:\/\/turismosierradefrancia.es\/?page_id=5744"},"modified":"2024-10-24T20:47:11","modified_gmt":"2024-10-24T20:47:11","slug":"el-charco-de-la-mora-de-mogarraz","status":"publish","type":"page","link":"https:\/\/turismosierradefrancia.es\/?page_id=5744","title":{"rendered":"El Charco de la Mora de Mogarraz"},"content":{"rendered":"\n<a class=\"tic-subheader-image\" style=\"display:none\" href=\"https:\/\/turismosierradefrancia.es\/wp-content\/uploads\/2023\/11\/cabecera-leyendas-3.webp\"><\/a>\n\n\n\n<div style=\"height:30px\" aria-hidden=\"true\" class=\"wp-block-spacer\"><\/div>\n\n\n\n<div class=\"wp-block-group tic-page-content\"><div class=\"wp-block-group__inner-container is-layout-constrained wp-block-group-is-layout-constrained\">\n<p class=\"has-drop-cap has-text-align-justify tic-contenido-principal wp-block-paragraph\">Esta es una leyenda que no se enmarca en ninguna fecha en concreto, simplemente es un cuento transmitido en la zona que se ha convertido en leyenda.<\/p>\n\n\n\n<p class=\"wp-block-paragraph\">El caso es que en <strong><em><a href=\"https:\/\/turismosierradefrancia.es\/nuestros-pueblos\/mogarraz\/\">Mogarraz<\/a><\/em><\/strong> exist\u00eda un veterinario reconocido en el territorio y en una ocasi\u00f3n, un 23 de junio, cercano a la noche de San Juan, un vecino de Monforte de la Sierra acudi\u00f3 en su ayuda para que curara a su mulo. El veterinario lo consigui\u00f3 y se qued\u00f3 en dicho pueblo para celebrarlo. De regreso a casa, encontr\u00e1ndose perjudicado por el alcohol consumido y siendo ya de noche de repente, se apareci\u00f3 una imagen brillante que deslumbraba con su luz en el r\u00edo Tejadas. La mujer se le acerc\u00f3 y se present\u00f3 como la mora Laila y le cont\u00f3 que estaba encantado por un mago que la salv\u00f3 de las garras de los gavilanes \u00e1rabes, dicho maleficio solo pod\u00eda romperse al casarse, haciendo rico y feliz a su marido. El veterinario, estando ya casado, la rechaz\u00f3 y la mora ofendida lo introdujo en el agua hasta su muerte. Desde entonces, en las noches de San Juan, la mora Leila sigue apareci\u00e9ndose en busca de un mozo que deshaga el hechizo.<\/p>\n\n\n\n<p class=\"tic-cita wp-block-paragraph\">\u00abEn cada sendero, una historia; en cada rinc\u00f3n, una aventura; en cada susurro, un misterio. Descubre el encanto de las Leyendas de las Sierras de Francia y Quilamas\u00bb<\/p>\n\n\n\n<figure class=\"wp-block-gallery has-nested-images columns-default is-cropped imagen-personalizada wp-block-gallery-1 is-layout-flex wp-block-gallery-is-layout-flex\">\n<figure class=\"wp-block-image size-full\"><a href=\"https:\/\/turismosierradefrancia.es\/wp-content\/uploads\/2023\/07\/turismo-sierra-de-francia-3-casas-tradicionales-MOGARRAZ.jpg\"><img fetchpriority=\"high\" decoding=\"async\" width=\"1200\" height=\"801\" data-id=\"4720\" src=\"https:\/\/turismosierradefrancia.es\/wp-content\/uploads\/2023\/07\/turismo-sierra-de-francia-3-casas-tradicionales-MOGARRAZ.jpg\" alt=\"El Charco de la Mora de Mogarraz\" class=\"wp-image-4720\" srcset=\"https:\/\/turismosierradefrancia.es\/wp-content\/uploads\/2023\/07\/turismo-sierra-de-francia-3-casas-tradicionales-MOGARRAZ.jpg 1200w, https:\/\/turismosierradefrancia.es\/wp-content\/uploads\/2023\/07\/turismo-sierra-de-francia-3-casas-tradicionales-MOGARRAZ-300x200.jpg 300w, https:\/\/turismosierradefrancia.es\/wp-content\/uploads\/2023\/07\/turismo-sierra-de-francia-3-casas-tradicionales-MOGARRAZ-1024x684.jpg 1024w, https:\/\/turismosierradefrancia.es\/wp-content\/uploads\/2023\/07\/turismo-sierra-de-francia-3-casas-tradicionales-MOGARRAZ-768x513.jpg 768w, https:\/\/turismosierradefrancia.es\/wp-content\/uploads\/2023\/07\/turismo-sierra-de-francia-3-casas-tradicionales-MOGARRAZ-112x75.jpg 112w, https:\/\/turismosierradefrancia.es\/wp-content\/uploads\/2023\/07\/turismo-sierra-de-francia-3-casas-tradicionales-MOGARRAZ-480x320.jpg 480w\" sizes=\"(max-width:767px) 480px, (max-width:1200px) 100vw, 1200px\" \/><\/a><\/figure>\n\n\n\n<figure class=\"wp-block-image size-full\"><a href=\"https:\/\/turismosierradefrancia.es\/wp-content\/uploads\/2023\/10\/2210_Mogarraz_152.jpg\"><img decoding=\"async\" width=\"1200\" height=\"800\" data-id=\"8516\" src=\"https:\/\/turismosierradefrancia.es\/wp-content\/uploads\/2023\/10\/2210_Mogarraz_152.jpg\" alt=\"El Charco de la Mora de Mogarraz 1\" class=\"wp-image-8516\" srcset=\"https:\/\/turismosierradefrancia.es\/wp-content\/uploads\/2023\/10\/2210_Mogarraz_152.jpg 1200w, https:\/\/turismosierradefrancia.es\/wp-content\/uploads\/2023\/10\/2210_Mogarraz_152-300x200.jpg 300w, https:\/\/turismosierradefrancia.es\/wp-content\/uploads\/2023\/10\/2210_Mogarraz_152-1024x683.jpg 1024w, https:\/\/turismosierradefrancia.es\/wp-content\/uploads\/2023\/10\/2210_Mogarraz_152-768x512.jpg 768w, https:\/\/turismosierradefrancia.es\/wp-content\/uploads\/2023\/10\/2210_Mogarraz_152-113x75.jpg 113w, https:\/\/turismosierradefrancia.es\/wp-content\/uploads\/2023\/10\/2210_Mogarraz_152-480x320.jpg 480w\" sizes=\"(max-width:767px) 480px, (max-width:1200px) 100vw, 1200px\" \/><\/a><\/figure>\n\n\n\n<figure class=\"wp-block-image size-full\"><a href=\"https:\/\/turismosierradefrancia.es\/wp-content\/uploads\/2023\/10\/MogarrazMonforte0092-e1698594159785.jpg\"><img decoding=\"async\" width=\"1200\" height=\"900\" data-id=\"8525\" src=\"https:\/\/turismosierradefrancia.es\/wp-content\/uploads\/2023\/10\/MogarrazMonforte0092-e1698594159785.jpg\" alt=\"El Charco de la Mora de Mogarraz 2\" class=\"wp-image-8525\" srcset=\"https:\/\/turismosierradefrancia.es\/wp-content\/uploads\/2023\/10\/MogarrazMonforte0092-e1698594159785.jpg 1200w, https:\/\/turismosierradefrancia.es\/wp-content\/uploads\/2023\/10\/MogarrazMonforte0092-e1698594159785-300x225.jpg 300w, https:\/\/turismosierradefrancia.es\/wp-content\/uploads\/2023\/10\/MogarrazMonforte0092-e1698594159785-1024x768.jpg 1024w, https:\/\/turismosierradefrancia.es\/wp-content\/uploads\/2023\/10\/MogarrazMonforte0092-e1698594159785-768x576.jpg 768w, https:\/\/turismosierradefrancia.es\/wp-content\/uploads\/2023\/10\/MogarrazMonforte0092-e1698594159785-100x75.jpg 100w, https:\/\/turismosierradefrancia.es\/wp-content\/uploads\/2023\/10\/MogarrazMonforte0092-e1698594159785-960x720.jpg 960w, https:\/\/turismosierradefrancia.es\/wp-content\/uploads\/2023\/10\/MogarrazMonforte0092-e1698594159785-480x360.jpg 480w\" sizes=\"(max-width:767px) 480px, (max-width:1200px) 100vw, 1200px\" \/><\/a><\/figure>\n<\/figure>\n<\/div><\/div>\n\n\n\n<div style=\"height:30px\" aria-hidden=\"true\" class=\"wp-block-spacer\"><\/div>\n\n\n\n<div class=\"wp-block-group tic-page-footer\"><div class=\"wp-block-group__inner-container is-layout-constrained wp-block-group-is-layout-constrained\">\n<p class=\"tic-secicon has-medium-font-size wp-block-paragraph\"><strong>Relacionado<\/strong><\/p>\n\n\n\n\t\t\t<div class=\"foogallery foogallery-container foogallery-carousel foogallery-lightbox-none fg-carousel-hide-nav-arrows fg-carousel-hide-pagination fg-carousel-hide-progress-bar fg-carousel fg-ready fg-custom fg-shadow-outline fg-loading-default fg-loaded-fade-in fg-caption-always fg-hover-fade fg-c-c\" id=\"foogallery-gallery-3652\" data-foogallery=\"{&quot;item&quot;:{&quot;showCaptionTitle&quot;:true,&quot;showCaptionDescription&quot;:true},&quot;lazy&quot;:true,&quot;src&quot;:&quot;src&quot;,&quot;srcset&quot;:&quot;srcset&quot;,&quot;template&quot;:{&quot;maxItems&quot;:7,&quot;scale&quot;:0,&quot;gutter&quot;:{&quot;min&quot;:5,&quot;max&quot;:10,&quot;unit&quot;:&quot;px&quot;},&quot;autoplay&quot;:{&quot;time&quot;:5,&quot;interaction&quot;:&quot;disable&quot;},&quot;centerOnClick&quot;:false,&quot;align&quot;:&quot;center&quot;,&quot;activePosition&quot;:&quot;center&quot;}}\" style=\"--fg-title-line-clamp: 0; --fg-description-line-clamp: 0;\" >\n\t<button type=\"button\" class=\"fg-carousel-prev\" title=\"Anterior\"><\/button>\n\t<div class=\"fg-carousel-inner\">\n\t\t<div class=\"fg-carousel-center\"><\/div>\n\t\t<div class=\"fg-item fg-type-iframe fg-loading\"><figure class=\"fg-item-inner\"><a href=\"https:\/\/turismosierradefrancia.es\/nuestros-pueblos\/\" data-caption-title=\"Nuestros Pueblos\" data-attachment-id=\"16463\" data-e-disable-page-transition=\"true\" data-type=\"iframe\" class=\"fg-thumb\"><span class=\"fg-image-wrap\"><img loading=\"lazy\" src=\"https:\/\/turismosierradefrancia.es\/wp-content\/uploads\/cache\/2024\/06\/nuestros-pueblos-recomendado\/3504428687.webp\" title=\"Nuestros Pueblos\" width=\"293\" height=\"400\" class=\"skip-lazy fg-image\" decoding=\"async\" loading=\"lazy\"><\/span><span class=\"fg-image-overlay\"><\/span><\/a><figcaption class=\"fg-caption\"><div class=\"fg-caption-inner\"><div class=\"fg-caption-title\">Nuestros Pueblos<\/div><\/div><\/figcaption><\/figure><div class=\"fg-loader\"><\/div><\/div><div class=\"fg-item fg-type-iframe fg-loading\"><figure class=\"fg-item-inner\"><a href=\"https:\/\/turismosierradefrancia.es\/turismo-activo\/estacion-de-deportes-de-montana\/senderismo\/\" data-caption-title=\"Senderismo\" data-attachment-id=\"16465\" data-e-disable-page-transition=\"true\" data-type=\"iframe\" class=\"fg-thumb\"><span class=\"fg-image-wrap\"><img loading=\"lazy\" src=\"https:\/\/turismosierradefrancia.es\/wp-content\/uploads\/cache\/2024\/06\/senderismo-recomendador\/2738489355.webp\" title=\"Senderismo\" width=\"293\" height=\"400\" class=\"skip-lazy fg-image\" decoding=\"async\" loading=\"lazy\"><\/span><span class=\"fg-image-overlay\"><\/span><\/a><figcaption class=\"fg-caption\"><div class=\"fg-caption-inner\"><div class=\"fg-caption-title\">Senderismo<\/div><\/div><\/figcaption><\/figure><div class=\"fg-loader\"><\/div><\/div><div class=\"fg-item fg-type-iframe fg-loading\"><figure class=\"fg-item-inner\"><a href=\"https:\/\/turismosierradefrancia.es\/turismo-activo\/turismo-rutas-accesibles\/\" data-caption-title=\"Rutas Accesibles\" data-attachment-id=\"16464\" data-e-disable-page-transition=\"true\" data-type=\"iframe\" class=\"fg-thumb\"><span class=\"fg-image-wrap\"><img loading=\"lazy\" src=\"https:\/\/turismosierradefrancia.es\/wp-content\/uploads\/cache\/2024\/06\/rutas-accesibles-recomendador\/2972824326.webp\" title=\"Rutas Accesibles\" width=\"293\" height=\"400\" class=\"skip-lazy fg-image\" decoding=\"async\" loading=\"lazy\"><\/span><span class=\"fg-image-overlay\"><\/span><\/a><figcaption class=\"fg-caption\"><div class=\"fg-caption-inner\"><div class=\"fg-caption-title\">Rutas Accesibles<\/div><\/div><\/figcaption><\/figure><div class=\"fg-loader\"><\/div><\/div><div class=\"fg-item fg-type-iframe fg-loading\"><figure class=\"fg-item-inner\"><a href=\"https:\/\/turismosierradefrancia.es\/donde-dormir\/\" data-caption-title=\"\u00bfD\u00f3nde Comer?\" data-attachment-id=\"16462\" data-e-disable-page-transition=\"true\" data-type=\"iframe\" class=\"fg-thumb\"><span class=\"fg-image-wrap\"><img loading=\"lazy\" src=\"https:\/\/turismosierradefrancia.es\/wp-content\/uploads\/cache\/2024\/06\/donde_comer-recomendado\/1038040024.webp\" title=\"\u00bfD\u00f3nde Comer?\" width=\"293\" height=\"400\" class=\"skip-lazy fg-image\" decoding=\"async\" loading=\"lazy\"><\/span><span class=\"fg-image-overlay\"><\/span><\/a><figcaption class=\"fg-caption\"><div class=\"fg-caption-inner\"><div class=\"fg-caption-title\">\u00bfD\u00f3nde Comer?<\/div><\/div><\/figcaption><\/figure><div class=\"fg-loader\"><\/div><\/div><div class=\"fg-item fg-type-iframe fg-loading\"><figure class=\"fg-item-inner\"><a href=\"https:\/\/turismosierradefrancia.es\/donde-dormir\/\" data-caption-title=\"\u00bfD\u00f3nde Dormir?\" data-attachment-id=\"16461\" data-e-disable-page-transition=\"true\" data-type=\"iframe\" class=\"fg-thumb\"><span class=\"fg-image-wrap\"><img loading=\"lazy\" src=\"https:\/\/turismosierradefrancia.es\/wp-content\/uploads\/cache\/2024\/06\/donde-dormir-recomendado\/1391775750.webp\" title=\"\u00bfD\u00f3nde Dormir?\" width=\"293\" height=\"400\" class=\"skip-lazy fg-image\" decoding=\"async\" loading=\"lazy\"><\/span><span class=\"fg-image-overlay\"><\/span><\/a><figcaption class=\"fg-caption\"><div class=\"fg-caption-inner\"><div class=\"fg-caption-title\">\u00bfD\u00f3nde Dormir?<\/div><\/div><\/figcaption><\/figure><div class=\"fg-loader\"><\/div><\/div><div class=\"fg-item fg-type-iframe fg-loading\"><figure class=\"fg-item-inner\"><a href=\"https:\/\/turismosierradefrancia.es\/turismo-activo\/caminos-de-arte-en-la-naturaleza\/\" data-caption-title=\"Caminos de Arte\" data-attachment-id=\"16459\" data-e-disable-page-transition=\"true\" data-type=\"iframe\" class=\"fg-thumb\"><span class=\"fg-image-wrap\"><img loading=\"lazy\" src=\"https:\/\/turismosierradefrancia.es\/wp-content\/uploads\/cache\/2024\/06\/caminos-del-arte-recomendador\/4270799215.webp\" title=\"Caminos de Arte\" width=\"293\" height=\"400\" class=\"skip-lazy fg-image\" decoding=\"async\" loading=\"lazy\"><\/span><span class=\"fg-image-overlay\"><\/span><\/a><figcaption class=\"fg-caption\"><div class=\"fg-caption-inner\"><div class=\"fg-caption-title\">Caminos de Arte<\/div><\/div><\/figcaption><\/figure><div class=\"fg-loader\"><\/div><\/div><div class=\"fg-item fg-type-iframe fg-loading\"><figure class=\"fg-item-inner\"><a href=\"https:\/\/turismosierradefrancia.es\/cultura\/centros-interpretacion-museos\/\" data-caption-title=\"Centros de Interpretaci\u00f3n\" data-attachment-id=\"16460\" data-e-disable-page-transition=\"true\" data-type=\"iframe\" class=\"fg-thumb\"><span class=\"fg-image-wrap\"><img loading=\"lazy\" src=\"https:\/\/turismosierradefrancia.es\/wp-content\/uploads\/cache\/2024\/06\/centro-interpretacion-museo\/2796342601.webp\" title=\"Centros de Interpretaci\u00f3n\" width=\"293\" height=\"400\" class=\"skip-lazy fg-image\" decoding=\"async\" loading=\"lazy\"><\/span><span class=\"fg-image-overlay\"><\/span><\/a><figcaption class=\"fg-caption\"><div class=\"fg-caption-inner\"><div class=\"fg-caption-title\">Centros de Interpretaci\u00f3n<\/div><\/div><\/figcaption><\/figure><div class=\"fg-loader\"><\/div><\/div>\t<\/div>\n\t<div class=\"fg-carousel-bottom\"><\/div>\n\t<div class=\"fg-carousel-progress\"><\/div>\n\t<button type=\"button\" class=\"fg-carousel-next\" title=\"Siguiente\"><\/button>\n<\/div>\n\n\n\n<div style=\"height:50px\" aria-hidden=\"true\" class=\"wp-block-spacer\"><\/div>\n<\/div><\/div>\n<style class=\"advgb-styles-renderer\">\n#foogallery-gallery-3652 .fg-image { width: 293px; }#foogallery-gallery-3652 { \r\n width:100%;\r\n}\r\n\r\n#foogallery-gallery-3652 div.fg-caption-title { \r\nfont-weight:700;\r\n}\r\n\r\n<\/style>","protected":false},"excerpt":{"rendered":"<p>Esta es una leyenda que no se enmarca en ninguna fecha en concreto, simplemente es un cuento transmitido en la&hellip; <a class=\"continue\" href=\"https:\/\/turismosierradefrancia.es\/?page_id=5744\">Seguir leyendo<span> El Charco de la Mora de Mogarraz<\/span><\/a><\/p>\n","protected":false},"author":1,"featured_media":0,"parent":5703,"menu_order":0,"comment_status":"closed","ping_status":"closed","template":"","meta":{"advgb_blocks_editor_width":"","advgb_blocks_columns_visual_guide":"","footnotes":""},"class_list":["post-5744","page","type-page","status-publish","hentry"],"yoast_head":"<!-- This site is optimized with the Yoast SEO plugin v28.2 - https:\/\/yoast.com\/product\/yoast-seo-wordpress\/ -->\n<title>El Charco de la Mora de Mogarraz - Sierra de Francia<\/title>\n<meta name=\"description\" content=\"Esta es una leyenda que no se enmarca en ninguna fecha en concreto, simplemente es un cuento transmitido en la zona que se ha convertido en leyenda.\" \/>\n<meta name=\"robots\" content=\"index, follow, max-snippet:-1, max-image-preview:large, max-video-preview:-1\" \/>\n<link rel=\"canonical\" href=\"https:\/\/turismosierradefrancia.es\/?page_id=5744\" \/>\n<meta property=\"og:locale\" content=\"es_ES\" \/>\n<meta property=\"og:type\" content=\"article\" \/>\n<meta property=\"og:title\" content=\"El Charco de la Mora de Mogarraz - Sierra de Francia\" \/>\n<meta property=\"og:description\" content=\"Esta es una leyenda que no se enmarca en ninguna fecha en concreto, simplemente es un cuento transmitido en la zona que se ha convertido en leyenda.\" \/>\n<meta property=\"og:url\" content=\"https:\/\/turismosierradefrancia.es\/?page_id=5744\" \/>\n<meta property=\"og:site_name\" content=\"Sierra de Francia\" \/>\n<meta property=\"article:publisher\" content=\"https:\/\/www.facebook.com\/visitasierradefrancia\/\" \/>\n<meta property=\"article:modified_time\" content=\"2024-10-24T20:47:11+00:00\" \/>\n<meta property=\"og:image\" content=\"https:\/\/turismosierradefrancia.es\/wp-content\/uploads\/2023\/07\/turismo-sierra-de-francia-3-casas-tradicionales-MOGARRAZ.jpg\" \/>\n<meta name=\"twitter:card\" content=\"summary_large_image\" \/>\n<meta name=\"twitter:site\" content=\"@visitaSF\" \/>\n<meta name=\"twitter:label1\" content=\"Tiempo de lectura\" \/>\n\t<meta name=\"twitter:data1\" content=\"2 minutos\" \/>\n<script type=\"application\/ld+json\" class=\"yoast-schema-graph\">{\"@context\":\"https:\\\/\\\/schema.org\",\"@graph\":[{\"@type\":\"WebPage\",\"@id\":\"https:\\\/\\\/turismosierradefrancia.es\\\/?page_id=5744\",\"url\":\"https:\\\/\\\/turismosierradefrancia.es\\\/?page_id=5744\",\"name\":\"El Charco de la Mora de Mogarraz - Sierra de Francia\",\"isPartOf\":{\"@id\":\"https:\\\/\\\/turismosierradefrancia.es\\\/#website\"},\"primaryImageOfPage\":{\"@id\":\"https:\\\/\\\/turismosierradefrancia.es\\\/?page_id=5744#primaryimage\"},\"image\":{\"@id\":\"https:\\\/\\\/turismosierradefrancia.es\\\/?page_id=5744#primaryimage\"},\"thumbnailUrl\":\"https:\\\/\\\/turismosierradefrancia.es\\\/wp-content\\\/uploads\\\/2023\\\/07\\\/turismo-sierra-de-francia-3-casas-tradicionales-MOGARRAZ.jpg\",\"datePublished\":\"2023-09-06T14:14:17+00:00\",\"dateModified\":\"2024-10-24T20:47:11+00:00\",\"description\":\"Esta es una leyenda que no se enmarca en ninguna fecha en concreto, simplemente es un cuento transmitido en la zona que se ha convertido en leyenda.\",\"breadcrumb\":{\"@id\":\"https:\\\/\\\/turismosierradefrancia.es\\\/?page_id=5744#breadcrumb\"},\"inLanguage\":\"es\",\"potentialAction\":[{\"@type\":\"ReadAction\",\"target\":[\"https:\\\/\\\/turismosierradefrancia.es\\\/?page_id=5744\"]}]},{\"@type\":\"ImageObject\",\"inLanguage\":\"es\",\"@id\":\"https:\\\/\\\/turismosierradefrancia.es\\\/?page_id=5744#primaryimage\",\"url\":\"https:\\\/\\\/turismosierradefrancia.es\\\/wp-content\\\/uploads\\\/2023\\\/07\\\/turismo-sierra-de-francia-3-casas-tradicionales-MOGARRAZ.jpg\",\"contentUrl\":\"https:\\\/\\\/turismosierradefrancia.es\\\/wp-content\\\/uploads\\\/2023\\\/07\\\/turismo-sierra-de-francia-3-casas-tradicionales-MOGARRAZ.jpg\",\"width\":1200,\"height\":801,\"caption\":\"El Charco de la Mora de Mogarraz\"},{\"@type\":\"BreadcrumbList\",\"@id\":\"https:\\\/\\\/turismosierradefrancia.es\\\/?page_id=5744#breadcrumb\",\"itemListElement\":[{\"@type\":\"ListItem\",\"position\":1,\"name\":\"Inicio\",\"item\":\"https:\\\/\\\/turismosierradefrancia.es\\\/\"},{\"@type\":\"ListItem\",\"position\":2,\"name\":\"Cultura\",\"item\":\"https:\\\/\\\/turismosierradefrancia.es\\\/?page_id=3508\"},{\"@type\":\"ListItem\",\"position\":3,\"name\":\"Historia y Tradici\u00f3n\",\"item\":\"https:\\\/\\\/turismosierradefrancia.es\\\/?page_id=1089\"},{\"@type\":\"ListItem\",\"position\":4,\"name\":\"Leyendas de la Sierra de Francia\",\"item\":\"https:\\\/\\\/turismosierradefrancia.es\\\/?page_id=5703\"},{\"@type\":\"ListItem\",\"position\":5,\"name\":\"El Charco de la Mora de Mogarraz\"}]},{\"@type\":\"WebSite\",\"@id\":\"https:\\\/\\\/turismosierradefrancia.es\\\/#website\",\"url\":\"https:\\\/\\\/turismosierradefrancia.es\\\/\",\"name\":\"Sierra de Francia\",\"description\":\"\",\"publisher\":{\"@id\":\"https:\\\/\\\/turismosierradefrancia.es\\\/#organization\"},\"alternateName\":\"Turismo Sierra de Francia\",\"potentialAction\":[{\"@type\":\"SearchAction\",\"target\":{\"@type\":\"EntryPoint\",\"urlTemplate\":\"https:\\\/\\\/turismosierradefrancia.es\\\/?s={search_term_string}\"},\"query-input\":{\"@type\":\"PropertyValueSpecification\",\"valueRequired\":true,\"valueName\":\"search_term_string\"}}],\"inLanguage\":\"es\"},{\"@type\":\"Organization\",\"@id\":\"https:\\\/\\\/turismosierradefrancia.es\\\/#organization\",\"name\":\"Sierra de Francia\",\"alternateName\":\"Turismo Sierra de Francia\",\"url\":\"https:\\\/\\\/turismosierradefrancia.es\\\/\",\"logo\":{\"@type\":\"ImageObject\",\"inLanguage\":\"es\",\"@id\":\"https:\\\/\\\/turismosierradefrancia.es\\\/#\\\/schema\\\/logo\\\/image\\\/\",\"url\":\"https:\\\/\\\/turismosierradefrancia.es\\\/wp-content\\\/uploads\\\/2024\\\/04\\\/cropped-logo_redondo-removebg-preview.png\",\"contentUrl\":\"https:\\\/\\\/turismosierradefrancia.es\\\/wp-content\\\/uploads\\\/2024\\\/04\\\/cropped-logo_redondo-removebg-preview.png\",\"width\":512,\"height\":512,\"caption\":\"Sierra de Francia\"},\"image\":{\"@id\":\"https:\\\/\\\/turismosierradefrancia.es\\\/#\\\/schema\\\/logo\\\/image\\\/\"},\"sameAs\":[\"https:\\\/\\\/www.facebook.com\\\/visitasierradefrancia\\\/\",\"https:\\\/\\\/x.com\\\/visitaSF\",\"https:\\\/\\\/www.instagram.com\\\/visitasierradefrancia\\\/\",\"https:\\\/\\\/www.youtube.com\\\/@visitasierradefrancia\"]}]}<\/script>\n<!-- \/ Yoast SEO plugin. -->","yoast_head_json":{"title":"El Charco de la Mora de Mogarraz - Sierra de Francia","description":"Esta es una leyenda que no se enmarca en ninguna fecha en concreto, simplemente es un cuento transmitido en la zona que se ha convertido en leyenda.","robots":{"index":"index","follow":"follow","max-snippet":"max-snippet:-1","max-image-preview":"max-image-preview:large","max-video-preview":"max-video-preview:-1"},"canonical":"https:\/\/turismosierradefrancia.es\/?page_id=5744","og_locale":"es_ES","og_type":"article","og_title":"El Charco de la Mora de Mogarraz - Sierra de Francia","og_description":"Esta es una leyenda que no se enmarca en ninguna fecha en concreto, simplemente es un cuento transmitido en la zona que se ha convertido en leyenda.","og_url":"https:\/\/turismosierradefrancia.es\/?page_id=5744","og_site_name":"Sierra de Francia","article_publisher":"https:\/\/www.facebook.com\/visitasierradefrancia\/","article_modified_time":"2024-10-24T20:47:11+00:00","og_image":[{"url":"https:\/\/turismosierradefrancia.es\/wp-content\/uploads\/2023\/07\/turismo-sierra-de-francia-3-casas-tradicionales-MOGARRAZ.jpg","type":"","width":"","height":""}],"twitter_card":"summary_large_image","twitter_site":"@visitaSF","twitter_misc":{"Tiempo de lectura":"2 minutos"},"schema":{"@context":"https:\/\/schema.org","@graph":[{"@type":"WebPage","@id":"https:\/\/turismosierradefrancia.es\/?page_id=5744","url":"https:\/\/turismosierradefrancia.es\/?page_id=5744","name":"El Charco de la Mora de Mogarraz - Sierra de Francia","isPartOf":{"@id":"https:\/\/turismosierradefrancia.es\/#website"},"primaryImageOfPage":{"@id":"https:\/\/turismosierradefrancia.es\/?page_id=5744#primaryimage"},"image":{"@id":"https:\/\/turismosierradefrancia.es\/?page_id=5744#primaryimage"},"thumbnailUrl":"https:\/\/turismosierradefrancia.es\/wp-content\/uploads\/2023\/07\/turismo-sierra-de-francia-3-casas-tradicionales-MOGARRAZ.jpg","datePublished":"2023-09-06T14:14:17+00:00","dateModified":"2024-10-24T20:47:11+00:00","description":"Esta es una leyenda que no se enmarca en ninguna fecha en concreto, simplemente es un cuento transmitido en la zona que se ha convertido en leyenda.","breadcrumb":{"@id":"https:\/\/turismosierradefrancia.es\/?page_id=5744#breadcrumb"},"inLanguage":"es","potentialAction":[{"@type":"ReadAction","target":["https:\/\/turismosierradefrancia.es\/?page_id=5744"]}]},{"@type":"ImageObject","inLanguage":"es","@id":"https:\/\/turismosierradefrancia.es\/?page_id=5744#primaryimage","url":"https:\/\/turismosierradefrancia.es\/wp-content\/uploads\/2023\/07\/turismo-sierra-de-francia-3-casas-tradicionales-MOGARRAZ.jpg","contentUrl":"https:\/\/turismosierradefrancia.es\/wp-content\/uploads\/2023\/07\/turismo-sierra-de-francia-3-casas-tradicionales-MOGARRAZ.jpg","width":1200,"height":801,"caption":"El Charco de la Mora de Mogarraz"},{"@type":"BreadcrumbList","@id":"https:\/\/turismosierradefrancia.es\/?page_id=5744#breadcrumb","itemListElement":[{"@type":"ListItem","position":1,"name":"Inicio","item":"https:\/\/turismosierradefrancia.es\/"},{"@type":"ListItem","position":2,"name":"Cultura","item":"https:\/\/turismosierradefrancia.es\/?page_id=3508"},{"@type":"ListItem","position":3,"name":"Historia y Tradici\u00f3n","item":"https:\/\/turismosierradefrancia.es\/?page_id=1089"},{"@type":"ListItem","position":4,"name":"Leyendas de la Sierra de Francia","item":"https:\/\/turismosierradefrancia.es\/?page_id=5703"},{"@type":"ListItem","position":5,"name":"El Charco de la Mora de Mogarraz"}]},{"@type":"WebSite","@id":"https:\/\/turismosierradefrancia.es\/#website","url":"https:\/\/turismosierradefrancia.es\/","name":"Sierra de Francia","description":"","publisher":{"@id":"https:\/\/turismosierradefrancia.es\/#organization"},"alternateName":"Turismo Sierra de Francia","potentialAction":[{"@type":"SearchAction","target":{"@type":"EntryPoint","urlTemplate":"https:\/\/turismosierradefrancia.es\/?s={search_term_string}"},"query-input":{"@type":"PropertyValueSpecification","valueRequired":true,"valueName":"search_term_string"}}],"inLanguage":"es"},{"@type":"Organization","@id":"https:\/\/turismosierradefrancia.es\/#organization","name":"Sierra de Francia","alternateName":"Turismo Sierra de Francia","url":"https:\/\/turismosierradefrancia.es\/","logo":{"@type":"ImageObject","inLanguage":"es","@id":"https:\/\/turismosierradefrancia.es\/#\/schema\/logo\/image\/","url":"https:\/\/turismosierradefrancia.es\/wp-content\/uploads\/2024\/04\/cropped-logo_redondo-removebg-preview.png","contentUrl":"https:\/\/turismosierradefrancia.es\/wp-content\/uploads\/2024\/04\/cropped-logo_redondo-removebg-preview.png","width":512,"height":512,"caption":"Sierra de Francia"},"image":{"@id":"https:\/\/turismosierradefrancia.es\/#\/schema\/logo\/image\/"},"sameAs":["https:\/\/www.facebook.com\/visitasierradefrancia\/","https:\/\/x.com\/visitaSF","https:\/\/www.instagram.com\/visitasierradefrancia\/","https:\/\/www.youtube.com\/@visitasierradefrancia"]}]}},"coauthors":[],"author_meta":{"author_link":"https:\/\/turismosierradefrancia.es\/?author=1","display_name":"admin"},"relative_dates":{"created":"Publicado 3 a\u00f1os hace","modified":"Actualizado 2 a\u00f1os hace"},"absolute_dates":{"created":"Publicado el 06\/09\/2023","modified":"Actualizado el 24\/10\/2024"},"absolute_dates_time":{"created":"Publicado el 06\/09\/2023 14:14","modified":"Actualizado el 24\/10\/2024 20:47"},"featured_img_caption":"","featured_img":false,"series_order":"","_links":{"self":[{"href":"https:\/\/turismosierradefrancia.es\/index.php?rest_route=\/wp\/v2\/pages\/5744","targetHints":{"allow":["GET"]}}],"collection":[{"href":"https:\/\/turismosierradefrancia.es\/index.php?rest_route=\/wp\/v2\/pages"}],"about":[{"href":"https:\/\/turismosierradefrancia.es\/index.php?rest_route=\/wp\/v2\/types\/page"}],"author":[{"embeddable":true,"href":"https:\/\/turismosierradefrancia.es\/index.php?rest_route=\/wp\/v2\/users\/1"}],"replies":[{"embeddable":true,"href":"https:\/\/turismosierradefrancia.es\/index.php?rest_route=%2Fwp%2Fv2%2Fcomments&post=5744"}],"version-history":[{"count":9,"href":"https:\/\/turismosierradefrancia.es\/index.php?rest_route=\/wp\/v2\/pages\/5744\/revisions"}],"predecessor-version":[{"id":18731,"href":"https:\/\/turismosierradefrancia.es\/index.php?rest_route=\/wp\/v2\/pages\/5744\/revisions\/18731"}],"up":[{"embeddable":true,"href":"https:\/\/turismosierradefrancia.es\/index.php?rest_route=\/wp\/v2\/pages\/5703"}],"wp:attachment":[{"href":"https:\/\/turismosierradefrancia.es\/index.php?rest_route=%2Fwp%2Fv2%2Fmedia&parent=5744"}],"curies":[{"name":"wp","href":"https:\/\/api.w.org\/{rel}","templated":true}]}}