{"id":5747,"date":"2023-09-06T14:19:12","date_gmt":"2023-09-06T14:19:12","guid":{"rendered":"https:\/\/turismosierradefrancia.es\/?page_id=5747"},"modified":"2024-10-24T20:47:47","modified_gmt":"2024-10-24T20:47:47","slug":"el-cristo-de-los-afligidos","status":"publish","type":"page","link":"https:\/\/turismosierradefrancia.es\/?page_id=5747","title":{"rendered":"El Cristo de los Afligidos"},"content":{"rendered":"\n<a class=\"tic-subheader-image\" style=\"display:none\" href=\"https:\/\/turismosierradefrancia.es\/wp-content\/uploads\/2023\/11\/cabecera-leyendas-3.webp\"><\/a>\n\n\n\n<div style=\"height:30px\" aria-hidden=\"true\" class=\"wp-block-spacer\"><\/div>\n\n\n\n<div class=\"wp-block-group tic-page-content\"><div class=\"wp-block-group__inner-container is-layout-constrained wp-block-group-is-layout-constrained\">\n<p class=\"has-drop-cap has-text-align-justify tic-contenido-principal wp-block-paragraph\">En la localidad de <strong><em><a href=\"https:\/\/turismosierradefrancia.es\/nuestros-pueblos\/monsagro\/\">Monsagro<\/a><\/em><\/strong> lleg\u00f3 en una ocasi\u00f3n un forastero que alquil\u00f3 una casa en frente de la iglesia y pidi\u00f3 que no fuera molestado mientras permaneciera all\u00ed.<\/p>\n\n\n\n<p class=\"wp-block-paragraph\">\u00danicamente que se le sirviera la comida todos los d\u00edas a trav\u00e9s de una gatera. Y con ese acuerdo fueron pasando los d\u00edas hasta que un d\u00eda la comida no fue recogida ni al mediod\u00eda ni a la cena. Los vecinos se alarmaron y tiraron la puerta abajo para ver que suced\u00eda, pero no encontraron a nadie all\u00ed. Lo \u00fanico que hab\u00eda eran los platos de comida, con la comida intacta sin signo de putrefacci\u00f3n. Al marcharse encontraron una despensa que abrieron encontrando m\u00e1s platos con comida en perfecto estado, a su lado hab\u00eda una talla de un cristo crucificado tan alta como una persona. Los vecinos interpretaron que fue tallada por un \u00e1ngel enviado por Dios y desde entonces se venera como el Cristo de los Afligidos que da amparo al que pide auxilio y sobrevivi\u00f3 a las esquilmaciones que sufri\u00f3 la iglesia durante la guerra de la Independencia y contin\u00faa en la iglesia de la localidad, honr\u00e1ndole el 14 de septiembre en las fiestas patronales.<\/p>\n\n\n\n<p class=\"tic-cita wp-block-paragraph\">\u00abSum\u00e9rgete en mundos infinitos y descubre aventuras inolvidables a trav\u00e9s de las p\u00e1ginas de un libro. Las leyendas cobran vida en cada palabra que lees\u00bb<\/p>\n\n\n\n<figure class=\"wp-block-gallery has-nested-images columns-default is-cropped imagen-personalizada wp-block-gallery-1 is-layout-flex wp-block-gallery-is-layout-flex\">\n<figure class=\"wp-block-image size-full\"><a href=\"https:\/\/turismosierradefrancia.es\/wp-content\/uploads\/2023\/10\/monsagro-pueplos-sierra-de-francia-1.webp\"><img fetchpriority=\"high\" decoding=\"async\" width=\"998\" height=\"748\" data-id=\"8640\" src=\"https:\/\/turismosierradefrancia.es\/wp-content\/uploads\/2023\/10\/monsagro-pueplos-sierra-de-francia-1.webp\" alt=\"El Cristo de los Afligidos 1\" class=\"wp-image-8640\" srcset=\"https:\/\/turismosierradefrancia.es\/wp-content\/uploads\/2023\/10\/monsagro-pueplos-sierra-de-francia-1.webp 998w, https:\/\/turismosierradefrancia.es\/wp-content\/uploads\/2023\/10\/monsagro-pueplos-sierra-de-francia-1-300x225.webp 300w, https:\/\/turismosierradefrancia.es\/wp-content\/uploads\/2023\/10\/monsagro-pueplos-sierra-de-francia-1-768x576.webp 768w, https:\/\/turismosierradefrancia.es\/wp-content\/uploads\/2023\/10\/monsagro-pueplos-sierra-de-francia-1-100x75.webp 100w, https:\/\/turismosierradefrancia.es\/wp-content\/uploads\/2023\/10\/monsagro-pueplos-sierra-de-francia-1-960x720.webp 960w, https:\/\/turismosierradefrancia.es\/wp-content\/uploads\/2023\/10\/monsagro-pueplos-sierra-de-francia-1-480x360.webp 480w\" sizes=\"(max-width:767px) 480px, (max-width:998px) 100vw, 998px\" \/><\/a><\/figure>\n\n\n\n<figure class=\"wp-block-image size-full\"><a href=\"https:\/\/turismosierradefrancia.es\/wp-content\/uploads\/2023\/11\/3AFLIGIDOS-copia.webp\"><img decoding=\"async\" width=\"1200\" height=\"842\" data-id=\"10017\" src=\"https:\/\/turismosierradefrancia.es\/wp-content\/uploads\/2023\/11\/3AFLIGIDOS-copia.webp\" alt=\"El Cristo de los Afligidos 2\" class=\"wp-image-10017\" srcset=\"https:\/\/turismosierradefrancia.es\/wp-content\/uploads\/2023\/11\/3AFLIGIDOS-copia.webp 1200w, https:\/\/turismosierradefrancia.es\/wp-content\/uploads\/2023\/11\/3AFLIGIDOS-copia-300x211.webp 300w, https:\/\/turismosierradefrancia.es\/wp-content\/uploads\/2023\/11\/3AFLIGIDOS-copia-1024x719.webp 1024w, https:\/\/turismosierradefrancia.es\/wp-content\/uploads\/2023\/11\/3AFLIGIDOS-copia-768x539.webp 768w, https:\/\/turismosierradefrancia.es\/wp-content\/uploads\/2023\/11\/3AFLIGIDOS-copia-107x75.webp 107w, https:\/\/turismosierradefrancia.es\/wp-content\/uploads\/2023\/11\/3AFLIGIDOS-copia-480x337.webp 480w\" sizes=\"(max-width:767px) 480px, (max-width:1200px) 100vw, 1200px\" \/><\/a><\/figure>\n<\/figure>\n<\/div><\/div>\n\n\n\n<div style=\"height:30px\" aria-hidden=\"true\" class=\"wp-block-spacer\"><\/div>\n\n\n\n<div class=\"wp-block-group tic-page-footer\"><div class=\"wp-block-group__inner-container is-layout-constrained wp-block-group-is-layout-constrained\">\n<p class=\"tic-secicon has-medium-font-size wp-block-paragraph\"><strong>Relacionado<\/strong><\/p>\n\n\n\n\t\t\t<div class=\"foogallery foogallery-container foogallery-carousel foogallery-lightbox-none fg-carousel-hide-nav-arrows fg-carousel-hide-pagination fg-carousel-hide-progress-bar fg-carousel fg-ready fg-custom fg-shadow-outline fg-loading-default fg-loaded-fade-in fg-caption-always fg-hover-fade fg-c-c\" id=\"foogallery-gallery-3652\" data-foogallery=\"{&quot;item&quot;:{&quot;showCaptionTitle&quot;:true,&quot;showCaptionDescription&quot;:true},&quot;lazy&quot;:true,&quot;src&quot;:&quot;src&quot;,&quot;srcset&quot;:&quot;srcset&quot;,&quot;template&quot;:{&quot;maxItems&quot;:7,&quot;scale&quot;:0,&quot;gutter&quot;:{&quot;min&quot;:5,&quot;max&quot;:10,&quot;unit&quot;:&quot;px&quot;},&quot;autoplay&quot;:{&quot;time&quot;:5,&quot;interaction&quot;:&quot;disable&quot;},&quot;centerOnClick&quot;:false,&quot;align&quot;:&quot;center&quot;,&quot;activePosition&quot;:&quot;center&quot;}}\" style=\"--fg-title-line-clamp: 0; --fg-description-line-clamp: 0;\" >\n\t<button type=\"button\" class=\"fg-carousel-prev\" title=\"Anterior\"><\/button>\n\t<div class=\"fg-carousel-inner\">\n\t\t<div class=\"fg-carousel-center\"><\/div>\n\t\t<div class=\"fg-item fg-type-iframe fg-loading\"><figure class=\"fg-item-inner\"><a href=\"https:\/\/turismosierradefrancia.es\/nuestros-pueblos\/\" data-caption-title=\"Nuestros Pueblos\" data-attachment-id=\"16463\" data-e-disable-page-transition=\"true\" data-type=\"iframe\" class=\"fg-thumb\"><span class=\"fg-image-wrap\"><img loading=\"lazy\" src=\"https:\/\/turismosierradefrancia.es\/wp-content\/uploads\/cache\/2024\/06\/nuestros-pueblos-recomendado\/3504428687.webp\" title=\"Nuestros Pueblos\" width=\"293\" height=\"400\" class=\"skip-lazy fg-image\" decoding=\"async\" loading=\"lazy\"><\/span><span class=\"fg-image-overlay\"><\/span><\/a><figcaption class=\"fg-caption\"><div class=\"fg-caption-inner\"><div class=\"fg-caption-title\">Nuestros Pueblos<\/div><\/div><\/figcaption><\/figure><div class=\"fg-loader\"><\/div><\/div><div class=\"fg-item fg-type-iframe fg-loading\"><figure class=\"fg-item-inner\"><a href=\"https:\/\/turismosierradefrancia.es\/turismo-activo\/estacion-de-deportes-de-montana\/senderismo\/\" data-caption-title=\"Senderismo\" data-attachment-id=\"16465\" data-e-disable-page-transition=\"true\" data-type=\"iframe\" class=\"fg-thumb\"><span class=\"fg-image-wrap\"><img loading=\"lazy\" src=\"https:\/\/turismosierradefrancia.es\/wp-content\/uploads\/cache\/2024\/06\/senderismo-recomendador\/2738489355.webp\" title=\"Senderismo\" width=\"293\" height=\"400\" class=\"skip-lazy fg-image\" decoding=\"async\" loading=\"lazy\"><\/span><span class=\"fg-image-overlay\"><\/span><\/a><figcaption class=\"fg-caption\"><div class=\"fg-caption-inner\"><div class=\"fg-caption-title\">Senderismo<\/div><\/div><\/figcaption><\/figure><div class=\"fg-loader\"><\/div><\/div><div class=\"fg-item fg-type-iframe fg-loading\"><figure class=\"fg-item-inner\"><a href=\"https:\/\/turismosierradefrancia.es\/turismo-activo\/turismo-rutas-accesibles\/\" data-caption-title=\"Rutas Accesibles\" data-attachment-id=\"16464\" data-e-disable-page-transition=\"true\" data-type=\"iframe\" class=\"fg-thumb\"><span class=\"fg-image-wrap\"><img loading=\"lazy\" src=\"https:\/\/turismosierradefrancia.es\/wp-content\/uploads\/cache\/2024\/06\/rutas-accesibles-recomendador\/2972824326.webp\" title=\"Rutas Accesibles\" width=\"293\" height=\"400\" class=\"skip-lazy fg-image\" decoding=\"async\" loading=\"lazy\"><\/span><span class=\"fg-image-overlay\"><\/span><\/a><figcaption class=\"fg-caption\"><div class=\"fg-caption-inner\"><div class=\"fg-caption-title\">Rutas Accesibles<\/div><\/div><\/figcaption><\/figure><div class=\"fg-loader\"><\/div><\/div><div class=\"fg-item fg-type-iframe fg-loading\"><figure class=\"fg-item-inner\"><a href=\"https:\/\/turismosierradefrancia.es\/donde-dormir\/\" data-caption-title=\"\u00bfD\u00f3nde Comer?\" data-attachment-id=\"16462\" data-e-disable-page-transition=\"true\" data-type=\"iframe\" class=\"fg-thumb\"><span class=\"fg-image-wrap\"><img loading=\"lazy\" src=\"https:\/\/turismosierradefrancia.es\/wp-content\/uploads\/cache\/2024\/06\/donde_comer-recomendado\/1038040024.webp\" title=\"\u00bfD\u00f3nde Comer?\" width=\"293\" height=\"400\" class=\"skip-lazy fg-image\" decoding=\"async\" loading=\"lazy\"><\/span><span class=\"fg-image-overlay\"><\/span><\/a><figcaption class=\"fg-caption\"><div class=\"fg-caption-inner\"><div class=\"fg-caption-title\">\u00bfD\u00f3nde Comer?<\/div><\/div><\/figcaption><\/figure><div class=\"fg-loader\"><\/div><\/div><div class=\"fg-item fg-type-iframe fg-loading\"><figure class=\"fg-item-inner\"><a href=\"https:\/\/turismosierradefrancia.es\/donde-dormir\/\" data-caption-title=\"\u00bfD\u00f3nde Dormir?\" data-attachment-id=\"16461\" data-e-disable-page-transition=\"true\" data-type=\"iframe\" class=\"fg-thumb\"><span class=\"fg-image-wrap\"><img loading=\"lazy\" src=\"https:\/\/turismosierradefrancia.es\/wp-content\/uploads\/cache\/2024\/06\/donde-dormir-recomendado\/1391775750.webp\" title=\"\u00bfD\u00f3nde Dormir?\" width=\"293\" height=\"400\" class=\"skip-lazy fg-image\" decoding=\"async\" loading=\"lazy\"><\/span><span class=\"fg-image-overlay\"><\/span><\/a><figcaption class=\"fg-caption\"><div class=\"fg-caption-inner\"><div class=\"fg-caption-title\">\u00bfD\u00f3nde Dormir?<\/div><\/div><\/figcaption><\/figure><div class=\"fg-loader\"><\/div><\/div><div class=\"fg-item fg-type-iframe fg-loading\"><figure class=\"fg-item-inner\"><a href=\"https:\/\/turismosierradefrancia.es\/turismo-activo\/caminos-de-arte-en-la-naturaleza\/\" data-caption-title=\"Caminos de Arte\" data-attachment-id=\"16459\" data-e-disable-page-transition=\"true\" data-type=\"iframe\" class=\"fg-thumb\"><span class=\"fg-image-wrap\"><img loading=\"lazy\" src=\"https:\/\/turismosierradefrancia.es\/wp-content\/uploads\/cache\/2024\/06\/caminos-del-arte-recomendador\/4270799215.webp\" title=\"Caminos de Arte\" width=\"293\" height=\"400\" class=\"skip-lazy fg-image\" decoding=\"async\" loading=\"lazy\"><\/span><span class=\"fg-image-overlay\"><\/span><\/a><figcaption class=\"fg-caption\"><div class=\"fg-caption-inner\"><div class=\"fg-caption-title\">Caminos de Arte<\/div><\/div><\/figcaption><\/figure><div class=\"fg-loader\"><\/div><\/div><div class=\"fg-item fg-type-iframe fg-loading\"><figure class=\"fg-item-inner\"><a href=\"https:\/\/turismosierradefrancia.es\/cultura\/centros-interpretacion-museos\/\" data-caption-title=\"Centros de Interpretaci\u00f3n\" data-attachment-id=\"16460\" data-e-disable-page-transition=\"true\" data-type=\"iframe\" class=\"fg-thumb\"><span class=\"fg-image-wrap\"><img loading=\"lazy\" src=\"https:\/\/turismosierradefrancia.es\/wp-content\/uploads\/cache\/2024\/06\/centro-interpretacion-museo\/2796342601.webp\" title=\"Centros de Interpretaci\u00f3n\" width=\"293\" height=\"400\" class=\"skip-lazy fg-image\" decoding=\"async\" loading=\"lazy\"><\/span><span class=\"fg-image-overlay\"><\/span><\/a><figcaption class=\"fg-caption\"><div class=\"fg-caption-inner\"><div class=\"fg-caption-title\">Centros de Interpretaci\u00f3n<\/div><\/div><\/figcaption><\/figure><div class=\"fg-loader\"><\/div><\/div>\t<\/div>\n\t<div class=\"fg-carousel-bottom\"><\/div>\n\t<div class=\"fg-carousel-progress\"><\/div>\n\t<button type=\"button\" class=\"fg-carousel-next\" title=\"Siguiente\"><\/button>\n<\/div>\n\n\n\n<div style=\"height:50px\" aria-hidden=\"true\" class=\"wp-block-spacer\"><\/div>\n<\/div><\/div>\n<style class=\"advgb-styles-renderer\">\n#foogallery-gallery-3652 .fg-image { width: 293px; }#foogallery-gallery-3652 { \r\n width:100%;\r\n}\r\n\r\n#foogallery-gallery-3652 div.fg-caption-title { \r\nfont-weight:700;\r\n}\r\n\r\n<\/style>","protected":false},"excerpt":{"rendered":"<p>En la localidad de Monsagro lleg\u00f3 en una ocasi\u00f3n un forastero que alquil\u00f3 una casa en frente de la iglesia&hellip; <a class=\"continue\" href=\"https:\/\/turismosierradefrancia.es\/?page_id=5747\">Seguir leyendo<span> El Cristo de los Afligidos<\/span><\/a><\/p>\n","protected":false},"author":1,"featured_media":0,"parent":5703,"menu_order":0,"comment_status":"closed","ping_status":"closed","template":"","meta":{"advgb_blocks_editor_width":"","advgb_blocks_columns_visual_guide":"","footnotes":""},"class_list":["post-5747","page","type-page","status-publish","hentry"],"yoast_head":"<!-- This site is optimized with the Yoast SEO plugin v28.2 - https:\/\/yoast.com\/product\/yoast-seo-wordpress\/ -->\n<title>El Cristo de los Afligidos - Sierra de Francia<\/title>\n<meta name=\"description\" content=\"En la localidad de Monsagro lleg\u00f3 en una ocasi\u00f3n un forastero que alquil\u00f3 una casa en frente de la iglesia y pidi\u00f3 que no fuera molestado mientras permaneciera all\u00ed.\" \/>\n<meta name=\"robots\" content=\"index, follow, max-snippet:-1, max-image-preview:large, max-video-preview:-1\" \/>\n<link rel=\"canonical\" href=\"https:\/\/turismosierradefrancia.es\/?page_id=5747\" \/>\n<meta property=\"og:locale\" content=\"es_ES\" \/>\n<meta property=\"og:type\" content=\"article\" \/>\n<meta property=\"og:title\" content=\"El Cristo de los Afligidos - Sierra de Francia\" \/>\n<meta property=\"og:description\" content=\"En la localidad de Monsagro lleg\u00f3 en una ocasi\u00f3n un forastero que alquil\u00f3 una casa en frente de la iglesia y pidi\u00f3 que no fuera molestado mientras permaneciera all\u00ed.\" \/>\n<meta property=\"og:url\" content=\"https:\/\/turismosierradefrancia.es\/?page_id=5747\" \/>\n<meta property=\"og:site_name\" content=\"Sierra de Francia\" \/>\n<meta property=\"article:publisher\" content=\"https:\/\/www.facebook.com\/visitasierradefrancia\/\" \/>\n<meta property=\"article:modified_time\" content=\"2024-10-24T20:47:47+00:00\" \/>\n<meta property=\"og:image\" content=\"https:\/\/turismosierradefrancia.es\/wp-content\/uploads\/2023\/10\/monsagro-pueplos-sierra-de-francia-1.webp\" \/>\n<meta name=\"twitter:card\" content=\"summary_large_image\" \/>\n<meta name=\"twitter:site\" content=\"@visitaSF\" \/>\n<meta name=\"twitter:label1\" content=\"Tiempo de lectura\" \/>\n\t<meta name=\"twitter:data1\" content=\"2 minutos\" \/>\n<script type=\"application\/ld+json\" class=\"yoast-schema-graph\">{\"@context\":\"https:\\\/\\\/schema.org\",\"@graph\":[{\"@type\":\"WebPage\",\"@id\":\"https:\\\/\\\/turismosierradefrancia.es\\\/?page_id=5747\",\"url\":\"https:\\\/\\\/turismosierradefrancia.es\\\/?page_id=5747\",\"name\":\"El Cristo de los Afligidos - Sierra de Francia\",\"isPartOf\":{\"@id\":\"https:\\\/\\\/turismosierradefrancia.es\\\/#website\"},\"primaryImageOfPage\":{\"@id\":\"https:\\\/\\\/turismosierradefrancia.es\\\/?page_id=5747#primaryimage\"},\"image\":{\"@id\":\"https:\\\/\\\/turismosierradefrancia.es\\\/?page_id=5747#primaryimage\"},\"thumbnailUrl\":\"https:\\\/\\\/turismosierradefrancia.es\\\/wp-content\\\/uploads\\\/2023\\\/10\\\/monsagro-pueplos-sierra-de-francia-1.webp\",\"datePublished\":\"2023-09-06T14:19:12+00:00\",\"dateModified\":\"2024-10-24T20:47:47+00:00\",\"description\":\"En la localidad de Monsagro lleg\u00f3 en una ocasi\u00f3n un forastero que alquil\u00f3 una casa en frente de la iglesia y pidi\u00f3 que no fuera molestado mientras permaneciera all\u00ed.\",\"breadcrumb\":{\"@id\":\"https:\\\/\\\/turismosierradefrancia.es\\\/?page_id=5747#breadcrumb\"},\"inLanguage\":\"es\",\"potentialAction\":[{\"@type\":\"ReadAction\",\"target\":[\"https:\\\/\\\/turismosierradefrancia.es\\\/?page_id=5747\"]}]},{\"@type\":\"ImageObject\",\"inLanguage\":\"es\",\"@id\":\"https:\\\/\\\/turismosierradefrancia.es\\\/?page_id=5747#primaryimage\",\"url\":\"https:\\\/\\\/turismosierradefrancia.es\\\/wp-content\\\/uploads\\\/2023\\\/10\\\/monsagro-pueplos-sierra-de-francia-1.webp\",\"contentUrl\":\"https:\\\/\\\/turismosierradefrancia.es\\\/wp-content\\\/uploads\\\/2023\\\/10\\\/monsagro-pueplos-sierra-de-francia-1.webp\",\"width\":998,\"height\":748,\"caption\":\"El Cristo de los Afligidos 1\"},{\"@type\":\"BreadcrumbList\",\"@id\":\"https:\\\/\\\/turismosierradefrancia.es\\\/?page_id=5747#breadcrumb\",\"itemListElement\":[{\"@type\":\"ListItem\",\"position\":1,\"name\":\"Inicio\",\"item\":\"https:\\\/\\\/turismosierradefrancia.es\\\/\"},{\"@type\":\"ListItem\",\"position\":2,\"name\":\"Cultura\",\"item\":\"https:\\\/\\\/turismosierradefrancia.es\\\/?page_id=3508\"},{\"@type\":\"ListItem\",\"position\":3,\"name\":\"Historia y Tradici\u00f3n\",\"item\":\"https:\\\/\\\/turismosierradefrancia.es\\\/?page_id=1089\"},{\"@type\":\"ListItem\",\"position\":4,\"name\":\"Leyendas de la Sierra de Francia\",\"item\":\"https:\\\/\\\/turismosierradefrancia.es\\\/?page_id=5703\"},{\"@type\":\"ListItem\",\"position\":5,\"name\":\"El Cristo de los Afligidos\"}]},{\"@type\":\"WebSite\",\"@id\":\"https:\\\/\\\/turismosierradefrancia.es\\\/#website\",\"url\":\"https:\\\/\\\/turismosierradefrancia.es\\\/\",\"name\":\"Sierra de Francia\",\"description\":\"\",\"publisher\":{\"@id\":\"https:\\\/\\\/turismosierradefrancia.es\\\/#organization\"},\"alternateName\":\"Turismo Sierra de Francia\",\"potentialAction\":[{\"@type\":\"SearchAction\",\"target\":{\"@type\":\"EntryPoint\",\"urlTemplate\":\"https:\\\/\\\/turismosierradefrancia.es\\\/?s={search_term_string}\"},\"query-input\":{\"@type\":\"PropertyValueSpecification\",\"valueRequired\":true,\"valueName\":\"search_term_string\"}}],\"inLanguage\":\"es\"},{\"@type\":\"Organization\",\"@id\":\"https:\\\/\\\/turismosierradefrancia.es\\\/#organization\",\"name\":\"Sierra de Francia\",\"alternateName\":\"Turismo Sierra de Francia\",\"url\":\"https:\\\/\\\/turismosierradefrancia.es\\\/\",\"logo\":{\"@type\":\"ImageObject\",\"inLanguage\":\"es\",\"@id\":\"https:\\\/\\\/turismosierradefrancia.es\\\/#\\\/schema\\\/logo\\\/image\\\/\",\"url\":\"https:\\\/\\\/turismosierradefrancia.es\\\/wp-content\\\/uploads\\\/2024\\\/04\\\/cropped-logo_redondo-removebg-preview.png\",\"contentUrl\":\"https:\\\/\\\/turismosierradefrancia.es\\\/wp-content\\\/uploads\\\/2024\\\/04\\\/cropped-logo_redondo-removebg-preview.png\",\"width\":512,\"height\":512,\"caption\":\"Sierra de Francia\"},\"image\":{\"@id\":\"https:\\\/\\\/turismosierradefrancia.es\\\/#\\\/schema\\\/logo\\\/image\\\/\"},\"sameAs\":[\"https:\\\/\\\/www.facebook.com\\\/visitasierradefrancia\\\/\",\"https:\\\/\\\/x.com\\\/visitaSF\",\"https:\\\/\\\/www.instagram.com\\\/visitasierradefrancia\\\/\",\"https:\\\/\\\/www.youtube.com\\\/@visitasierradefrancia\"]}]}<\/script>\n<!-- \/ Yoast SEO plugin. -->","yoast_head_json":{"title":"El Cristo de los Afligidos - Sierra de Francia","description":"En la localidad de Monsagro lleg\u00f3 en una ocasi\u00f3n un forastero que alquil\u00f3 una casa en frente de la iglesia y pidi\u00f3 que no fuera molestado mientras permaneciera all\u00ed.","robots":{"index":"index","follow":"follow","max-snippet":"max-snippet:-1","max-image-preview":"max-image-preview:large","max-video-preview":"max-video-preview:-1"},"canonical":"https:\/\/turismosierradefrancia.es\/?page_id=5747","og_locale":"es_ES","og_type":"article","og_title":"El Cristo de los Afligidos - Sierra de Francia","og_description":"En la localidad de Monsagro lleg\u00f3 en una ocasi\u00f3n un forastero que alquil\u00f3 una casa en frente de la iglesia y pidi\u00f3 que no fuera molestado mientras permaneciera all\u00ed.","og_url":"https:\/\/turismosierradefrancia.es\/?page_id=5747","og_site_name":"Sierra de Francia","article_publisher":"https:\/\/www.facebook.com\/visitasierradefrancia\/","article_modified_time":"2024-10-24T20:47:47+00:00","og_image":[{"url":"https:\/\/turismosierradefrancia.es\/wp-content\/uploads\/2023\/10\/monsagro-pueplos-sierra-de-francia-1.webp","type":"","width":"","height":""}],"twitter_card":"summary_large_image","twitter_site":"@visitaSF","twitter_misc":{"Tiempo de lectura":"2 minutos"},"schema":{"@context":"https:\/\/schema.org","@graph":[{"@type":"WebPage","@id":"https:\/\/turismosierradefrancia.es\/?page_id=5747","url":"https:\/\/turismosierradefrancia.es\/?page_id=5747","name":"El Cristo de los Afligidos - Sierra de Francia","isPartOf":{"@id":"https:\/\/turismosierradefrancia.es\/#website"},"primaryImageOfPage":{"@id":"https:\/\/turismosierradefrancia.es\/?page_id=5747#primaryimage"},"image":{"@id":"https:\/\/turismosierradefrancia.es\/?page_id=5747#primaryimage"},"thumbnailUrl":"https:\/\/turismosierradefrancia.es\/wp-content\/uploads\/2023\/10\/monsagro-pueplos-sierra-de-francia-1.webp","datePublished":"2023-09-06T14:19:12+00:00","dateModified":"2024-10-24T20:47:47+00:00","description":"En la localidad de Monsagro lleg\u00f3 en una ocasi\u00f3n un forastero que alquil\u00f3 una casa en frente de la iglesia y pidi\u00f3 que no fuera molestado mientras permaneciera all\u00ed.","breadcrumb":{"@id":"https:\/\/turismosierradefrancia.es\/?page_id=5747#breadcrumb"},"inLanguage":"es","potentialAction":[{"@type":"ReadAction","target":["https:\/\/turismosierradefrancia.es\/?page_id=5747"]}]},{"@type":"ImageObject","inLanguage":"es","@id":"https:\/\/turismosierradefrancia.es\/?page_id=5747#primaryimage","url":"https:\/\/turismosierradefrancia.es\/wp-content\/uploads\/2023\/10\/monsagro-pueplos-sierra-de-francia-1.webp","contentUrl":"https:\/\/turismosierradefrancia.es\/wp-content\/uploads\/2023\/10\/monsagro-pueplos-sierra-de-francia-1.webp","width":998,"height":748,"caption":"El Cristo de los Afligidos 1"},{"@type":"BreadcrumbList","@id":"https:\/\/turismosierradefrancia.es\/?page_id=5747#breadcrumb","itemListElement":[{"@type":"ListItem","position":1,"name":"Inicio","item":"https:\/\/turismosierradefrancia.es\/"},{"@type":"ListItem","position":2,"name":"Cultura","item":"https:\/\/turismosierradefrancia.es\/?page_id=3508"},{"@type":"ListItem","position":3,"name":"Historia y Tradici\u00f3n","item":"https:\/\/turismosierradefrancia.es\/?page_id=1089"},{"@type":"ListItem","position":4,"name":"Leyendas de la Sierra de Francia","item":"https:\/\/turismosierradefrancia.es\/?page_id=5703"},{"@type":"ListItem","position":5,"name":"El Cristo de los Afligidos"}]},{"@type":"WebSite","@id":"https:\/\/turismosierradefrancia.es\/#website","url":"https:\/\/turismosierradefrancia.es\/","name":"Sierra de Francia","description":"","publisher":{"@id":"https:\/\/turismosierradefrancia.es\/#organization"},"alternateName":"Turismo Sierra de Francia","potentialAction":[{"@type":"SearchAction","target":{"@type":"EntryPoint","urlTemplate":"https:\/\/turismosierradefrancia.es\/?s={search_term_string}"},"query-input":{"@type":"PropertyValueSpecification","valueRequired":true,"valueName":"search_term_string"}}],"inLanguage":"es"},{"@type":"Organization","@id":"https:\/\/turismosierradefrancia.es\/#organization","name":"Sierra de Francia","alternateName":"Turismo Sierra de Francia","url":"https:\/\/turismosierradefrancia.es\/","logo":{"@type":"ImageObject","inLanguage":"es","@id":"https:\/\/turismosierradefrancia.es\/#\/schema\/logo\/image\/","url":"https:\/\/turismosierradefrancia.es\/wp-content\/uploads\/2024\/04\/cropped-logo_redondo-removebg-preview.png","contentUrl":"https:\/\/turismosierradefrancia.es\/wp-content\/uploads\/2024\/04\/cropped-logo_redondo-removebg-preview.png","width":512,"height":512,"caption":"Sierra de Francia"},"image":{"@id":"https:\/\/turismosierradefrancia.es\/#\/schema\/logo\/image\/"},"sameAs":["https:\/\/www.facebook.com\/visitasierradefrancia\/","https:\/\/x.com\/visitaSF","https:\/\/www.instagram.com\/visitasierradefrancia\/","https:\/\/www.youtube.com\/@visitasierradefrancia"]}]}},"coauthors":[],"author_meta":{"author_link":"https:\/\/turismosierradefrancia.es\/?author=1","display_name":"admin"},"relative_dates":{"created":"Publicado 3 a\u00f1os hace","modified":"Actualizado 2 a\u00f1os hace"},"absolute_dates":{"created":"Publicado el 06\/09\/2023","modified":"Actualizado el 24\/10\/2024"},"absolute_dates_time":{"created":"Publicado el 06\/09\/2023 14:19","modified":"Actualizado el 24\/10\/2024 20:47"},"featured_img_caption":"","featured_img":false,"series_order":"","_links":{"self":[{"href":"https:\/\/turismosierradefrancia.es\/index.php?rest_route=\/wp\/v2\/pages\/5747","targetHints":{"allow":["GET"]}}],"collection":[{"href":"https:\/\/turismosierradefrancia.es\/index.php?rest_route=\/wp\/v2\/pages"}],"about":[{"href":"https:\/\/turismosierradefrancia.es\/index.php?rest_route=\/wp\/v2\/types\/page"}],"author":[{"embeddable":true,"href":"https:\/\/turismosierradefrancia.es\/index.php?rest_route=\/wp\/v2\/users\/1"}],"replies":[{"embeddable":true,"href":"https:\/\/turismosierradefrancia.es\/index.php?rest_route=%2Fwp%2Fv2%2Fcomments&post=5747"}],"version-history":[{"count":9,"href":"https:\/\/turismosierradefrancia.es\/index.php?rest_route=\/wp\/v2\/pages\/5747\/revisions"}],"predecessor-version":[{"id":18732,"href":"https:\/\/turismosierradefrancia.es\/index.php?rest_route=\/wp\/v2\/pages\/5747\/revisions\/18732"}],"up":[{"embeddable":true,"href":"https:\/\/turismosierradefrancia.es\/index.php?rest_route=\/wp\/v2\/pages\/5703"}],"wp:attachment":[{"href":"https:\/\/turismosierradefrancia.es\/index.php?rest_route=%2Fwp%2Fv2%2Fmedia&parent=5747"}],"curies":[{"name":"wp","href":"https:\/\/api.w.org\/{rel}","templated":true}]}}