{"id":7446,"date":"2023-10-11T19:05:08","date_gmt":"2023-10-11T19:05:08","guid":{"rendered":"https:\/\/turismosierradefrancia.es\/?page_id=7446"},"modified":"2024-11-07T09:44:46","modified_gmt":"2024-11-07T09:44:46","slug":"pueblo-el-cabaco","status":"publish","type":"page","link":"https:\/\/turismosierradefrancia.es\/?page_id=7446","title":{"rendered":"El Cabaco"},"content":{"rendered":"\n<a class=\"tic-subheader-image\" style=\"display:none\" href=\"https:\/\/turismosierradefrancia.es\/wp-content\/uploads\/2023\/11\/BC972E79-2B83-40C8-9ABC-CA69233AA366-copia-scaled.webp\"><\/a>\n\n\n\n<div style=\"height:30px\" aria-hidden=\"true\" class=\"wp-block-spacer\"><\/div>\n\n\n\n<div class=\"wp-block-media-text is-stacked-on-mobile is-image-fill tic-page-content has-background\" style=\"background-color:#ecf9ec\"><figure class=\"wp-block-media-text__media\" style=\"background-image:url(https:\/\/turismosierradefrancia.es\/wp-content\/uploads\/2023\/11\/foto_07_5_11zon-1024x543.webp);background-position:50% 50%\"><img fetchpriority=\"high\" decoding=\"async\" width=\"1024\" height=\"543\" src=\"https:\/\/turismosierradefrancia.es\/wp-content\/uploads\/2023\/11\/foto_07_5_11zon-1024x543.webp\" alt=\"Centro Interpretaci\u00f3n Miner\u00eda Romana del Oro Las Cavenes\" class=\"wp-image-10451 size-full\" srcset=\"https:\/\/turismosierradefrancia.es\/wp-content\/uploads\/2023\/11\/foto_07_5_11zon-1024x543.webp 1024w, https:\/\/turismosierradefrancia.es\/wp-content\/uploads\/2023\/11\/foto_07_5_11zon-300x159.webp 300w, https:\/\/turismosierradefrancia.es\/wp-content\/uploads\/2023\/11\/foto_07_5_11zon-768x407.webp 768w, https:\/\/turismosierradefrancia.es\/wp-content\/uploads\/2023\/11\/foto_07_5_11zon-142x75.webp 142w, https:\/\/turismosierradefrancia.es\/wp-content\/uploads\/2023\/11\/foto_07_5_11zon-480x254.webp 480w, https:\/\/turismosierradefrancia.es\/wp-content\/uploads\/2023\/11\/foto_07_5_11zon.webp 1136w\" sizes=\"(max-width:767px) 480px, (max-width:1024px) 100vw, 1024px\" \/><\/figure><div class=\"wp-block-media-text__content\">\n<div class=\"wp-block-group\"><div class=\"wp-block-group__inner-container is-layout-constrained wp-block-group-is-layout-constrained\">\n<div style=\"height:20px\" aria-hidden=\"true\" class=\"wp-block-spacer\"><\/div>\n\n\n\n<p class=\"has-text-align-center tic-titulo-secundario wp-block-paragraph\">Informaci\u00f3n de Contacto<\/p>\n\n\n\n<hr class=\"wp-block-separator has-alpha-channel-opacity\"\/>\n<\/div><\/div>\n\n\n\n<ul class=\"lists tic-ul\">\n    <li class=\"list tic-li\">\n        <svg class=\"tic-icon\" xmlns=\"http:\/\/www.w3.org\/2000\/svg\" height=\"1em\" viewBox=\"0 0 384 512\"><path d=\"M215.7 499.2C267 435 384 279.4 384 192C384 86 298 0 192 0S0 86 0 192c0 87.4 117 243 168.3 307.2c12.3 15.3 35.1 15.3 47.4 0zM192 128a64 64 0 1 1 0 128 64 64 0 1 1 0-128z\"\/><\/svg>   \n        <a class=\"link text tic-text\" href=\"https:\/\/maps.app.goo.gl\/q7cviNg33NyAJoMM8\" target=\"_blank\" rel=\"noreferrer noopener\"> Calle Larga 25, 37620 El Cabaco\n          \n          <\/a\n        >\n    <\/li>\n    <li class=\"list tic-li\">\n        <svg class=\"tic-icon\" xmlns=\"http:\/\/www.w3.org\/2000\/svg\" height=\"1em\" viewBox=\"0 0 512 512\"><path d=\"M164.9 24.6c-7.7-18.6-28-28.5-47.4-23.2l-88 24C12.1 30.2 0 46 0 64C0 311.4 200.6 512 448 512c18 0 33.8-12.1 38.6-29.5l24-88c5.3-19.4-4.6-39.7-23.2-47.4l-96-40c-16.3-6.8-35.2-2.1-46.3 11.6L304.7 368C234.3 334.7 177.3 277.7 144 207.3L193.3 167c13.7-11.2 18.4-30 11.6-46.3l-40-96z\"\/><\/svg>  \n        <a class=\"link text tic-text\" href=\"tel:+34 923 45 40 16\" target=\"_blank\" rel=\"noreferrer noopener\">+34 923 45 40 16<\/a\n        >\n    <\/li>\n    <li class=\"list tic-li\">\n        <svg class=\"tic-icon\" xmlns=\"http:\/\/www.w3.org\/2000\/svg\" height=\"1em\" viewBox=\"0 0 512 512\"><path d=\"M48 64C21.5 64 0 85.5 0 112c0 15.1 7.1 29.3 19.2 38.4L236.8 313.6c11.4 8.5 27 8.5 38.4 0L492.8 150.4c12.1-9.1 19.2-23.3 19.2-38.4c0-26.5-21.5-48-48-48H48zM0 176V384c0 35.3 28.7 64 64 64H448c35.3 0 64-28.7 64-64V176L294.4 339.2c-22.8 17.1-54 17.1-76.8 0L0 176z\"\/><\/svg>\n        <a class=\"link text tic-text\" href=\"mailto:aytoelcabaco@yahoo.es\" target=\"_blank\" rel=\"noreferrer noopener\">aytoelcabaco@yahoo.es<\/a\n        >\n    <\/li>\n    <li class=\"list tic-li\">\n        <svg class=\"tic-icon\" xmlns=\"http:\/\/www.w3.org\/2000\/svg\" height=\"1em\" viewBox=\"0 0 512 512\"><path d=\"M352 256c0 22.2-1.2 43.6-3.3 64H163.3c-2.2-20.4-3.3-41.8-3.3-64s1.2-43.6 3.3-64H348.7c2.2 20.4 3.3 41.8 3.3 64zm28.8-64H503.9c5.3 20.5 8.1 41.9 8.1 64s-2.8 43.5-8.1 64H380.8c2.1-20.6 3.2-42 3.2-64s-1.1-43.4-3.2-64zm112.6-32H376.7c-10-63.9-29.8-117.4-55.3-151.6c78.3 20.7 142 77.5 171.9 151.6zm-149.1 0H167.7c6.1-36.4 15.5-68.6 27-94.7c10.5-23.6 22.2-40.7 33.5-51.5C239.4 3.2 248.7 0 256 0s16.6 3.2 27.8 13.8c11.3 10.8 23 27.9 33.5 51.5c11.6 26 20.9 58.2 27 94.7zm-209 0H18.6C48.6 85.9 112.2 29.1 190.6 8.4C165.1 42.6 145.3 96.1 135.3 160zM8.1 192H131.2c-2.1 20.6-3.2 42-3.2 64s1.1 43.4 3.2 64H8.1C2.8 299.5 0 278.1 0 256s2.8-43.5 8.1-64zM194.7 446.6c-11.6-26-20.9-58.2-27-94.6H344.3c-6.1 36.4-15.5 68.6-27 94.6c-10.5 23.6-22.2 40.7-33.5 51.5C272.6 508.8 263.3 512 256 512s-16.6-3.2-27.8-13.8c-11.3-10.8-23-27.9-33.5-51.5zM135.3 352c10 63.9 29.8 117.4 55.3 151.6C112.2 482.9 48.6 426.1 18.6 352H135.3zm358.1 0c-30 74.1-93.6 130.9-171.9 151.6c25.5-34.2 45.2-87.7 55.3-151.6H493.4z\"\/><\/svg>\n        <a class=\"link text tic-text\" href=\"https:\/\/el-cabaco.com\" target=\"_blank\" rel=\"noreferrer noopener\">https:\/\/el-cabaco.com<\/a\n        >\n    <\/li>    \n<\/ul>\n\n\n\n<div style=\"height:10px\" aria-hidden=\"true\" class=\"wp-block-spacer\"><\/div>\n\n\n\n<ul class=\"wp-block-social-links aligncenter is-layout-flex wp-block-social-links-is-layout-flex\"><li class=\"wp-social-link wp-social-link-facebook wp-block-social-link\"><a href=\"https:\/\/www.facebook.com\/ayuntamientodeelcabaco\/?locale=es_ES\" class=\"wp-block-social-link-anchor\"><svg width=\"24\" height=\"24\" viewBox=\"0 0 24 24\" version=\"1.1\" xmlns=\"http:\/\/www.w3.org\/2000\/svg\" aria-hidden=\"true\" focusable=\"false\"><path d=\"M12 2C6.5 2 2 6.5 2 12c0 5 3.7 9.1 8.4 9.9v-7H7.9V12h2.5V9.8c0-2.5 1.5-3.9 3.8-3.9 1.1 0 2.2.2 2.2.2v2.5h-1.3c-1.2 0-1.6.8-1.6 1.6V12h2.8l-.4 2.9h-2.3v7C18.3 21.1 22 17 22 12c0-5.5-4.5-10-10-10z\"><\/path><\/svg><span class=\"wp-block-social-link-label screen-reader-text\">Facebook<\/span><\/a><\/li><\/ul>\n<\/div><\/div>\n\n\n\n<p class=\"wp-block-paragraph\"><\/p>\n\n\n\n<div class=\"wp-block-group tic-page-content\"><div class=\"wp-block-group__inner-container is-layout-constrained wp-block-group-is-layout-constrained\">\n<div style=\"height:20px\" aria-hidden=\"true\" class=\"wp-block-spacer\"><\/div>\n\n\n\n<p class=\"has-drop-cap tic-contenido-principal wp-block-paragraph\">El Cabaco se encuentra a los pies de la Pe\u00f1a de Francia, en la cuenca del <strong>r\u00edo Yeltes<\/strong> y cuenta con las pedan\u00edas de la <strong>Pe\u00f1a de Francia, Zarzosillo y Zarzoso<\/strong>. Su nombre puede proceder del lat\u00edn&nbsp;<em>cavatus<\/em>, que significa lugar donde se han realizado excavaciones. En este sentido destaca el paisaje arqueol\u00f3gico de <strong>Las Cavenes<\/strong>, resultado de las excavaciones realizadas por los romanos entre los siglos I y II despu\u00e9s de Cristo. A mediados del siglo XX tambi\u00e9n se extrajo wolframio hasta que dej\u00f3 de ser rentable.<\/p>\n\n\n\n<div style=\"height:20px\" aria-hidden=\"true\" class=\"wp-block-spacer\"><\/div>\n\n\n\n<figure class=\"wp-block-gallery aligncenter has-nested-images columns-3 is-cropped imagen-personalizada wp-block-gallery-1 is-layout-flex wp-block-gallery-is-layout-flex\">\n<figure class=\"wp-block-image size-large\"><a href=\"https:\/\/turismosierradefrancia.es\/wp-content\/uploads\/2023\/10\/IMG_8133photo-copia-2.webp\"><img decoding=\"async\" width=\"1024\" height=\"768\" data-id=\"7557\" src=\"https:\/\/turismosierradefrancia.es\/wp-content\/uploads\/2023\/10\/IMG_8133photo-copia-2-1024x768.webp\" alt=\"el caballo pueblo sierra de francia\" class=\"wp-image-7557\" srcset=\"https:\/\/turismosierradefrancia.es\/wp-content\/uploads\/2023\/10\/IMG_8133photo-copia-2-1024x768.webp 1024w, https:\/\/turismosierradefrancia.es\/wp-content\/uploads\/2023\/10\/IMG_8133photo-copia-2-300x225.webp 300w, https:\/\/turismosierradefrancia.es\/wp-content\/uploads\/2023\/10\/IMG_8133photo-copia-2-768x576.webp 768w, https:\/\/turismosierradefrancia.es\/wp-content\/uploads\/2023\/10\/IMG_8133photo-copia-2-100x75.webp 100w, https:\/\/turismosierradefrancia.es\/wp-content\/uploads\/2023\/10\/IMG_8133photo-copia-2-960x720.webp 960w, https:\/\/turismosierradefrancia.es\/wp-content\/uploads\/2023\/10\/IMG_8133photo-copia-2-480x360.webp 480w, https:\/\/turismosierradefrancia.es\/wp-content\/uploads\/2023\/10\/IMG_8133photo-copia-2.webp 1100w\" sizes=\"(max-width:767px) 480px, (max-width:1024px) 100vw, 1024px\" \/><\/a><\/figure>\n\n\n\n<figure class=\"wp-block-image size-large\"><a href=\"https:\/\/turismosierradefrancia.es\/wp-content\/uploads\/2023\/11\/F33E5690-5624-476D-B859-AE8EDD5EE496-copia.webp\"><img decoding=\"async\" width=\"1024\" height=\"768\" data-id=\"9811\" src=\"https:\/\/turismosierradefrancia.es\/wp-content\/uploads\/2023\/11\/F33E5690-5624-476D-B859-AE8EDD5EE496-copia-1024x768.webp\" alt=\"el caballo pueblo sierra de francia 2\" class=\"wp-image-9811\" srcset=\"https:\/\/turismosierradefrancia.es\/wp-content\/uploads\/2023\/11\/F33E5690-5624-476D-B859-AE8EDD5EE496-copia-1024x768.webp 1024w, https:\/\/turismosierradefrancia.es\/wp-content\/uploads\/2023\/11\/F33E5690-5624-476D-B859-AE8EDD5EE496-copia-300x225.webp 300w, https:\/\/turismosierradefrancia.es\/wp-content\/uploads\/2023\/11\/F33E5690-5624-476D-B859-AE8EDD5EE496-copia-768x576.webp 768w, https:\/\/turismosierradefrancia.es\/wp-content\/uploads\/2023\/11\/F33E5690-5624-476D-B859-AE8EDD5EE496-copia-100x75.webp 100w, https:\/\/turismosierradefrancia.es\/wp-content\/uploads\/2023\/11\/F33E5690-5624-476D-B859-AE8EDD5EE496-copia-960x720.webp 960w, https:\/\/turismosierradefrancia.es\/wp-content\/uploads\/2023\/11\/F33E5690-5624-476D-B859-AE8EDD5EE496-copia-480x360.webp 480w, https:\/\/turismosierradefrancia.es\/wp-content\/uploads\/2023\/11\/F33E5690-5624-476D-B859-AE8EDD5EE496-copia.webp 1200w\" sizes=\"(max-width:767px) 480px, (max-width:1024px) 100vw, 1024px\" \/><\/a><\/figure>\n\n\n\n<figure class=\"wp-block-image size-large\"><a href=\"https:\/\/turismosierradefrancia.es\/wp-content\/uploads\/2024\/06\/el-cabaco.webp\"><img loading=\"lazy\" decoding=\"async\" width=\"1024\" height=\"681\" data-id=\"16038\" src=\"https:\/\/turismosierradefrancia.es\/wp-content\/uploads\/2024\/06\/el-cabaco-1024x681.webp\" alt=\"el caballo pueblo sierra de francia 3\" class=\"wp-image-16038\" srcset=\"https:\/\/turismosierradefrancia.es\/wp-content\/uploads\/2024\/06\/el-cabaco-1024x681.webp 1024w, https:\/\/turismosierradefrancia.es\/wp-content\/uploads\/2024\/06\/el-cabaco-300x200.webp 300w, https:\/\/turismosierradefrancia.es\/wp-content\/uploads\/2024\/06\/el-cabaco-768x511.webp 768w, https:\/\/turismosierradefrancia.es\/wp-content\/uploads\/2024\/06\/el-cabaco-1536x1021.webp 1536w, https:\/\/turismosierradefrancia.es\/wp-content\/uploads\/2024\/06\/el-cabaco-113x75.webp 113w, https:\/\/turismosierradefrancia.es\/wp-content\/uploads\/2024\/06\/el-cabaco-480x319.webp 480w, https:\/\/turismosierradefrancia.es\/wp-content\/uploads\/2024\/06\/el-cabaco.webp 1600w\" sizes=\"(max-width:767px) 480px, (max-width:1024px) 100vw, 1024px\" \/><\/a><\/figure>\n\n\n\n<figure class=\"wp-block-image size-large\"><a href=\"https:\/\/turismosierradefrancia.es\/wp-content\/uploads\/2024\/06\/cab18-copia.webp\"><img loading=\"lazy\" decoding=\"async\" width=\"1024\" height=\"681\" data-id=\"16041\" src=\"https:\/\/turismosierradefrancia.es\/wp-content\/uploads\/2024\/06\/cab18-copia-1024x681.webp\" alt=\"el caballo pueblo sierra de francia 4\" class=\"wp-image-16041\" srcset=\"https:\/\/turismosierradefrancia.es\/wp-content\/uploads\/2024\/06\/cab18-copia-1024x681.webp 1024w, https:\/\/turismosierradefrancia.es\/wp-content\/uploads\/2024\/06\/cab18-copia-300x200.webp 300w, https:\/\/turismosierradefrancia.es\/wp-content\/uploads\/2024\/06\/cab18-copia-768x511.webp 768w, https:\/\/turismosierradefrancia.es\/wp-content\/uploads\/2024\/06\/cab18-copia-1536x1021.webp 1536w, https:\/\/turismosierradefrancia.es\/wp-content\/uploads\/2024\/06\/cab18-copia-113x75.webp 113w, https:\/\/turismosierradefrancia.es\/wp-content\/uploads\/2024\/06\/cab18-copia-480x319.webp 480w, https:\/\/turismosierradefrancia.es\/wp-content\/uploads\/2024\/06\/cab18-copia.webp 1600w\" sizes=\"(max-width:767px) 480px, (max-width:1024px) 100vw, 1024px\" \/><\/a><\/figure>\n\n\n\n<figure class=\"wp-block-image size-large\"><a href=\"https:\/\/turismosierradefrancia.es\/wp-content\/uploads\/2023\/11\/foto_10_7_11zon.webp\"><img loading=\"lazy\" decoding=\"async\" width=\"1024\" height=\"543\" data-id=\"10452\" src=\"https:\/\/turismosierradefrancia.es\/wp-content\/uploads\/2023\/11\/foto_10_7_11zon-1024x543.webp\" alt=\"el caballo pueblo sierra de francia 5\" class=\"wp-image-10452\" srcset=\"https:\/\/turismosierradefrancia.es\/wp-content\/uploads\/2023\/11\/foto_10_7_11zon-1024x543.webp 1024w, https:\/\/turismosierradefrancia.es\/wp-content\/uploads\/2023\/11\/foto_10_7_11zon-300x159.webp 300w, https:\/\/turismosierradefrancia.es\/wp-content\/uploads\/2023\/11\/foto_10_7_11zon-768x407.webp 768w, https:\/\/turismosierradefrancia.es\/wp-content\/uploads\/2023\/11\/foto_10_7_11zon-142x75.webp 142w, https:\/\/turismosierradefrancia.es\/wp-content\/uploads\/2023\/11\/foto_10_7_11zon-480x254.webp 480w, https:\/\/turismosierradefrancia.es\/wp-content\/uploads\/2023\/11\/foto_10_7_11zon.webp 1136w\" sizes=\"(max-width:767px) 480px, (max-width:1024px) 100vw, 1024px\" \/><\/a><\/figure>\n\n\n\n<figure class=\"wp-block-image size-large\"><a href=\"https:\/\/turismosierradefrancia.es\/wp-content\/uploads\/2023\/11\/el-cabaco-2.webp\"><img loading=\"lazy\" decoding=\"async\" width=\"1024\" height=\"768\" data-id=\"9800\" src=\"https:\/\/turismosierradefrancia.es\/wp-content\/uploads\/2023\/11\/el-cabaco-2-1024x768.webp\" alt=\"el caballo pueblo sierra de francia 6\" class=\"wp-image-9800\" srcset=\"https:\/\/turismosierradefrancia.es\/wp-content\/uploads\/2023\/11\/el-cabaco-2-1024x768.webp 1024w, https:\/\/turismosierradefrancia.es\/wp-content\/uploads\/2023\/11\/el-cabaco-2-300x225.webp 300w, https:\/\/turismosierradefrancia.es\/wp-content\/uploads\/2023\/11\/el-cabaco-2-768x576.webp 768w, https:\/\/turismosierradefrancia.es\/wp-content\/uploads\/2023\/11\/el-cabaco-2-100x75.webp 100w, https:\/\/turismosierradefrancia.es\/wp-content\/uploads\/2023\/11\/el-cabaco-2-960x720.webp 960w, https:\/\/turismosierradefrancia.es\/wp-content\/uploads\/2023\/11\/el-cabaco-2-480x360.webp 480w, https:\/\/turismosierradefrancia.es\/wp-content\/uploads\/2023\/11\/el-cabaco-2.webp 1200w\" sizes=\"(max-width:767px) 480px, (max-width:1024px) 100vw, 1024px\" \/><\/a><\/figure>\n<\/figure>\n\n\n\n<div style=\"height:50px\" aria-hidden=\"true\" class=\"wp-block-spacer\"><\/div>\n<\/div><\/div>\n\n\n\n<div class=\"wp-block-group tic-page-content\"><div class=\"wp-block-group__inner-container is-layout-constrained wp-block-group-is-layout-constrained\">\n<p class=\"tic-titulo-secundario wp-block-paragraph\">INFORMACI\u00d3N<\/p>\n\n\n\n<hr class=\"wp-block-separator has-alpha-channel-opacity\"\/>\n\n\n\n<p class=\"wp-block-paragraph\">Sin duda la Pe\u00f1a de Francia es la joya del t\u00e9rmino, con sus 1727 metros de altitud es visible desde toda la Sierra de Francia. Desde su cima podemos divisar las mejores vistas de la Sierra de Francia con paisajes como el campo charro, la Sierra de B\u00e9jar, numerosos municipios circundantes e incluso la ciudad de Salamanca. En su cima se encuentra el Santuario de Nuestra Se\u00f1ora de la Pe\u00f1a de Francia, con un monasterio, una hospeder\u00eda y tres capillas externas.<\/p>\n\n\n\n<p class=\"wp-block-paragraph\">El Cabaco posee tres BIC que son<strong> La Pe\u00f1a de Francia<\/strong>, la <strong>Miner\u00eda<\/strong> Romana de Las Cavenes y el Monasterio de Portacoeli, este \u00faltimo, ubicado en el Zarzoso, cuidado por las monjas franciscanas que se dedican a su actividad religiosa y fabrican dulces y obleas muy conocidos por la zona.&nbsp;<\/p>\n\n\n\n<p class=\"wp-block-paragraph\">Es uno de los mejores municipios para realizar excursiones, tanto en el entorno de la Pe\u00f1a de Francia, donde destacan los bosques de casta\u00f1o y robles y la posibilidad de ver cabras montesas, como en la zona arqueol\u00f3gica de Las Cavenes, con rutas se\u00f1alizadas e interpretadas para ver la zona de extracci\u00f3n de oro.<\/p>\n\n\n\n<p class=\"wp-block-paragraph\">Podremos apreciar la hospitalidad de sus habitantes en las numerosas celebraciones a lo largo de todas las estaciones, como son la Fiesta de Los Mozos en diciembre, Las \u00c1guedas en febrero, en primavera el d\u00eda del hornazo, la exaltaci\u00f3n de la Cruz o <em>La Emperr<\/em>\u00e1, en verano las fiestas patronales y en oto\u00f1o la calbochada y la matanza tradicional. En muchas de ellas los habitantes se engalanan con los trajes serranos con la filigrana propia de la localidad.<\/p>\n<\/div><\/div>\n\n\n\n<div class=\"wp-block-group tic-page-content\"><div class=\"wp-block-group__inner-container is-layout-constrained wp-block-group-is-layout-constrained\">\n<p class=\"tic-titulo-secundario wp-block-paragraph\">MAPA<\/p>\n\n\n\n<hr class=\"wp-block-separator has-alpha-channel-opacity\"\/>\n\n\n\n<iframe src=\"https:\/\/www.google.com\/maps\/embed?pb=!1m18!1m12!1m3!1d3030.965248345978!2d-6.129494487953493!3d40.56444467129707!2m3!1f0!2f0!3f0!3m2!1i1024!2i768!4f13.1!3m3!1m2!1s0xd3e8c6defe5ce4b%3A0x9f9c7be18e090afa!2s37621%20El%20Cabaco%2C%20Salamanca!5e0!3m2!1ses-419!2ses!4v1698070823948!5m2!1ses-419!2ses\" width=\"100%\" height=\"600\" style=\"border:0;\" allowfullscreen=\"\" loading=\"lazy\" referrerpolicy=\"no-referrer-when-downgrade\"><\/iframe>\n<\/div><\/div>\n\n\n\n<div class=\"wp-block-group tic-page-content\"><div class=\"wp-block-group__inner-container is-layout-constrained wp-block-group-is-layout-constrained\">\n<p class=\"tic-titulo-secundario wp-block-paragraph\">C\u00d3MO LLEGAR<\/p>\n\n\n\n<hr class=\"wp-block-separator has-alpha-channel-opacity\"\/>\n\n\n\n<p class=\"wp-block-paragraph\">En transporte p\u00fablico desde Salamanca hay autob\u00fas (autocares J. Cristeto) de ida los lunes y viernes a las 17:30 h. y desde La Bastida a Salamanca lunes y viernes a las 07:20 h.<\/p>\n\n\n\n<p class=\"wp-block-paragraph\">En coche desde Salamanca salimos por la CL-512 hasta Vecinos, continuamos por la SA-210 hasta Tamames, nos desviamos por la SA-215 hasta una carretera que sale a la izquierda en el t\u00e9rmino municipal de Cereceda de la Sierra. Pasaremos el pueblo de Cilleros de la Bastida y llegaremos a nuestro destino<\/p>\n<\/div><\/div>\n\n\n\n<div class=\"wp-block-group tic-page-content\"><div class=\"wp-block-group__inner-container is-layout-constrained wp-block-group-is-layout-constrained\">\n<p class=\"tic-titulo-secundario wp-block-paragraph\">QU\u00c9 VER<\/p>\n\n\n\n<hr class=\"wp-block-separator has-alpha-channel-opacity\"\/>\n\n\n\n<div class=\"wp-block-group is-nowrap is-layout-flex wp-container-core-group-is-layout-8f761849 wp-block-group-is-layout-flex\">\n<ul class=\"wp-block-list\">\n<li>Iglesia Parroquial de Nuestra Se\u00f1ora de la Misericordia<\/li>\n\n\n\n<li>Pe\u00f1a de Francia<\/li>\n\n\n\n<li class=\"tic-content-mosaic-page\"><strong><a href=\"https:\/\/turismosierradefrancia.es\/cultura\/patrimonio-religioso\/santuario-de-la-pena-de-francia\/\">Monasterio de Nuestra Se\u00f1ora de la Pe\u00f1a de Francia y ermitas<\/a><\/strong><\/li>\n\n\n\n<li class=\"tic-content-mosaic-page\"><strong><a href=\"https:\/\/turismosierradefrancia.es\/cultura\/centros-interpretacion-museos\/centro-de-interpretacion-de-la-mineria-del-oro-romano-de-las-cavenes\/\">Centro de Interpretaci\u00f3n de Las Cavenes<\/a><\/strong><\/li>\n\n\n\n<li class=\"tic-content-mosaic-page\"><a href=\"https:\/\/turismosierradefrancia.es\/cultura\/patrimonio-religioso\/convento-de-el-zarzoso\/\"><strong>Monasterio de Nuestra Se\u00f1ora de Porta Coeli en El Zarzoso<\/strong><\/a><\/li>\n<\/ul>\n<\/div>\n\n\n\n<p class=\"tic-titulo-secundario wp-block-paragraph\">LEYENDAS<\/p>\n\n\n\n<hr class=\"wp-block-separator has-alpha-channel-opacity\"\/>\n\n\n\n<div class=\"wp-block-group is-nowrap is-layout-flex wp-container-core-group-is-layout-8f761849 wp-block-group-is-layout-flex\">\n<ul class=\"wp-block-list\">\n<li class=\"tic-content-mosaic-page\"><strong><a href=\"https:\/\/turismosierradefrancia.es\/cultura\/historia-y-tradicion\/leyendas-de-la-sierra-de-francia\/pedro-lobo\/\">Pedro Lobo<\/a><\/strong><\/li>\n\n\n\n<li class=\"tic-content-mosaic-page\"><strong><a href=\"https:\/\/turismosierradefrancia.es\/cultura\/historia-y-tradicion\/leyendas-de-la-sierra-de-francia\/leyenda-de-la-virgen-de-la-pena-de-francia\/\">La Virgen de la Pe\u00f1a de Francia<\/a><\/strong><\/li>\n<\/ul>\n<\/div>\n\n\n\n<div style=\"height:10px\" aria-hidden=\"true\" class=\"wp-block-spacer\"><\/div>\n<\/div><\/div>\n\n\n\n<div class=\"wp-block-group tic-page-content\"><div class=\"wp-block-group__inner-container is-layout-constrained wp-block-group-is-layout-constrained\">\n<p class=\"tic-titulo-secundario wp-block-paragraph\">AGENDA<\/p>\n\n\n\n<hr class=\"wp-block-separator has-alpha-channel-opacity\"\/>\n\n\n<div class=\"em em-view-container\" id=\"em-view-646598258\" data-view=\"grid\" style=\"--view-grid-width : 235px\">\r\n\t<div class=\"em pixelbones em-list em-events-list em-grid em-events-grid\" id=\"em-events-grid-646598258\" data-view-id=\"646598258\">\r\n\tNo hay eventos programados\t<\/div>\r\n<\/div>\n\n\n\n<div style=\"height:30px\" aria-hidden=\"true\" class=\"wp-block-spacer\"><\/div>\n\n\n\n<div style=\"height:20px\" aria-hidden=\"true\" class=\"wp-block-spacer\"><\/div>\n\n\n\n<div class=\"wp-block-buttons is-content-justification-center is-layout-flex wp-container-core-buttons-is-layout-fe48e5de wp-block-buttons-is-layout-flex\">\n<div class=\"wp-block-button is-style-fill\"><a class=\"wp-block-button__link has-white-color has-text-color has-background has-link-color has-text-align-center wp-element-button\" href=\"https:\/\/turismosierradefrancia.es\/agenda-completa\/\" style=\"border-radius:25px;background-color:#3c6f13\">Ver Oferta Completa de Eventos<\/a><\/div>\n<\/div>\n<\/div><\/div>\n\n\n\n<div style=\"height:30px\" aria-hidden=\"true\" class=\"wp-block-spacer\"><\/div>\n\n\n\n<div class=\"wp-block-group tic-page-footer\"><div class=\"wp-block-group__inner-container is-layout-constrained wp-block-group-is-layout-constrained\">\n<p class=\"tic-secicon has-medium-font-size wp-block-paragraph\"><strong>Relacionado<\/strong><\/p>\n\n\n\n\t\t\t<div class=\"foogallery foogallery-container foogallery-carousel foogallery-lightbox-none fg-carousel-hide-nav-arrows fg-carousel-hide-pagination fg-carousel-hide-progress-bar fg-carousel fg-ready fg-custom fg-shadow-outline fg-loading-default fg-loaded-fade-in fg-caption-always fg-hover-fade fg-c-c\" id=\"foogallery-gallery-3652\" data-foogallery=\"{&quot;item&quot;:{&quot;showCaptionTitle&quot;:true,&quot;showCaptionDescription&quot;:true},&quot;lazy&quot;:true,&quot;src&quot;:&quot;src&quot;,&quot;srcset&quot;:&quot;srcset&quot;,&quot;template&quot;:{&quot;maxItems&quot;:7,&quot;scale&quot;:0,&quot;gutter&quot;:{&quot;min&quot;:5,&quot;max&quot;:10,&quot;unit&quot;:&quot;px&quot;},&quot;autoplay&quot;:{&quot;time&quot;:5,&quot;interaction&quot;:&quot;disable&quot;},&quot;centerOnClick&quot;:false,&quot;align&quot;:&quot;center&quot;,&quot;activePosition&quot;:&quot;center&quot;}}\" style=\"--fg-title-line-clamp: 0; --fg-description-line-clamp: 0;\" >\n\t<button type=\"button\" class=\"fg-carousel-prev\" title=\"Anterior\"><\/button>\n\t<div class=\"fg-carousel-inner\">\n\t\t<div class=\"fg-carousel-center\"><\/div>\n\t\t<div class=\"fg-item fg-type-iframe fg-loading\"><figure class=\"fg-item-inner\"><a href=\"https:\/\/turismosierradefrancia.es\/nuestros-pueblos\/\" data-caption-title=\"Nuestros Pueblos\" data-attachment-id=\"16463\" data-e-disable-page-transition=\"true\" data-type=\"iframe\" class=\"fg-thumb\"><span class=\"fg-image-wrap\"><img loading=\"lazy\" src=\"https:\/\/turismosierradefrancia.es\/wp-content\/uploads\/cache\/2024\/06\/nuestros-pueblos-recomendado\/3504428687.webp\" title=\"Nuestros Pueblos\" width=\"293\" height=\"400\" class=\"skip-lazy fg-image\" decoding=\"async\" loading=\"lazy\"><\/span><span class=\"fg-image-overlay\"><\/span><\/a><figcaption class=\"fg-caption\"><div class=\"fg-caption-inner\"><div class=\"fg-caption-title\">Nuestros Pueblos<\/div><\/div><\/figcaption><\/figure><div class=\"fg-loader\"><\/div><\/div><div class=\"fg-item fg-type-iframe fg-loading\"><figure class=\"fg-item-inner\"><a href=\"https:\/\/turismosierradefrancia.es\/turismo-activo\/estacion-de-deportes-de-montana\/senderismo\/\" data-caption-title=\"Senderismo\" data-attachment-id=\"16465\" data-e-disable-page-transition=\"true\" data-type=\"iframe\" class=\"fg-thumb\"><span class=\"fg-image-wrap\"><img loading=\"lazy\" src=\"https:\/\/turismosierradefrancia.es\/wp-content\/uploads\/cache\/2024\/06\/senderismo-recomendador\/2738489355.webp\" title=\"Senderismo\" width=\"293\" height=\"400\" class=\"skip-lazy fg-image\" decoding=\"async\" loading=\"lazy\"><\/span><span class=\"fg-image-overlay\"><\/span><\/a><figcaption class=\"fg-caption\"><div class=\"fg-caption-inner\"><div class=\"fg-caption-title\">Senderismo<\/div><\/div><\/figcaption><\/figure><div class=\"fg-loader\"><\/div><\/div><div class=\"fg-item fg-type-iframe fg-loading\"><figure class=\"fg-item-inner\"><a href=\"https:\/\/turismosierradefrancia.es\/turismo-activo\/turismo-rutas-accesibles\/\" data-caption-title=\"Rutas Accesibles\" data-attachment-id=\"16464\" data-e-disable-page-transition=\"true\" data-type=\"iframe\" class=\"fg-thumb\"><span class=\"fg-image-wrap\"><img loading=\"lazy\" src=\"https:\/\/turismosierradefrancia.es\/wp-content\/uploads\/cache\/2024\/06\/rutas-accesibles-recomendador\/2972824326.webp\" title=\"Rutas Accesibles\" width=\"293\" height=\"400\" class=\"skip-lazy fg-image\" decoding=\"async\" loading=\"lazy\"><\/span><span class=\"fg-image-overlay\"><\/span><\/a><figcaption class=\"fg-caption\"><div class=\"fg-caption-inner\"><div class=\"fg-caption-title\">Rutas Accesibles<\/div><\/div><\/figcaption><\/figure><div class=\"fg-loader\"><\/div><\/div><div class=\"fg-item fg-type-iframe fg-loading\"><figure class=\"fg-item-inner\"><a href=\"https:\/\/turismosierradefrancia.es\/donde-dormir\/\" data-caption-title=\"\u00bfD\u00f3nde Comer?\" data-attachment-id=\"16462\" data-e-disable-page-transition=\"true\" data-type=\"iframe\" class=\"fg-thumb\"><span class=\"fg-image-wrap\"><img loading=\"lazy\" src=\"https:\/\/turismosierradefrancia.es\/wp-content\/uploads\/cache\/2024\/06\/donde_comer-recomendado\/1038040024.webp\" title=\"\u00bfD\u00f3nde Comer?\" width=\"293\" height=\"400\" class=\"skip-lazy fg-image\" decoding=\"async\" loading=\"lazy\"><\/span><span class=\"fg-image-overlay\"><\/span><\/a><figcaption class=\"fg-caption\"><div class=\"fg-caption-inner\"><div class=\"fg-caption-title\">\u00bfD\u00f3nde Comer?<\/div><\/div><\/figcaption><\/figure><div class=\"fg-loader\"><\/div><\/div><div class=\"fg-item fg-type-iframe fg-loading\"><figure class=\"fg-item-inner\"><a href=\"https:\/\/turismosierradefrancia.es\/donde-dormir\/\" data-caption-title=\"\u00bfD\u00f3nde Dormir?\" data-attachment-id=\"16461\" data-e-disable-page-transition=\"true\" data-type=\"iframe\" class=\"fg-thumb\"><span class=\"fg-image-wrap\"><img loading=\"lazy\" src=\"https:\/\/turismosierradefrancia.es\/wp-content\/uploads\/cache\/2024\/06\/donde-dormir-recomendado\/1391775750.webp\" title=\"\u00bfD\u00f3nde Dormir?\" width=\"293\" height=\"400\" class=\"skip-lazy fg-image\" decoding=\"async\" loading=\"lazy\"><\/span><span class=\"fg-image-overlay\"><\/span><\/a><figcaption class=\"fg-caption\"><div class=\"fg-caption-inner\"><div class=\"fg-caption-title\">\u00bfD\u00f3nde Dormir?<\/div><\/div><\/figcaption><\/figure><div class=\"fg-loader\"><\/div><\/div><div class=\"fg-item fg-type-iframe fg-loading\"><figure class=\"fg-item-inner\"><a href=\"https:\/\/turismosierradefrancia.es\/turismo-activo\/caminos-de-arte-en-la-naturaleza\/\" data-caption-title=\"Caminos de Arte\" data-attachment-id=\"16459\" data-e-disable-page-transition=\"true\" data-type=\"iframe\" class=\"fg-thumb\"><span class=\"fg-image-wrap\"><img loading=\"lazy\" src=\"https:\/\/turismosierradefrancia.es\/wp-content\/uploads\/cache\/2024\/06\/caminos-del-arte-recomendador\/4270799215.webp\" title=\"Caminos de Arte\" width=\"293\" height=\"400\" class=\"skip-lazy fg-image\" decoding=\"async\" loading=\"lazy\"><\/span><span class=\"fg-image-overlay\"><\/span><\/a><figcaption class=\"fg-caption\"><div class=\"fg-caption-inner\"><div class=\"fg-caption-title\">Caminos de Arte<\/div><\/div><\/figcaption><\/figure><div class=\"fg-loader\"><\/div><\/div><div class=\"fg-item fg-type-iframe fg-loading\"><figure class=\"fg-item-inner\"><a href=\"https:\/\/turismosierradefrancia.es\/cultura\/centros-interpretacion-museos\/\" data-caption-title=\"Centros de Interpretaci\u00f3n\" data-attachment-id=\"16460\" data-e-disable-page-transition=\"true\" data-type=\"iframe\" class=\"fg-thumb\"><span class=\"fg-image-wrap\"><img loading=\"lazy\" src=\"https:\/\/turismosierradefrancia.es\/wp-content\/uploads\/cache\/2024\/06\/centro-interpretacion-museo\/2796342601.webp\" title=\"Centros de Interpretaci\u00f3n\" width=\"293\" height=\"400\" class=\"skip-lazy fg-image\" decoding=\"async\" loading=\"lazy\"><\/span><span class=\"fg-image-overlay\"><\/span><\/a><figcaption class=\"fg-caption\"><div class=\"fg-caption-inner\"><div class=\"fg-caption-title\">Centros de Interpretaci\u00f3n<\/div><\/div><\/figcaption><\/figure><div class=\"fg-loader\"><\/div><\/div>\t<\/div>\n\t<div class=\"fg-carousel-bottom\"><\/div>\n\t<div class=\"fg-carousel-progress\"><\/div>\n\t<button type=\"button\" class=\"fg-carousel-next\" title=\"Siguiente\"><\/button>\n<\/div>\n\n\n\n<div style=\"height:50px\" aria-hidden=\"true\" class=\"wp-block-spacer\"><\/div>\n<\/div><\/div>\n<style class=\"advgb-styles-renderer\">\n#foogallery-gallery-3652 .fg-image { width: 293px; }#foogallery-gallery-3652 { \r\n width:100%;\r\n}\r\n\r\n#foogallery-gallery-3652 div.fg-caption-title { \r\nfont-weight:700;\r\n}\r\n\r\n<\/style>","protected":false},"excerpt":{"rendered":"<p>El Cabaco se encuentra a los pies de la Pe\u00f1a de Francia, en la cuenca del r\u00edo Yeltes y cuenta&hellip; <a class=\"continue\" href=\"https:\/\/turismosierradefrancia.es\/?page_id=7446\">Seguir leyendo<span> El Cabaco<\/span><\/a><\/p>\n","protected":false},"author":1,"featured_media":0,"parent":3996,"menu_order":0,"comment_status":"closed","ping_status":"closed","template":"","meta":{"advgb_blocks_editor_width":"","advgb_blocks_columns_visual_guide":"","footnotes":""},"class_list":["post-7446","page","type-page","status-publish","hentry"],"yoast_head":"<!-- This site is optimized with the Yoast SEO plugin v28.2 - https:\/\/yoast.com\/product\/yoast-seo-wordpress\/ -->\n<title>Pueblos de la Sierra de Francia: El Cabaco - Sierra de Francia<\/title>\n<meta name=\"description\" content=\"El Cabaco est\u00e1 a los pies de la Pe\u00f1a de Francia. Destaca la zona arqueol\u00f3gica de Las Cavenes con rutas se\u00f1alizadas e interpretadas para ver la zona de extracci\u00f3n de oro romana.\" \/>\n<meta name=\"robots\" content=\"index, follow, max-snippet:-1, max-image-preview:large, max-video-preview:-1\" \/>\n<link rel=\"canonical\" href=\"https:\/\/turismosierradefrancia.es\/?page_id=7446\" \/>\n<meta property=\"og:locale\" content=\"es_ES\" \/>\n<meta property=\"og:type\" content=\"article\" \/>\n<meta property=\"og:title\" content=\"Pueblos de la Sierra de Francia: El Cabaco - Sierra de Francia\" \/>\n<meta property=\"og:description\" content=\"El Cabaco est\u00e1 a los pies de la Pe\u00f1a de Francia. Destaca la zona arqueol\u00f3gica de Las Cavenes con rutas se\u00f1alizadas e interpretadas para ver la zona de extracci\u00f3n de oro romana.\" \/>\n<meta property=\"og:url\" content=\"https:\/\/turismosierradefrancia.es\/?page_id=7446\" \/>\n<meta property=\"og:site_name\" content=\"Sierra de Francia\" \/>\n<meta property=\"article:publisher\" content=\"https:\/\/www.facebook.com\/visitasierradefrancia\/\" \/>\n<meta property=\"article:modified_time\" content=\"2024-11-07T09:44:46+00:00\" \/>\n<meta property=\"og:image\" content=\"https:\/\/turismosierradefrancia.es\/wp-content\/uploads\/2023\/11\/foto_07_5_11zon-1024x543.webp\" \/>\n<meta name=\"twitter:card\" content=\"summary_large_image\" \/>\n<meta name=\"twitter:site\" content=\"@visitaSF\" \/>\n<meta name=\"twitter:label1\" content=\"Tiempo de lectura\" \/>\n\t<meta name=\"twitter:data1\" content=\"4 minutos\" \/>\n<script type=\"application\/ld+json\" class=\"yoast-schema-graph\">{\"@context\":\"https:\\\/\\\/schema.org\",\"@graph\":[{\"@type\":\"WebPage\",\"@id\":\"https:\\\/\\\/turismosierradefrancia.es\\\/?page_id=7446\",\"url\":\"https:\\\/\\\/turismosierradefrancia.es\\\/?page_id=7446\",\"name\":\"Pueblos de la Sierra de Francia: El Cabaco - Sierra de Francia\",\"isPartOf\":{\"@id\":\"https:\\\/\\\/turismosierradefrancia.es\\\/#website\"},\"primaryImageOfPage\":{\"@id\":\"https:\\\/\\\/turismosierradefrancia.es\\\/?page_id=7446#primaryimage\"},\"image\":{\"@id\":\"https:\\\/\\\/turismosierradefrancia.es\\\/?page_id=7446#primaryimage\"},\"thumbnailUrl\":\"https:\\\/\\\/turismosierradefrancia.es\\\/wp-content\\\/uploads\\\/2023\\\/11\\\/foto_07_5_11zon-1024x543.webp\",\"datePublished\":\"2023-10-11T19:05:08+00:00\",\"dateModified\":\"2024-11-07T09:44:46+00:00\",\"description\":\"El Cabaco est\u00e1 a los pies de la Pe\u00f1a de Francia. Destaca la zona arqueol\u00f3gica de Las Cavenes con rutas se\u00f1alizadas e interpretadas para ver la zona de extracci\u00f3n de oro romana.\",\"breadcrumb\":{\"@id\":\"https:\\\/\\\/turismosierradefrancia.es\\\/?page_id=7446#breadcrumb\"},\"inLanguage\":\"es\",\"potentialAction\":[{\"@type\":\"ReadAction\",\"target\":[\"https:\\\/\\\/turismosierradefrancia.es\\\/?page_id=7446\"]}]},{\"@type\":\"ImageObject\",\"inLanguage\":\"es\",\"@id\":\"https:\\\/\\\/turismosierradefrancia.es\\\/?page_id=7446#primaryimage\",\"url\":\"https:\\\/\\\/turismosierradefrancia.es\\\/wp-content\\\/uploads\\\/2023\\\/11\\\/foto_07_5_11zon.webp\",\"contentUrl\":\"https:\\\/\\\/turismosierradefrancia.es\\\/wp-content\\\/uploads\\\/2023\\\/11\\\/foto_07_5_11zon.webp\",\"width\":1136,\"height\":602,\"caption\":\"Centro Interpretaci\u00f3n Miner\u00eda Romana del Oro Las Cavenes\"},{\"@type\":\"BreadcrumbList\",\"@id\":\"https:\\\/\\\/turismosierradefrancia.es\\\/?page_id=7446#breadcrumb\",\"itemListElement\":[{\"@type\":\"ListItem\",\"position\":1,\"name\":\"Inicio\",\"item\":\"https:\\\/\\\/turismosierradefrancia.es\\\/\"},{\"@type\":\"ListItem\",\"position\":2,\"name\":\"Nuestros Pueblos\",\"item\":\"https:\\\/\\\/turismosierradefrancia.es\\\/?page_id=3996\"},{\"@type\":\"ListItem\",\"position\":3,\"name\":\"El Cabaco\"}]},{\"@type\":\"WebSite\",\"@id\":\"https:\\\/\\\/turismosierradefrancia.es\\\/#website\",\"url\":\"https:\\\/\\\/turismosierradefrancia.es\\\/\",\"name\":\"Sierra de Francia\",\"description\":\"\",\"publisher\":{\"@id\":\"https:\\\/\\\/turismosierradefrancia.es\\\/#organization\"},\"alternateName\":\"Turismo Sierra de Francia\",\"potentialAction\":[{\"@type\":\"SearchAction\",\"target\":{\"@type\":\"EntryPoint\",\"urlTemplate\":\"https:\\\/\\\/turismosierradefrancia.es\\\/?s={search_term_string}\"},\"query-input\":{\"@type\":\"PropertyValueSpecification\",\"valueRequired\":true,\"valueName\":\"search_term_string\"}}],\"inLanguage\":\"es\"},{\"@type\":\"Organization\",\"@id\":\"https:\\\/\\\/turismosierradefrancia.es\\\/#organization\",\"name\":\"Sierra de Francia\",\"alternateName\":\"Turismo Sierra de Francia\",\"url\":\"https:\\\/\\\/turismosierradefrancia.es\\\/\",\"logo\":{\"@type\":\"ImageObject\",\"inLanguage\":\"es\",\"@id\":\"https:\\\/\\\/turismosierradefrancia.es\\\/#\\\/schema\\\/logo\\\/image\\\/\",\"url\":\"https:\\\/\\\/turismosierradefrancia.es\\\/wp-content\\\/uploads\\\/2024\\\/04\\\/cropped-logo_redondo-removebg-preview.png\",\"contentUrl\":\"https:\\\/\\\/turismosierradefrancia.es\\\/wp-content\\\/uploads\\\/2024\\\/04\\\/cropped-logo_redondo-removebg-preview.png\",\"width\":512,\"height\":512,\"caption\":\"Sierra de Francia\"},\"image\":{\"@id\":\"https:\\\/\\\/turismosierradefrancia.es\\\/#\\\/schema\\\/logo\\\/image\\\/\"},\"sameAs\":[\"https:\\\/\\\/www.facebook.com\\\/visitasierradefrancia\\\/\",\"https:\\\/\\\/x.com\\\/visitaSF\",\"https:\\\/\\\/www.instagram.com\\\/visitasierradefrancia\\\/\",\"https:\\\/\\\/www.youtube.com\\\/@visitasierradefrancia\"]}]}<\/script>\n<!-- \/ Yoast SEO plugin. -->","yoast_head_json":{"title":"Pueblos de la Sierra de Francia: El Cabaco - Sierra de Francia","description":"El Cabaco est\u00e1 a los pies de la Pe\u00f1a de Francia. Destaca la zona arqueol\u00f3gica de Las Cavenes con rutas se\u00f1alizadas e interpretadas para ver la zona de extracci\u00f3n de oro romana.","robots":{"index":"index","follow":"follow","max-snippet":"max-snippet:-1","max-image-preview":"max-image-preview:large","max-video-preview":"max-video-preview:-1"},"canonical":"https:\/\/turismosierradefrancia.es\/?page_id=7446","og_locale":"es_ES","og_type":"article","og_title":"Pueblos de la Sierra de Francia: El Cabaco - Sierra de Francia","og_description":"El Cabaco est\u00e1 a los pies de la Pe\u00f1a de Francia. Destaca la zona arqueol\u00f3gica de Las Cavenes con rutas se\u00f1alizadas e interpretadas para ver la zona de extracci\u00f3n de oro romana.","og_url":"https:\/\/turismosierradefrancia.es\/?page_id=7446","og_site_name":"Sierra de Francia","article_publisher":"https:\/\/www.facebook.com\/visitasierradefrancia\/","article_modified_time":"2024-11-07T09:44:46+00:00","og_image":[{"url":"https:\/\/turismosierradefrancia.es\/wp-content\/uploads\/2023\/11\/foto_07_5_11zon-1024x543.webp","type":"","width":"","height":""}],"twitter_card":"summary_large_image","twitter_site":"@visitaSF","twitter_misc":{"Tiempo de lectura":"4 minutos"},"schema":{"@context":"https:\/\/schema.org","@graph":[{"@type":"WebPage","@id":"https:\/\/turismosierradefrancia.es\/?page_id=7446","url":"https:\/\/turismosierradefrancia.es\/?page_id=7446","name":"Pueblos de la Sierra de Francia: El Cabaco - Sierra de Francia","isPartOf":{"@id":"https:\/\/turismosierradefrancia.es\/#website"},"primaryImageOfPage":{"@id":"https:\/\/turismosierradefrancia.es\/?page_id=7446#primaryimage"},"image":{"@id":"https:\/\/turismosierradefrancia.es\/?page_id=7446#primaryimage"},"thumbnailUrl":"https:\/\/turismosierradefrancia.es\/wp-content\/uploads\/2023\/11\/foto_07_5_11zon-1024x543.webp","datePublished":"2023-10-11T19:05:08+00:00","dateModified":"2024-11-07T09:44:46+00:00","description":"El Cabaco est\u00e1 a los pies de la Pe\u00f1a de Francia. Destaca la zona arqueol\u00f3gica de Las Cavenes con rutas se\u00f1alizadas e interpretadas para ver la zona de extracci\u00f3n de oro romana.","breadcrumb":{"@id":"https:\/\/turismosierradefrancia.es\/?page_id=7446#breadcrumb"},"inLanguage":"es","potentialAction":[{"@type":"ReadAction","target":["https:\/\/turismosierradefrancia.es\/?page_id=7446"]}]},{"@type":"ImageObject","inLanguage":"es","@id":"https:\/\/turismosierradefrancia.es\/?page_id=7446#primaryimage","url":"https:\/\/turismosierradefrancia.es\/wp-content\/uploads\/2023\/11\/foto_07_5_11zon.webp","contentUrl":"https:\/\/turismosierradefrancia.es\/wp-content\/uploads\/2023\/11\/foto_07_5_11zon.webp","width":1136,"height":602,"caption":"Centro Interpretaci\u00f3n Miner\u00eda Romana del Oro Las Cavenes"},{"@type":"BreadcrumbList","@id":"https:\/\/turismosierradefrancia.es\/?page_id=7446#breadcrumb","itemListElement":[{"@type":"ListItem","position":1,"name":"Inicio","item":"https:\/\/turismosierradefrancia.es\/"},{"@type":"ListItem","position":2,"name":"Nuestros Pueblos","item":"https:\/\/turismosierradefrancia.es\/?page_id=3996"},{"@type":"ListItem","position":3,"name":"El Cabaco"}]},{"@type":"WebSite","@id":"https:\/\/turismosierradefrancia.es\/#website","url":"https:\/\/turismosierradefrancia.es\/","name":"Sierra de Francia","description":"","publisher":{"@id":"https:\/\/turismosierradefrancia.es\/#organization"},"alternateName":"Turismo Sierra de Francia","potentialAction":[{"@type":"SearchAction","target":{"@type":"EntryPoint","urlTemplate":"https:\/\/turismosierradefrancia.es\/?s={search_term_string}"},"query-input":{"@type":"PropertyValueSpecification","valueRequired":true,"valueName":"search_term_string"}}],"inLanguage":"es"},{"@type":"Organization","@id":"https:\/\/turismosierradefrancia.es\/#organization","name":"Sierra de Francia","alternateName":"Turismo Sierra de Francia","url":"https:\/\/turismosierradefrancia.es\/","logo":{"@type":"ImageObject","inLanguage":"es","@id":"https:\/\/turismosierradefrancia.es\/#\/schema\/logo\/image\/","url":"https:\/\/turismosierradefrancia.es\/wp-content\/uploads\/2024\/04\/cropped-logo_redondo-removebg-preview.png","contentUrl":"https:\/\/turismosierradefrancia.es\/wp-content\/uploads\/2024\/04\/cropped-logo_redondo-removebg-preview.png","width":512,"height":512,"caption":"Sierra de Francia"},"image":{"@id":"https:\/\/turismosierradefrancia.es\/#\/schema\/logo\/image\/"},"sameAs":["https:\/\/www.facebook.com\/visitasierradefrancia\/","https:\/\/x.com\/visitaSF","https:\/\/www.instagram.com\/visitasierradefrancia\/","https:\/\/www.youtube.com\/@visitasierradefrancia"]}]}},"coauthors":[],"author_meta":{"author_link":"https:\/\/turismosierradefrancia.es\/?author=1","display_name":"admin"},"relative_dates":{"created":"Publicado 3 a\u00f1os hace","modified":"Actualizado 2 a\u00f1os hace"},"absolute_dates":{"created":"Publicado el 11\/10\/2023","modified":"Actualizado el 07\/11\/2024"},"absolute_dates_time":{"created":"Publicado el 11\/10\/2023 19:05","modified":"Actualizado el 07\/11\/2024 09:44"},"featured_img_caption":"","featured_img":false,"series_order":"","_links":{"self":[{"href":"https:\/\/turismosierradefrancia.es\/index.php?rest_route=\/wp\/v2\/pages\/7446","targetHints":{"allow":["GET"]}}],"collection":[{"href":"https:\/\/turismosierradefrancia.es\/index.php?rest_route=\/wp\/v2\/pages"}],"about":[{"href":"https:\/\/turismosierradefrancia.es\/index.php?rest_route=\/wp\/v2\/types\/page"}],"author":[{"embeddable":true,"href":"https:\/\/turismosierradefrancia.es\/index.php?rest_route=\/wp\/v2\/users\/1"}],"replies":[{"embeddable":true,"href":"https:\/\/turismosierradefrancia.es\/index.php?rest_route=%2Fwp%2Fv2%2Fcomments&post=7446"}],"version-history":[{"count":53,"href":"https:\/\/turismosierradefrancia.es\/index.php?rest_route=\/wp\/v2\/pages\/7446\/revisions"}],"predecessor-version":[{"id":19002,"href":"https:\/\/turismosierradefrancia.es\/index.php?rest_route=\/wp\/v2\/pages\/7446\/revisions\/19002"}],"up":[{"embeddable":true,"href":"https:\/\/turismosierradefrancia.es\/index.php?rest_route=\/wp\/v2\/pages\/3996"}],"wp:attachment":[{"href":"https:\/\/turismosierradefrancia.es\/index.php?rest_route=%2Fwp%2Fv2%2Fmedia&parent=7446"}],"curies":[{"name":"wp","href":"https:\/\/api.w.org\/{rel}","templated":true}]}}