{"id":7565,"date":"2023-10-15T15:30:31","date_gmt":"2023-10-15T15:30:31","guid":{"rendered":"https:\/\/turismosierradefrancia.es\/?page_id=7565"},"modified":"2024-10-24T19:24:14","modified_gmt":"2024-10-24T19:24:14","slug":"linares-de-riofrio","status":"publish","type":"page","link":"https:\/\/turismosierradefrancia.es\/?page_id=7565","title":{"rendered":"Linares de Riofr\u00edo"},"content":{"rendered":"\n<a class=\"tic-subheader-image\" style=\"display:none\" href=\"https:\/\/turismosierradefrancia.es\/wp-content\/uploads\/2023\/11\/WhatsApp-Image-2023-11-19-at-12.12.31-9-copia-2.webp\"><\/a>\n\n\n\n<div style=\"height:30px\" aria-hidden=\"true\" class=\"wp-block-spacer\"><\/div>\n\n\n\n<div class=\"wp-block-media-text is-stacked-on-mobile is-image-fill tic-page-content has-background\" style=\"background-color:#ecf9ec\"><figure class=\"wp-block-media-text__media\" style=\"background-image:url(https:\/\/turismosierradefrancia.es\/wp-content\/uploads\/2023\/11\/WhatsApp-Image-2023-11-19-at-12.12.31-7-copia.webp);background-position:50% 50%\"><img fetchpriority=\"high\" decoding=\"async\" width=\"1024\" height=\"768\" src=\"https:\/\/turismosierradefrancia.es\/wp-content\/uploads\/2023\/11\/WhatsApp-Image-2023-11-19-at-12.12.31-7-copia.webp\" alt=\"Linares de Riofr\u00edo\" class=\"wp-image-9963 size-full\" srcset=\"https:\/\/turismosierradefrancia.es\/wp-content\/uploads\/2023\/11\/WhatsApp-Image-2023-11-19-at-12.12.31-7-copia.webp 1024w, https:\/\/turismosierradefrancia.es\/wp-content\/uploads\/2023\/11\/WhatsApp-Image-2023-11-19-at-12.12.31-7-copia-300x225.webp 300w, https:\/\/turismosierradefrancia.es\/wp-content\/uploads\/2023\/11\/WhatsApp-Image-2023-11-19-at-12.12.31-7-copia-768x576.webp 768w, https:\/\/turismosierradefrancia.es\/wp-content\/uploads\/2023\/11\/WhatsApp-Image-2023-11-19-at-12.12.31-7-copia-100x75.webp 100w, https:\/\/turismosierradefrancia.es\/wp-content\/uploads\/2023\/11\/WhatsApp-Image-2023-11-19-at-12.12.31-7-copia-960x720.webp 960w, https:\/\/turismosierradefrancia.es\/wp-content\/uploads\/2023\/11\/WhatsApp-Image-2023-11-19-at-12.12.31-7-copia-480x360.webp 480w\" sizes=\"(max-width:767px) 480px, (max-width:1024px) 100vw, 1024px\" \/><\/figure><div class=\"wp-block-media-text__content\">\n<div class=\"wp-block-group\"><div class=\"wp-block-group__inner-container is-layout-constrained wp-block-group-is-layout-constrained\">\n<div style=\"height:30px\" aria-hidden=\"true\" class=\"wp-block-spacer\"><\/div>\n\n\n\n<p class=\"has-text-align-center tic-titulo-secundario wp-block-paragraph\">Informaci\u00f3n de Contacto<\/p>\n\n\n\n<hr class=\"wp-block-separator has-alpha-channel-opacity\"\/>\n<\/div><\/div>\n\n\n\n<ul class=\"lists tic-ul\">\n    <li class=\"list tic-li\">\n        <svg class=\"tic-icon\" xmlns=\"http:\/\/www.w3.org\/2000\/svg\" height=\"1em\" viewBox=\"0 0 384 512\"><path d=\"M215.7 499.2C267 435 384 279.4 384 192C384 86 298 0 192 0S0 86 0 192c0 87.4 117 243 168.3 307.2c12.3 15.3 35.1 15.3 47.4 0zM192 128a64 64 0 1 1 0 128 64 64 0 1 1 0-128z\"\/><\/svg>   \n        <a class=\"link text tic-text\" href=\"https:\/\/maps.app.goo.gl\/8KehGtzrzs3BLuHW8\" target=\"_blank\" rel=\"noreferrer noopener\"> Plaza de Espa\u00f1a 1, 37760 Linares de Riofr\u00edo\n          \n          <\/a\n        >\n    <\/li>\n    <li class=\"list tic-li\">\n        <svg class=\"tic-icon\" xmlns=\"http:\/\/www.w3.org\/2000\/svg\" height=\"1em\" viewBox=\"0 0 512 512\"><path d=\"M164.9 24.6c-7.7-18.6-28-28.5-47.4-23.2l-88 24C12.1 30.2 0 46 0 64C0 311.4 200.6 512 448 512c18 0 33.8-12.1 38.6-29.5l24-88c5.3-19.4-4.6-39.7-23.2-47.4l-96-40c-16.3-6.8-35.2-2.1-46.3 11.6L304.7 368C234.3 334.7 177.3 277.7 144 207.3L193.3 167c13.7-11.2 18.4-30 11.6-46.3l-40-96z\"\/><\/svg>  \n        <a class=\"link text tic-text\" href=\"tel:+923 41 60 66\" target=\"_blank\" rel=\"noreferrer noopener\">+34 923 41 60 66<\/a\n        >\n    <\/li>\n    <li class=\"list tic-li\">\n        <svg class=\"tic-icon\" xmlns=\"http:\/\/www.w3.org\/2000\/svg\" height=\"1em\" viewBox=\"0 0 512 512\"><path d=\"M48 64C21.5 64 0 85.5 0 112c0 15.1 7.1 29.3 19.2 38.4L236.8 313.6c11.4 8.5 27 8.5 38.4 0L492.8 150.4c12.1-9.1 19.2-23.3 19.2-38.4c0-26.5-21.5-48-48-48H48zM0 176V384c0 35.3 28.7 64 64 64H448c35.3 0 64-28.7 64-64V176L294.4 339.2c-22.8 17.1-54 17.1-76.8 0L0 176z\"\/><\/svg>\n        <a class=\"link text tic-text\" href=\"mailto:aytolinaresriofrio@yahoo.es\" target=\"_blank\" rel=\"noreferrer noopener\">aytolinaresriofrio@yahoo.es<\/a\n        >\n    <\/li>\n    <li class=\"list tic-li\">\n        <svg class=\"tic-icon\" xmlns=\"http:\/\/www.w3.org\/2000\/svg\" height=\"1em\" viewBox=\"0 0 512 512\"><path d=\"M352 256c0 22.2-1.2 43.6-3.3 64H163.3c-2.2-20.4-3.3-41.8-3.3-64s1.2-43.6 3.3-64H348.7c2.2 20.4 3.3 41.8 3.3 64zm28.8-64H503.9c5.3 20.5 8.1 41.9 8.1 64s-2.8 43.5-8.1 64H380.8c2.1-20.6 3.2-42 3.2-64s-1.1-43.4-3.2-64zm112.6-32H376.7c-10-63.9-29.8-117.4-55.3-151.6c78.3 20.7 142 77.5 171.9 151.6zm-149.1 0H167.7c6.1-36.4 15.5-68.6 27-94.7c10.5-23.6 22.2-40.7 33.5-51.5C239.4 3.2 248.7 0 256 0s16.6 3.2 27.8 13.8c11.3 10.8 23 27.9 33.5 51.5c11.6 26 20.9 58.2 27 94.7zm-209 0H18.6C48.6 85.9 112.2 29.1 190.6 8.4C165.1 42.6 145.3 96.1 135.3 160zM8.1 192H131.2c-2.1 20.6-3.2 42-3.2 64s1.1 43.4 3.2 64H8.1C2.8 299.5 0 278.1 0 256s2.8-43.5 8.1-64zM194.7 446.6c-11.6-26-20.9-58.2-27-94.6H344.3c-6.1 36.4-15.5 68.6-27 94.6c-10.5 23.6-22.2 40.7-33.5 51.5C272.6 508.8 263.3 512 256 512s-16.6-3.2-27.8-13.8c-11.3-10.8-23-27.9-33.5-51.5zM135.3 352c10 63.9 29.8 117.4 55.3 151.6C112.2 482.9 48.6 426.1 18.6 352H135.3zm358.1 0c-30 74.1-93.6 130.9-171.9 151.6c25.5-34.2 45.2-87.7 55.3-151.6H493.4z\"\/><\/svg>\n        <a class=\"link text tic-text\" href=\"https:\/\/linaresderiofrio.es\/\" target=\"_blank\" rel=\"noreferrer noopener\">https:\/\/linaresderiofrio.es\/<\/a\n        >\n    <\/li>    \n<\/ul>\n\n\n\n<div style=\"height:10px\" aria-hidden=\"true\" class=\"wp-block-spacer\"><\/div>\n\n\n\n<ul class=\"wp-block-social-links aligncenter is-layout-flex wp-block-social-links-is-layout-flex\"><li class=\"wp-social-link wp-social-link-facebook wp-block-social-link\"><a href=\"http:\/\/www.facebook.com\/aytolinaresderiofrio\/\" class=\"wp-block-social-link-anchor\"><svg width=\"24\" height=\"24\" viewBox=\"0 0 24 24\" version=\"1.1\" xmlns=\"http:\/\/www.w3.org\/2000\/svg\" aria-hidden=\"true\" focusable=\"false\"><path d=\"M12 2C6.5 2 2 6.5 2 12c0 5 3.7 9.1 8.4 9.9v-7H7.9V12h2.5V9.8c0-2.5 1.5-3.9 3.8-3.9 1.1 0 2.2.2 2.2.2v2.5h-1.3c-1.2 0-1.6.8-1.6 1.6V12h2.8l-.4 2.9h-2.3v7C18.3 21.1 22 17 22 12c0-5.5-4.5-10-10-10z\"><\/path><\/svg><span class=\"wp-block-social-link-label screen-reader-text\">Facebook<\/span><\/a><\/li><\/ul>\n<\/div><\/div>\n\n\n\n<p class=\"wp-block-paragraph\"><\/p>\n\n\n\n<div class=\"wp-block-group tic-page-content\"><div class=\"wp-block-group__inner-container is-layout-constrained wp-block-group-is-layout-constrained\">\n<div style=\"height:20px\" aria-hidden=\"true\" class=\"wp-block-spacer\"><\/div>\n\n\n\n<p class=\"has-drop-cap tic-contenido-principal wp-block-paragraph\">Enmarcado geogr\u00e1ficamente en la Sierra de Quilamas es considerado la puerta de entrada a la Sierra de Francia por su parte oeste. Se enmarca dentro de la zona de la Caler\u00eda, ya que se aprovechaba la franja de piedra caliza que hay en la Sierra de Quilamas para extraer la cal que luego era utilizada en la construcci\u00f3n. En 1959 todav\u00eda se conservaban 15 hornos, hoy en d\u00eda se pueden ver varios molinos restaurados de esta \u00e9poca. En \u00e9pocas m\u00e1s antiguas destacaba el cultivo del lino de donde puede provenir su nombre. A mediados del siglo XX fue un pueblo famoso por la producci\u00f3n de fresa, que, aunque no dur\u00f3 mucho en el tiempo era muy valorada por su estupendo sabor.<\/p>\n\n\n\n<div style=\"height:20px\" aria-hidden=\"true\" class=\"wp-block-spacer\"><\/div>\n\n\n\n<figure class=\"wp-block-gallery aligncenter has-nested-images columns-3 is-cropped imagen-personalizada wp-block-gallery-1 is-layout-flex wp-block-gallery-is-layout-flex\">\n<figure class=\"wp-block-image size-large\"><a href=\"https:\/\/turismosierradefrancia.es\/wp-content\/uploads\/2023\/11\/WhatsApp-Image-2023-11-19-at-12.11.54-2-copia.webp\"><img decoding=\"async\" width=\"1024\" height=\"768\" data-id=\"9958\" src=\"https:\/\/turismosierradefrancia.es\/wp-content\/uploads\/2023\/11\/WhatsApp-Image-2023-11-19-at-12.11.54-2-copia.webp\" alt=\"Linares de Riofr\u00edo 2\" class=\"wp-image-9958\" srcset=\"https:\/\/turismosierradefrancia.es\/wp-content\/uploads\/2023\/11\/WhatsApp-Image-2023-11-19-at-12.11.54-2-copia.webp 1024w, https:\/\/turismosierradefrancia.es\/wp-content\/uploads\/2023\/11\/WhatsApp-Image-2023-11-19-at-12.11.54-2-copia-300x225.webp 300w, https:\/\/turismosierradefrancia.es\/wp-content\/uploads\/2023\/11\/WhatsApp-Image-2023-11-19-at-12.11.54-2-copia-768x576.webp 768w, https:\/\/turismosierradefrancia.es\/wp-content\/uploads\/2023\/11\/WhatsApp-Image-2023-11-19-at-12.11.54-2-copia-100x75.webp 100w, https:\/\/turismosierradefrancia.es\/wp-content\/uploads\/2023\/11\/WhatsApp-Image-2023-11-19-at-12.11.54-2-copia-960x720.webp 960w, https:\/\/turismosierradefrancia.es\/wp-content\/uploads\/2023\/11\/WhatsApp-Image-2023-11-19-at-12.11.54-2-copia-480x360.webp 480w\" sizes=\"(max-width:767px) 480px, (max-width:1024px) 100vw, 1024px\" \/><\/a><\/figure>\n\n\n\n<figure class=\"wp-block-image size-large\"><a href=\"https:\/\/turismosierradefrancia.es\/wp-content\/uploads\/2023\/11\/WhatsApp-Image-2023-11-19-at-12.11.54-4-copia.webp\"><img decoding=\"async\" width=\"1024\" height=\"768\" data-id=\"9959\" src=\"https:\/\/turismosierradefrancia.es\/wp-content\/uploads\/2023\/11\/WhatsApp-Image-2023-11-19-at-12.11.54-4-copia.webp\" alt=\"Linares de Riofr\u00edo 3\" class=\"wp-image-9959\" srcset=\"https:\/\/turismosierradefrancia.es\/wp-content\/uploads\/2023\/11\/WhatsApp-Image-2023-11-19-at-12.11.54-4-copia.webp 1024w, https:\/\/turismosierradefrancia.es\/wp-content\/uploads\/2023\/11\/WhatsApp-Image-2023-11-19-at-12.11.54-4-copia-300x225.webp 300w, https:\/\/turismosierradefrancia.es\/wp-content\/uploads\/2023\/11\/WhatsApp-Image-2023-11-19-at-12.11.54-4-copia-768x576.webp 768w, https:\/\/turismosierradefrancia.es\/wp-content\/uploads\/2023\/11\/WhatsApp-Image-2023-11-19-at-12.11.54-4-copia-100x75.webp 100w, https:\/\/turismosierradefrancia.es\/wp-content\/uploads\/2023\/11\/WhatsApp-Image-2023-11-19-at-12.11.54-4-copia-960x720.webp 960w, https:\/\/turismosierradefrancia.es\/wp-content\/uploads\/2023\/11\/WhatsApp-Image-2023-11-19-at-12.11.54-4-copia-480x360.webp 480w\" sizes=\"(max-width:767px) 480px, (max-width:1024px) 100vw, 1024px\" \/><\/a><\/figure>\n\n\n\n<figure class=\"wp-block-image size-large\"><a href=\"https:\/\/turismosierradefrancia.es\/wp-content\/uploads\/2023\/10\/linares-de-riofrio.webp\"><img loading=\"lazy\" decoding=\"async\" width=\"1024\" height=\"768\" data-id=\"8466\" src=\"https:\/\/turismosierradefrancia.es\/wp-content\/uploads\/2023\/10\/linares-de-riofrio-1024x768.webp\" alt=\"Linares de Riofr\u00edo 4\" class=\"wp-image-8466\" srcset=\"https:\/\/turismosierradefrancia.es\/wp-content\/uploads\/2023\/10\/linares-de-riofrio-1024x768.webp 1024w, https:\/\/turismosierradefrancia.es\/wp-content\/uploads\/2023\/10\/linares-de-riofrio-300x225.webp 300w, https:\/\/turismosierradefrancia.es\/wp-content\/uploads\/2023\/10\/linares-de-riofrio-768x576.webp 768w, https:\/\/turismosierradefrancia.es\/wp-content\/uploads\/2023\/10\/linares-de-riofrio-100x75.webp 100w, https:\/\/turismosierradefrancia.es\/wp-content\/uploads\/2023\/10\/linares-de-riofrio-960x720.webp 960w, https:\/\/turismosierradefrancia.es\/wp-content\/uploads\/2023\/10\/linares-de-riofrio-480x360.webp 480w, https:\/\/turismosierradefrancia.es\/wp-content\/uploads\/2023\/10\/linares-de-riofrio.webp 1200w\" sizes=\"(max-width:767px) 480px, (max-width:1024px) 100vw, 1024px\" \/><\/a><\/figure>\n\n\n\n<figure class=\"wp-block-image size-large\"><a href=\"https:\/\/turismosierradefrancia.es\/wp-content\/uploads\/2023\/11\/WhatsApp-Image-2023-11-19-at-12.11.54-5-copia.webp\"><img loading=\"lazy\" decoding=\"async\" width=\"1024\" height=\"768\" data-id=\"9960\" src=\"https:\/\/turismosierradefrancia.es\/wp-content\/uploads\/2023\/11\/WhatsApp-Image-2023-11-19-at-12.11.54-5-copia.webp\" alt=\"Linares de Riofr\u00edo 5\" class=\"wp-image-9960\" srcset=\"https:\/\/turismosierradefrancia.es\/wp-content\/uploads\/2023\/11\/WhatsApp-Image-2023-11-19-at-12.11.54-5-copia.webp 1024w, https:\/\/turismosierradefrancia.es\/wp-content\/uploads\/2023\/11\/WhatsApp-Image-2023-11-19-at-12.11.54-5-copia-300x225.webp 300w, https:\/\/turismosierradefrancia.es\/wp-content\/uploads\/2023\/11\/WhatsApp-Image-2023-11-19-at-12.11.54-5-copia-768x576.webp 768w, https:\/\/turismosierradefrancia.es\/wp-content\/uploads\/2023\/11\/WhatsApp-Image-2023-11-19-at-12.11.54-5-copia-100x75.webp 100w, https:\/\/turismosierradefrancia.es\/wp-content\/uploads\/2023\/11\/WhatsApp-Image-2023-11-19-at-12.11.54-5-copia-960x720.webp 960w, https:\/\/turismosierradefrancia.es\/wp-content\/uploads\/2023\/11\/WhatsApp-Image-2023-11-19-at-12.11.54-5-copia-480x360.webp 480w\" sizes=\"(max-width:767px) 480px, (max-width:1024px) 100vw, 1024px\" \/><\/a><\/figure>\n\n\n\n<figure class=\"wp-block-image size-large\"><a href=\"https:\/\/turismosierradefrancia.es\/wp-content\/uploads\/2023\/11\/WhatsApp-Image-2023-11-19-at-12.13.14-1-copia.webp\"><img loading=\"lazy\" decoding=\"async\" width=\"1024\" height=\"768\" data-id=\"9965\" src=\"https:\/\/turismosierradefrancia.es\/wp-content\/uploads\/2023\/11\/WhatsApp-Image-2023-11-19-at-12.13.14-1-copia.webp\" alt=\"Linares de Riofr\u00edo 6\" class=\"wp-image-9965\" srcset=\"https:\/\/turismosierradefrancia.es\/wp-content\/uploads\/2023\/11\/WhatsApp-Image-2023-11-19-at-12.13.14-1-copia.webp 1024w, https:\/\/turismosierradefrancia.es\/wp-content\/uploads\/2023\/11\/WhatsApp-Image-2023-11-19-at-12.13.14-1-copia-300x225.webp 300w, https:\/\/turismosierradefrancia.es\/wp-content\/uploads\/2023\/11\/WhatsApp-Image-2023-11-19-at-12.13.14-1-copia-768x576.webp 768w, https:\/\/turismosierradefrancia.es\/wp-content\/uploads\/2023\/11\/WhatsApp-Image-2023-11-19-at-12.13.14-1-copia-100x75.webp 100w, https:\/\/turismosierradefrancia.es\/wp-content\/uploads\/2023\/11\/WhatsApp-Image-2023-11-19-at-12.13.14-1-copia-960x720.webp 960w, https:\/\/turismosierradefrancia.es\/wp-content\/uploads\/2023\/11\/WhatsApp-Image-2023-11-19-at-12.13.14-1-copia-480x360.webp 480w\" sizes=\"(max-width:767px) 480px, (max-width:1024px) 100vw, 1024px\" \/><\/a><\/figure>\n\n\n\n<figure class=\"wp-block-image size-large\"><a href=\"https:\/\/turismosierradefrancia.es\/wp-content\/uploads\/2024\/06\/honf7.webp\"><img loading=\"lazy\" decoding=\"async\" width=\"1024\" height=\"681\" data-id=\"16138\" src=\"https:\/\/turismosierradefrancia.es\/wp-content\/uploads\/2024\/06\/honf7-1024x681.webp\" alt=\"Linares de Riofr\u00edo 7\" class=\"wp-image-16138\" srcset=\"https:\/\/turismosierradefrancia.es\/wp-content\/uploads\/2024\/06\/honf7-1024x681.webp 1024w, https:\/\/turismosierradefrancia.es\/wp-content\/uploads\/2024\/06\/honf7-300x200.webp 300w, https:\/\/turismosierradefrancia.es\/wp-content\/uploads\/2024\/06\/honf7-768x511.webp 768w, https:\/\/turismosierradefrancia.es\/wp-content\/uploads\/2024\/06\/honf7-1536x1021.webp 1536w, https:\/\/turismosierradefrancia.es\/wp-content\/uploads\/2024\/06\/honf7-113x75.webp 113w, https:\/\/turismosierradefrancia.es\/wp-content\/uploads\/2024\/06\/honf7-480x319.webp 480w, https:\/\/turismosierradefrancia.es\/wp-content\/uploads\/2024\/06\/honf7.webp 1600w\" sizes=\"(max-width:767px) 480px, (max-width:1024px) 100vw, 1024px\" \/><\/a><\/figure>\n<\/figure>\n\n\n\n<div style=\"height:50px\" aria-hidden=\"true\" class=\"wp-block-spacer\"><\/div>\n\n\n\n<div style=\"height:30px\" aria-hidden=\"true\" class=\"wp-block-spacer\"><\/div>\n<\/div><\/div>\n\n\n\n<div class=\"wp-block-group tic-page-content\"><div class=\"wp-block-group__inner-container is-layout-constrained wp-block-group-is-layout-constrained\">\n<p class=\"tic-titulo-secundario wp-block-paragraph\">INFORMACI\u00d3N<\/p>\n\n\n\n<hr class=\"wp-block-separator has-alpha-channel-opacity\"\/>\n\n\n\n<p class=\"wp-block-paragraph\">Se cree que la localidad fue edificada sobre un castro antiguo y de \u00e9pocas celtas y visigodas se conservan seis lagares rupestres, por lo que se sabe que era un municipio donde se hac\u00eda vino. Fue repoblada a finales del siglo XII, perteneciendo al Reino de Le\u00f3n.<\/p>\n\n\n\n<p class=\"wp-block-paragraph\">Su t\u00e9rmino est\u00e1 marcado por la orograf\u00eda, en la parte norte da inicio al campo charro con zonas adehesadas de encina y roble, mientras que hacia la sierra encontramos bosques de roble y casta\u00f1o, algunos de ellos centenarios. Destaca en este sentido el \u00e1rea recreativa de la Fuente de la Honfr\u00eda donde entre los casta\u00f1os hay numerosos acebos y avellanos que aportan frescura incluso en los d\u00edas m\u00e1s calurosos y es considerada una de las zonas m\u00e1s bellas de la provincia. En esta \u00e1rea recreativa hay un merendero, barbacoas, parque infantil, fuente y un refugio. En la subida tambi\u00e9n est\u00e1 el \u00e1rea recreativa de la <strong>Fuente del Cerezo,<\/strong> igualmente con merendero, barbacoa y fuente. En las numerosas rutas de senderismo podremos apreciar estos parajes junto a otros como las <strong>Pe\u00f1as del Agua<\/strong> y la conocida como <strong>Sierra Chica<\/strong>.<\/p>\n\n\n\n<p class=\"wp-block-paragraph\">En el casco urbano no debemos dejar de visitar la Iglesia de <strong>Nuestra Se\u00f1ora de la Asunci\u00f3n,<\/strong> construida sobre un templo anterior del Siglo XII y la <strong>Ermita del Buen Suceso<\/strong>, donde se celebra la festividad del <em>lunes de aguas<\/em> y se degusta el tradicional hornazo de Salamanca.<\/p>\n<\/div><\/div>\n\n\n\n<div class=\"wp-block-group tic-page-content\"><div class=\"wp-block-group__inner-container is-layout-constrained wp-block-group-is-layout-constrained\">\n<p class=\"tic-titulo-secundario wp-block-paragraph\">MAPA<\/p>\n\n\n\n<hr class=\"wp-block-separator has-alpha-channel-opacity\"\/>\n\n\n\n<iframe src=\"https:\/\/www.google.com\/maps\/embed?pb=!1m18!1m12!1m3!1d3030.106058785139!2d-5.921588!3d40.5834143!2m3!1f0!2f0!3f0!3m2!1i1024!2i768!4f13.1!3m3!1m2!1s0xd3ef0c03893bcab%3A0x9fb946299d92063f!2sPl.%20Espa%C3%B1a%2C%201%2C%2037760%20Linares%20de%20Riofr%C3%ADo%2C%20Salamanca%2C%20Espa%C3%B1a!5e0!3m2!1ses!2sve!4v1698322305661!5m2!1ses!2sve\" width=\"100%\" height=\"600\" style=\"border:0;\" allowfullscreen=\"\" loading=\"lazy\" referrerpolicy=\"no-referrer-when-downgrade\"><\/iframe>\n<\/div><\/div>\n\n\n\n<div class=\"wp-block-group tic-page-content\"><div class=\"wp-block-group__inner-container is-layout-constrained wp-block-group-is-layout-constrained\">\n<p class=\"tic-titulo-secundario wp-block-paragraph\">C\u00d3MO LLEGAR<\/p>\n\n\n\n<hr class=\"wp-block-separator has-alpha-channel-opacity\"\/>\n\n\n\n<p class=\"wp-block-paragraph\">En transporte p\u00fablico desde Salamanca hay autob\u00fas (Monbus) los lunes y viernes a las 17:00 h. Para ir de Linares de Riofr\u00edo a Salamanca el autob\u00fas va los lunes y viernes a las 09:00 h.<\/p>\n\n\n\n<p class=\"wp-block-paragraph\">En coche desde Salamanca salimos por la CL-512 hasta Vecinos, continuamos por la SA-205 hasta que llegamos a Linares de Riofr\u00edo.<\/p>\n<\/div><\/div>\n\n\n\n<div class=\"wp-block-group tic-page-content\"><div class=\"wp-block-group__inner-container is-layout-constrained wp-block-group-is-layout-constrained\">\n<p class=\"tic-titulo-secundario wp-block-paragraph\">QU\u00c9 VER<\/p>\n\n\n\n<hr class=\"wp-block-separator has-alpha-channel-opacity\"\/>\n\n\n\n<div class=\"wp-block-group is-nowrap is-layout-flex wp-container-core-group-is-layout-8f761849 wp-block-group-is-layout-flex\">\n<ul class=\"wp-block-list\">\n<li>Iglesia de Nuestra Se\u00f1ora de la Asunci\u00f3n<\/li>\n\n\n\n<li>Ermita del Buen suceso y del Humilladero<\/li>\n\n\n\n<li>\u00c1reas recreativas de La Honfr\u00eda y La Fuente del Cerezo<\/li>\n\n\n\n<li class=\"tic-content-mosaic-page\"><a href=\"https:\/\/turismosierradefrancia.es\/cultura\/museos-y-espacios-culturales\/aula-del-alagon\/\"><strong>Aula de la Naturaleza del Alag\u00f3n y oficina de turismo<\/strong><\/a><\/li>\n\n\n\n<li>Antiguo seminario menor<\/li>\n\n\n\n<li>Ruta de la caler\u00eda<\/li>\n<\/ul>\n<\/div>\n\n\n\n<p class=\"tic-titulo-secundario wp-block-paragraph\">LEYENDAS<\/p>\n\n\n\n<hr class=\"wp-block-separator has-alpha-channel-opacity\"\/>\n\n\n\n<div class=\"wp-block-group is-nowrap is-layout-flex wp-container-core-group-is-layout-8f761849 wp-block-group-is-layout-flex\">\n<ul class=\"wp-block-list\">\n<li class=\"tic-content-mosaic-page\"><a href=\"https:\/\/turismosierradefrancia.es\/cultura\/historia-y-tradicion\/leyendas-de-la-sierra-de-francia\/el-buen-suceso\/\"><strong>El Buen Suceso<\/strong><\/a><\/li>\n<\/ul>\n<\/div>\n\n\n\n<div style=\"height:10px\" aria-hidden=\"true\" class=\"wp-block-spacer\"><\/div>\n<\/div><\/div>\n\n\n\n<div class=\"wp-block-group tic-page-content\"><div class=\"wp-block-group__inner-container is-layout-constrained wp-block-group-is-layout-constrained\">\n<p class=\"tic-titulo-secundario wp-block-paragraph\">AGENDA<\/p>\n\n\n\n<hr class=\"wp-block-separator has-alpha-channel-opacity\"\/>\n\n\n<div class=\"em em-view-container\" id=\"em-view-785649943\" data-view=\"grid\" style=\"--view-grid-width : 235px\">\r\n\t<div class=\"em pixelbones em-list em-events-list em-grid em-events-grid\" id=\"em-events-grid-785649943\" data-view-id=\"785649943\">\r\n\t<div class=\"em-event em-item\" data-href=\"https:\/\/turismosierradefrancia.es\/?event=xviii-feria-agroalimentaria-y-de-artesania\" style=\"--default-border:#FFFFFF\">\r\n\t<div class=\"em-item-image \">\r\n\t\t<div class=\"em-item-image-wrapper\">\r\n\t\t\t\r\n\t\t\t<img src='https:\/\/turismosierradefrancia.es\/wp-content\/uploads\/2026\/06\/feriafresas2026.png' alt='XVIII Feria Agroalimentaria y de Artesan\u00eda'\/>\r\n\t\t\t\r\n\t\t\t\r\n\t\t<\/div>\r\n\t<\/div>\r\n\t<div class=\"em-item-info\">\r\n\t\t<h3 class=\"em-item-title\"><a href=\"https:\/\/turismosierradefrancia.es\/?event=xviii-feria-agroalimentaria-y-de-artesania\">XVIII Feria Agroalimentaria y de Artesan\u00eda<\/a><\/h3>\r\n\t\t<div class=\"em-event-meta em-item-meta\">\r\n\t\t\t<div class=\"em-item-meta-line em-event-date em-event-meta-datetime\">\r\n\t\t\t\t<span class=\"em-icon-calendar em-icon\"><\/span>\r\n\t\t\t\t20 junio 2026 - 21 junio 2026\r\n\t\t\t<\/div>\r\n\t\t\t<div class=\"em-item-meta-line em-event-time em-event-meta-datetime\">\r\n\t\t\t\t<span class=\"em-icon-clock em-icon\"><\/span>\r\n\t\t\t\tTodo el d\u00eda\r\n\t\t\t<\/div>\r\n\t\t\t\r\n\t\t\t\r\n\t\t\t\r\n\t\t\t<div class=\"em-item-meta-line em-event-location\" translate=\"no\">\r\n\t\t\t\t<span class=\"em-icon-at em-icon\"><\/span>\r\n\t\t\t\t<a href=\"https:\/\/turismosierradefrancia.es\/nuestros-pueblos\/linares-de-riofrio\/\" target=\"_blank\">Linares de Riofr\u00edo, Salamanca<\/a>\r\n\t\t\t<\/div>\r\n\t\t\t\r\n\t\t<\/div>\r\n\t<\/div>\r\n<\/div>\r\n\t<\/div>\r\n<\/div>\n\n\n\n<div style=\"height:30px\" aria-hidden=\"true\" class=\"wp-block-spacer\"><\/div>\n\n\n\n<div style=\"height:20px\" aria-hidden=\"true\" class=\"wp-block-spacer\"><\/div>\n\n\n\n<div class=\"wp-block-buttons is-content-justification-center is-layout-flex wp-container-core-buttons-is-layout-fe48e5de wp-block-buttons-is-layout-flex\">\n<div class=\"wp-block-button is-style-fill\"><a class=\"wp-block-button__link has-white-color has-text-color has-background has-link-color has-text-align-center wp-element-button\" href=\"https:\/\/turismosierradefrancia.es\/agenda-completa\/\" style=\"border-radius:25px;background-color:#3c6f13\">Ver Oferta Completa de Eventos<\/a><\/div>\n<\/div>\n<\/div><\/div>\n\n\n\n<div class=\"wp-block-group tic-page-content\"><div class=\"wp-block-group__inner-container is-layout-constrained wp-block-group-is-layout-constrained\"><\/div><\/div>\n\n\n\n<div style=\"height:30px\" aria-hidden=\"true\" class=\"wp-block-spacer\"><\/div>\n\n\n\n<div class=\"wp-block-group tic-page-footer\"><div class=\"wp-block-group__inner-container is-layout-constrained wp-block-group-is-layout-constrained\">\n<p class=\"tic-secicon has-medium-font-size wp-block-paragraph\"><strong>Relacionado<\/strong><\/p>\n\n\n\n\t\t\t<div class=\"foogallery foogallery-container foogallery-carousel foogallery-lightbox-none fg-carousel-hide-nav-arrows fg-carousel-hide-pagination fg-carousel-hide-progress-bar fg-carousel fg-ready fg-custom fg-shadow-outline fg-loading-default fg-loaded-fade-in fg-caption-always fg-hover-fade fg-c-c\" id=\"foogallery-gallery-3652\" data-foogallery=\"{&quot;item&quot;:{&quot;showCaptionTitle&quot;:true,&quot;showCaptionDescription&quot;:true},&quot;lazy&quot;:true,&quot;src&quot;:&quot;src&quot;,&quot;srcset&quot;:&quot;srcset&quot;,&quot;template&quot;:{&quot;maxItems&quot;:7,&quot;scale&quot;:0,&quot;gutter&quot;:{&quot;min&quot;:5,&quot;max&quot;:10,&quot;unit&quot;:&quot;px&quot;},&quot;autoplay&quot;:{&quot;time&quot;:5,&quot;interaction&quot;:&quot;disable&quot;},&quot;centerOnClick&quot;:false,&quot;align&quot;:&quot;center&quot;,&quot;activePosition&quot;:&quot;center&quot;}}\" style=\"--fg-title-line-clamp: 0; --fg-description-line-clamp: 0;\" >\n\t<button type=\"button\" class=\"fg-carousel-prev\" title=\"Anterior\"><\/button>\n\t<div class=\"fg-carousel-inner\">\n\t\t<div class=\"fg-carousel-center\"><\/div>\n\t\t<div class=\"fg-item fg-type-iframe fg-loading\"><figure class=\"fg-item-inner\"><a href=\"https:\/\/turismosierradefrancia.es\/nuestros-pueblos\/\" data-caption-title=\"Nuestros Pueblos\" data-attachment-id=\"16463\" data-e-disable-page-transition=\"true\" data-type=\"iframe\" class=\"fg-thumb\"><span class=\"fg-image-wrap\"><img loading=\"lazy\" src=\"https:\/\/turismosierradefrancia.es\/wp-content\/uploads\/cache\/2024\/06\/nuestros-pueblos-recomendado\/3504428687.webp\" title=\"Nuestros Pueblos\" width=\"293\" height=\"400\" class=\"skip-lazy fg-image\" decoding=\"async\" loading=\"lazy\"><\/span><span class=\"fg-image-overlay\"><\/span><\/a><figcaption class=\"fg-caption\"><div class=\"fg-caption-inner\"><div class=\"fg-caption-title\">Nuestros Pueblos<\/div><\/div><\/figcaption><\/figure><div class=\"fg-loader\"><\/div><\/div><div class=\"fg-item fg-type-iframe fg-loading\"><figure class=\"fg-item-inner\"><a href=\"https:\/\/turismosierradefrancia.es\/turismo-activo\/estacion-de-deportes-de-montana\/senderismo\/\" data-caption-title=\"Senderismo\" data-attachment-id=\"16465\" data-e-disable-page-transition=\"true\" data-type=\"iframe\" class=\"fg-thumb\"><span class=\"fg-image-wrap\"><img loading=\"lazy\" src=\"https:\/\/turismosierradefrancia.es\/wp-content\/uploads\/cache\/2024\/06\/senderismo-recomendador\/2738489355.webp\" title=\"Senderismo\" width=\"293\" height=\"400\" class=\"skip-lazy fg-image\" decoding=\"async\" loading=\"lazy\"><\/span><span class=\"fg-image-overlay\"><\/span><\/a><figcaption class=\"fg-caption\"><div class=\"fg-caption-inner\"><div class=\"fg-caption-title\">Senderismo<\/div><\/div><\/figcaption><\/figure><div class=\"fg-loader\"><\/div><\/div><div class=\"fg-item fg-type-iframe fg-loading\"><figure class=\"fg-item-inner\"><a href=\"https:\/\/turismosierradefrancia.es\/turismo-activo\/turismo-rutas-accesibles\/\" data-caption-title=\"Rutas Accesibles\" data-attachment-id=\"16464\" data-e-disable-page-transition=\"true\" data-type=\"iframe\" class=\"fg-thumb\"><span class=\"fg-image-wrap\"><img loading=\"lazy\" src=\"https:\/\/turismosierradefrancia.es\/wp-content\/uploads\/cache\/2024\/06\/rutas-accesibles-recomendador\/2972824326.webp\" title=\"Rutas Accesibles\" width=\"293\" height=\"400\" class=\"skip-lazy fg-image\" decoding=\"async\" loading=\"lazy\"><\/span><span class=\"fg-image-overlay\"><\/span><\/a><figcaption class=\"fg-caption\"><div class=\"fg-caption-inner\"><div class=\"fg-caption-title\">Rutas Accesibles<\/div><\/div><\/figcaption><\/figure><div class=\"fg-loader\"><\/div><\/div><div class=\"fg-item fg-type-iframe fg-loading\"><figure class=\"fg-item-inner\"><a href=\"https:\/\/turismosierradefrancia.es\/donde-dormir\/\" data-caption-title=\"\u00bfD\u00f3nde Comer?\" data-attachment-id=\"16462\" data-e-disable-page-transition=\"true\" data-type=\"iframe\" class=\"fg-thumb\"><span class=\"fg-image-wrap\"><img loading=\"lazy\" src=\"https:\/\/turismosierradefrancia.es\/wp-content\/uploads\/cache\/2024\/06\/donde_comer-recomendado\/1038040024.webp\" title=\"\u00bfD\u00f3nde Comer?\" width=\"293\" height=\"400\" class=\"skip-lazy fg-image\" decoding=\"async\" loading=\"lazy\"><\/span><span class=\"fg-image-overlay\"><\/span><\/a><figcaption class=\"fg-caption\"><div class=\"fg-caption-inner\"><div class=\"fg-caption-title\">\u00bfD\u00f3nde Comer?<\/div><\/div><\/figcaption><\/figure><div class=\"fg-loader\"><\/div><\/div><div class=\"fg-item fg-type-iframe fg-loading\"><figure class=\"fg-item-inner\"><a href=\"https:\/\/turismosierradefrancia.es\/donde-dormir\/\" data-caption-title=\"\u00bfD\u00f3nde Dormir?\" data-attachment-id=\"16461\" data-e-disable-page-transition=\"true\" data-type=\"iframe\" class=\"fg-thumb\"><span class=\"fg-image-wrap\"><img loading=\"lazy\" src=\"https:\/\/turismosierradefrancia.es\/wp-content\/uploads\/cache\/2024\/06\/donde-dormir-recomendado\/1391775750.webp\" title=\"\u00bfD\u00f3nde Dormir?\" width=\"293\" height=\"400\" class=\"skip-lazy fg-image\" decoding=\"async\" loading=\"lazy\"><\/span><span class=\"fg-image-overlay\"><\/span><\/a><figcaption class=\"fg-caption\"><div class=\"fg-caption-inner\"><div class=\"fg-caption-title\">\u00bfD\u00f3nde Dormir?<\/div><\/div><\/figcaption><\/figure><div class=\"fg-loader\"><\/div><\/div><div class=\"fg-item fg-type-iframe fg-loading\"><figure class=\"fg-item-inner\"><a href=\"https:\/\/turismosierradefrancia.es\/turismo-activo\/caminos-de-arte-en-la-naturaleza\/\" data-caption-title=\"Caminos de Arte\" data-attachment-id=\"16459\" data-e-disable-page-transition=\"true\" data-type=\"iframe\" class=\"fg-thumb\"><span class=\"fg-image-wrap\"><img loading=\"lazy\" src=\"https:\/\/turismosierradefrancia.es\/wp-content\/uploads\/cache\/2024\/06\/caminos-del-arte-recomendador\/4270799215.webp\" title=\"Caminos de Arte\" width=\"293\" height=\"400\" class=\"skip-lazy fg-image\" decoding=\"async\" loading=\"lazy\"><\/span><span class=\"fg-image-overlay\"><\/span><\/a><figcaption class=\"fg-caption\"><div class=\"fg-caption-inner\"><div class=\"fg-caption-title\">Caminos de Arte<\/div><\/div><\/figcaption><\/figure><div class=\"fg-loader\"><\/div><\/div><div class=\"fg-item fg-type-iframe fg-loading\"><figure class=\"fg-item-inner\"><a href=\"https:\/\/turismosierradefrancia.es\/cultura\/centros-interpretacion-museos\/\" data-caption-title=\"Centros de Interpretaci\u00f3n\" data-attachment-id=\"16460\" data-e-disable-page-transition=\"true\" data-type=\"iframe\" class=\"fg-thumb\"><span class=\"fg-image-wrap\"><img loading=\"lazy\" src=\"https:\/\/turismosierradefrancia.es\/wp-content\/uploads\/cache\/2024\/06\/centro-interpretacion-museo\/2796342601.webp\" title=\"Centros de Interpretaci\u00f3n\" width=\"293\" height=\"400\" class=\"skip-lazy fg-image\" decoding=\"async\" loading=\"lazy\"><\/span><span class=\"fg-image-overlay\"><\/span><\/a><figcaption class=\"fg-caption\"><div class=\"fg-caption-inner\"><div class=\"fg-caption-title\">Centros de Interpretaci\u00f3n<\/div><\/div><\/figcaption><\/figure><div class=\"fg-loader\"><\/div><\/div>\t<\/div>\n\t<div class=\"fg-carousel-bottom\"><\/div>\n\t<div class=\"fg-carousel-progress\"><\/div>\n\t<button type=\"button\" class=\"fg-carousel-next\" title=\"Siguiente\"><\/button>\n<\/div>\n\n\n\n<div style=\"height:50px\" aria-hidden=\"true\" class=\"wp-block-spacer\"><\/div>\n<\/div><\/div>\n<style class=\"advgb-styles-renderer\">\n#foogallery-gallery-3652 .fg-image { width: 293px; }#foogallery-gallery-3652 { \r\n width:100%;\r\n}\r\n\r\n#foogallery-gallery-3652 div.fg-caption-title { \r\nfont-weight:700;\r\n}\r\n\r\n<\/style>","protected":false},"excerpt":{"rendered":"<p>Enmarcado geogr\u00e1ficamente en la Sierra de Quilamas es considerado la puerta de entrada a la Sierra de Francia por su&hellip; <a class=\"continue\" href=\"https:\/\/turismosierradefrancia.es\/?page_id=7565\">Seguir leyendo<span> Linares de Riofr\u00edo<\/span><\/a><\/p>\n","protected":false},"author":1,"featured_media":0,"parent":3996,"menu_order":0,"comment_status":"closed","ping_status":"closed","template":"","meta":{"advgb_blocks_editor_width":"","advgb_blocks_columns_visual_guide":"","footnotes":""},"class_list":["post-7565","page","type-page","status-publish","hentry"],"yoast_head":"<!-- This site is optimized with the Yoast SEO plugin v28.2 - https:\/\/yoast.com\/product\/yoast-seo-wordpress\/ -->\n<title>Pueblos de la Sierra de Francia: Linares de Riofr\u00edo - Sierra de Francia<\/title>\n<meta name=\"description\" content=\"Linares de Riofrio est\u00e1 en la Sierra de Quilamas y es considerado la puerta de entrada a la Sierra de Francia por su parte oeste.\" \/>\n<meta name=\"robots\" content=\"index, follow, max-snippet:-1, max-image-preview:large, max-video-preview:-1\" \/>\n<link rel=\"canonical\" href=\"https:\/\/turismosierradefrancia.es\/?page_id=7565\" \/>\n<meta property=\"og:locale\" content=\"es_ES\" \/>\n<meta property=\"og:type\" content=\"article\" \/>\n<meta property=\"og:title\" content=\"Pueblos de la Sierra de Francia: Linares de Riofr\u00edo - Sierra de Francia\" \/>\n<meta property=\"og:description\" content=\"Linares de Riofrio est\u00e1 en la Sierra de Quilamas y es considerado la puerta de entrada a la Sierra de Francia por su parte oeste.\" \/>\n<meta property=\"og:url\" content=\"https:\/\/turismosierradefrancia.es\/?page_id=7565\" \/>\n<meta property=\"og:site_name\" content=\"Sierra de Francia\" \/>\n<meta property=\"article:publisher\" content=\"https:\/\/www.facebook.com\/visitasierradefrancia\/\" \/>\n<meta property=\"article:modified_time\" content=\"2024-10-24T19:24:14+00:00\" \/>\n<meta property=\"og:image\" content=\"https:\/\/turismosierradefrancia.es\/wp-content\/uploads\/2023\/11\/WhatsApp-Image-2023-11-19-at-12.12.31-7-copia.webp\" \/>\n<meta name=\"twitter:card\" content=\"summary_large_image\" \/>\n<meta name=\"twitter:site\" content=\"@visitaSF\" \/>\n<meta name=\"twitter:label1\" content=\"Tiempo de lectura\" \/>\n\t<meta name=\"twitter:data1\" content=\"4 minutos\" \/>\n<script type=\"application\/ld+json\" class=\"yoast-schema-graph\">{\"@context\":\"https:\\\/\\\/schema.org\",\"@graph\":[{\"@type\":\"WebPage\",\"@id\":\"https:\\\/\\\/turismosierradefrancia.es\\\/?page_id=7565\",\"url\":\"https:\\\/\\\/turismosierradefrancia.es\\\/?page_id=7565\",\"name\":\"Pueblos de la Sierra de Francia: Linares de Riofr\u00edo - Sierra de Francia\",\"isPartOf\":{\"@id\":\"https:\\\/\\\/turismosierradefrancia.es\\\/#website\"},\"primaryImageOfPage\":{\"@id\":\"https:\\\/\\\/turismosierradefrancia.es\\\/?page_id=7565#primaryimage\"},\"image\":{\"@id\":\"https:\\\/\\\/turismosierradefrancia.es\\\/?page_id=7565#primaryimage\"},\"thumbnailUrl\":\"https:\\\/\\\/turismosierradefrancia.es\\\/wp-content\\\/uploads\\\/2023\\\/11\\\/WhatsApp-Image-2023-11-19-at-12.12.31-7-copia.webp\",\"datePublished\":\"2023-10-15T15:30:31+00:00\",\"dateModified\":\"2024-10-24T19:24:14+00:00\",\"description\":\"Linares de Riofrio est\u00e1 en la Sierra de Quilamas y es considerado la puerta de entrada a la Sierra de Francia por su parte oeste.\",\"breadcrumb\":{\"@id\":\"https:\\\/\\\/turismosierradefrancia.es\\\/?page_id=7565#breadcrumb\"},\"inLanguage\":\"es\",\"potentialAction\":[{\"@type\":\"ReadAction\",\"target\":[\"https:\\\/\\\/turismosierradefrancia.es\\\/?page_id=7565\"]}]},{\"@type\":\"ImageObject\",\"inLanguage\":\"es\",\"@id\":\"https:\\\/\\\/turismosierradefrancia.es\\\/?page_id=7565#primaryimage\",\"url\":\"https:\\\/\\\/turismosierradefrancia.es\\\/wp-content\\\/uploads\\\/2023\\\/11\\\/WhatsApp-Image-2023-11-19-at-12.12.31-7-copia.webp\",\"contentUrl\":\"https:\\\/\\\/turismosierradefrancia.es\\\/wp-content\\\/uploads\\\/2023\\\/11\\\/WhatsApp-Image-2023-11-19-at-12.12.31-7-copia.webp\",\"width\":1024,\"height\":768,\"caption\":\"Linares de Riofr\u00edo\"},{\"@type\":\"BreadcrumbList\",\"@id\":\"https:\\\/\\\/turismosierradefrancia.es\\\/?page_id=7565#breadcrumb\",\"itemListElement\":[{\"@type\":\"ListItem\",\"position\":1,\"name\":\"Inicio\",\"item\":\"https:\\\/\\\/turismosierradefrancia.es\\\/\"},{\"@type\":\"ListItem\",\"position\":2,\"name\":\"Nuestros Pueblos\",\"item\":\"https:\\\/\\\/turismosierradefrancia.es\\\/?page_id=3996\"},{\"@type\":\"ListItem\",\"position\":3,\"name\":\"Linares de Riofr\u00edo\"}]},{\"@type\":\"WebSite\",\"@id\":\"https:\\\/\\\/turismosierradefrancia.es\\\/#website\",\"url\":\"https:\\\/\\\/turismosierradefrancia.es\\\/\",\"name\":\"Sierra de Francia\",\"description\":\"\",\"publisher\":{\"@id\":\"https:\\\/\\\/turismosierradefrancia.es\\\/#organization\"},\"alternateName\":\"Turismo Sierra de Francia\",\"potentialAction\":[{\"@type\":\"SearchAction\",\"target\":{\"@type\":\"EntryPoint\",\"urlTemplate\":\"https:\\\/\\\/turismosierradefrancia.es\\\/?s={search_term_string}\"},\"query-input\":{\"@type\":\"PropertyValueSpecification\",\"valueRequired\":true,\"valueName\":\"search_term_string\"}}],\"inLanguage\":\"es\"},{\"@type\":\"Organization\",\"@id\":\"https:\\\/\\\/turismosierradefrancia.es\\\/#organization\",\"name\":\"Sierra de Francia\",\"alternateName\":\"Turismo Sierra de Francia\",\"url\":\"https:\\\/\\\/turismosierradefrancia.es\\\/\",\"logo\":{\"@type\":\"ImageObject\",\"inLanguage\":\"es\",\"@id\":\"https:\\\/\\\/turismosierradefrancia.es\\\/#\\\/schema\\\/logo\\\/image\\\/\",\"url\":\"https:\\\/\\\/turismosierradefrancia.es\\\/wp-content\\\/uploads\\\/2024\\\/04\\\/cropped-logo_redondo-removebg-preview.png\",\"contentUrl\":\"https:\\\/\\\/turismosierradefrancia.es\\\/wp-content\\\/uploads\\\/2024\\\/04\\\/cropped-logo_redondo-removebg-preview.png\",\"width\":512,\"height\":512,\"caption\":\"Sierra de Francia\"},\"image\":{\"@id\":\"https:\\\/\\\/turismosierradefrancia.es\\\/#\\\/schema\\\/logo\\\/image\\\/\"},\"sameAs\":[\"https:\\\/\\\/www.facebook.com\\\/visitasierradefrancia\\\/\",\"https:\\\/\\\/x.com\\\/visitaSF\",\"https:\\\/\\\/www.instagram.com\\\/visitasierradefrancia\\\/\",\"https:\\\/\\\/www.youtube.com\\\/@visitasierradefrancia\"]}]}<\/script>\n<!-- \/ Yoast SEO plugin. -->","yoast_head_json":{"title":"Pueblos de la Sierra de Francia: Linares de Riofr\u00edo - Sierra de Francia","description":"Linares de Riofrio est\u00e1 en la Sierra de Quilamas y es considerado la puerta de entrada a la Sierra de Francia por su parte oeste.","robots":{"index":"index","follow":"follow","max-snippet":"max-snippet:-1","max-image-preview":"max-image-preview:large","max-video-preview":"max-video-preview:-1"},"canonical":"https:\/\/turismosierradefrancia.es\/?page_id=7565","og_locale":"es_ES","og_type":"article","og_title":"Pueblos de la Sierra de Francia: Linares de Riofr\u00edo - Sierra de Francia","og_description":"Linares de Riofrio est\u00e1 en la Sierra de Quilamas y es considerado la puerta de entrada a la Sierra de Francia por su parte oeste.","og_url":"https:\/\/turismosierradefrancia.es\/?page_id=7565","og_site_name":"Sierra de Francia","article_publisher":"https:\/\/www.facebook.com\/visitasierradefrancia\/","article_modified_time":"2024-10-24T19:24:14+00:00","og_image":[{"url":"https:\/\/turismosierradefrancia.es\/wp-content\/uploads\/2023\/11\/WhatsApp-Image-2023-11-19-at-12.12.31-7-copia.webp","type":"","width":"","height":""}],"twitter_card":"summary_large_image","twitter_site":"@visitaSF","twitter_misc":{"Tiempo de lectura":"4 minutos"},"schema":{"@context":"https:\/\/schema.org","@graph":[{"@type":"WebPage","@id":"https:\/\/turismosierradefrancia.es\/?page_id=7565","url":"https:\/\/turismosierradefrancia.es\/?page_id=7565","name":"Pueblos de la Sierra de Francia: Linares de Riofr\u00edo - Sierra de Francia","isPartOf":{"@id":"https:\/\/turismosierradefrancia.es\/#website"},"primaryImageOfPage":{"@id":"https:\/\/turismosierradefrancia.es\/?page_id=7565#primaryimage"},"image":{"@id":"https:\/\/turismosierradefrancia.es\/?page_id=7565#primaryimage"},"thumbnailUrl":"https:\/\/turismosierradefrancia.es\/wp-content\/uploads\/2023\/11\/WhatsApp-Image-2023-11-19-at-12.12.31-7-copia.webp","datePublished":"2023-10-15T15:30:31+00:00","dateModified":"2024-10-24T19:24:14+00:00","description":"Linares de Riofrio est\u00e1 en la Sierra de Quilamas y es considerado la puerta de entrada a la Sierra de Francia por su parte oeste.","breadcrumb":{"@id":"https:\/\/turismosierradefrancia.es\/?page_id=7565#breadcrumb"},"inLanguage":"es","potentialAction":[{"@type":"ReadAction","target":["https:\/\/turismosierradefrancia.es\/?page_id=7565"]}]},{"@type":"ImageObject","inLanguage":"es","@id":"https:\/\/turismosierradefrancia.es\/?page_id=7565#primaryimage","url":"https:\/\/turismosierradefrancia.es\/wp-content\/uploads\/2023\/11\/WhatsApp-Image-2023-11-19-at-12.12.31-7-copia.webp","contentUrl":"https:\/\/turismosierradefrancia.es\/wp-content\/uploads\/2023\/11\/WhatsApp-Image-2023-11-19-at-12.12.31-7-copia.webp","width":1024,"height":768,"caption":"Linares de Riofr\u00edo"},{"@type":"BreadcrumbList","@id":"https:\/\/turismosierradefrancia.es\/?page_id=7565#breadcrumb","itemListElement":[{"@type":"ListItem","position":1,"name":"Inicio","item":"https:\/\/turismosierradefrancia.es\/"},{"@type":"ListItem","position":2,"name":"Nuestros Pueblos","item":"https:\/\/turismosierradefrancia.es\/?page_id=3996"},{"@type":"ListItem","position":3,"name":"Linares de Riofr\u00edo"}]},{"@type":"WebSite","@id":"https:\/\/turismosierradefrancia.es\/#website","url":"https:\/\/turismosierradefrancia.es\/","name":"Sierra de Francia","description":"","publisher":{"@id":"https:\/\/turismosierradefrancia.es\/#organization"},"alternateName":"Turismo Sierra de Francia","potentialAction":[{"@type":"SearchAction","target":{"@type":"EntryPoint","urlTemplate":"https:\/\/turismosierradefrancia.es\/?s={search_term_string}"},"query-input":{"@type":"PropertyValueSpecification","valueRequired":true,"valueName":"search_term_string"}}],"inLanguage":"es"},{"@type":"Organization","@id":"https:\/\/turismosierradefrancia.es\/#organization","name":"Sierra de Francia","alternateName":"Turismo Sierra de Francia","url":"https:\/\/turismosierradefrancia.es\/","logo":{"@type":"ImageObject","inLanguage":"es","@id":"https:\/\/turismosierradefrancia.es\/#\/schema\/logo\/image\/","url":"https:\/\/turismosierradefrancia.es\/wp-content\/uploads\/2024\/04\/cropped-logo_redondo-removebg-preview.png","contentUrl":"https:\/\/turismosierradefrancia.es\/wp-content\/uploads\/2024\/04\/cropped-logo_redondo-removebg-preview.png","width":512,"height":512,"caption":"Sierra de Francia"},"image":{"@id":"https:\/\/turismosierradefrancia.es\/#\/schema\/logo\/image\/"},"sameAs":["https:\/\/www.facebook.com\/visitasierradefrancia\/","https:\/\/x.com\/visitaSF","https:\/\/www.instagram.com\/visitasierradefrancia\/","https:\/\/www.youtube.com\/@visitasierradefrancia"]}]}},"coauthors":[],"author_meta":{"author_link":"https:\/\/turismosierradefrancia.es\/?author=1","display_name":"admin"},"relative_dates":{"created":"Publicado 3 a\u00f1os hace","modified":"Actualizado 2 a\u00f1os hace"},"absolute_dates":{"created":"Publicado el 15\/10\/2023","modified":"Actualizado el 24\/10\/2024"},"absolute_dates_time":{"created":"Publicado el 15\/10\/2023 15:30","modified":"Actualizado el 24\/10\/2024 19:24"},"featured_img_caption":"","featured_img":false,"series_order":"","_links":{"self":[{"href":"https:\/\/turismosierradefrancia.es\/index.php?rest_route=\/wp\/v2\/pages\/7565","targetHints":{"allow":["GET"]}}],"collection":[{"href":"https:\/\/turismosierradefrancia.es\/index.php?rest_route=\/wp\/v2\/pages"}],"about":[{"href":"https:\/\/turismosierradefrancia.es\/index.php?rest_route=\/wp\/v2\/types\/page"}],"author":[{"embeddable":true,"href":"https:\/\/turismosierradefrancia.es\/index.php?rest_route=\/wp\/v2\/users\/1"}],"replies":[{"embeddable":true,"href":"https:\/\/turismosierradefrancia.es\/index.php?rest_route=%2Fwp%2Fv2%2Fcomments&post=7565"}],"version-history":[{"count":31,"href":"https:\/\/turismosierradefrancia.es\/index.php?rest_route=\/wp\/v2\/pages\/7565\/revisions"}],"predecessor-version":[{"id":18666,"href":"https:\/\/turismosierradefrancia.es\/index.php?rest_route=\/wp\/v2\/pages\/7565\/revisions\/18666"}],"up":[{"embeddable":true,"href":"https:\/\/turismosierradefrancia.es\/index.php?rest_route=\/wp\/v2\/pages\/3996"}],"wp:attachment":[{"href":"https:\/\/turismosierradefrancia.es\/index.php?rest_route=%2Fwp%2Fv2%2Fmedia&parent=7565"}],"curies":[{"name":"wp","href":"https:\/\/api.w.org\/{rel}","templated":true}]}}