{"id":7570,"date":"2023-10-15T15:53:19","date_gmt":"2023-10-15T15:53:19","guid":{"rendered":"https:\/\/turismosierradefrancia.es\/?page_id=7570"},"modified":"2026-08-27T08:29:19","modified_gmt":"2026-08-27T08:29:19","slug":"el-maillo","status":"publish","type":"page","link":"https:\/\/turismosierradefrancia.es\/?page_id=7570","title":{"rendered":"El Maillo"},"content":{"rendered":"\n<a class=\"tic-subheader-image\" style=\"display:none\" href=\"https:\/\/turismosierradefrancia.es\/wp-content\/uploads\/2023\/11\/cabecera-el-maillo.webp\"><\/a>\n\n\n\n<div style=\"height:30px\" aria-hidden=\"true\" class=\"wp-block-spacer\"><\/div>\n\n\n\n<div class=\"wp-block-media-text is-stacked-on-mobile is-image-fill-element tic-page-content has-background\" style=\"background-color:#ecf9ec\"><figure class=\"wp-block-media-text__media\"><img fetchpriority=\"high\" decoding=\"async\" width=\"1024\" height=\"768\" src=\"https:\/\/turismosierradefrancia.es\/wp-content\/uploads\/2023\/11\/el-maillo-2-1024x768.webp\" alt=\"iglesia El Maillo\" class=\"wp-image-9839 size-full\" style=\"object-position:50% 50%\" srcset=\"https:\/\/turismosierradefrancia.es\/wp-content\/uploads\/2023\/11\/el-maillo-2-1024x768.webp 1024w, https:\/\/turismosierradefrancia.es\/wp-content\/uploads\/2023\/11\/el-maillo-2-300x225.webp 300w, https:\/\/turismosierradefrancia.es\/wp-content\/uploads\/2023\/11\/el-maillo-2-768x576.webp 768w, https:\/\/turismosierradefrancia.es\/wp-content\/uploads\/2023\/11\/el-maillo-2-100x75.webp 100w, https:\/\/turismosierradefrancia.es\/wp-content\/uploads\/2023\/11\/el-maillo-2-960x720.webp 960w, https:\/\/turismosierradefrancia.es\/wp-content\/uploads\/2023\/11\/el-maillo-2-480x360.webp 480w, https:\/\/turismosierradefrancia.es\/wp-content\/uploads\/2023\/11\/el-maillo-2.webp 1200w\" sizes=\"(max-width:767px) 480px, (max-width:1024px) 100vw, 1024px\" \/><\/figure><div class=\"wp-block-media-text__content\">\n<div class=\"wp-block-group\"><div class=\"wp-block-group__inner-container is-layout-constrained wp-block-group-is-layout-constrained\">\n<div style=\"height:20px\" aria-hidden=\"true\" class=\"wp-block-spacer\"><\/div>\n\n\n\n<p class=\"has-text-align-center tic-titulo-secundario wp-block-paragraph\">Informaci\u00f3n de Contacto<\/p>\n\n\n\n<hr class=\"wp-block-separator has-alpha-channel-opacity\"\/>\n<\/div><\/div>\n\n\n\n<ul class=\"lists tic-ul\">\n    <li class=\"list tic-li\">\n        <svg class=\"tic-icon\" xmlns=\"http:\/\/www.w3.org\/2000\/svg\" height=\"1em\" viewBox=\"0 0 384 512\"><path d=\"M215.7 499.2C267 435 384 279.4 384 192C384 86 298 0 192 0S0 86 0 192c0 87.4 117 243 168.3 307.2c12.3 15.3 35.1 15.3 47.4 0zM192 128a64 64 0 1 1 0 128 64 64 0 1 1 0-128z\"\/><\/svg>   \n        <a class=\"link text tic-text\" href=\"https:\/\/maps.app.goo.gl\/fS9dKBhkmsj9DqCG6\" target=\"_blank\" rel=\"noreferrer noopener\">  Calle Larga 39, 37621 El Ma\u00edllo\n          \n          <\/a\n        >\n    <\/li>\n    <li class=\"list tic-li\">\n        <svg class=\"tic-icon\" xmlns=\"http:\/\/www.w3.org\/2000\/svg\" height=\"1em\" viewBox=\"0 0 512 512\"><path d=\"M164.9 24.6c-7.7-18.6-28-28.5-47.4-23.2l-88 24C12.1 30.2 0 46 0 64C0 311.4 200.6 512 448 512c18 0 33.8-12.1 38.6-29.5l24-88c5.3-19.4-4.6-39.7-23.2-47.4l-96-40c-16.3-6.8-35.2-2.1-46.3 11.6L304.7 368C234.3 334.7 177.3 277.7 144 207.3L193.3 167c13.7-11.2 18.4-30 11.6-46.3l-40-96z\"\/><\/svg>  \n        <a class=\"link text tic-text\" href=\"tel:+34 923 48 55 01\" target=\"_blank\" rel=\"noreferrer noopener\">+34 923 48 55 01<\/a\n        >\n    <\/li>\n    <li class=\"list tic-li\">\n        <svg class=\"tic-icon\" xmlns=\"http:\/\/www.w3.org\/2000\/svg\" height=\"1em\" viewBox=\"0 0 512 512\"><path d=\"M48 64C21.5 64 0 85.5 0 112c0 15.1 7.1 29.3 19.2 38.4L236.8 313.6c11.4 8.5 27 8.5 38.4 0L492.8 150.4c12.1-9.1 19.2-23.3 19.2-38.4c0-26.5-21.5-48-48-48H48zM0 176V384c0 35.3 28.7 64 64 64H448c35.3 0 64-28.7 64-64V176L294.4 339.2c-22.8 17.1-54 17.1-76.8 0L0 176z\"\/><\/svg>\n        <a class=\"link text tic-text\" href=\"mailto:ayuntamientoelmaillo@gmail.com\" target=\"_blank\" rel=\"noreferrer noopener\" translate=\"no\">ayuntamientoelmaillo@gmail.com<\/a\n        >\n    <\/li>\n    <li class=\"list tic-li\">\n        <svg class=\"tic-icon\" xmlns=\"http:\/\/www.w3.org\/2000\/svg\" height=\"1em\" viewBox=\"0 0 512 512\"><path d=\"M352 256c0 22.2-1.2 43.6-3.3 64H163.3c-2.2-20.4-3.3-41.8-3.3-64s1.2-43.6 3.3-64H348.7c2.2 20.4 3.3 41.8 3.3 64zm28.8-64H503.9c5.3 20.5 8.1 41.9 8.1 64s-2.8 43.5-8.1 64H380.8c2.1-20.6 3.2-42 3.2-64s-1.1-43.4-3.2-64zm112.6-32H376.7c-10-63.9-29.8-117.4-55.3-151.6c78.3 20.7 142 77.5 171.9 151.6zm-149.1 0H167.7c6.1-36.4 15.5-68.6 27-94.7c10.5-23.6 22.2-40.7 33.5-51.5C239.4 3.2 248.7 0 256 0s16.6 3.2 27.8 13.8c11.3 10.8 23 27.9 33.5 51.5c11.6 26 20.9 58.2 27 94.7zm-209 0H18.6C48.6 85.9 112.2 29.1 190.6 8.4C165.1 42.6 145.3 96.1 135.3 160zM8.1 192H131.2c-2.1 20.6-3.2 42-3.2 64s1.1 43.4 3.2 64H8.1C2.8 299.5 0 278.1 0 256s2.8-43.5 8.1-64zM194.7 446.6c-11.6-26-20.9-58.2-27-94.6H344.3c-6.1 36.4-15.5 68.6-27 94.6c-10.5 23.6-22.2 40.7-33.5 51.5C272.6 508.8 263.3 512 256 512s-16.6-3.2-27.8-13.8c-11.3-10.8-23-27.9-33.5-51.5zM135.3 352c10 63.9 29.8 117.4 55.3 151.6C112.2 482.9 48.6 426.1 18.6 352H135.3zm358.1 0c-30 74.1-93.6 130.9-171.9 151.6c25.5-34.2 45.2-87.7 55.3-151.6H493.4z\"\/><\/svg>\n        <a class=\"link text tic-text\" href=\"https:\/\/aytoelmaillo.org\" target=\"_blank\" rel=\"noreferrer noopener\">https:\/\/aytoelmaillo.org<\/a\n        >\n    <\/li>    \n<\/ul>\n\n\n\n<div style=\"height:10px\" aria-hidden=\"true\" class=\"wp-block-spacer\"><\/div>\n\n\n\n<ul class=\"wp-block-social-links aligncenter is-layout-flex wp-block-social-links-is-layout-flex\"><li class=\"wp-social-link wp-social-link-facebook wp-block-social-link\"><a href=\"https:\/\/www.facebook.com\/ElMailloParaisoNatural\/?locale=es_ES\" class=\"wp-block-social-link-anchor\"><svg width=\"24\" height=\"24\" viewBox=\"0 0 24 24\" version=\"1.1\" xmlns=\"http:\/\/www.w3.org\/2000\/svg\" aria-hidden=\"true\" focusable=\"false\"><path d=\"M12 2C6.5 2 2 6.5 2 12c0 5 3.7 9.1 8.4 9.9v-7H7.9V12h2.5V9.8c0-2.5 1.5-3.9 3.8-3.9 1.1 0 2.2.2 2.2.2v2.5h-1.3c-1.2 0-1.6.8-1.6 1.6V12h2.8l-.4 2.9h-2.3v7C18.3 21.1 22 17 22 12c0-5.5-4.5-10-10-10z\"><\/path><\/svg><span class=\"wp-block-social-link-label screen-reader-text\">Facebook<\/span><\/a><\/li><\/ul>\n<\/div><\/div>\n\n\n\n<p class=\"wp-block-paragraph\"><\/p>\n\n\n\n<div class=\"wp-block-group tic-page-content\"><div class=\"wp-block-group__inner-container is-layout-constrained wp-block-group-is-layout-constrained\">\n<div style=\"height:20px\" aria-hidden=\"true\" class=\"wp-block-spacer\"><\/div>\n\n\n\n<p class=\"tic-contenido-principal wp-block-paragraph\"><\/p>\n\n\n\n<p class=\"has-drop-cap tic-contenido-principal wp-block-paragraph\">Fundado por los reyes leoneses en la Edad Media, se cree que su nombre procede de la denominaci\u00f3n&nbsp;que&nbsp;antiguamente&nbsp;se les&nbsp;daba en la zona a los manzanos silvestres. Se encuentra&nbsp;situado&nbsp;en la falda norte de la Pe\u00f1a de Francia,&nbsp;sitio&nbsp;con buenos bosques de roble y pino; mientras que en la parte m\u00e1s al norte del municipio empieza la dehesa de encina que alberga varias caba\u00f1as ganaderas. Esta variedad de ecosistemas,&nbsp;unida&nbsp;a que es un municipio con abundantes prados y agua, hacen de todo el t\u00e9rmino municipal un lugar estupendo para hacer senderismo,&nbsp;conocer el entorno y&nbsp;aprender&nbsp;sobre especies vegetales&nbsp;como los hongos, ya que es un territorio muy productivo de setas.&nbsp;<\/p>\n\n\n\n<p class=\"tic-contenido-principal wp-block-paragraph\">La ruta por excelencia es la subida a la Pe\u00f1a de Francia, desde donde se ve el convento la Casa Baja de El Ma\u00edllo y el arroyo del mismo nombre. Otras rutas excepcionales son la subida al Pico Hastiala o al Pico del Robledo, o la que va a Monsagro por el Paso de los Lobos.&nbsp;Adem\u00e1s, se estrena la ruta \u2018Los Molinos\u2019 un interesante sendero accesible, ciclotur\u00edstico y bot\u00e1nico, dentro del Parque Natural de Las Batuecas-Sierra de Francia, en el que a trav\u00e9s de un c\u00f3digo QR se puede conocer toda la informaci\u00f3n sobre los recursos que se encuentran en el camino, un camino con se\u00f1ales inclusivas a trav\u00e9s de audiodescripciones, para que nadie se pierda detalle de la riqueza de los recursos naturales de El Ma\u00edllo.<\/p>\n\n\n\n<div style=\"height:20px\" aria-hidden=\"true\" class=\"wp-block-spacer\"><\/div>\n\n\n\n<figure class=\"wp-block-gallery aligncenter has-nested-images columns-3 is-cropped imagen-personalizada wp-block-gallery-1 is-layout-flex wp-block-gallery-is-layout-flex advgb-dyn-5bf9be06\">\n<figure class=\"wp-block-image size-large\"><a href=\"https:\/\/turismosierradefrancia.es\/wp-content\/uploads\/2023\/11\/el-maillo-7.webp\"><img decoding=\"async\" width=\"1024\" height=\"768\" data-id=\"9844\" src=\"https:\/\/turismosierradefrancia.es\/wp-content\/uploads\/2023\/11\/el-maillo-7-1024x768.webp\" alt=\"el maillo - sierra de francia 1\" class=\"wp-image-9844\" srcset=\"https:\/\/turismosierradefrancia.es\/wp-content\/uploads\/2023\/11\/el-maillo-7-1024x768.webp 1024w, https:\/\/turismosierradefrancia.es\/wp-content\/uploads\/2023\/11\/el-maillo-7-300x225.webp 300w, https:\/\/turismosierradefrancia.es\/wp-content\/uploads\/2023\/11\/el-maillo-7-768x576.webp 768w, https:\/\/turismosierradefrancia.es\/wp-content\/uploads\/2023\/11\/el-maillo-7-100x75.webp 100w, https:\/\/turismosierradefrancia.es\/wp-content\/uploads\/2023\/11\/el-maillo-7-960x720.webp 960w, https:\/\/turismosierradefrancia.es\/wp-content\/uploads\/2023\/11\/el-maillo-7-480x360.webp 480w, https:\/\/turismosierradefrancia.es\/wp-content\/uploads\/2023\/11\/el-maillo-7.webp 1200w\" sizes=\"(max-width:767px) 480px, (max-width:1024px) 100vw, 1024px\" \/><\/a><\/figure>\n\n\n\n<figure class=\"wp-block-image size-large\"><a href=\"https:\/\/turismosierradefrancia.es\/wp-content\/uploads\/2023\/11\/el-maillo-10.webp\"><img decoding=\"async\" width=\"1024\" height=\"768\" data-id=\"9847\" src=\"https:\/\/turismosierradefrancia.es\/wp-content\/uploads\/2023\/11\/el-maillo-10-1024x768.webp\" alt=\"el maillo - sierra de francia 2\" class=\"wp-image-9847\" srcset=\"https:\/\/turismosierradefrancia.es\/wp-content\/uploads\/2023\/11\/el-maillo-10-1024x768.webp 1024w, https:\/\/turismosierradefrancia.es\/wp-content\/uploads\/2023\/11\/el-maillo-10-300x225.webp 300w, https:\/\/turismosierradefrancia.es\/wp-content\/uploads\/2023\/11\/el-maillo-10-768x576.webp 768w, https:\/\/turismosierradefrancia.es\/wp-content\/uploads\/2023\/11\/el-maillo-10-100x75.webp 100w, https:\/\/turismosierradefrancia.es\/wp-content\/uploads\/2023\/11\/el-maillo-10-960x720.webp 960w, https:\/\/turismosierradefrancia.es\/wp-content\/uploads\/2023\/11\/el-maillo-10-480x360.webp 480w, https:\/\/turismosierradefrancia.es\/wp-content\/uploads\/2023\/11\/el-maillo-10.webp 1200w\" sizes=\"(max-width:767px) 480px, (max-width:1024px) 100vw, 1024px\" \/><\/a><\/figure>\n\n\n\n<figure class=\"wp-block-image size-large\"><a href=\"https:\/\/turismosierradefrancia.es\/wp-content\/uploads\/2024\/06\/mai20-copia.webp\"><img loading=\"lazy\" decoding=\"async\" width=\"1024\" height=\"681\" data-id=\"16067\" src=\"https:\/\/turismosierradefrancia.es\/wp-content\/uploads\/2024\/06\/mai20-copia-1024x681.webp\" alt=\"el maillo - sierra de francia 3\" class=\"wp-image-16067\" srcset=\"https:\/\/turismosierradefrancia.es\/wp-content\/uploads\/2024\/06\/mai20-copia-1024x681.webp 1024w, https:\/\/turismosierradefrancia.es\/wp-content\/uploads\/2024\/06\/mai20-copia-300x200.webp 300w, https:\/\/turismosierradefrancia.es\/wp-content\/uploads\/2024\/06\/mai20-copia-768x511.webp 768w, https:\/\/turismosierradefrancia.es\/wp-content\/uploads\/2024\/06\/mai20-copia-1536x1021.webp 1536w, https:\/\/turismosierradefrancia.es\/wp-content\/uploads\/2024\/06\/mai20-copia-113x75.webp 113w, https:\/\/turismosierradefrancia.es\/wp-content\/uploads\/2024\/06\/mai20-copia-480x319.webp 480w, https:\/\/turismosierradefrancia.es\/wp-content\/uploads\/2024\/06\/mai20-copia.webp 1600w\" sizes=\"(max-width:767px) 480px, (max-width:1024px) 100vw, 1024px\" \/><\/a><\/figure>\n\n\n\n<figure class=\"wp-block-image size-large\"><a href=\"https:\/\/turismosierradefrancia.es\/wp-content\/uploads\/2024\/06\/mai16-2-copia.webp\"><img loading=\"lazy\" decoding=\"async\" width=\"1024\" height=\"681\" data-id=\"16070\" src=\"https:\/\/turismosierradefrancia.es\/wp-content\/uploads\/2024\/06\/mai16-2-copia-1024x681.webp\" alt=\"el maillo - sierra de francia 4\" class=\"wp-image-16070\" srcset=\"https:\/\/turismosierradefrancia.es\/wp-content\/uploads\/2024\/06\/mai16-2-copia-1024x681.webp 1024w, https:\/\/turismosierradefrancia.es\/wp-content\/uploads\/2024\/06\/mai16-2-copia-300x200.webp 300w, https:\/\/turismosierradefrancia.es\/wp-content\/uploads\/2024\/06\/mai16-2-copia-768x511.webp 768w, https:\/\/turismosierradefrancia.es\/wp-content\/uploads\/2024\/06\/mai16-2-copia-1536x1021.webp 1536w, https:\/\/turismosierradefrancia.es\/wp-content\/uploads\/2024\/06\/mai16-2-copia-113x75.webp 113w, https:\/\/turismosierradefrancia.es\/wp-content\/uploads\/2024\/06\/mai16-2-copia-480x319.webp 480w, https:\/\/turismosierradefrancia.es\/wp-content\/uploads\/2024\/06\/mai16-2-copia.webp 1600w\" sizes=\"(max-width:767px) 480px, (max-width:1024px) 100vw, 1024px\" \/><\/a><\/figure>\n\n\n\n<figure class=\"wp-block-image size-large\"><a href=\"https:\/\/turismosierradefrancia.es\/wp-content\/uploads\/2023\/11\/el-maillo-5.webp\"><img loading=\"lazy\" decoding=\"async\" width=\"1024\" height=\"768\" data-id=\"9842\" src=\"https:\/\/turismosierradefrancia.es\/wp-content\/uploads\/2023\/11\/el-maillo-5-1024x768.webp\" alt=\"el maillo - sierra de francia 5\" class=\"wp-image-9842\" srcset=\"https:\/\/turismosierradefrancia.es\/wp-content\/uploads\/2023\/11\/el-maillo-5-1024x768.webp 1024w, https:\/\/turismosierradefrancia.es\/wp-content\/uploads\/2023\/11\/el-maillo-5-300x225.webp 300w, https:\/\/turismosierradefrancia.es\/wp-content\/uploads\/2023\/11\/el-maillo-5-768x576.webp 768w, https:\/\/turismosierradefrancia.es\/wp-content\/uploads\/2023\/11\/el-maillo-5-100x75.webp 100w, https:\/\/turismosierradefrancia.es\/wp-content\/uploads\/2023\/11\/el-maillo-5-960x720.webp 960w, https:\/\/turismosierradefrancia.es\/wp-content\/uploads\/2023\/11\/el-maillo-5-480x360.webp 480w, https:\/\/turismosierradefrancia.es\/wp-content\/uploads\/2023\/11\/el-maillo-5.webp 1200w\" sizes=\"(max-width:767px) 480px, (max-width:1024px) 100vw, 1024px\" \/><\/a><\/figure>\n\n\n\n<figure class=\"wp-block-image size-large\"><a href=\"https:\/\/turismosierradefrancia.es\/wp-content\/uploads\/2023\/11\/el-maillo-1.webp\"><img loading=\"lazy\" decoding=\"async\" width=\"1024\" height=\"768\" data-id=\"9838\" src=\"https:\/\/turismosierradefrancia.es\/wp-content\/uploads\/2023\/11\/el-maillo-1-1024x768.webp\" alt=\"el maillo - sierra de francia 6\" class=\"wp-image-9838\" srcset=\"https:\/\/turismosierradefrancia.es\/wp-content\/uploads\/2023\/11\/el-maillo-1-1024x768.webp 1024w, https:\/\/turismosierradefrancia.es\/wp-content\/uploads\/2023\/11\/el-maillo-1-300x225.webp 300w, https:\/\/turismosierradefrancia.es\/wp-content\/uploads\/2023\/11\/el-maillo-1-768x576.webp 768w, https:\/\/turismosierradefrancia.es\/wp-content\/uploads\/2023\/11\/el-maillo-1-100x75.webp 100w, https:\/\/turismosierradefrancia.es\/wp-content\/uploads\/2023\/11\/el-maillo-1-960x720.webp 960w, https:\/\/turismosierradefrancia.es\/wp-content\/uploads\/2023\/11\/el-maillo-1-480x360.webp 480w, https:\/\/turismosierradefrancia.es\/wp-content\/uploads\/2023\/11\/el-maillo-1.webp 1200w\" sizes=\"(max-width:767px) 480px, (max-width:1024px) 100vw, 1024px\" \/><\/a><\/figure>\n<\/figure>\n\n\n\n<div style=\"height:50px\" aria-hidden=\"true\" class=\"wp-block-spacer\"><\/div>\n<\/div><\/div>\n\n\n\n<div class=\"wp-block-group tic-page-content\"><div class=\"wp-block-group__inner-container is-layout-constrained wp-block-group-is-layout-constrained\">\n<p class=\"tic-titulo-secundario wp-block-paragraph\">INFORMACI\u00d3N<\/p>\n\n\n\n<hr class=\"wp-block-separator has-alpha-channel-opacity\"\/>\n\n\n\n<p class=\"wp-block-paragraph\">Podremos descansar en el \u00e1rea recreativa de La Hoya que cuenta con una zona de acampada, barbacoa, merendero, piscina y distintas canchas deportivas.<\/p>\n\n\n\n<p class=\"wp-block-paragraph\">El Ma\u00edllo es un pueblo de arquitectura serrana, con inscripciones en los dinteles de las puertas a modo de mensajes de otros tiempos para los visitantes de hoy. En algunas fachadas de sus casas, a\u00fan quedan las&nbsp;<em>crucianas<\/em>, huellas de trilobites&nbsp;sobre el fondo marino, procedentes del periodo C\u00e1mbrico, cuando la Sierra de Francia estaba cubierta de agua,&nbsp;hace 450 millones de a\u00f1os.<\/p>\n\n\n\n<p class=\"wp-block-paragraph\">Caminando entre sus calles el visitante encuentra la iglesia del siglo XVII, complemento de la Casa Baja, declarada Monumento Hist\u00f3rico Art\u00edstico en 1956, no solo por su arquitectura sino tambi\u00e9n porque desde 1417, fecha en la que fue construida, ha albergado durante los duros inviernos a generaciones de monjes del Monasterio de la Pe\u00f1a de Francia que han paseado dejando la impronta de sus oraciones en el hermoso claustro que recuerda a los inicios del g\u00f3tico-isabelino, estilo que se puso de moda a\u00f1os despu\u00e9s.<\/p>\n<\/div><\/div>\n\n\n\n<div class=\"wp-block-group tic-page-content\"><div class=\"wp-block-group__inner-container is-layout-constrained wp-block-group-is-layout-constrained\">\n<p class=\"tic-titulo-secundario wp-block-paragraph\">MAPA<\/p>\n\n\n\n<hr class=\"wp-block-separator has-alpha-channel-opacity\"\/>\n\n\n\n<iframe src=\"https:\/\/www.google.com\/maps\/embed?pb=!1m18!1m12!1m3!1d3030.8931604636427!2d-6.182858823435387!3d40.566036546537774!2m3!1f0!2f0!3f0!3m2!1i1024!2i768!4f13.1!3m3!1m2!1s0xd3e8ec3f5f22885%3A0x6ed42aca5c99851a!2sC.%20Larga%2C%2039%2C%2037621%20El%20Ma%C3%ADllo%2C%20Salamanca%2C%20Espa%C3%B1a!5e0!3m2!1ses!2sve!4v1697384930542!5m2!1ses!2sve\" width=\"100%\" height=\"450\" style=\"border:0;\" allowfullscreen=\"\" loading=\"lazy\" referrerpolicy=\"no-referrer-when-downgrade\"><\/iframe>\n\n\n\n<div style=\"height:20px\" aria-hidden=\"true\" class=\"wp-block-spacer\"><\/div>\n\n\n\n<p class=\"wp-block-paragraph\"><span style=\"color: #3C6F13\"><b>El Ma\u00edllo<\/b><\/span> cuenta con un nuevo recurso tur\u00edstico: el <span style=\"color: #3C6F13\"><b>Mirador Astron\u00f3mico<\/b><\/span>, situado en el paraje de Asomera \u00c1spera, en plena <span style=\"color: #3C6F13\"><b>Sierra de Francia<\/b><\/span> (Salamanca), es un espacio al aire libre concebido para descubrir el cielo y acercarse a la astronom\u00eda de una forma sencilla, participativa y did\u00e1ctica. El acceso se realiza desde la carretera SA-220, en el punto kilom\u00e9trico 62,7, siguiendo el acceso se\u00f1alizado hasta el mirador. Con un di\u00e1metro aproximado de 12,50 metros, este espacio ofrece un lugar privilegiado para la observaci\u00f3n del firmamento y para disfrutar de la riqueza del cielo nocturno de la Sierra de Francia. <\/p>\n\n\n\n<p class=\"wp-block-paragraph\">Coordenadas: 40\u00b034\u201908.2\u201dN 6\u00b011\u201921.9\u201dW<\/p>\n\n\n\n<p class=\"wp-block-paragraph\">El mirador combina <b>orientaci\u00f3n, observaci\u00f3n solar y contemplaci\u00f3n del cielo nocturno<\/b> mediante distintos elementos interpretativos. El espacio cuenta con una <b>rosa de los vientos, t\u00f3tems que se\u00f1alan los solsticios y equinoccios<\/b>, un indicador de la Estrella Polar, un <b>reloj solar analem\u00e1tico<\/b> y <b>tumbonas astron\u00f3micas<\/b> para observar c\u00f3modamente el firmamento. <\/p>\n\n\n\n<p class=\"wp-block-paragraph\">Durante el d\u00eda, el <b>reloj solar<\/b> permite conocer la hora solar utilizando la propia sombra como indicador. Al atardecer, los t\u00f3tems ayudan a comprender c\u00f3mo cambia a lo largo del a\u00f1o el punto por el que se oculta el Sol. <\/p>\n\n\n\n<p class=\"wp-block-paragraph\">Por la noche, el mirador se convierte en un lugar privilegiado para la <b>observaci\u00f3n del cielo<\/b>. El indicador de la Estrella Polar facilita la orientaci\u00f3n hacia el norte celeste y permite aprender a localizar esta estrella a partir de la <b>Osa Mayor<\/b>. En noches oscuras pueden observarse numerosas estrellas, constelaciones, c\u00famulos y nebulosas, as\u00ed como la <b>V\u00eda L\u00e1ctea<\/b>, especialmente<br>visible durante el verano.<\/p>\n\n\n\n<figure class=\"wp-block-gallery has-nested-images columns-default is-cropped imagen-personalizada wp-block-gallery-2 is-layout-flex wp-block-gallery-is-layout-flex\">\n<figure class=\"wp-block-image size-large\"><a href=\"https:\/\/turismosierradefrancia.es\/wp-content\/uploads\/2026\/08\/FOTO-MIRADOR-ASTRONOMICO-1-1.jpg\"><img loading=\"lazy\" decoding=\"async\" width=\"1024\" height=\"576\" data-id=\"22532\" src=\"https:\/\/turismosierradefrancia.es\/wp-content\/uploads\/2026\/08\/FOTO-MIRADOR-ASTRONOMICO-1-1-1024x576.jpg\" alt=\"\" class=\"wp-image-22532\" srcset=\"https:\/\/turismosierradefrancia.es\/wp-content\/uploads\/2026\/08\/FOTO-MIRADOR-ASTRONOMICO-1-1-1024x576.jpg 1024w, https:\/\/turismosierradefrancia.es\/wp-content\/uploads\/2026\/08\/FOTO-MIRADOR-ASTRONOMICO-1-1-300x169.jpg 300w, https:\/\/turismosierradefrancia.es\/wp-content\/uploads\/2026\/08\/FOTO-MIRADOR-ASTRONOMICO-1-1-768x432.jpg 768w, https:\/\/turismosierradefrancia.es\/wp-content\/uploads\/2026\/08\/FOTO-MIRADOR-ASTRONOMICO-1-1-1536x864.jpg 1536w, https:\/\/turismosierradefrancia.es\/wp-content\/uploads\/2026\/08\/FOTO-MIRADOR-ASTRONOMICO-1-1-133x75.jpg 133w, https:\/\/turismosierradefrancia.es\/wp-content\/uploads\/2026\/08\/FOTO-MIRADOR-ASTRONOMICO-1-1-600x337.jpg 600w, https:\/\/turismosierradefrancia.es\/wp-content\/uploads\/2026\/08\/FOTO-MIRADOR-ASTRONOMICO-1-1-480x270.jpg 480w, https:\/\/turismosierradefrancia.es\/wp-content\/uploads\/2026\/08\/FOTO-MIRADOR-ASTRONOMICO-1-1.jpg 1599w\" sizes=\"(max-width:767px) 480px, (max-width:1024px) 100vw, 1024px\" \/><\/a><\/figure>\n\n\n\n<figure class=\"wp-block-image size-large\"><a href=\"https:\/\/turismosierradefrancia.es\/wp-content\/uploads\/2026\/08\/FOTO-MIRADOR-ASTRONOMICO-2-1-scaled.jpeg\"><img loading=\"lazy\" decoding=\"async\" width=\"1024\" height=\"768\" data-id=\"22534\" src=\"https:\/\/turismosierradefrancia.es\/wp-content\/uploads\/2026\/08\/FOTO-MIRADOR-ASTRONOMICO-2-1-1024x768.jpeg\" alt=\"\" class=\"wp-image-22534\" srcset=\"https:\/\/turismosierradefrancia.es\/wp-content\/uploads\/2026\/08\/FOTO-MIRADOR-ASTRONOMICO-2-1-1024x768.jpeg 1024w, https:\/\/turismosierradefrancia.es\/wp-content\/uploads\/2026\/08\/FOTO-MIRADOR-ASTRONOMICO-2-1-300x225.jpeg 300w, https:\/\/turismosierradefrancia.es\/wp-content\/uploads\/2026\/08\/FOTO-MIRADOR-ASTRONOMICO-2-1-768x576.jpeg 768w, https:\/\/turismosierradefrancia.es\/wp-content\/uploads\/2026\/08\/FOTO-MIRADOR-ASTRONOMICO-2-1-1536x1152.jpeg 1536w, https:\/\/turismosierradefrancia.es\/wp-content\/uploads\/2026\/08\/FOTO-MIRADOR-ASTRONOMICO-2-1-2048x1536.jpeg 2048w, https:\/\/turismosierradefrancia.es\/wp-content\/uploads\/2026\/08\/FOTO-MIRADOR-ASTRONOMICO-2-1-100x75.jpeg 100w, https:\/\/turismosierradefrancia.es\/wp-content\/uploads\/2026\/08\/FOTO-MIRADOR-ASTRONOMICO-2-1-480x360.jpeg 480w\" sizes=\"(max-width:767px) 480px, (max-width:1024px) 100vw, 1024px\" \/><\/a><\/figure>\n\n\n\n<figure class=\"wp-block-image size-large\"><a href=\"https:\/\/turismosierradefrancia.es\/wp-content\/uploads\/2026\/08\/FOTO-MIRADOR-ASTRONOMICO-3-1-scaled.jpeg\"><img loading=\"lazy\" decoding=\"async\" width=\"1024\" height=\"768\" data-id=\"22533\" src=\"https:\/\/turismosierradefrancia.es\/wp-content\/uploads\/2026\/08\/FOTO-MIRADOR-ASTRONOMICO-3-1-1024x768.jpeg\" alt=\"\" class=\"wp-image-22533\" srcset=\"https:\/\/turismosierradefrancia.es\/wp-content\/uploads\/2026\/08\/FOTO-MIRADOR-ASTRONOMICO-3-1-1024x768.jpeg 1024w, https:\/\/turismosierradefrancia.es\/wp-content\/uploads\/2026\/08\/FOTO-MIRADOR-ASTRONOMICO-3-1-300x225.jpeg 300w, https:\/\/turismosierradefrancia.es\/wp-content\/uploads\/2026\/08\/FOTO-MIRADOR-ASTRONOMICO-3-1-768x576.jpeg 768w, https:\/\/turismosierradefrancia.es\/wp-content\/uploads\/2026\/08\/FOTO-MIRADOR-ASTRONOMICO-3-1-1536x1152.jpeg 1536w, https:\/\/turismosierradefrancia.es\/wp-content\/uploads\/2026\/08\/FOTO-MIRADOR-ASTRONOMICO-3-1-2048x1536.jpeg 2048w, https:\/\/turismosierradefrancia.es\/wp-content\/uploads\/2026\/08\/FOTO-MIRADOR-ASTRONOMICO-3-1-100x75.jpeg 100w, https:\/\/turismosierradefrancia.es\/wp-content\/uploads\/2026\/08\/FOTO-MIRADOR-ASTRONOMICO-3-1-480x360.jpeg 480w\" sizes=\"(max-width:767px) 480px, (max-width:1024px) 100vw, 1024px\" \/><\/a><\/figure>\n<\/figure>\n\n\n\n<div style=\"height:20px\" aria-hidden=\"true\" class=\"wp-block-spacer\"><\/div>\n\n\n\n<p class=\"wp-block-paragraph\"><span style=\"color: #3C6F13\"><strong>Una experiencia para descubrir el cielo<\/strong><\/span><\/p>\n\n\n\n<p class=\"wp-block-paragraph\">El visitante puede recorrer el mirador de forma aut\u00f3noma y poner en pr\u00e1ctica sencillas actividades: orientarse con la rosa de los vientos, utilizar el reloj solar, identificar los cambios en la posici\u00f3n del Sol, localizar la Estrella Polar y observar las constelaciones desde las tumbonas astron\u00f3micas.<\/p>\n\n\n\n<p class=\"wp-block-paragraph\"><span style=\"color: #3C6F13\"><strong>\u201cEl Mirador Astron\u00f3mico de El Ma\u00edllo ofrece as\u00ed una experiencia de turismo astron\u00f3mico accesible para todos los p\u00fablicos, donde el paisaje, la orientaci\u00f3n y el cielo se convierten en protagonistas\u201d.<\/strong><\/span><\/p>\n<\/div><\/div>\n\n\n\n<div class=\"wp-block-group tic-page-content\"><div class=\"wp-block-group__inner-container is-layout-constrained wp-block-group-is-layout-constrained\">\n<p class=\"tic-titulo-secundario wp-block-paragraph\">C\u00d3MO LLEGAR<\/p>\n\n\n\n<hr class=\"wp-block-separator has-alpha-channel-opacity\"\/>\n\n\n\n<p class=\"wp-block-paragraph\">En transporte p\u00fablico desde Salamanca hay autob\u00fas (Autocares J. Cristeto) hasta Tamames de lunes a viernes a las 13:30 y 18:00 h, los s\u00e1bados a las 14:00 h y los domingos a las 10:00 h y desde Tamames a El Maillo los viernes a las 14:30 h. Para ir de El Maillo a Tamames hay autob\u00fas los viernes a las 07:00 h y desde Tamames a Salamanca el autob\u00fas va de lunes a viernes a las 07:55 y 15:40 h, los s\u00e1bados a las 09:05 h y los domingos a las 19:45 h.<\/p>\n\n\n\n<p class=\"wp-block-paragraph\">En coche desde Salamanca salimos por la CL-512 hasta Vecinos, continuamos por la SA-210 hasta Tamames, seguimos por la SA-201 hasta El Cabaco donde nos desviaremos hacia la izquierda por la SA-220 hasta llegar a El Maillo.<\/p>\n<\/div><\/div>\n\n\n\n<div class=\"wp-block-group tic-page-content\"><div class=\"wp-block-group__inner-container is-layout-constrained wp-block-group-is-layout-constrained\">\n<p class=\"tic-titulo-secundario wp-block-paragraph\">QU\u00c9 VER<\/p>\n\n\n\n<hr class=\"wp-block-separator has-alpha-channel-opacity\"\/>\n\n\n\n<div class=\"wp-block-group is-nowrap is-layout-flex wp-container-core-group-is-layout-8f761849 wp-block-group-is-layout-flex\">\n<ul class=\"wp-block-list\">\n<li>\u00c1rea recreativa de La Hoya<\/li>\n\n\n\n<li>Convento de la Casa Baja<\/li>\n\n\n\n<li>Iglesia parroquial Santa Maria Magdalena<\/li>\n\n\n\n<li>Restos f\u00f3siles<\/li>\n\n\n\n<li>Rutas de senderismo<\/li>\n\n\n\n<li class=\"tic-content-mosaic-page\"><strong><a href=\"http:\/\/aytoelmaillo.org\/bike\/\">Ruta Bot\u00e1nica Los Molinos<\/a><\/strong><\/li>\n\n\n\n<li><a href=\"https:\/\/www.youtube.com\/watch?v=H-79UswMhxs\"><strong>Mirador Astron\u00f3mico<\/strong><\/a><\/li>\n<\/ul>\n<\/div>\n\n\n\n<p class=\"tic-titulo-secundario wp-block-paragraph\">LEYENDAS<\/p>\n\n\n\n<hr class=\"wp-block-separator has-alpha-channel-opacity\"\/>\n\n\n\n<div class=\"wp-block-group is-nowrap is-layout-flex wp-container-core-group-is-layout-8f761849 wp-block-group-is-layout-flex\">\n<ul class=\"wp-block-list\">\n<li class=\"tic-content-mosaic-page\"><strong><a href=\"https:\/\/turismosierradefrancia.es\/cultura\/historia-y-tradicion\/leyendas-de-la-sierra-de-francia\/cueva-de-el-pinalejo\/\">Cueva de El Pinalejo<\/a><\/strong><\/li>\n<\/ul>\n<\/div>\n\n\n\n<div style=\"height:10px\" aria-hidden=\"true\" class=\"wp-block-spacer\"><\/div>\n<\/div><\/div>\n\n\n\n<div class=\"wp-block-group tic-page-content\"><div class=\"wp-block-group__inner-container is-layout-constrained wp-block-group-is-layout-constrained\">\n<p class=\"tic-titulo-secundario wp-block-paragraph\">AGENDA<\/p>\n\n\n\n<hr class=\"wp-block-separator has-alpha-channel-opacity\"\/>\n\n\n<div class=\"em em-view-container\" id=\"em-view-811770151\" data-view=\"grid\" style=\"--view-grid-width : 235px\">\r\n\t<div class=\"em pixelbones em-list em-events-list em-grid em-events-grid\" id=\"em-events-grid-811770151\" data-view-id=\"811770151\">\r\n\tNo hay eventos programados\t<\/div>\r\n<\/div>\n\n\n\n<div style=\"height:30px\" aria-hidden=\"true\" class=\"wp-block-spacer\"><\/div>\n\n\n\n<div style=\"height:20px\" aria-hidden=\"true\" class=\"wp-block-spacer\"><\/div>\n\n\n\n<div class=\"wp-block-buttons is-content-justification-center is-layout-flex wp-container-core-buttons-is-layout-fe48e5de wp-block-buttons-is-layout-flex\">\n<div class=\"wp-block-button is-style-fill\"><a class=\"wp-block-button__link has-white-color has-text-color has-background has-link-color has-text-align-center wp-element-button\" href=\"https:\/\/turismosierradefrancia.es\/agenda-completa\/\" style=\"border-radius:25px;background-color:#3c6f13\">Ver Oferta Completa de Eventos<\/a><\/div>\n<\/div>\n<\/div><\/div>\n\n\n\n<div class=\"wp-block-group tic-page-content\"><div class=\"wp-block-group__inner-container is-layout-constrained wp-block-group-is-layout-constrained\"><\/div><\/div>\n\n\n\n<div style=\"height:30px\" aria-hidden=\"true\" class=\"wp-block-spacer\"><\/div>\n\n\n\n<div class=\"wp-block-group tic-page-footer\"><div class=\"wp-block-group__inner-container is-layout-constrained wp-block-group-is-layout-constrained\">\n<p class=\"tic-secicon has-medium-font-size wp-block-paragraph\"><strong>Relacionado<\/strong><\/p>\n\n\n\n\t\t\t<div class=\"foogallery foogallery-container foogallery-carousel foogallery-lightbox-none fg-carousel-hide-nav-arrows fg-carousel-hide-pagination fg-carousel-hide-progress-bar fg-carousel fg-ready fg-custom fg-shadow-outline fg-loading-default fg-loaded-fade-in fg-caption-always fg-hover-fade fg-c-c\" id=\"foogallery-gallery-3652\" data-foogallery=\"{&quot;item&quot;:{&quot;showCaptionTitle&quot;:true,&quot;showCaptionDescription&quot;:true},&quot;lazy&quot;:true,&quot;src&quot;:&quot;src&quot;,&quot;srcset&quot;:&quot;srcset&quot;,&quot;template&quot;:{&quot;maxItems&quot;:7,&quot;scale&quot;:0,&quot;gutter&quot;:{&quot;min&quot;:5,&quot;max&quot;:10,&quot;unit&quot;:&quot;px&quot;},&quot;autoplay&quot;:{&quot;time&quot;:5,&quot;interaction&quot;:&quot;disable&quot;},&quot;centerOnClick&quot;:false,&quot;align&quot;:&quot;center&quot;,&quot;activePosition&quot;:&quot;center&quot;}}\" style=\"--fg-title-line-clamp: 0; --fg-description-line-clamp: 0;\" >\n\t<button type=\"button\" class=\"fg-carousel-prev\" title=\"Anterior\"><\/button>\n\t<div class=\"fg-carousel-inner\">\n\t\t<div class=\"fg-carousel-center\"><\/div>\n\t\t<div class=\"fg-item fg-type-iframe fg-loading\"><figure class=\"fg-item-inner\"><a href=\"https:\/\/turismosierradefrancia.es\/nuestros-pueblos\/\" data-caption-title=\"Nuestros Pueblos\" data-attachment-id=\"16463\" data-e-disable-page-transition=\"true\" data-type=\"iframe\" class=\"fg-thumb\"><span class=\"fg-image-wrap\"><img loading=\"lazy\" src=\"https:\/\/turismosierradefrancia.es\/wp-content\/uploads\/cache\/2024\/06\/nuestros-pueblos-recomendado\/3504428687.webp\" title=\"Nuestros Pueblos\" width=\"293\" height=\"400\" class=\"skip-lazy fg-image\" decoding=\"async\" loading=\"lazy\"><\/span><span class=\"fg-image-overlay\"><\/span><\/a><figcaption class=\"fg-caption\"><div class=\"fg-caption-inner\"><div class=\"fg-caption-title\">Nuestros Pueblos<\/div><\/div><\/figcaption><\/figure><div class=\"fg-loader\"><\/div><\/div><div class=\"fg-item fg-type-iframe fg-loading\"><figure class=\"fg-item-inner\"><a href=\"https:\/\/turismosierradefrancia.es\/turismo-activo\/estacion-de-deportes-de-montana\/senderismo\/\" data-caption-title=\"Senderismo\" data-attachment-id=\"16465\" data-e-disable-page-transition=\"true\" data-type=\"iframe\" class=\"fg-thumb\"><span class=\"fg-image-wrap\"><img loading=\"lazy\" src=\"https:\/\/turismosierradefrancia.es\/wp-content\/uploads\/cache\/2024\/06\/senderismo-recomendador\/2738489355.webp\" title=\"Senderismo\" width=\"293\" height=\"400\" class=\"skip-lazy fg-image\" decoding=\"async\" loading=\"lazy\"><\/span><span class=\"fg-image-overlay\"><\/span><\/a><figcaption class=\"fg-caption\"><div class=\"fg-caption-inner\"><div class=\"fg-caption-title\">Senderismo<\/div><\/div><\/figcaption><\/figure><div class=\"fg-loader\"><\/div><\/div><div class=\"fg-item fg-type-iframe fg-loading\"><figure class=\"fg-item-inner\"><a href=\"https:\/\/turismosierradefrancia.es\/turismo-activo\/turismo-rutas-accesibles\/\" data-caption-title=\"Rutas Accesibles\" data-attachment-id=\"16464\" data-e-disable-page-transition=\"true\" data-type=\"iframe\" class=\"fg-thumb\"><span class=\"fg-image-wrap\"><img loading=\"lazy\" src=\"https:\/\/turismosierradefrancia.es\/wp-content\/uploads\/cache\/2024\/06\/rutas-accesibles-recomendador\/2972824326.webp\" title=\"Rutas Accesibles\" width=\"293\" height=\"400\" class=\"skip-lazy fg-image\" decoding=\"async\" loading=\"lazy\"><\/span><span class=\"fg-image-overlay\"><\/span><\/a><figcaption class=\"fg-caption\"><div class=\"fg-caption-inner\"><div class=\"fg-caption-title\">Rutas Accesibles<\/div><\/div><\/figcaption><\/figure><div class=\"fg-loader\"><\/div><\/div><div class=\"fg-item fg-type-iframe fg-loading\"><figure class=\"fg-item-inner\"><a href=\"https:\/\/turismosierradefrancia.es\/donde-dormir\/\" data-caption-title=\"\u00bfD\u00f3nde Comer?\" data-attachment-id=\"16462\" data-e-disable-page-transition=\"true\" data-type=\"iframe\" class=\"fg-thumb\"><span class=\"fg-image-wrap\"><img loading=\"lazy\" src=\"https:\/\/turismosierradefrancia.es\/wp-content\/uploads\/cache\/2024\/06\/donde_comer-recomendado\/1038040024.webp\" title=\"\u00bfD\u00f3nde Comer?\" width=\"293\" height=\"400\" class=\"skip-lazy fg-image\" decoding=\"async\" loading=\"lazy\"><\/span><span class=\"fg-image-overlay\"><\/span><\/a><figcaption class=\"fg-caption\"><div class=\"fg-caption-inner\"><div class=\"fg-caption-title\">\u00bfD\u00f3nde Comer?<\/div><\/div><\/figcaption><\/figure><div class=\"fg-loader\"><\/div><\/div><div class=\"fg-item fg-type-iframe fg-loading\"><figure class=\"fg-item-inner\"><a href=\"https:\/\/turismosierradefrancia.es\/donde-dormir\/\" data-caption-title=\"\u00bfD\u00f3nde Dormir?\" data-attachment-id=\"16461\" data-e-disable-page-transition=\"true\" data-type=\"iframe\" class=\"fg-thumb\"><span class=\"fg-image-wrap\"><img loading=\"lazy\" src=\"https:\/\/turismosierradefrancia.es\/wp-content\/uploads\/cache\/2024\/06\/donde-dormir-recomendado\/1391775750.webp\" title=\"\u00bfD\u00f3nde Dormir?\" width=\"293\" height=\"400\" class=\"skip-lazy fg-image\" decoding=\"async\" loading=\"lazy\"><\/span><span class=\"fg-image-overlay\"><\/span><\/a><figcaption class=\"fg-caption\"><div class=\"fg-caption-inner\"><div class=\"fg-caption-title\">\u00bfD\u00f3nde Dormir?<\/div><\/div><\/figcaption><\/figure><div class=\"fg-loader\"><\/div><\/div><div class=\"fg-item fg-type-iframe fg-loading\"><figure class=\"fg-item-inner\"><a href=\"https:\/\/turismosierradefrancia.es\/turismo-activo\/caminos-de-arte-en-la-naturaleza\/\" data-caption-title=\"Caminos de Arte\" data-attachment-id=\"16459\" data-e-disable-page-transition=\"true\" data-type=\"iframe\" class=\"fg-thumb\"><span class=\"fg-image-wrap\"><img loading=\"lazy\" src=\"https:\/\/turismosierradefrancia.es\/wp-content\/uploads\/cache\/2024\/06\/caminos-del-arte-recomendador\/4270799215.webp\" title=\"Caminos de Arte\" width=\"293\" height=\"400\" class=\"skip-lazy fg-image\" decoding=\"async\" loading=\"lazy\"><\/span><span class=\"fg-image-overlay\"><\/span><\/a><figcaption class=\"fg-caption\"><div class=\"fg-caption-inner\"><div class=\"fg-caption-title\">Caminos de Arte<\/div><\/div><\/figcaption><\/figure><div class=\"fg-loader\"><\/div><\/div><div class=\"fg-item fg-type-iframe fg-loading\"><figure class=\"fg-item-inner\"><a href=\"https:\/\/turismosierradefrancia.es\/cultura\/centros-interpretacion-museos\/\" data-caption-title=\"Centros de Interpretaci\u00f3n\" data-attachment-id=\"16460\" data-e-disable-page-transition=\"true\" data-type=\"iframe\" class=\"fg-thumb\"><span class=\"fg-image-wrap\"><img loading=\"lazy\" src=\"https:\/\/turismosierradefrancia.es\/wp-content\/uploads\/cache\/2024\/06\/centro-interpretacion-museo\/2796342601.webp\" title=\"Centros de Interpretaci\u00f3n\" width=\"293\" height=\"400\" class=\"skip-lazy fg-image\" decoding=\"async\" loading=\"lazy\"><\/span><span class=\"fg-image-overlay\"><\/span><\/a><figcaption class=\"fg-caption\"><div class=\"fg-caption-inner\"><div class=\"fg-caption-title\">Centros de Interpretaci\u00f3n<\/div><\/div><\/figcaption><\/figure><div class=\"fg-loader\"><\/div><\/div>\t<\/div>\n\t<div class=\"fg-carousel-bottom\"><\/div>\n\t<div class=\"fg-carousel-progress\"><\/div>\n\t<button type=\"button\" class=\"fg-carousel-next\" title=\"Siguiente\"><\/button>\n<\/div>\n\n\n\n<div style=\"height:50px\" aria-hidden=\"true\" class=\"wp-block-spacer\"><\/div>\n<\/div><\/div>\n<style class=\"advgb-styles-renderer\">\n#foogallery-gallery-3652 .fg-image { width: 293px; }#foogallery-gallery-3652 { \r\n width:100%;\r\n}\r\n\r\n#foogallery-gallery-3652 div.fg-caption-title { \r\nfont-weight:700;\r\n}\r\n\r\n<\/style>","protected":false},"excerpt":{"rendered":"<p>Fundado por los reyes leoneses en la Edad Media, se cree que su nombre procede de la denominaci\u00f3n&nbsp;que&nbsp;antiguamente&nbsp;se les&nbsp;daba en&hellip; <a class=\"continue\" href=\"https:\/\/turismosierradefrancia.es\/?page_id=7570\">Seguir leyendo<span> El Maillo<\/span><\/a><\/p>\n","protected":false},"author":1,"featured_media":0,"parent":3996,"menu_order":0,"comment_status":"closed","ping_status":"closed","template":"","meta":{"advgb_blocks_editor_width":"","advgb_blocks_columns_visual_guide":"","footnotes":""},"class_list":["post-7570","page","type-page","status-publish","hentry"],"yoast_head":"<!-- This site is optimized with the Yoast SEO plugin v28.2 - https:\/\/yoast.com\/product\/yoast-seo-wordpress\/ -->\n<title>Pueblos de la Sierra de Francia: El Maillo - Sierra de Francia<\/title>\n<meta name=\"description\" content=\"El Ma\u00edllo es un pueblo de arquitectura serrana, con inscripciones en los dinteles de las puertas a modo de mensajes de otros tiempos.\" \/>\n<meta name=\"robots\" content=\"index, follow, max-snippet:-1, max-image-preview:large, max-video-preview:-1\" \/>\n<link rel=\"canonical\" href=\"https:\/\/turismosierradefrancia.es\/?page_id=7570\" \/>\n<meta property=\"og:locale\" content=\"es_ES\" \/>\n<meta property=\"og:type\" content=\"article\" \/>\n<meta property=\"og:title\" content=\"Pueblos de la Sierra de Francia: El Maillo - Sierra de Francia\" \/>\n<meta property=\"og:description\" content=\"El Ma\u00edllo es un pueblo de arquitectura serrana, con inscripciones en los dinteles de las puertas a modo de mensajes de otros tiempos.\" \/>\n<meta property=\"og:url\" content=\"https:\/\/turismosierradefrancia.es\/?page_id=7570\" \/>\n<meta property=\"og:site_name\" content=\"Sierra de Francia\" \/>\n<meta property=\"article:publisher\" content=\"https:\/\/www.facebook.com\/visitasierradefrancia\/\" \/>\n<meta property=\"article:modified_time\" content=\"2026-08-27T08:29:19+00:00\" \/>\n<meta property=\"og:image\" content=\"https:\/\/turismosierradefrancia.es\/wp-content\/uploads\/2023\/11\/el-maillo-2.webp\" \/>\n\t<meta property=\"og:image:width\" content=\"1200\" \/>\n\t<meta property=\"og:image:height\" content=\"900\" \/>\n\t<meta property=\"og:image:type\" content=\"image\/webp\" \/>\n<meta name=\"twitter:card\" content=\"summary_large_image\" \/>\n<meta name=\"twitter:site\" content=\"@visitaSF\" \/>\n<meta name=\"twitter:label1\" content=\"Tiempo de lectura\" \/>\n\t<meta name=\"twitter:data1\" content=\"7 minutos\" \/>\n<script type=\"application\/ld+json\" class=\"yoast-schema-graph\">{\"@context\":\"https:\\\/\\\/schema.org\",\"@graph\":[{\"@type\":\"WebPage\",\"@id\":\"https:\\\/\\\/turismosierradefrancia.es\\\/?page_id=7570\",\"url\":\"https:\\\/\\\/turismosierradefrancia.es\\\/?page_id=7570\",\"name\":\"Pueblos de la Sierra de Francia: El Maillo - Sierra de Francia\",\"isPartOf\":{\"@id\":\"https:\\\/\\\/turismosierradefrancia.es\\\/#website\"},\"primaryImageOfPage\":{\"@id\":\"https:\\\/\\\/turismosierradefrancia.es\\\/?page_id=7570#primaryimage\"},\"image\":{\"@id\":\"https:\\\/\\\/turismosierradefrancia.es\\\/?page_id=7570#primaryimage\"},\"thumbnailUrl\":\"https:\\\/\\\/turismosierradefrancia.es\\\/wp-content\\\/uploads\\\/2023\\\/11\\\/el-maillo-2-1024x768.webp\",\"datePublished\":\"2023-10-15T15:53:19+00:00\",\"dateModified\":\"2026-08-27T08:29:19+00:00\",\"description\":\"El Ma\u00edllo es un pueblo de arquitectura serrana, con inscripciones en los dinteles de las puertas a modo de mensajes de otros tiempos.\",\"breadcrumb\":{\"@id\":\"https:\\\/\\\/turismosierradefrancia.es\\\/?page_id=7570#breadcrumb\"},\"inLanguage\":\"es\",\"potentialAction\":[{\"@type\":\"ReadAction\",\"target\":[\"https:\\\/\\\/turismosierradefrancia.es\\\/?page_id=7570\"]}]},{\"@type\":\"ImageObject\",\"inLanguage\":\"es\",\"@id\":\"https:\\\/\\\/turismosierradefrancia.es\\\/?page_id=7570#primaryimage\",\"url\":\"https:\\\/\\\/turismosierradefrancia.es\\\/wp-content\\\/uploads\\\/2023\\\/11\\\/el-maillo-2-1024x768.webp\",\"contentUrl\":\"https:\\\/\\\/turismosierradefrancia.es\\\/wp-content\\\/uploads\\\/2023\\\/11\\\/el-maillo-2-1024x768.webp\"},{\"@type\":\"BreadcrumbList\",\"@id\":\"https:\\\/\\\/turismosierradefrancia.es\\\/?page_id=7570#breadcrumb\",\"itemListElement\":[{\"@type\":\"ListItem\",\"position\":1,\"name\":\"Inicio\",\"item\":\"https:\\\/\\\/turismosierradefrancia.es\\\/\"},{\"@type\":\"ListItem\",\"position\":2,\"name\":\"Nuestros Pueblos\",\"item\":\"https:\\\/\\\/turismosierradefrancia.es\\\/?page_id=3996\"},{\"@type\":\"ListItem\",\"position\":3,\"name\":\"El Maillo\"}]},{\"@type\":\"WebSite\",\"@id\":\"https:\\\/\\\/turismosierradefrancia.es\\\/#website\",\"url\":\"https:\\\/\\\/turismosierradefrancia.es\\\/\",\"name\":\"Sierra de Francia\",\"description\":\"\",\"publisher\":{\"@id\":\"https:\\\/\\\/turismosierradefrancia.es\\\/#organization\"},\"alternateName\":\"Turismo Sierra de Francia\",\"potentialAction\":[{\"@type\":\"SearchAction\",\"target\":{\"@type\":\"EntryPoint\",\"urlTemplate\":\"https:\\\/\\\/turismosierradefrancia.es\\\/?s={search_term_string}\"},\"query-input\":{\"@type\":\"PropertyValueSpecification\",\"valueRequired\":true,\"valueName\":\"search_term_string\"}}],\"inLanguage\":\"es\"},{\"@type\":\"Organization\",\"@id\":\"https:\\\/\\\/turismosierradefrancia.es\\\/#organization\",\"name\":\"Sierra de Francia\",\"alternateName\":\"Turismo Sierra de Francia\",\"url\":\"https:\\\/\\\/turismosierradefrancia.es\\\/\",\"logo\":{\"@type\":\"ImageObject\",\"inLanguage\":\"es\",\"@id\":\"https:\\\/\\\/turismosierradefrancia.es\\\/#\\\/schema\\\/logo\\\/image\\\/\",\"url\":\"https:\\\/\\\/turismosierradefrancia.es\\\/wp-content\\\/uploads\\\/2024\\\/04\\\/cropped-logo_redondo-removebg-preview.png\",\"contentUrl\":\"https:\\\/\\\/turismosierradefrancia.es\\\/wp-content\\\/uploads\\\/2024\\\/04\\\/cropped-logo_redondo-removebg-preview.png\",\"width\":512,\"height\":512,\"caption\":\"Sierra de Francia\"},\"image\":{\"@id\":\"https:\\\/\\\/turismosierradefrancia.es\\\/#\\\/schema\\\/logo\\\/image\\\/\"},\"sameAs\":[\"https:\\\/\\\/www.facebook.com\\\/visitasierradefrancia\\\/\",\"https:\\\/\\\/x.com\\\/visitaSF\",\"https:\\\/\\\/www.instagram.com\\\/visitasierradefrancia\\\/\",\"https:\\\/\\\/www.youtube.com\\\/@visitasierradefrancia\"]}]}<\/script>\n<!-- \/ Yoast SEO plugin. -->","yoast_head_json":{"title":"Pueblos de la Sierra de Francia: El Maillo - Sierra de Francia","description":"El Ma\u00edllo es un pueblo de arquitectura serrana, con inscripciones en los dinteles de las puertas a modo de mensajes de otros tiempos.","robots":{"index":"index","follow":"follow","max-snippet":"max-snippet:-1","max-image-preview":"max-image-preview:large","max-video-preview":"max-video-preview:-1"},"canonical":"https:\/\/turismosierradefrancia.es\/?page_id=7570","og_locale":"es_ES","og_type":"article","og_title":"Pueblos de la Sierra de Francia: El Maillo - Sierra de Francia","og_description":"El Ma\u00edllo es un pueblo de arquitectura serrana, con inscripciones en los dinteles de las puertas a modo de mensajes de otros tiempos.","og_url":"https:\/\/turismosierradefrancia.es\/?page_id=7570","og_site_name":"Sierra de Francia","article_publisher":"https:\/\/www.facebook.com\/visitasierradefrancia\/","article_modified_time":"2026-08-27T08:29:19+00:00","og_image":[{"width":1200,"height":900,"url":"https:\/\/turismosierradefrancia.es\/wp-content\/uploads\/2023\/11\/el-maillo-2.webp","type":"image\/webp"}],"twitter_card":"summary_large_image","twitter_site":"@visitaSF","twitter_misc":{"Tiempo de lectura":"7 minutos"},"schema":{"@context":"https:\/\/schema.org","@graph":[{"@type":"WebPage","@id":"https:\/\/turismosierradefrancia.es\/?page_id=7570","url":"https:\/\/turismosierradefrancia.es\/?page_id=7570","name":"Pueblos de la Sierra de Francia: El Maillo - Sierra de Francia","isPartOf":{"@id":"https:\/\/turismosierradefrancia.es\/#website"},"primaryImageOfPage":{"@id":"https:\/\/turismosierradefrancia.es\/?page_id=7570#primaryimage"},"image":{"@id":"https:\/\/turismosierradefrancia.es\/?page_id=7570#primaryimage"},"thumbnailUrl":"https:\/\/turismosierradefrancia.es\/wp-content\/uploads\/2023\/11\/el-maillo-2-1024x768.webp","datePublished":"2023-10-15T15:53:19+00:00","dateModified":"2026-08-27T08:29:19+00:00","description":"El Ma\u00edllo es un pueblo de arquitectura serrana, con inscripciones en los dinteles de las puertas a modo de mensajes de otros tiempos.","breadcrumb":{"@id":"https:\/\/turismosierradefrancia.es\/?page_id=7570#breadcrumb"},"inLanguage":"es","potentialAction":[{"@type":"ReadAction","target":["https:\/\/turismosierradefrancia.es\/?page_id=7570"]}]},{"@type":"ImageObject","inLanguage":"es","@id":"https:\/\/turismosierradefrancia.es\/?page_id=7570#primaryimage","url":"https:\/\/turismosierradefrancia.es\/wp-content\/uploads\/2023\/11\/el-maillo-2-1024x768.webp","contentUrl":"https:\/\/turismosierradefrancia.es\/wp-content\/uploads\/2023\/11\/el-maillo-2-1024x768.webp"},{"@type":"BreadcrumbList","@id":"https:\/\/turismosierradefrancia.es\/?page_id=7570#breadcrumb","itemListElement":[{"@type":"ListItem","position":1,"name":"Inicio","item":"https:\/\/turismosierradefrancia.es\/"},{"@type":"ListItem","position":2,"name":"Nuestros Pueblos","item":"https:\/\/turismosierradefrancia.es\/?page_id=3996"},{"@type":"ListItem","position":3,"name":"El Maillo"}]},{"@type":"WebSite","@id":"https:\/\/turismosierradefrancia.es\/#website","url":"https:\/\/turismosierradefrancia.es\/","name":"Sierra de Francia","description":"","publisher":{"@id":"https:\/\/turismosierradefrancia.es\/#organization"},"alternateName":"Turismo Sierra de Francia","potentialAction":[{"@type":"SearchAction","target":{"@type":"EntryPoint","urlTemplate":"https:\/\/turismosierradefrancia.es\/?s={search_term_string}"},"query-input":{"@type":"PropertyValueSpecification","valueRequired":true,"valueName":"search_term_string"}}],"inLanguage":"es"},{"@type":"Organization","@id":"https:\/\/turismosierradefrancia.es\/#organization","name":"Sierra de Francia","alternateName":"Turismo Sierra de Francia","url":"https:\/\/turismosierradefrancia.es\/","logo":{"@type":"ImageObject","inLanguage":"es","@id":"https:\/\/turismosierradefrancia.es\/#\/schema\/logo\/image\/","url":"https:\/\/turismosierradefrancia.es\/wp-content\/uploads\/2024\/04\/cropped-logo_redondo-removebg-preview.png","contentUrl":"https:\/\/turismosierradefrancia.es\/wp-content\/uploads\/2024\/04\/cropped-logo_redondo-removebg-preview.png","width":512,"height":512,"caption":"Sierra de Francia"},"image":{"@id":"https:\/\/turismosierradefrancia.es\/#\/schema\/logo\/image\/"},"sameAs":["https:\/\/www.facebook.com\/visitasierradefrancia\/","https:\/\/x.com\/visitaSF","https:\/\/www.instagram.com\/visitasierradefrancia\/","https:\/\/www.youtube.com\/@visitasierradefrancia"]}]}},"coauthors":[],"author_meta":{"author_link":"https:\/\/turismosierradefrancia.es\/?author=1","display_name":"admin"},"relative_dates":{"created":"Publicado 3 a\u00f1os hace","modified":"Actualizado 5 d\u00edas hace"},"absolute_dates":{"created":"Publicado el 15\/10\/2023","modified":"Actualizado el 27\/08\/2026"},"absolute_dates_time":{"created":"Publicado el 15\/10\/2023 15:53","modified":"Actualizado el 27\/08\/2026 08:29"},"featured_img_caption":"","featured_img":false,"series_order":"","_links":{"self":[{"href":"https:\/\/turismosierradefrancia.es\/index.php?rest_route=\/wp\/v2\/pages\/7570","targetHints":{"allow":["GET"]}}],"collection":[{"href":"https:\/\/turismosierradefrancia.es\/index.php?rest_route=\/wp\/v2\/pages"}],"about":[{"href":"https:\/\/turismosierradefrancia.es\/index.php?rest_route=\/wp\/v2\/types\/page"}],"author":[{"embeddable":true,"href":"https:\/\/turismosierradefrancia.es\/index.php?rest_route=\/wp\/v2\/users\/1"}],"replies":[{"embeddable":true,"href":"https:\/\/turismosierradefrancia.es\/index.php?rest_route=%2Fwp%2Fv2%2Fcomments&post=7570"}],"version-history":[{"count":58,"href":"https:\/\/turismosierradefrancia.es\/index.php?rest_route=\/wp\/v2\/pages\/7570\/revisions"}],"predecessor-version":[{"id":22547,"href":"https:\/\/turismosierradefrancia.es\/index.php?rest_route=\/wp\/v2\/pages\/7570\/revisions\/22547"}],"up":[{"embeddable":true,"href":"https:\/\/turismosierradefrancia.es\/index.php?rest_route=\/wp\/v2\/pages\/3996"}],"wp:attachment":[{"href":"https:\/\/turismosierradefrancia.es\/index.php?rest_route=%2Fwp%2Fv2%2Fmedia&parent=7570"}],"curies":[{"name":"wp","href":"https:\/\/api.w.org\/{rel}","templated":true}]}}