{"id":7575,"date":"2023-10-15T16:11:33","date_gmt":"2023-10-15T16:11:33","guid":{"rendered":"https:\/\/turismosierradefrancia.es\/?page_id=7575"},"modified":"2025-08-29T10:06:10","modified_gmt":"2025-08-29T10:06:10","slug":"mogarraz","status":"publish","type":"page","link":"https:\/\/turismosierradefrancia.es\/?page_id=7575","title":{"rendered":"Mogarraz"},"content":{"rendered":"\n<a class=\"tic-subheader-image\" style=\"display:none\" href=\"https:\/\/turismosierradefrancia.es\/wp-content\/uploads\/2023\/10\/Ranna-Consultoria-Turismo-Salamanca-Mogarraz-Pueblo-8-copia.webp\"><\/a>\n\n\n\n<div style=\"height:30px\" aria-hidden=\"true\" class=\"wp-block-spacer\"><\/div>\n\n\n\n<div class=\"wp-block-media-text is-stacked-on-mobile is-image-fill-element tic-page-content has-background\" style=\"background-color:#ecf9ec\"><figure class=\"wp-block-media-text__media\"><img fetchpriority=\"high\" decoding=\"async\" width=\"1024\" height=\"768\" src=\"https:\/\/turismosierradefrancia.es\/wp-content\/uploads\/2023\/07\/turismo-sierra-de-francia-mogarraz-7-1024x768.webp\" alt=\"\" class=\"wp-image-4888 size-full\" style=\"object-position:50% 50%\" srcset=\"https:\/\/turismosierradefrancia.es\/wp-content\/uploads\/2023\/07\/turismo-sierra-de-francia-mogarraz-7-1024x768.webp 1024w, https:\/\/turismosierradefrancia.es\/wp-content\/uploads\/2023\/07\/turismo-sierra-de-francia-mogarraz-7-300x225.webp 300w, https:\/\/turismosierradefrancia.es\/wp-content\/uploads\/2023\/07\/turismo-sierra-de-francia-mogarraz-7-768x576.webp 768w, https:\/\/turismosierradefrancia.es\/wp-content\/uploads\/2023\/07\/turismo-sierra-de-francia-mogarraz-7-1536x1152.webp 1536w, https:\/\/turismosierradefrancia.es\/wp-content\/uploads\/2023\/07\/turismo-sierra-de-francia-mogarraz-7-100x75.webp 100w, https:\/\/turismosierradefrancia.es\/wp-content\/uploads\/2023\/07\/turismo-sierra-de-francia-mogarraz-7-960x720.webp 960w, https:\/\/turismosierradefrancia.es\/wp-content\/uploads\/2023\/07\/turismo-sierra-de-francia-mogarraz-7-480x360.webp 480w, https:\/\/turismosierradefrancia.es\/wp-content\/uploads\/2023\/07\/turismo-sierra-de-francia-mogarraz-7.webp 1600w\" sizes=\"(max-width:767px) 480px, (max-width:1024px) 100vw, 1024px\" \/><\/figure><div class=\"wp-block-media-text__content\">\n<div class=\"wp-block-group\"><div class=\"wp-block-group__inner-container is-layout-constrained wp-block-group-is-layout-constrained\">\n<div style=\"height:20px\" aria-hidden=\"true\" class=\"wp-block-spacer\"><\/div>\n\n\n\n<p class=\"has-text-align-center tic-titulo-secundario wp-block-paragraph\">Informaci\u00f3n de Contacto<\/p>\n\n\n\n<hr class=\"wp-block-separator has-alpha-channel-opacity\"\/>\n<\/div><\/div>\n\n\n\n<ul class=\"lists tic-ul\">\n    <li class=\"list tic-li\">\n        <svg class=\"tic-icon\" xmlns=\"http:\/\/www.w3.org\/2000\/svg\" height=\"1em\" viewBox=\"0 0 384 512\"><path d=\"M215.7 499.2C267 435 384 279.4 384 192C384 86 298 0 192 0S0 86 0 192c0 87.4 117 243 168.3 307.2c12.3 15.3 35.1 15.3 47.4 0zM192 128a64 64 0 1 1 0 128 64 64 0 1 1 0-128z\"\/><\/svg>   \n        <a class=\"link text tic-text\" href=\"https:\/\/maps.app.goo.gl\/sgYLDerrExrL1XUT8\" target=\"_blank\" rel=\"noreferrer noopener\">  Plaza Mayor 18, 37610 Mogarraz\n          \n          <\/a\n        >\n    <\/li>\n    <li class=\"list tic-li\">\n        <svg class=\"tic-icon\" xmlns=\"http:\/\/www.w3.org\/2000\/svg\" height=\"1em\" viewBox=\"0 0 512 512\"><path d=\"M164.9 24.6c-7.7-18.6-28-28.5-47.4-23.2l-88 24C12.1 30.2 0 46 0 64C0 311.4 200.6 512 448 512c18 0 33.8-12.1 38.6-29.5l24-88c5.3-19.4-4.6-39.7-23.2-47.4l-96-40c-16.3-6.8-35.2-2.1-46.3 11.6L304.7 368C234.3 334.7 177.3 277.7 144 207.3L193.3 167c13.7-11.2 18.4-30 11.6-46.3l-40-96z\"\/><\/svg>  \n        <a class=\"link text tic-text\" href=\"tel:+34 923 41 81 09\" target=\"_blank\" rel=\"noreferrer noopener\">+34 923 41 81 09<\/a\n        >\n    <\/li>\n    <li class=\"list tic-li\">\n        <svg class=\"tic-icon\" xmlns=\"http:\/\/www.w3.org\/2000\/svg\" height=\"1em\" viewBox=\"0 0 512 512\"><path d=\"M48 64C21.5 64 0 85.5 0 112c0 15.1 7.1 29.3 19.2 38.4L236.8 313.6c11.4 8.5 27 8.5 38.4 0L492.8 150.4c12.1-9.1 19.2-23.3 19.2-38.4c0-26.5-21.5-48-48-48H48zM0 176V384c0 35.3 28.7 64 64 64H448c35.3 0 64-28.7 64-64V176L294.4 339.2c-22.8 17.1-54 17.1-76.8 0L0 176z\"\/><\/svg>\n        <a class=\"link text tic-text\" href=\"mailto:ayuntamiento@mogarraz.es\" target=\"_blank\" rel=\"noreferrer noopener\" translate=\"no\"> ayuntamiento@mogarraz.es<\/a\n        >\n    <\/li>\n    <li class=\"list tic-li\">\n        <svg class=\"tic-icon\" xmlns=\"http:\/\/www.w3.org\/2000\/svg\" height=\"1em\" viewBox=\"0 0 512 512\"><path d=\"M352 256c0 22.2-1.2 43.6-3.3 64H163.3c-2.2-20.4-3.3-41.8-3.3-64s1.2-43.6 3.3-64H348.7c2.2 20.4 3.3 41.8 3.3 64zm28.8-64H503.9c5.3 20.5 8.1 41.9 8.1 64s-2.8 43.5-8.1 64H380.8c2.1-20.6 3.2-42 3.2-64s-1.1-43.4-3.2-64zm112.6-32H376.7c-10-63.9-29.8-117.4-55.3-151.6c78.3 20.7 142 77.5 171.9 151.6zm-149.1 0H167.7c6.1-36.4 15.5-68.6 27-94.7c10.5-23.6 22.2-40.7 33.5-51.5C239.4 3.2 248.7 0 256 0s16.6 3.2 27.8 13.8c11.3 10.8 23 27.9 33.5 51.5c11.6 26 20.9 58.2 27 94.7zm-209 0H18.6C48.6 85.9 112.2 29.1 190.6 8.4C165.1 42.6 145.3 96.1 135.3 160zM8.1 192H131.2c-2.1 20.6-3.2 42-3.2 64s1.1 43.4 3.2 64H8.1C2.8 299.5 0 278.1 0 256s2.8-43.5 8.1-64zM194.7 446.6c-11.6-26-20.9-58.2-27-94.6H344.3c-6.1 36.4-15.5 68.6-27 94.6c-10.5 23.6-22.2 40.7-33.5 51.5C272.6 508.8 263.3 512 256 512s-16.6-3.2-27.8-13.8c-11.3-10.8-23-27.9-33.5-51.5zM135.3 352c10 63.9 29.8 117.4 55.3 151.6C112.2 482.9 48.6 426.1 18.6 352H135.3zm358.1 0c-30 74.1-93.6 130.9-171.9 151.6c25.5-34.2 45.2-87.7 55.3-151.6H493.4z\"\/><\/svg>\n        <a class=\"link text tic-text\" href=\"https:\/\/www.mogarraz.es\" target=\"_blank\" rel=\"noreferrer noopener\">https:\/\/www.mogarraz.es<\/a\n        >\n    <\/li>    \n<\/ul>\n\n\n\n<div style=\"height:10px\" aria-hidden=\"true\" class=\"wp-block-spacer\"><\/div>\n\n\n\n<ul class=\"wp-block-social-links aligncenter is-layout-flex wp-block-social-links-is-layout-flex\"><li class=\"wp-social-link wp-social-link-facebook wp-block-social-link\"><a href=\"https:\/\/www.facebook.com\/AyuntamientoMogarraz\/?locale=es_ES\" class=\"wp-block-social-link-anchor\"><svg width=\"24\" height=\"24\" viewBox=\"0 0 24 24\" version=\"1.1\" xmlns=\"http:\/\/www.w3.org\/2000\/svg\" aria-hidden=\"true\" focusable=\"false\"><path d=\"M12 2C6.5 2 2 6.5 2 12c0 5 3.7 9.1 8.4 9.9v-7H7.9V12h2.5V9.8c0-2.5 1.5-3.9 3.8-3.9 1.1 0 2.2.2 2.2.2v2.5h-1.3c-1.2 0-1.6.8-1.6 1.6V12h2.8l-.4 2.9h-2.3v7C18.3 21.1 22 17 22 12c0-5.5-4.5-10-10-10z\"><\/path><\/svg><span class=\"wp-block-social-link-label screen-reader-text\">Facebook<\/span><\/a><\/li>\n\n<li class=\"wp-social-link wp-social-link-instagram wp-block-social-link\"><a href=\"https:\/\/www.instagram.com\/turismomogarraz\/\" class=\"wp-block-social-link-anchor\"><svg width=\"24\" height=\"24\" viewBox=\"0 0 24 24\" version=\"1.1\" xmlns=\"http:\/\/www.w3.org\/2000\/svg\" aria-hidden=\"true\" focusable=\"false\"><path d=\"M12,4.622c2.403,0,2.688,0.009,3.637,0.052c0.877,0.04,1.354,0.187,1.671,0.31c0.42,0.163,0.72,0.358,1.035,0.673 c0.315,0.315,0.51,0.615,0.673,1.035c0.123,0.317,0.27,0.794,0.31,1.671c0.043,0.949,0.052,1.234,0.052,3.637 s-0.009,2.688-0.052,3.637c-0.04,0.877-0.187,1.354-0.31,1.671c-0.163,0.42-0.358,0.72-0.673,1.035 c-0.315,0.315-0.615,0.51-1.035,0.673c-0.317,0.123-0.794,0.27-1.671,0.31c-0.949,0.043-1.233,0.052-3.637,0.052 s-2.688-0.009-3.637-0.052c-0.877-0.04-1.354-0.187-1.671-0.31c-0.42-0.163-0.72-0.358-1.035-0.673 c-0.315-0.315-0.51-0.615-0.673-1.035c-0.123-0.317-0.27-0.794-0.31-1.671C4.631,14.688,4.622,14.403,4.622,12 s0.009-2.688,0.052-3.637c0.04-0.877,0.187-1.354,0.31-1.671c0.163-0.42,0.358-0.72,0.673-1.035 c0.315-0.315,0.615-0.51,1.035-0.673c0.317-0.123,0.794-0.27,1.671-0.31C9.312,4.631,9.597,4.622,12,4.622 M12,3 C9.556,3,9.249,3.01,8.289,3.054C7.331,3.098,6.677,3.25,6.105,3.472C5.513,3.702,5.011,4.01,4.511,4.511 c-0.5,0.5-0.808,1.002-1.038,1.594C3.25,6.677,3.098,7.331,3.054,8.289C3.01,9.249,3,9.556,3,12c0,2.444,0.01,2.751,0.054,3.711 c0.044,0.958,0.196,1.612,0.418,2.185c0.23,0.592,0.538,1.094,1.038,1.594c0.5,0.5,1.002,0.808,1.594,1.038 c0.572,0.222,1.227,0.375,2.185,0.418C9.249,20.99,9.556,21,12,21s2.751-0.01,3.711-0.054c0.958-0.044,1.612-0.196,2.185-0.418 c0.592-0.23,1.094-0.538,1.594-1.038c0.5-0.5,0.808-1.002,1.038-1.594c0.222-0.572,0.375-1.227,0.418-2.185 C20.99,14.751,21,14.444,21,12s-0.01-2.751-0.054-3.711c-0.044-0.958-0.196-1.612-0.418-2.185c-0.23-0.592-0.538-1.094-1.038-1.594 c-0.5-0.5-1.002-0.808-1.594-1.038c-0.572-0.222-1.227-0.375-2.185-0.418C14.751,3.01,14.444,3,12,3L12,3z M12,7.378 c-2.552,0-4.622,2.069-4.622,4.622S9.448,16.622,12,16.622s4.622-2.069,4.622-4.622S14.552,7.378,12,7.378z M12,15 c-1.657,0-3-1.343-3-3s1.343-3,3-3s3,1.343,3,3S13.657,15,12,15z M16.804,6.116c-0.596,0-1.08,0.484-1.08,1.08 s0.484,1.08,1.08,1.08c0.596,0,1.08-0.484,1.08-1.08S17.401,6.116,16.804,6.116z\"><\/path><\/svg><span class=\"wp-block-social-link-label screen-reader-text\">Instagram<\/span><\/a><\/li>\n\n<li class=\"wp-social-link wp-social-link-x wp-block-social-link\"><a href=\"https:\/\/twitter.com\/mogarraz_ayto\/\" class=\"wp-block-social-link-anchor\"><svg width=\"24\" height=\"24\" viewBox=\"0 0 24 24\" version=\"1.1\" xmlns=\"http:\/\/www.w3.org\/2000\/svg\" aria-hidden=\"true\" focusable=\"false\"><path d=\"M13.982 10.622 20.54 3h-1.554l-5.693 6.618L8.745 3H3.5l6.876 10.007L3.5 21h1.554l6.012-6.989L15.868 21h5.245l-7.131-10.378Zm-2.128 2.474-.697-.997-5.543-7.93H8l4.474 6.4.697.996 5.815 8.318h-2.387l-4.745-6.787Z\" \/><\/svg><span class=\"wp-block-social-link-label screen-reader-text\">X<\/span><\/a><\/li><\/ul>\n<\/div><\/div>\n\n\n\n<p class=\"wp-block-paragraph\"><\/p>\n\n\n\n<div class=\"wp-block-group tic-page-content\"><div class=\"wp-block-group__inner-container is-layout-constrained wp-block-group-is-layout-constrained\">\n<div style=\"height:20px\" aria-hidden=\"true\" class=\"wp-block-spacer\"><\/div>\n\n\n\n<p class=\"has-drop-cap tic-contenido-principal wp-block-paragraph\">Declarado <strong>Conjunto Hist\u00f3rico<\/strong> en 1998 por el valor de su casco hist\u00f3rico, con un trazado irregular, calles empedradas, inclinadas, estrechas y con las tradicionales casas serranas en las que se pueden ver las tramoneras inclinadas rellenas de mamposter\u00eda y grandes balconadas. Pasear por sus calles es un espect\u00e1culo para los sentidos, escuchando el sonido del agua de 10 fuentes y ca\u00f1os, admirando monumentos como la <strong>iglesia de Nuestra Se\u00f1ora de las Nieves<\/strong>, o la ermita y fuente del Humilladero o descubriendo rincones para contemplar el paisaje que nos ofrece la Sierra de Francia y el Valle del r\u00edo Francia. Admirar esta arquitectura desde su plaza asim\u00e9trica donde se siguen celebrando festejos taurinos es un regalo para la vista y nos sirve para ver uno de los mayores atractivos del municipio.<\/p>\n\n\n\n<div style=\"height:20px\" aria-hidden=\"true\" class=\"wp-block-spacer\"><\/div>\n\n\n\n<figure class=\"wp-block-gallery aligncenter has-nested-images columns-3 is-cropped imagen-personalizada wp-block-gallery-1 is-layout-flex wp-block-gallery-is-layout-flex\">\n<figure class=\"wp-block-image size-large\"><a href=\"https:\/\/turismosierradefrancia.es\/wp-content\/uploads\/2023\/10\/Ranna-Consultoria-Turismo-Salamanca-Mogarraz-Pueblo-69.jpg\"><img decoding=\"async\" width=\"1024\" height=\"684\" data-id=\"8538\" src=\"https:\/\/turismosierradefrancia.es\/wp-content\/uploads\/2023\/10\/Ranna-Consultoria-Turismo-Salamanca-Mogarraz-Pueblo-69-1024x684.jpg\" alt=\"\" class=\"wp-image-8538\" srcset=\"https:\/\/turismosierradefrancia.es\/wp-content\/uploads\/2023\/10\/Ranna-Consultoria-Turismo-Salamanca-Mogarraz-Pueblo-69-1024x684.jpg 1024w, https:\/\/turismosierradefrancia.es\/wp-content\/uploads\/2023\/10\/Ranna-Consultoria-Turismo-Salamanca-Mogarraz-Pueblo-69-300x200.jpg 300w, https:\/\/turismosierradefrancia.es\/wp-content\/uploads\/2023\/10\/Ranna-Consultoria-Turismo-Salamanca-Mogarraz-Pueblo-69-768x513.jpg 768w, https:\/\/turismosierradefrancia.es\/wp-content\/uploads\/2023\/10\/Ranna-Consultoria-Turismo-Salamanca-Mogarraz-Pueblo-69-112x75.jpg 112w, https:\/\/turismosierradefrancia.es\/wp-content\/uploads\/2023\/10\/Ranna-Consultoria-Turismo-Salamanca-Mogarraz-Pueblo-69-480x320.jpg 480w, https:\/\/turismosierradefrancia.es\/wp-content\/uploads\/2023\/10\/Ranna-Consultoria-Turismo-Salamanca-Mogarraz-Pueblo-69.jpg 1200w\" sizes=\"(max-width:767px) 480px, (max-width:1024px) 100vw, 1024px\" \/><\/a><\/figure>\n\n\n\n<figure class=\"wp-block-image size-large\"><a href=\"https:\/\/turismosierradefrancia.es\/wp-content\/uploads\/2023\/10\/Ranna-Consultoria-Turismo-Salamanca-Mogarraz-Pueblo-46.jpg\"><img decoding=\"async\" width=\"1024\" height=\"684\" data-id=\"8537\" src=\"https:\/\/turismosierradefrancia.es\/wp-content\/uploads\/2023\/10\/Ranna-Consultoria-Turismo-Salamanca-Mogarraz-Pueblo-46-1024x684.jpg\" alt=\"\" class=\"wp-image-8537\" srcset=\"https:\/\/turismosierradefrancia.es\/wp-content\/uploads\/2023\/10\/Ranna-Consultoria-Turismo-Salamanca-Mogarraz-Pueblo-46-1024x684.jpg 1024w, https:\/\/turismosierradefrancia.es\/wp-content\/uploads\/2023\/10\/Ranna-Consultoria-Turismo-Salamanca-Mogarraz-Pueblo-46-300x200.jpg 300w, https:\/\/turismosierradefrancia.es\/wp-content\/uploads\/2023\/10\/Ranna-Consultoria-Turismo-Salamanca-Mogarraz-Pueblo-46-768x513.jpg 768w, https:\/\/turismosierradefrancia.es\/wp-content\/uploads\/2023\/10\/Ranna-Consultoria-Turismo-Salamanca-Mogarraz-Pueblo-46-112x75.jpg 112w, https:\/\/turismosierradefrancia.es\/wp-content\/uploads\/2023\/10\/Ranna-Consultoria-Turismo-Salamanca-Mogarraz-Pueblo-46-480x320.jpg 480w, https:\/\/turismosierradefrancia.es\/wp-content\/uploads\/2023\/10\/Ranna-Consultoria-Turismo-Salamanca-Mogarraz-Pueblo-46.jpg 1200w\" sizes=\"(max-width:767px) 480px, (max-width:1024px) 100vw, 1024px\" \/><\/a><\/figure>\n\n\n\n<figure class=\"wp-block-image size-large\"><a href=\"https:\/\/turismosierradefrancia.es\/wp-content\/uploads\/2024\/06\/Mogarraz-Pueblo-60.wep_.webp\"><img loading=\"lazy\" decoding=\"async\" width=\"1024\" height=\"683\" data-id=\"16419\" src=\"https:\/\/turismosierradefrancia.es\/wp-content\/uploads\/2024\/06\/Mogarraz-Pueblo-60.wep_-1024x683.webp\" alt=\"pueblo mogarraz en la sierra de francia\" class=\"wp-image-16419\" srcset=\"https:\/\/turismosierradefrancia.es\/wp-content\/uploads\/2024\/06\/Mogarraz-Pueblo-60.wep_-1024x683.webp 1024w, https:\/\/turismosierradefrancia.es\/wp-content\/uploads\/2024\/06\/Mogarraz-Pueblo-60.wep_-300x200.webp 300w, https:\/\/turismosierradefrancia.es\/wp-content\/uploads\/2024\/06\/Mogarraz-Pueblo-60.wep_-768x513.webp 768w, https:\/\/turismosierradefrancia.es\/wp-content\/uploads\/2024\/06\/Mogarraz-Pueblo-60.wep_-112x75.webp 112w, https:\/\/turismosierradefrancia.es\/wp-content\/uploads\/2024\/06\/Mogarraz-Pueblo-60.wep_-480x320.webp 480w, https:\/\/turismosierradefrancia.es\/wp-content\/uploads\/2024\/06\/Mogarraz-Pueblo-60.wep_.webp 1500w\" sizes=\"(max-width:767px) 480px, (max-width:1024px) 100vw, 1024px\" \/><\/a><\/figure>\n\n\n\n<figure class=\"wp-block-image size-large\"><a href=\"https:\/\/turismosierradefrancia.es\/wp-content\/uploads\/2023\/10\/Ranna-Consultoria-Turismo-Salamanca-Mogarraz-Pueblo-43.jpg\"><img loading=\"lazy\" decoding=\"async\" width=\"1024\" height=\"684\" data-id=\"8536\" src=\"https:\/\/turismosierradefrancia.es\/wp-content\/uploads\/2023\/10\/Ranna-Consultoria-Turismo-Salamanca-Mogarraz-Pueblo-43-1024x684.jpg\" alt=\"\" class=\"wp-image-8536\" srcset=\"https:\/\/turismosierradefrancia.es\/wp-content\/uploads\/2023\/10\/Ranna-Consultoria-Turismo-Salamanca-Mogarraz-Pueblo-43-1024x684.jpg 1024w, https:\/\/turismosierradefrancia.es\/wp-content\/uploads\/2023\/10\/Ranna-Consultoria-Turismo-Salamanca-Mogarraz-Pueblo-43-300x201.jpg 300w, https:\/\/turismosierradefrancia.es\/wp-content\/uploads\/2023\/10\/Ranna-Consultoria-Turismo-Salamanca-Mogarraz-Pueblo-43-768x513.jpg 768w, https:\/\/turismosierradefrancia.es\/wp-content\/uploads\/2023\/10\/Ranna-Consultoria-Turismo-Salamanca-Mogarraz-Pueblo-43-112x75.jpg 112w, https:\/\/turismosierradefrancia.es\/wp-content\/uploads\/2023\/10\/Ranna-Consultoria-Turismo-Salamanca-Mogarraz-Pueblo-43-480x321.jpg 480w, https:\/\/turismosierradefrancia.es\/wp-content\/uploads\/2023\/10\/Ranna-Consultoria-Turismo-Salamanca-Mogarraz-Pueblo-43.jpg 1200w\" sizes=\"(max-width:767px) 480px, (max-width:1024px) 100vw, 1024px\" \/><\/a><\/figure>\n\n\n\n<figure class=\"wp-block-image size-large\"><a href=\"https:\/\/turismosierradefrancia.es\/wp-content\/uploads\/2023\/10\/Ranna-Consultoria-Turismo-Salamanca-Mogarraz-Pueblo-5.jpg\"><img loading=\"lazy\" decoding=\"async\" width=\"1024\" height=\"683\" data-id=\"8514\" src=\"https:\/\/turismosierradefrancia.es\/wp-content\/uploads\/2023\/10\/Ranna-Consultoria-Turismo-Salamanca-Mogarraz-Pueblo-5-1024x683.jpg\" alt=\"\" class=\"wp-image-8514\" srcset=\"https:\/\/turismosierradefrancia.es\/wp-content\/uploads\/2023\/10\/Ranna-Consultoria-Turismo-Salamanca-Mogarraz-Pueblo-5-1024x683.jpg 1024w, https:\/\/turismosierradefrancia.es\/wp-content\/uploads\/2023\/10\/Ranna-Consultoria-Turismo-Salamanca-Mogarraz-Pueblo-5-300x200.jpg 300w, https:\/\/turismosierradefrancia.es\/wp-content\/uploads\/2023\/10\/Ranna-Consultoria-Turismo-Salamanca-Mogarraz-Pueblo-5-768x512.jpg 768w, https:\/\/turismosierradefrancia.es\/wp-content\/uploads\/2023\/10\/Ranna-Consultoria-Turismo-Salamanca-Mogarraz-Pueblo-5-113x75.jpg 113w, https:\/\/turismosierradefrancia.es\/wp-content\/uploads\/2023\/10\/Ranna-Consultoria-Turismo-Salamanca-Mogarraz-Pueblo-5-480x320.jpg 480w, https:\/\/turismosierradefrancia.es\/wp-content\/uploads\/2023\/10\/Ranna-Consultoria-Turismo-Salamanca-Mogarraz-Pueblo-5.jpg 1200w\" sizes=\"(max-width:767px) 480px, (max-width:1024px) 100vw, 1024px\" \/><\/a><\/figure>\n\n\n\n<figure class=\"wp-block-image size-large\"><a href=\"https:\/\/turismosierradefrancia.es\/wp-content\/uploads\/2023\/11\/Mogarraz-MT-copia.webp\"><img loading=\"lazy\" decoding=\"async\" width=\"1024\" height=\"768\" data-id=\"10438\" src=\"https:\/\/turismosierradefrancia.es\/wp-content\/uploads\/2023\/11\/Mogarraz-MT-copia-1024x768.webp\" alt=\"\" class=\"wp-image-10438\" srcset=\"https:\/\/turismosierradefrancia.es\/wp-content\/uploads\/2023\/11\/Mogarraz-MT-copia-1024x768.webp 1024w, https:\/\/turismosierradefrancia.es\/wp-content\/uploads\/2023\/11\/Mogarraz-MT-copia-300x225.webp 300w, https:\/\/turismosierradefrancia.es\/wp-content\/uploads\/2023\/11\/Mogarraz-MT-copia-768x576.webp 768w, https:\/\/turismosierradefrancia.es\/wp-content\/uploads\/2023\/11\/Mogarraz-MT-copia-100x75.webp 100w, https:\/\/turismosierradefrancia.es\/wp-content\/uploads\/2023\/11\/Mogarraz-MT-copia-960x720.webp 960w, https:\/\/turismosierradefrancia.es\/wp-content\/uploads\/2023\/11\/Mogarraz-MT-copia-480x360.webp 480w, https:\/\/turismosierradefrancia.es\/wp-content\/uploads\/2023\/11\/Mogarraz-MT-copia.webp 1400w\" sizes=\"(max-width:767px) 480px, (max-width:1024px) 100vw, 1024px\" \/><\/a><\/figure>\n<\/figure>\n\n\n\n<div style=\"height:50px\" aria-hidden=\"true\" class=\"wp-block-spacer\"><\/div>\n<\/div><\/div>\n\n\n\n<div class=\"wp-block-group tic-page-content\"><div class=\"wp-block-group__inner-container is-layout-constrained wp-block-group-is-layout-constrained\">\n<p class=\"tic-titulo-secundario wp-block-paragraph\">INFORMACI\u00d3N<\/p>\n\n\n\n<hr class=\"wp-block-separator has-alpha-channel-opacity\"\/>\n\n\n\n<p class=\"wp-block-paragraph\">A lo largo y ancho de todo el municipio se pueden ver m\u00e1s de 800 retratos sobre l\u00e1minas de chapa dibujados por el artista local <strong>Florencio Ma\u00edllo<\/strong>, usando las fotograf\u00edas que se utilizaron para hacer los carnets de identidad de los habitantes del pueblo en 1967. Una aut\u00e9ntica obra de arte al aire libre que no deja indiferente a nadie que la contemple.&nbsp;<\/p>\n\n\n\n<p class=\"wp-block-paragraph\">En el museo etnogr\u00e1fico <em>Casa de las Artesan\u00edas<\/em> podemos aprender el oficio de las afamadas artesanas del bordado serrano, que ha servido para obtener la declaraci\u00f3n de Bien de Inter\u00e9s Cultural del Bordado Serrano, pero tambi\u00e9n conocer las profesiones de otros artesanos de la joyer\u00eda o de la zapater\u00eda y botos camperos.<\/p>\n\n\n\n<p class=\"wp-block-paragraph\">Pero, adem\u00e1s, Mogarraz cuenta con un entorno privilegiado que le ha hecho merecedor de formar parte del Parque Natural de las Batuecas-Sierra de Francia y de la Reserva de la Biosfera de las Sierras de B\u00e9jar y Francia, por su climatolog\u00eda que permite multitud de \u00e1rboles frutales, destacando los cerezos, olivos y vi\u00f1edos, con bodegas para degustar buen vino, y bosques de roble, casta\u00f1o y madro\u00f1o con multitud de arroyos que nutren al r\u00edo Francia. De las m\u00e1s conocidas es la ruta &#8216;<strong>Camino del Agua<\/strong>&#8216;, con obras de arte en la naturaleza, pero tambi\u00e9n otras que unen pueblos pr\u00f3ximos como Monforte, Casas del Conde, La Alberca, Cepeda y Miranda del Casta\u00f1ar, y que pueden acercarnos, por ejemplo, a la Laguna de San Marcos. Todas estas razones le han valido a Mogarraz, desde el a\u00f1o 2014, ser <strong>considerado como uno de los pueblos m\u00e1s bonitos de Espa\u00f1a<\/strong>.<\/p>\n<\/div><\/div>\n\n\n\n<div class=\"wp-block-group tic-page-content\"><div class=\"wp-block-group__inner-container is-layout-constrained wp-block-group-is-layout-constrained\">\n<p class=\"tic-titulo-secundario wp-block-paragraph\">MAPA<\/p>\n\n\n\n<hr class=\"wp-block-separator has-alpha-channel-opacity\"\/>\n\n\n\n<iframe src=\"https:\/\/www.google.com\/maps\/embed?pb=!1m18!1m12!1m3!1d3034.245699784685!2d-6.057693009651122!3d40.49194957739611!2m3!1f0!2f0!3f0!3m2!1i1024!2i768!4f13.1!3m3!1m2!1s0xd3ef546a67fee03%3A0xcbe75a52a3f35093!2sPl.%20Mayor%2C%2018%2C%2037610%20Mogarraz%2C%20Salamanca%2C%20Espa%C3%B1a!5e0!3m2!1ses!2sve!4v1697386130552!5m2!1ses!2sve\" width=\"100%\" height=\"600\" style=\"border:0;\" allowfullscreen=\"\" loading=\"lazy\" referrerpolicy=\"no-referrer-when-downgrade\"><\/iframe>\n<\/div><\/div>\n\n\n\n<div class=\"wp-block-group tic-page-content\"><div class=\"wp-block-group__inner-container is-layout-constrained wp-block-group-is-layout-constrained\">\n<p class=\"tic-titulo-secundario wp-block-paragraph\">C\u00d3MO LLEGAR<\/p>\n\n\n\n<hr class=\"wp-block-separator has-alpha-channel-opacity\"\/>\n\n\n\n<p class=\"wp-block-paragraph\">En transporte p\u00fablico desde Salamanca hay autob\u00fas (Cosme Autocares) de lunes a viernes a las 13:30 y a las 18:00 h los s\u00e1bados a las 14:00 h y los domingos a las 10:00 h. Para ir de Mogarraz a Salamanca el autob\u00fas va de lunes a viernes a las 07:15 y a las 15:00 h, los s\u00e1bados a las 08:30 h y los domingos a las 18:00 h.<\/p>\n\n\n\n<p class=\"wp-block-paragraph\">En coche desde Salamanca salimos por la CL-512 hasta Vecinos, continuamos por la SA-210 hasta Tamames, avanzamos por la SA-201 hasta La Alberca que rodearemos y seguiremos por la carretera de Mogarraz hasta que llegamos a nuestro destino tras 7 kil\u00f3metros.<\/p>\n<\/div><\/div>\n\n\n\n<div class=\"wp-block-group tic-page-content\"><div class=\"wp-block-group__inner-container is-layout-constrained wp-block-group-is-layout-constrained\">\n<p class=\"tic-titulo-secundario wp-block-paragraph\">QU\u00c9 VER<\/p>\n\n\n\n<hr class=\"wp-block-separator has-alpha-channel-opacity\"\/>\n\n\n\n<div class=\"wp-block-group is-nowrap is-layout-flex wp-container-core-group-is-layout-8f761849 wp-block-group-is-layout-flex\">\n<ul class=\"wp-block-list\">\n<li>Entramado urbano y plaza mayor<\/li>\n\n\n\n<li>Iglesia Parroquial de Nuestra Se\u00f1ora de las Nieves y Torre del Campanario<\/li>\n\n\n\n<li>Ermita y fuente del Humilladero<\/li>\n\n\n\n<li class=\"tic-content-mosaic-page\"><strong><a href=\"https:\/\/turismosierradefrancia.es\/cultura\/museos-y-espacios-culturales\/museo-etnografico-casa-de-las-artesanias\/\">Museo etnogr\u00e1fico \u201cCasa de las Artesan\u00edas\u201d<\/a><\/strong><\/li>\n\n\n\n<li class=\"tic-content-mosaic-page\"><strong><a href=\"https:\/\/turismosierradefrancia.es\/turismo-activo\/caminos-de-arte-en-la-naturaleza\/camino-del-agua\/\">Camino del Agua<\/a><\/strong><\/li>\n\n\n\n<li>Exposici\u00f3n Retrata\/2 388<\/li>\n\n\n\n<li>Fuentes<\/li>\n\n\n\n<li>Ruta del Conjunto Hist\u00f3rico<\/li>\n\n\n\n<li>Ruta de Juan Antonio Mel\u00f3n<\/li>\n\n\n\n<li>Ruta de las Bordadoras<\/li>\n\n\n\n<li class=\"tic-content-mosaic-page\"><strong><a href=\"https:\/\/turismosierradefrancia.es\/cultura\/centros-interpretacion-museos\/centro-de-interpretacion-del-bordado-serrano\/\">Centro de Interpretaci\u00f3n del Bordado Serrano<\/a><\/strong><\/li>\n<\/ul>\n<\/div>\n\n\n\n<a class=\"gb-button gb-button-ec0809ac gb-button-text\" href=\"https:\/\/museos.turismosierradefrancia.es\/centros-interpretacion-museos\/bordado-serrano\/form\/visit\" target=\"_blank\" rel=\"noopener noreferrer\">Reservar visita al C.I. del Bordado Serrano<\/a>\n\n\n\n<p class=\"tic-titulo-secundario wp-block-paragraph\">LEYENDAS<\/p>\n\n\n\n<hr class=\"wp-block-separator has-alpha-channel-opacity\"\/>\n\n\n\n<div class=\"wp-block-group is-nowrap is-layout-flex wp-container-core-group-is-layout-8f761849 wp-block-group-is-layout-flex\">\n<ul class=\"wp-block-list\">\n<li class=\"tic-content-mosaic-page\"><a href=\"https:\/\/turismosierradefrancia.es\/cultura\/historia-y-tradicion\/leyendas-de-la-sierra-de-francia\/la-moza-de-animas\/\"><strong>La Moza de \u00c1nimas<\/strong><\/a><\/li>\n\n\n\n<li class=\"tic-content-mosaic-page\"><strong><a href=\"https:\/\/turismosierradefrancia.es\/cultura\/historia-y-tradicion\/leyendas-de-la-sierra-de-francia\/el-charco-de-la-mora-de-mogarraz\/\">El Charco de la Mora<\/a><\/strong><\/li>\n<\/ul>\n<\/div>\n\n\n\n<div style=\"height:10px\" aria-hidden=\"true\" class=\"wp-block-spacer\"><\/div>\n<\/div><\/div>\n\n\n\n<div class=\"wp-block-group tic-page-content\"><div class=\"wp-block-group__inner-container is-layout-constrained wp-block-group-is-layout-constrained\">\n<p class=\"tic-titulo-secundario wp-block-paragraph\">AGENDA<\/p>\n\n\n\n<hr class=\"wp-block-separator has-alpha-channel-opacity\"\/>\n\n\n<div class=\"em em-view-container\" id=\"em-view-918225758\" data-view=\"grid\" style=\"--view-grid-width : 235px\">\r\n\t<div class=\"em pixelbones em-list em-events-list em-grid em-events-grid\" id=\"em-events-grid-918225758\" data-view-id=\"918225758\">\r\n\t<div class=\"em-event em-item\" data-href=\"https:\/\/turismosierradefrancia.es\/?event=exposicion-encontra-dos-barros-en-mogarraz\" style=\"--default-border:#FFFFFF\">\r\n\t<div class=\"em-item-image \">\r\n\t\t<div class=\"em-item-image-wrapper\">\r\n\t\t\t\r\n\t\t\t<img src='https:\/\/turismosierradefrancia.es\/wp-content\/uploads\/2026\/06\/encontradosbarros2026.png' alt='Exposici\u00f3n &quot;Encontra-dos-barros&quot; en Mogarraz'\/>\r\n\t\t\t\r\n\t\t\t\r\n\t\t<\/div>\r\n\t<\/div>\r\n\t<div class=\"em-item-info\">\r\n\t\t<h3 class=\"em-item-title\"><a href=\"https:\/\/turismosierradefrancia.es\/?event=exposicion-encontra-dos-barros-en-mogarraz\">Exposici\u00f3n &quot;Encontra-dos-barros&quot; en Mogarraz<\/a><\/h3>\r\n\t\t<div class=\"em-event-meta em-item-meta\">\r\n\t\t\t<div class=\"em-item-meta-line em-event-date em-event-meta-datetime\">\r\n\t\t\t\t<span class=\"em-icon-calendar em-icon\"><\/span>\r\n\t\t\t\t20 junio 2026 - 16 agosto 2026\r\n\t\t\t<\/div>\r\n\t\t\t<div class=\"em-item-meta-line em-event-time em-event-meta-datetime\">\r\n\t\t\t\t<span class=\"em-icon-clock em-icon\"><\/span>\r\n\t\t\t\tTodo el d\u00eda\r\n\t\t\t<\/div>\r\n\t\t\t\r\n\t\t\t\r\n\t\t\t\r\n\t\t\t<div class=\"em-item-meta-line em-event-location\" translate=\"no\">\r\n\t\t\t\t<span class=\"em-icon-at em-icon\"><\/span>\r\n\t\t\t\t<a href=\"https:\/\/turismosierradefrancia.es\/nuestros-pueblos\/mogarraz\/\" target=\"_blank\">Mogarraz, Salamanca<\/a>\r\n\t\t\t<\/div>\r\n\t\t\t\r\n\t\t<\/div>\r\n\t<\/div>\r\n<\/div>\r\n<div class=\"em-event em-item\" data-href=\"https:\/\/turismosierradefrancia.es\/?event=exposicion-tiempos-bordadoras-mogarraz\" style=\"--default-border:#FFFFFF\">\r\n\t<div class=\"em-item-image \">\r\n\t\t<div class=\"em-item-image-wrapper\">\r\n\t\t\t\r\n\t\t\t<img src='https:\/\/turismosierradefrancia.es\/wp-content\/uploads\/2026\/03\/bordado-lateral.jpg' alt='Exposici\u00f3n fotogr\u00e1fica &quot;Tiempos de Bordadoras&quot; en Mogarraz'\/>\r\n\t\t\t\r\n\t\t\t\r\n\t\t<\/div>\r\n\t<\/div>\r\n\t<div class=\"em-item-info\">\r\n\t\t<h3 class=\"em-item-title\"><a href=\"https:\/\/turismosierradefrancia.es\/?event=exposicion-tiempos-bordadoras-mogarraz\">Exposici\u00f3n fotogr\u00e1fica &quot;Tiempos de Bordadoras&quot; en Mogarraz<\/a><\/h3>\r\n\t\t<div class=\"em-event-meta em-item-meta\">\r\n\t\t\t<div class=\"em-item-meta-line em-event-date em-event-meta-datetime\">\r\n\t\t\t\t<span class=\"em-icon-calendar em-icon\"><\/span>\r\n\t\t\t\t1 marzo 2026 - 29 marzo 2026\r\n\t\t\t<\/div>\r\n\t\t\t<div class=\"em-item-meta-line em-event-time em-event-meta-datetime\">\r\n\t\t\t\t<span class=\"em-icon-clock em-icon\"><\/span>\r\n\t\t\t\t00:00\r\n\t\t\t<\/div>\r\n\t\t\t\r\n\t\t\t\r\n\t\t\t\r\n\t\t\t<div class=\"em-item-meta-line em-event-location\" translate=\"no\">\r\n\t\t\t\t<span class=\"em-icon-at em-icon\"><\/span>\r\n\t\t\t\t<a href=\"https:\/\/turismosierradefrancia.es\/nuestros-pueblos\/mogarraz\/\" target=\"_blank\">Mogarraz, Salamanca<\/a>\r\n\t\t\t<\/div>\r\n\t\t\t\r\n\t\t<\/div>\r\n\t<\/div>\r\n<\/div>\r\n\t<\/div>\r\n<\/div>\n\n\n\n<div style=\"height:30px\" aria-hidden=\"true\" class=\"wp-block-spacer\"><\/div>\n\n\n\n<div style=\"height:20px\" aria-hidden=\"true\" class=\"wp-block-spacer\"><\/div>\n\n\n\n<div class=\"wp-block-buttons is-content-justification-center is-layout-flex wp-container-core-buttons-is-layout-fe48e5de wp-block-buttons-is-layout-flex\">\n<div class=\"wp-block-button is-style-fill\"><a class=\"wp-block-button__link has-white-color has-text-color has-background has-link-color has-text-align-center wp-element-button\" href=\"https:\/\/turismosierradefrancia.es\/agenda-completa\/\" style=\"border-radius:25px;background-color:#3c6f13\">Ver Oferta Completa de Eventos<\/a><\/div>\n<\/div>\n<\/div><\/div>\n\n\n\n<div class=\"wp-block-group tic-page-content\"><div class=\"wp-block-group__inner-container is-layout-constrained wp-block-group-is-layout-constrained\"><\/div><\/div>\n\n\n\n<div style=\"height:30px\" aria-hidden=\"true\" class=\"wp-block-spacer\"><\/div>\n\n\n\n<div class=\"wp-block-group tic-page-footer\"><div class=\"wp-block-group__inner-container is-layout-constrained wp-block-group-is-layout-constrained\">\n<p class=\"tic-secicon has-medium-font-size wp-block-paragraph\"><strong>Relacionado<\/strong><\/p>\n\n\n\n\t\t\t<div class=\"foogallery foogallery-container foogallery-carousel foogallery-lightbox-none fg-carousel-hide-nav-arrows fg-carousel-hide-pagination fg-carousel-hide-progress-bar fg-carousel fg-ready fg-custom fg-shadow-outline fg-loading-default fg-loaded-fade-in fg-caption-always fg-hover-fade fg-c-c\" id=\"foogallery-gallery-3652\" data-foogallery=\"{&quot;item&quot;:{&quot;showCaptionTitle&quot;:true,&quot;showCaptionDescription&quot;:true},&quot;lazy&quot;:true,&quot;src&quot;:&quot;src&quot;,&quot;srcset&quot;:&quot;srcset&quot;,&quot;template&quot;:{&quot;maxItems&quot;:7,&quot;scale&quot;:0,&quot;gutter&quot;:{&quot;min&quot;:5,&quot;max&quot;:10,&quot;unit&quot;:&quot;px&quot;},&quot;autoplay&quot;:{&quot;time&quot;:5,&quot;interaction&quot;:&quot;disable&quot;},&quot;centerOnClick&quot;:false,&quot;align&quot;:&quot;center&quot;,&quot;activePosition&quot;:&quot;center&quot;}}\" style=\"--fg-title-line-clamp: 0; --fg-description-line-clamp: 0;\" >\n\t<button type=\"button\" class=\"fg-carousel-prev\" title=\"Anterior\"><\/button>\n\t<div class=\"fg-carousel-inner\">\n\t\t<div class=\"fg-carousel-center\"><\/div>\n\t\t<div class=\"fg-item fg-type-iframe fg-loading\"><figure class=\"fg-item-inner\"><a href=\"https:\/\/turismosierradefrancia.es\/nuestros-pueblos\/\" data-caption-title=\"Nuestros Pueblos\" data-attachment-id=\"16463\" data-e-disable-page-transition=\"true\" data-type=\"iframe\" class=\"fg-thumb\"><span class=\"fg-image-wrap\"><img loading=\"lazy\" src=\"https:\/\/turismosierradefrancia.es\/wp-content\/uploads\/cache\/2024\/06\/nuestros-pueblos-recomendado\/3504428687.webp\" title=\"Nuestros Pueblos\" width=\"293\" height=\"400\" class=\"skip-lazy fg-image\" decoding=\"async\" loading=\"lazy\"><\/span><span class=\"fg-image-overlay\"><\/span><\/a><figcaption class=\"fg-caption\"><div class=\"fg-caption-inner\"><div class=\"fg-caption-title\">Nuestros Pueblos<\/div><\/div><\/figcaption><\/figure><div class=\"fg-loader\"><\/div><\/div><div class=\"fg-item fg-type-iframe fg-loading\"><figure class=\"fg-item-inner\"><a href=\"https:\/\/turismosierradefrancia.es\/turismo-activo\/estacion-de-deportes-de-montana\/senderismo\/\" data-caption-title=\"Senderismo\" data-attachment-id=\"16465\" data-e-disable-page-transition=\"true\" data-type=\"iframe\" class=\"fg-thumb\"><span class=\"fg-image-wrap\"><img loading=\"lazy\" src=\"https:\/\/turismosierradefrancia.es\/wp-content\/uploads\/cache\/2024\/06\/senderismo-recomendador\/2738489355.webp\" title=\"Senderismo\" width=\"293\" height=\"400\" class=\"skip-lazy fg-image\" decoding=\"async\" loading=\"lazy\"><\/span><span class=\"fg-image-overlay\"><\/span><\/a><figcaption class=\"fg-caption\"><div class=\"fg-caption-inner\"><div class=\"fg-caption-title\">Senderismo<\/div><\/div><\/figcaption><\/figure><div class=\"fg-loader\"><\/div><\/div><div class=\"fg-item fg-type-iframe fg-loading\"><figure class=\"fg-item-inner\"><a href=\"https:\/\/turismosierradefrancia.es\/turismo-activo\/turismo-rutas-accesibles\/\" data-caption-title=\"Rutas Accesibles\" data-attachment-id=\"16464\" data-e-disable-page-transition=\"true\" data-type=\"iframe\" class=\"fg-thumb\"><span class=\"fg-image-wrap\"><img loading=\"lazy\" src=\"https:\/\/turismosierradefrancia.es\/wp-content\/uploads\/cache\/2024\/06\/rutas-accesibles-recomendador\/2972824326.webp\" title=\"Rutas Accesibles\" width=\"293\" height=\"400\" class=\"skip-lazy fg-image\" decoding=\"async\" loading=\"lazy\"><\/span><span class=\"fg-image-overlay\"><\/span><\/a><figcaption class=\"fg-caption\"><div class=\"fg-caption-inner\"><div class=\"fg-caption-title\">Rutas Accesibles<\/div><\/div><\/figcaption><\/figure><div class=\"fg-loader\"><\/div><\/div><div class=\"fg-item fg-type-iframe fg-loading\"><figure class=\"fg-item-inner\"><a href=\"https:\/\/turismosierradefrancia.es\/donde-dormir\/\" data-caption-title=\"\u00bfD\u00f3nde Comer?\" data-attachment-id=\"16462\" data-e-disable-page-transition=\"true\" data-type=\"iframe\" class=\"fg-thumb\"><span class=\"fg-image-wrap\"><img loading=\"lazy\" src=\"https:\/\/turismosierradefrancia.es\/wp-content\/uploads\/cache\/2024\/06\/donde_comer-recomendado\/1038040024.webp\" title=\"\u00bfD\u00f3nde Comer?\" width=\"293\" height=\"400\" class=\"skip-lazy fg-image\" decoding=\"async\" loading=\"lazy\"><\/span><span class=\"fg-image-overlay\"><\/span><\/a><figcaption class=\"fg-caption\"><div class=\"fg-caption-inner\"><div class=\"fg-caption-title\">\u00bfD\u00f3nde Comer?<\/div><\/div><\/figcaption><\/figure><div class=\"fg-loader\"><\/div><\/div><div class=\"fg-item fg-type-iframe fg-loading\"><figure class=\"fg-item-inner\"><a href=\"https:\/\/turismosierradefrancia.es\/donde-dormir\/\" data-caption-title=\"\u00bfD\u00f3nde Dormir?\" data-attachment-id=\"16461\" data-e-disable-page-transition=\"true\" data-type=\"iframe\" class=\"fg-thumb\"><span class=\"fg-image-wrap\"><img loading=\"lazy\" src=\"https:\/\/turismosierradefrancia.es\/wp-content\/uploads\/cache\/2024\/06\/donde-dormir-recomendado\/1391775750.webp\" title=\"\u00bfD\u00f3nde Dormir?\" width=\"293\" height=\"400\" class=\"skip-lazy fg-image\" decoding=\"async\" loading=\"lazy\"><\/span><span class=\"fg-image-overlay\"><\/span><\/a><figcaption class=\"fg-caption\"><div class=\"fg-caption-inner\"><div class=\"fg-caption-title\">\u00bfD\u00f3nde Dormir?<\/div><\/div><\/figcaption><\/figure><div class=\"fg-loader\"><\/div><\/div><div class=\"fg-item fg-type-iframe fg-loading\"><figure class=\"fg-item-inner\"><a href=\"https:\/\/turismosierradefrancia.es\/turismo-activo\/caminos-de-arte-en-la-naturaleza\/\" data-caption-title=\"Caminos de Arte\" data-attachment-id=\"16459\" data-e-disable-page-transition=\"true\" data-type=\"iframe\" class=\"fg-thumb\"><span class=\"fg-image-wrap\"><img loading=\"lazy\" src=\"https:\/\/turismosierradefrancia.es\/wp-content\/uploads\/cache\/2024\/06\/caminos-del-arte-recomendador\/4270799215.webp\" title=\"Caminos de Arte\" width=\"293\" height=\"400\" class=\"skip-lazy fg-image\" decoding=\"async\" loading=\"lazy\"><\/span><span class=\"fg-image-overlay\"><\/span><\/a><figcaption class=\"fg-caption\"><div class=\"fg-caption-inner\"><div class=\"fg-caption-title\">Caminos de Arte<\/div><\/div><\/figcaption><\/figure><div class=\"fg-loader\"><\/div><\/div><div class=\"fg-item fg-type-iframe fg-loading\"><figure class=\"fg-item-inner\"><a href=\"https:\/\/turismosierradefrancia.es\/cultura\/centros-interpretacion-museos\/\" data-caption-title=\"Centros de Interpretaci\u00f3n\" data-attachment-id=\"16460\" data-e-disable-page-transition=\"true\" data-type=\"iframe\" class=\"fg-thumb\"><span class=\"fg-image-wrap\"><img loading=\"lazy\" src=\"https:\/\/turismosierradefrancia.es\/wp-content\/uploads\/cache\/2024\/06\/centro-interpretacion-museo\/2796342601.webp\" title=\"Centros de Interpretaci\u00f3n\" width=\"293\" height=\"400\" class=\"skip-lazy fg-image\" decoding=\"async\" loading=\"lazy\"><\/span><span class=\"fg-image-overlay\"><\/span><\/a><figcaption class=\"fg-caption\"><div class=\"fg-caption-inner\"><div class=\"fg-caption-title\">Centros de Interpretaci\u00f3n<\/div><\/div><\/figcaption><\/figure><div class=\"fg-loader\"><\/div><\/div>\t<\/div>\n\t<div class=\"fg-carousel-bottom\"><\/div>\n\t<div class=\"fg-carousel-progress\"><\/div>\n\t<button type=\"button\" class=\"fg-carousel-next\" title=\"Siguiente\"><\/button>\n<\/div>\n\n\n\n<div style=\"height:50px\" aria-hidden=\"true\" class=\"wp-block-spacer\"><\/div>\n<\/div><\/div>\n<style class=\"advgb-styles-renderer\">\n#foogallery-gallery-3652 .fg-image { width: 293px; }#foogallery-gallery-3652 { \r\n width:100%;\r\n}\r\n\r\n#foogallery-gallery-3652 div.fg-caption-title { \r\nfont-weight:700;\r\n}\r\n\r\n<\/style>","protected":false},"excerpt":{"rendered":"<p>Declarado Conjunto Hist\u00f3rico en 1998 por el valor de su casco hist\u00f3rico, con un trazado irregular, calles empedradas, inclinadas, estrechas&hellip; <a class=\"continue\" href=\"https:\/\/turismosierradefrancia.es\/?page_id=7575\">Seguir leyendo<span> Mogarraz<\/span><\/a><\/p>\n","protected":false},"author":1,"featured_media":0,"parent":3996,"menu_order":0,"comment_status":"closed","ping_status":"closed","template":"","meta":{"advgb_blocks_editor_width":"","advgb_blocks_columns_visual_guide":"","footnotes":""},"class_list":["post-7575","page","type-page","status-publish","hentry"],"yoast_head":"<!-- This site is optimized with the Yoast SEO plugin v28.2 - https:\/\/yoast.com\/product\/yoast-seo-wordpress\/ -->\n<title>Pueblos de la Sierra de Francia: Mogarraz - Sierra de Francia<\/title>\n<meta name=\"description\" content=\"Mogarraz tiene un casco hist\u00f3rico, con un trazado irregular, calles empedradas, inclinadas, estrechas y con las tradicionales casas serranas.\" \/>\n<meta name=\"robots\" content=\"index, follow, max-snippet:-1, max-image-preview:large, max-video-preview:-1\" \/>\n<link rel=\"canonical\" href=\"https:\/\/turismosierradefrancia.es\/?page_id=7575\" \/>\n<meta property=\"og:locale\" content=\"es_ES\" \/>\n<meta property=\"og:type\" content=\"article\" \/>\n<meta property=\"og:title\" content=\"Pueblos de la Sierra de Francia: Mogarraz - Sierra de Francia\" \/>\n<meta property=\"og:description\" content=\"Mogarraz tiene un casco hist\u00f3rico, con un trazado irregular, calles empedradas, inclinadas, estrechas y con las tradicionales casas serranas.\" \/>\n<meta property=\"og:url\" content=\"https:\/\/turismosierradefrancia.es\/?page_id=7575\" \/>\n<meta property=\"og:site_name\" content=\"Sierra de Francia\" \/>\n<meta property=\"article:publisher\" content=\"https:\/\/www.facebook.com\/visitasierradefrancia\/\" \/>\n<meta property=\"article:modified_time\" content=\"2025-08-29T10:06:10+00:00\" \/>\n<meta property=\"og:image\" content=\"https:\/\/turismosierradefrancia.es\/wp-content\/uploads\/2023\/07\/turismo-sierra-de-francia-mogarraz-7-1024x768.webp\" \/>\n<meta name=\"twitter:card\" content=\"summary_large_image\" \/>\n<meta name=\"twitter:site\" content=\"@visitaSF\" \/>\n<meta name=\"twitter:label1\" content=\"Tiempo de lectura\" \/>\n\t<meta name=\"twitter:data1\" content=\"5 minutos\" \/>\n<script type=\"application\/ld+json\" class=\"yoast-schema-graph\">{\"@context\":\"https:\\\/\\\/schema.org\",\"@graph\":[{\"@type\":\"WebPage\",\"@id\":\"https:\\\/\\\/turismosierradefrancia.es\\\/?page_id=7575\",\"url\":\"https:\\\/\\\/turismosierradefrancia.es\\\/?page_id=7575\",\"name\":\"Pueblos de la Sierra de Francia: Mogarraz - Sierra de Francia\",\"isPartOf\":{\"@id\":\"https:\\\/\\\/turismosierradefrancia.es\\\/#website\"},\"primaryImageOfPage\":{\"@id\":\"https:\\\/\\\/turismosierradefrancia.es\\\/?page_id=7575#primaryimage\"},\"image\":{\"@id\":\"https:\\\/\\\/turismosierradefrancia.es\\\/?page_id=7575#primaryimage\"},\"thumbnailUrl\":\"https:\\\/\\\/turismosierradefrancia.es\\\/wp-content\\\/uploads\\\/2023\\\/07\\\/turismo-sierra-de-francia-mogarraz-7-1024x768.webp\",\"datePublished\":\"2023-10-15T16:11:33+00:00\",\"dateModified\":\"2025-08-29T10:06:10+00:00\",\"description\":\"Mogarraz tiene un casco hist\u00f3rico, con un trazado irregular, calles empedradas, inclinadas, estrechas y con las tradicionales casas serranas.\",\"breadcrumb\":{\"@id\":\"https:\\\/\\\/turismosierradefrancia.es\\\/?page_id=7575#breadcrumb\"},\"inLanguage\":\"es\",\"potentialAction\":[{\"@type\":\"ReadAction\",\"target\":[\"https:\\\/\\\/turismosierradefrancia.es\\\/?page_id=7575\"]}]},{\"@type\":\"ImageObject\",\"inLanguage\":\"es\",\"@id\":\"https:\\\/\\\/turismosierradefrancia.es\\\/?page_id=7575#primaryimage\",\"url\":\"https:\\\/\\\/turismosierradefrancia.es\\\/wp-content\\\/uploads\\\/2023\\\/07\\\/turismo-sierra-de-francia-mogarraz-7-1024x768.webp\",\"contentUrl\":\"https:\\\/\\\/turismosierradefrancia.es\\\/wp-content\\\/uploads\\\/2023\\\/07\\\/turismo-sierra-de-francia-mogarraz-7-1024x768.webp\"},{\"@type\":\"BreadcrumbList\",\"@id\":\"https:\\\/\\\/turismosierradefrancia.es\\\/?page_id=7575#breadcrumb\",\"itemListElement\":[{\"@type\":\"ListItem\",\"position\":1,\"name\":\"Inicio\",\"item\":\"https:\\\/\\\/turismosierradefrancia.es\\\/\"},{\"@type\":\"ListItem\",\"position\":2,\"name\":\"Nuestros Pueblos\",\"item\":\"https:\\\/\\\/turismosierradefrancia.es\\\/?page_id=3996\"},{\"@type\":\"ListItem\",\"position\":3,\"name\":\"Mogarraz\"}]},{\"@type\":\"WebSite\",\"@id\":\"https:\\\/\\\/turismosierradefrancia.es\\\/#website\",\"url\":\"https:\\\/\\\/turismosierradefrancia.es\\\/\",\"name\":\"Sierra de Francia\",\"description\":\"\",\"publisher\":{\"@id\":\"https:\\\/\\\/turismosierradefrancia.es\\\/#organization\"},\"alternateName\":\"Turismo Sierra de Francia\",\"potentialAction\":[{\"@type\":\"SearchAction\",\"target\":{\"@type\":\"EntryPoint\",\"urlTemplate\":\"https:\\\/\\\/turismosierradefrancia.es\\\/?s={search_term_string}\"},\"query-input\":{\"@type\":\"PropertyValueSpecification\",\"valueRequired\":true,\"valueName\":\"search_term_string\"}}],\"inLanguage\":\"es\"},{\"@type\":\"Organization\",\"@id\":\"https:\\\/\\\/turismosierradefrancia.es\\\/#organization\",\"name\":\"Sierra de Francia\",\"alternateName\":\"Turismo Sierra de Francia\",\"url\":\"https:\\\/\\\/turismosierradefrancia.es\\\/\",\"logo\":{\"@type\":\"ImageObject\",\"inLanguage\":\"es\",\"@id\":\"https:\\\/\\\/turismosierradefrancia.es\\\/#\\\/schema\\\/logo\\\/image\\\/\",\"url\":\"https:\\\/\\\/turismosierradefrancia.es\\\/wp-content\\\/uploads\\\/2024\\\/04\\\/cropped-logo_redondo-removebg-preview.png\",\"contentUrl\":\"https:\\\/\\\/turismosierradefrancia.es\\\/wp-content\\\/uploads\\\/2024\\\/04\\\/cropped-logo_redondo-removebg-preview.png\",\"width\":512,\"height\":512,\"caption\":\"Sierra de Francia\"},\"image\":{\"@id\":\"https:\\\/\\\/turismosierradefrancia.es\\\/#\\\/schema\\\/logo\\\/image\\\/\"},\"sameAs\":[\"https:\\\/\\\/www.facebook.com\\\/visitasierradefrancia\\\/\",\"https:\\\/\\\/x.com\\\/visitaSF\",\"https:\\\/\\\/www.instagram.com\\\/visitasierradefrancia\\\/\",\"https:\\\/\\\/www.youtube.com\\\/@visitasierradefrancia\"]}]}<\/script>\n<!-- \/ Yoast SEO plugin. -->","yoast_head_json":{"title":"Pueblos de la Sierra de Francia: Mogarraz - Sierra de Francia","description":"Mogarraz tiene un casco hist\u00f3rico, con un trazado irregular, calles empedradas, inclinadas, estrechas y con las tradicionales casas serranas.","robots":{"index":"index","follow":"follow","max-snippet":"max-snippet:-1","max-image-preview":"max-image-preview:large","max-video-preview":"max-video-preview:-1"},"canonical":"https:\/\/turismosierradefrancia.es\/?page_id=7575","og_locale":"es_ES","og_type":"article","og_title":"Pueblos de la Sierra de Francia: Mogarraz - Sierra de Francia","og_description":"Mogarraz tiene un casco hist\u00f3rico, con un trazado irregular, calles empedradas, inclinadas, estrechas y con las tradicionales casas serranas.","og_url":"https:\/\/turismosierradefrancia.es\/?page_id=7575","og_site_name":"Sierra de Francia","article_publisher":"https:\/\/www.facebook.com\/visitasierradefrancia\/","article_modified_time":"2025-08-29T10:06:10+00:00","og_image":[{"url":"https:\/\/turismosierradefrancia.es\/wp-content\/uploads\/2023\/07\/turismo-sierra-de-francia-mogarraz-7-1024x768.webp","type":"","width":"","height":""}],"twitter_card":"summary_large_image","twitter_site":"@visitaSF","twitter_misc":{"Tiempo de lectura":"5 minutos"},"schema":{"@context":"https:\/\/schema.org","@graph":[{"@type":"WebPage","@id":"https:\/\/turismosierradefrancia.es\/?page_id=7575","url":"https:\/\/turismosierradefrancia.es\/?page_id=7575","name":"Pueblos de la Sierra de Francia: Mogarraz - Sierra de Francia","isPartOf":{"@id":"https:\/\/turismosierradefrancia.es\/#website"},"primaryImageOfPage":{"@id":"https:\/\/turismosierradefrancia.es\/?page_id=7575#primaryimage"},"image":{"@id":"https:\/\/turismosierradefrancia.es\/?page_id=7575#primaryimage"},"thumbnailUrl":"https:\/\/turismosierradefrancia.es\/wp-content\/uploads\/2023\/07\/turismo-sierra-de-francia-mogarraz-7-1024x768.webp","datePublished":"2023-10-15T16:11:33+00:00","dateModified":"2025-08-29T10:06:10+00:00","description":"Mogarraz tiene un casco hist\u00f3rico, con un trazado irregular, calles empedradas, inclinadas, estrechas y con las tradicionales casas serranas.","breadcrumb":{"@id":"https:\/\/turismosierradefrancia.es\/?page_id=7575#breadcrumb"},"inLanguage":"es","potentialAction":[{"@type":"ReadAction","target":["https:\/\/turismosierradefrancia.es\/?page_id=7575"]}]},{"@type":"ImageObject","inLanguage":"es","@id":"https:\/\/turismosierradefrancia.es\/?page_id=7575#primaryimage","url":"https:\/\/turismosierradefrancia.es\/wp-content\/uploads\/2023\/07\/turismo-sierra-de-francia-mogarraz-7-1024x768.webp","contentUrl":"https:\/\/turismosierradefrancia.es\/wp-content\/uploads\/2023\/07\/turismo-sierra-de-francia-mogarraz-7-1024x768.webp"},{"@type":"BreadcrumbList","@id":"https:\/\/turismosierradefrancia.es\/?page_id=7575#breadcrumb","itemListElement":[{"@type":"ListItem","position":1,"name":"Inicio","item":"https:\/\/turismosierradefrancia.es\/"},{"@type":"ListItem","position":2,"name":"Nuestros Pueblos","item":"https:\/\/turismosierradefrancia.es\/?page_id=3996"},{"@type":"ListItem","position":3,"name":"Mogarraz"}]},{"@type":"WebSite","@id":"https:\/\/turismosierradefrancia.es\/#website","url":"https:\/\/turismosierradefrancia.es\/","name":"Sierra de Francia","description":"","publisher":{"@id":"https:\/\/turismosierradefrancia.es\/#organization"},"alternateName":"Turismo Sierra de Francia","potentialAction":[{"@type":"SearchAction","target":{"@type":"EntryPoint","urlTemplate":"https:\/\/turismosierradefrancia.es\/?s={search_term_string}"},"query-input":{"@type":"PropertyValueSpecification","valueRequired":true,"valueName":"search_term_string"}}],"inLanguage":"es"},{"@type":"Organization","@id":"https:\/\/turismosierradefrancia.es\/#organization","name":"Sierra de Francia","alternateName":"Turismo Sierra de Francia","url":"https:\/\/turismosierradefrancia.es\/","logo":{"@type":"ImageObject","inLanguage":"es","@id":"https:\/\/turismosierradefrancia.es\/#\/schema\/logo\/image\/","url":"https:\/\/turismosierradefrancia.es\/wp-content\/uploads\/2024\/04\/cropped-logo_redondo-removebg-preview.png","contentUrl":"https:\/\/turismosierradefrancia.es\/wp-content\/uploads\/2024\/04\/cropped-logo_redondo-removebg-preview.png","width":512,"height":512,"caption":"Sierra de Francia"},"image":{"@id":"https:\/\/turismosierradefrancia.es\/#\/schema\/logo\/image\/"},"sameAs":["https:\/\/www.facebook.com\/visitasierradefrancia\/","https:\/\/x.com\/visitaSF","https:\/\/www.instagram.com\/visitasierradefrancia\/","https:\/\/www.youtube.com\/@visitasierradefrancia"]}]}},"coauthors":[],"author_meta":{"author_link":"https:\/\/turismosierradefrancia.es\/?author=1","display_name":"admin"},"relative_dates":{"created":"Publicado 3 a\u00f1os hace","modified":"Actualizado 1 a\u00f1o hace"},"absolute_dates":{"created":"Publicado el 15\/10\/2023","modified":"Actualizado el 29\/08\/2025"},"absolute_dates_time":{"created":"Publicado el 15\/10\/2023 16:11","modified":"Actualizado el 29\/08\/2025 10:06"},"featured_img_caption":"","featured_img":false,"series_order":"","_links":{"self":[{"href":"https:\/\/turismosierradefrancia.es\/index.php?rest_route=\/wp\/v2\/pages\/7575","targetHints":{"allow":["GET"]}}],"collection":[{"href":"https:\/\/turismosierradefrancia.es\/index.php?rest_route=\/wp\/v2\/pages"}],"about":[{"href":"https:\/\/turismosierradefrancia.es\/index.php?rest_route=\/wp\/v2\/types\/page"}],"author":[{"embeddable":true,"href":"https:\/\/turismosierradefrancia.es\/index.php?rest_route=\/wp\/v2\/users\/1"}],"replies":[{"embeddable":true,"href":"https:\/\/turismosierradefrancia.es\/index.php?rest_route=%2Fwp%2Fv2%2Fcomments&post=7575"}],"version-history":[{"count":50,"href":"https:\/\/turismosierradefrancia.es\/index.php?rest_route=\/wp\/v2\/pages\/7575\/revisions"}],"predecessor-version":[{"id":20632,"href":"https:\/\/turismosierradefrancia.es\/index.php?rest_route=\/wp\/v2\/pages\/7575\/revisions\/20632"}],"up":[{"embeddable":true,"href":"https:\/\/turismosierradefrancia.es\/index.php?rest_route=\/wp\/v2\/pages\/3996"}],"wp:attachment":[{"href":"https:\/\/turismosierradefrancia.es\/index.php?rest_route=%2Fwp%2Fv2%2Fmedia&parent=7575"}],"curies":[{"name":"wp","href":"https:\/\/api.w.org\/{rel}","templated":true}]}}