{"id":7596,"date":"2023-10-15T17:37:03","date_gmt":"2023-10-15T17:37:03","guid":{"rendered":"https:\/\/turismosierradefrancia.es\/?page_id=7596"},"modified":"2025-08-29T10:08:29","modified_gmt":"2025-08-29T10:08:29","slug":"santibanez-de-la-sierra","status":"publish","type":"page","link":"https:\/\/turismosierradefrancia.es\/?page_id=7596","title":{"rendered":"Santib\u00e1\u00f1ez de la Sierra"},"content":{"rendered":"\n<a class=\"tic-subheader-image\" style=\"display:none\" href=\"https:\/\/turismosierradefrancia.es\/wp-content\/uploads\/2024\/06\/cabecera-santibanez-scaled.webp\"><\/a>\n\n\n\n<div style=\"height:30px\" aria-hidden=\"true\" class=\"wp-block-spacer\"><\/div>\n\n\n\n<div class=\"wp-block-media-text is-stacked-on-mobile is-image-fill-element tic-page-content has-background\" style=\"background-color:#ecf9ec\"><figure class=\"wp-block-media-text__media\"><img fetchpriority=\"high\" decoding=\"async\" width=\"1024\" height=\"621\" src=\"https:\/\/turismosierradefrancia.es\/wp-content\/uploads\/2023\/11\/santibanez-1024x621.webp\" alt=\"\" class=\"wp-image-9220 size-full\" style=\"object-position:53% 62%\" srcset=\"https:\/\/turismosierradefrancia.es\/wp-content\/uploads\/2023\/11\/santibanez-1024x621.webp 1024w, https:\/\/turismosierradefrancia.es\/wp-content\/uploads\/2023\/11\/santibanez-300x182.webp 300w, https:\/\/turismosierradefrancia.es\/wp-content\/uploads\/2023\/11\/santibanez-768x466.webp 768w, https:\/\/turismosierradefrancia.es\/wp-content\/uploads\/2023\/11\/santibanez-124x75.webp 124w, https:\/\/turismosierradefrancia.es\/wp-content\/uploads\/2023\/11\/santibanez-480x291.webp 480w, https:\/\/turismosierradefrancia.es\/wp-content\/uploads\/2023\/11\/santibanez.webp 1400w\" sizes=\"(max-width:767px) 480px, (max-width:1024px) 100vw, 1024px\" \/><\/figure><div class=\"wp-block-media-text__content\">\n<div class=\"wp-block-group\"><div class=\"wp-block-group__inner-container is-layout-constrained wp-block-group-is-layout-constrained\">\n<div style=\"height:20px\" aria-hidden=\"true\" class=\"wp-block-spacer\"><\/div>\n\n\n\n<p class=\"has-text-align-center tic-titulo-secundario wp-block-paragraph\">Informaci\u00f3n de Contacto<\/p>\n\n\n\n<hr class=\"wp-block-separator has-alpha-channel-opacity\"\/>\n<\/div><\/div>\n\n\n\n<ul class=\"lists tic-ul\">\n    <li class=\"list tic-li\">\n        <svg class=\"tic-icon\" xmlns=\"http:\/\/www.w3.org\/2000\/svg\" height=\"1em\" viewBox=\"0 0 350 512\"><path d=\"M215.7 499.2C267 435 384 279.4 384 192C384 86 298 0 192 0S0 86 0 192c0 87.4 117 243 168.3 307.2c12.3 15.3 35.1 15.3 47.4 0zM192 128a64 64 0 1 1 0 128 64 64 0 1 1 0-128z\"\/><\/svg>   \n        <a class=\"link text tic-text\" href=\"https:\/\/maps.app.goo.gl\/1pFCBvuSffz7repi8\" target=\"_blank\" rel=\"noreferrer noopener\">   Plaza Agust\u00edn Bull\u00f3n 1, 37670 Santib\u00e1\u00f1ez de la Sierra\n          <\/a>\n    <\/li>\n    <li class=\"list tic-li\">\n        <svg class=\"tic-icon\" xmlns=\"http:\/\/www.w3.org\/2000\/svg\" height=\"1em\" viewBox=\"0 0 512 512\"><path d=\"M164.9 24.6c-7.7-18.6-28-28.5-47.4-23.2l-88 24C12.1 30.2 0 46 0 64C0 311.4 200.6 512 448 512c18 0 33.8-12.1 38.6-29.5l24-88c5.3-19.4-4.6-39.7-23.2-47.4l-96-40c-16.3-6.8-35.2-2.1-46.3 11.6L304.7 368C234.3 334.7 177.3 277.7 144 207.3L193.3 167c13.7-11.2 18.4-30 11.6-46.3l-40-96z\"\/><\/svg>  \n        <a class=\"link text tic-text\" href=\"tel:+34 923 43 53 81\" target=\"_blank\" rel=\"noreferrer noopener\" translate=\"no\">+34 923 43 53 81 Ayuntamiento \n<\/a>\n    <\/li>\n\n    <li class=\"list tic-li\">\n        <svg class=\"tic-icon\" xmlns=\"http:\/\/www.w3.org\/2000\/svg\" height=\"1em\" viewBox=\"0 0 512 512\"><path d=\"M48 64C21.5 64 0 85.5 0 112c0 15.1 7.1 29.3 19.2 38.4L236.8 313.6c11.4 8.5 27 8.5 38.4 0L492.8 150.4c12.1-9.1 19.2-23.3 19.2-38.4c0-26.5-21.5-48-48-48H48zM0 176V384c0 35.3 28.7 64 64 64H448c35.3 0 64-28.7 64-64V176L294.4 339.2c-22.8 17.1-54 17.1-76.8 0L0 176z\"\/><\/svg>\n        <a class=\"link text tic-text\" href=\"mailto:aytosantibanez@hotmail.com\" target=\"_blank\" rel=\"noreferrer noopener\" translate=\"no\">aytosantibanez@hotmail.com<\/a\n        >\n    <\/li>\n    <li class=\"list tic-li\">\n        <svg class=\"tic-icon\" xmlns=\"http:\/\/www.w3.org\/2000\/svg\" height=\"1em\" viewBox=\"0 0 512 512\"><path d=\"M352 256c0 22.2-1.2 43.6-3.3 64H163.3c-2.2-20.4-3.3-41.8-3.3-64s1.2-43.6 3.3-64H348.7c2.2 20.4 3.3 41.8 3.3 64zm28.8-64H503.9c5.3 20.5 8.1 41.9 8.1 64s-2.8 43.5-8.1 64H380.8c2.1-20.6 3.2-42 3.2-64s-1.1-43.4-3.2-64zm112.6-32H376.7c-10-63.9-29.8-117.4-55.3-151.6c78.3 20.7 142 77.5 171.9 151.6zm-149.1 0H167.7c6.1-36.4 15.5-68.6 27-94.7c10.5-23.6 22.2-40.7 33.5-51.5C239.4 3.2 248.7 0 256 0s16.6 3.2 27.8 13.8c11.3 10.8 23 27.9 33.5 51.5c11.6 26 20.9 58.2 27 94.7zm-209 0H18.6C48.6 85.9 112.2 29.1 190.6 8.4C165.1 42.6 145.3 96.1 135.3 160zM8.1 192H131.2c-2.1 20.6-3.2 42-3.2 64s1.1 43.4 3.2 64H8.1C2.8 299.5 0 278.1 0 256s2.8-43.5 8.1-64zM194.7 446.6c-11.6-26-20.9-58.2-27-94.6H344.3c-6.1 36.4-15.5 68.6-27 94.6c-10.5 23.6-22.2 40.7-33.5 51.5C272.6 508.8 263.3 512 256 512s-16.6-3.2-27.8-13.8c-11.3-10.8-23-27.9-33.5-51.5zM135.3 352c10 63.9 29.8 117.4 55.3 151.6C112.2 482.9 48.6 426.1 18.6 352H135.3zm358.1 0c-30 74.1-93.6 130.9-171.9 151.6c25.5-34.2 45.2-87.7 55.3-151.6H493.4z\"\/><\/svg>\n        <a class=\"link text tic-text font-text\" href=\"https:\/\/santiba\u00f1ezdelasierra.es\/turismo\/\" target=\"_blank\" rel=\"noreferrer noopener\">https:\/\/santiba\u00f1ezdelasierra.es\/turismo\/<\/a\n        >\n    <\/li>    \n<\/ul>\n\n\n\n<div style=\"height:10px\" aria-hidden=\"true\" class=\"wp-block-spacer\"><\/div>\n\n\n\n<ul class=\"wp-block-social-links aligncenter is-layout-flex wp-block-social-links-is-layout-flex\"><li class=\"wp-social-link wp-social-link-facebook wp-block-social-link\"><a href=\"https:\/\/www.facebook.com\/SantidelaSierra\" class=\"wp-block-social-link-anchor\"><svg width=\"24\" height=\"24\" viewBox=\"0 0 24 24\" version=\"1.1\" xmlns=\"http:\/\/www.w3.org\/2000\/svg\" aria-hidden=\"true\" focusable=\"false\"><path d=\"M12 2C6.5 2 2 6.5 2 12c0 5 3.7 9.1 8.4 9.9v-7H7.9V12h2.5V9.8c0-2.5 1.5-3.9 3.8-3.9 1.1 0 2.2.2 2.2.2v2.5h-1.3c-1.2 0-1.6.8-1.6 1.6V12h2.8l-.4 2.9h-2.3v7C18.3 21.1 22 17 22 12c0-5.5-4.5-10-10-10z\"><\/path><\/svg><span class=\"wp-block-social-link-label screen-reader-text\">Facebook<\/span><\/a><\/li>\n\n<li class=\"wp-social-link wp-social-link-x wp-block-social-link\"><a href=\"https:\/\/twitter.com\/SantibanezdelaS\" class=\"wp-block-social-link-anchor\"><svg width=\"24\" height=\"24\" viewBox=\"0 0 24 24\" version=\"1.1\" xmlns=\"http:\/\/www.w3.org\/2000\/svg\" aria-hidden=\"true\" focusable=\"false\"><path d=\"M13.982 10.622 20.54 3h-1.554l-5.693 6.618L8.745 3H3.5l6.876 10.007L3.5 21h1.554l6.012-6.989L15.868 21h5.245l-7.131-10.378Zm-2.128 2.474-.697-.997-5.543-7.93H8l4.474 6.4.697.996 5.815 8.318h-2.387l-4.745-6.787Z\" \/><\/svg><span class=\"wp-block-social-link-label screen-reader-text\">X<\/span><\/a><\/li>\n\n<li class=\"wp-social-link wp-social-link-youtube wp-block-social-link\"><a href=\"https:\/\/www.youtube.com\/channel\/UCkLeD5CIaUAEQVVF4-BalXQ\" class=\"wp-block-social-link-anchor\"><svg width=\"24\" height=\"24\" viewBox=\"0 0 24 24\" version=\"1.1\" xmlns=\"http:\/\/www.w3.org\/2000\/svg\" aria-hidden=\"true\" focusable=\"false\"><path d=\"M21.8,8.001c0,0-0.195-1.378-0.795-1.985c-0.76-0.797-1.613-0.801-2.004-0.847c-2.799-0.202-6.997-0.202-6.997-0.202 h-0.009c0,0-4.198,0-6.997,0.202C4.608,5.216,3.756,5.22,2.995,6.016C2.395,6.623,2.2,8.001,2.2,8.001S2,9.62,2,11.238v1.517 c0,1.618,0.2,3.237,0.2,3.237s0.195,1.378,0.795,1.985c0.761,0.797,1.76,0.771,2.205,0.855c1.6,0.153,6.8,0.201,6.8,0.201 s4.203-0.006,7.001-0.209c0.391-0.047,1.243-0.051,2.004-0.847c0.6-0.607,0.795-1.985,0.795-1.985s0.2-1.618,0.2-3.237v-1.517 C22,9.62,21.8,8.001,21.8,8.001z M9.935,14.594l-0.001-5.62l5.404,2.82L9.935,14.594z\"><\/path><\/svg><span class=\"wp-block-social-link-label screen-reader-text\">YouTube<\/span><\/a><\/li><\/ul>\n<\/div><\/div>\n\n\n\n<p class=\"wp-block-paragraph\"><\/p>\n\n\n\n<div class=\"wp-block-group tic-page-content\"><div class=\"wp-block-group__inner-container is-layout-constrained wp-block-group-is-layout-constrained\">\n<div style=\"height:20px\" aria-hidden=\"true\" class=\"wp-block-spacer\"><\/div>\n\n\n\n<p class=\"has-drop-cap tic-contenido-principal wp-block-paragraph\">Parece que su nombre puede provenir de una ermita dedicada a San Juan, de la que hoy en d\u00eda solo quedan algunos restos. Est\u00e1 construido sobre un antiguo castro vet\u00f3n y parece que formaba parte de una calzada romana que se dirig\u00eda hacia la explotaci\u00f3n minera de Las Cavenes en El Cabaco. Con su nombre actual fue fundado durante la repoblaci\u00f3n efectuada en la Edad Media por parte de los reyes leoneses, pasando a depender del Condado de Miranda del Casta\u00f1ar.<\/p>\n\n\n\n<div style=\"height:20px\" aria-hidden=\"true\" class=\"wp-block-spacer\"><\/div>\n\n\n\n<figure class=\"wp-block-gallery aligncenter has-nested-images columns-3 is-cropped imagen-personalizada wp-block-gallery-1 is-layout-flex wp-block-gallery-is-layout-flex\">\n<figure class=\"wp-block-image size-large\"><a href=\"https:\/\/turismosierradefrancia.es\/wp-content\/uploads\/2023\/11\/IMG_0365-copia.webp\"><img decoding=\"async\" width=\"640\" height=\"480\" data-id=\"9980\" src=\"https:\/\/turismosierradefrancia.es\/wp-content\/uploads\/2023\/11\/IMG_0365-copia.webp\" alt=\"Santib\u00e1\u00f1ez de la Sierra Sierra de Francia\" class=\"wp-image-9980\" srcset=\"https:\/\/turismosierradefrancia.es\/wp-content\/uploads\/2023\/11\/IMG_0365-copia.webp 640w, https:\/\/turismosierradefrancia.es\/wp-content\/uploads\/2023\/11\/IMG_0365-copia-300x225.webp 300w, https:\/\/turismosierradefrancia.es\/wp-content\/uploads\/2023\/11\/IMG_0365-copia-100x75.webp 100w, https:\/\/turismosierradefrancia.es\/wp-content\/uploads\/2023\/11\/IMG_0365-copia-480x360.webp 480w\" sizes=\"(max-width:767px) 480px, 640px\" \/><\/a><\/figure>\n\n\n\n<figure class=\"wp-block-image size-large\"><a href=\"https:\/\/turismosierradefrancia.es\/wp-content\/uploads\/2023\/11\/IMG_0421-copia.webp\"><img decoding=\"async\" width=\"640\" height=\"480\" data-id=\"9983\" src=\"https:\/\/turismosierradefrancia.es\/wp-content\/uploads\/2023\/11\/IMG_0421-copia.webp\" alt=\"Santib\u00e1\u00f1ez de la Sierra Turismo Sierra de Francia 1\" class=\"wp-image-9983\" srcset=\"https:\/\/turismosierradefrancia.es\/wp-content\/uploads\/2023\/11\/IMG_0421-copia.webp 640w, https:\/\/turismosierradefrancia.es\/wp-content\/uploads\/2023\/11\/IMG_0421-copia-300x225.webp 300w, https:\/\/turismosierradefrancia.es\/wp-content\/uploads\/2023\/11\/IMG_0421-copia-100x75.webp 100w, https:\/\/turismosierradefrancia.es\/wp-content\/uploads\/2023\/11\/IMG_0421-copia-480x360.webp 480w\" sizes=\"(max-width:767px) 480px, 640px\" \/><\/a><\/figure>\n\n\n\n<figure class=\"wp-block-image size-large\"><a href=\"https:\/\/turismosierradefrancia.es\/wp-content\/uploads\/2024\/06\/santi10.webp\"><img loading=\"lazy\" decoding=\"async\" width=\"1024\" height=\"681\" data-id=\"16145\" src=\"https:\/\/turismosierradefrancia.es\/wp-content\/uploads\/2024\/06\/santi10-1024x681.webp\" alt=\"Santib\u00e1\u00f1ez de la Sierra Turismo Sierra de Francia 2\" class=\"wp-image-16145\" srcset=\"https:\/\/turismosierradefrancia.es\/wp-content\/uploads\/2024\/06\/santi10-1024x681.webp 1024w, https:\/\/turismosierradefrancia.es\/wp-content\/uploads\/2024\/06\/santi10-300x200.webp 300w, https:\/\/turismosierradefrancia.es\/wp-content\/uploads\/2024\/06\/santi10-768x511.webp 768w, https:\/\/turismosierradefrancia.es\/wp-content\/uploads\/2024\/06\/santi10-1536x1021.webp 1536w, https:\/\/turismosierradefrancia.es\/wp-content\/uploads\/2024\/06\/santi10-113x75.webp 113w, https:\/\/turismosierradefrancia.es\/wp-content\/uploads\/2024\/06\/santi10-480x319.webp 480w, https:\/\/turismosierradefrancia.es\/wp-content\/uploads\/2024\/06\/santi10.webp 1600w\" sizes=\"(max-width:767px) 480px, (max-width:1024px) 100vw, 1024px\" \/><\/a><\/figure>\n\n\n\n<figure class=\"wp-block-image size-large\"><a href=\"https:\/\/turismosierradefrancia.es\/wp-content\/uploads\/2023\/11\/IMG_0383-copia.webp\"><img loading=\"lazy\" decoding=\"async\" width=\"640\" height=\"480\" data-id=\"9982\" src=\"https:\/\/turismosierradefrancia.es\/wp-content\/uploads\/2023\/11\/IMG_0383-copia.webp\" alt=\"Santib\u00e1\u00f1ez de la Sierra Turismo Sierra de Francia 3\" class=\"wp-image-9982\" srcset=\"https:\/\/turismosierradefrancia.es\/wp-content\/uploads\/2023\/11\/IMG_0383-copia.webp 640w, https:\/\/turismosierradefrancia.es\/wp-content\/uploads\/2023\/11\/IMG_0383-copia-300x225.webp 300w, https:\/\/turismosierradefrancia.es\/wp-content\/uploads\/2023\/11\/IMG_0383-copia-100x75.webp 100w, https:\/\/turismosierradefrancia.es\/wp-content\/uploads\/2023\/11\/IMG_0383-copia-480x360.webp 480w\" sizes=\"(max-width:767px) 480px, 640px\" \/><\/a><\/figure>\n\n\n\n<figure class=\"wp-block-image size-large\"><a href=\"https:\/\/turismosierradefrancia.es\/wp-content\/uploads\/2023\/11\/IMG_0433-copia.webp\"><img loading=\"lazy\" decoding=\"async\" width=\"640\" height=\"480\" data-id=\"9984\" src=\"https:\/\/turismosierradefrancia.es\/wp-content\/uploads\/2023\/11\/IMG_0433-copia.webp\" alt=\"Santib\u00e1\u00f1ez de la Sierra Turismo Sierra de Francia 4\" class=\"wp-image-9984\" srcset=\"https:\/\/turismosierradefrancia.es\/wp-content\/uploads\/2023\/11\/IMG_0433-copia.webp 640w, https:\/\/turismosierradefrancia.es\/wp-content\/uploads\/2023\/11\/IMG_0433-copia-300x225.webp 300w, https:\/\/turismosierradefrancia.es\/wp-content\/uploads\/2023\/11\/IMG_0433-copia-100x75.webp 100w, https:\/\/turismosierradefrancia.es\/wp-content\/uploads\/2023\/11\/IMG_0433-copia-480x360.webp 480w\" sizes=\"(max-width:767px) 480px, 640px\" \/><\/a><\/figure>\n\n\n\n<figure class=\"wp-block-image size-full\"><a href=\"https:\/\/turismosierradefrancia.es\/wp-content\/uploads\/2023\/11\/WhatsApp-Image-2022-02-21-at-16.39.03-17-copia-2.webp\"><img loading=\"lazy\" decoding=\"async\" width=\"929\" height=\"696\" data-id=\"8846\" src=\"https:\/\/turismosierradefrancia.es\/wp-content\/uploads\/2023\/11\/WhatsApp-Image-2022-02-21-at-16.39.03-17-copia-2.webp\" alt=\"Santib\u00e1\u00f1ez de la Sierra Turismo Sierra de Francia 5\" class=\"wp-image-8846\" srcset=\"https:\/\/turismosierradefrancia.es\/wp-content\/uploads\/2023\/11\/WhatsApp-Image-2022-02-21-at-16.39.03-17-copia-2.webp 929w, https:\/\/turismosierradefrancia.es\/wp-content\/uploads\/2023\/11\/WhatsApp-Image-2022-02-21-at-16.39.03-17-copia-2-300x225.webp 300w, https:\/\/turismosierradefrancia.es\/wp-content\/uploads\/2023\/11\/WhatsApp-Image-2022-02-21-at-16.39.03-17-copia-2-768x575.webp 768w, https:\/\/turismosierradefrancia.es\/wp-content\/uploads\/2023\/11\/WhatsApp-Image-2022-02-21-at-16.39.03-17-copia-2-100x75.webp 100w, https:\/\/turismosierradefrancia.es\/wp-content\/uploads\/2023\/11\/WhatsApp-Image-2022-02-21-at-16.39.03-17-copia-2-480x360.webp 480w\" sizes=\"(max-width:767px) 480px, (max-width:929px) 100vw, 929px\" \/><\/a><\/figure>\n<\/figure>\n\n\n\n<div style=\"height:50px\" aria-hidden=\"true\" class=\"wp-block-spacer\"><\/div>\n<\/div><\/div>\n\n\n\n<div class=\"wp-block-group tic-page-content\"><div class=\"wp-block-group__inner-container is-layout-constrained wp-block-group-is-layout-constrained\">\n<p class=\"tic-titulo-secundario wp-block-paragraph\">INFORMACI\u00d3N<\/p>\n\n\n\n<hr class=\"wp-block-separator has-alpha-channel-opacity\"\/>\n\n\n\n<p class=\"wp-block-paragraph\">De esta calzada romana se conservan algunos restos del empedrado original entre Santib\u00e1\u00f1ez de la Sierra y los Puentes del Alag\u00f3n (pedan\u00eda), en este punto tambi\u00e9n subsiste un puente romano del siglo I antes de Cristo considerado uno de los m\u00e1s antiguos de la pen\u00ednsula y hay otro puente medieval sobre el r\u00edo Saltillo. En el casco urbano destaca la iglesia parroquial, del siglo XVI y quedan algunos vestigios de \u00e9pocas anteriores como una ermita del siglo VI, algunas tumbas antropomorfas que ser\u00e1n tambi\u00e9n visig\u00f3ticas y lagaretas que nos indican que la producci\u00f3n de vino se lleva realizando durante cientos de a\u00f1os.<\/p>\n\n\n\n<p class=\"wp-block-paragraph\">Las vi\u00f1as y los frutales forman parte del paisaje de Santib\u00e1\u00f1ez de la Sierra del que se puede disfrutar en las numerosas rutas que cruzan su t\u00e9rmino municipal, como la de los Paisajes Serranos que transcurre por parte de la antigua calzada romana, la ruta del Alag\u00f3n, o la de los Miradores que nos lleva a San Esteban de la Sierra. Hay varias bodegas que comercializan vino y exist\u00eda una cooperativa para la venta de frutas, principalmente cerezas, que en primavera han dado origen a la ruta de los cerezos en flor.<\/p>\n\n\n\n<p class=\"wp-block-paragraph\">Destaca el grupo de danzas del municipio que ameniza todas las celebraciones acompa\u00f1adas de gaita y tamboril, en el que los bailarines van ataviados con el traje y las alhajas tradicionales. Entre los bailes t\u00edpicos del pueblo hay que mencionar el paleo, una danza r\u00edtmica compleja, \u00fanica de esta localidad.<\/p>\n<\/div><\/div>\n\n\n\n<div class=\"wp-block-group tic-page-content\"><div class=\"wp-block-group__inner-container is-layout-constrained wp-block-group-is-layout-constrained\">\n<p class=\"tic-titulo-secundario wp-block-paragraph\">MAPA<\/p>\n\n\n\n<hr class=\"wp-block-separator has-alpha-channel-opacity\"\/>\n\n\n\n<iframe src=\"https:\/\/www.google.com\/maps\/embed?pb=!1m18!1m12!1m3!1d3034.1016705430648!2d-5.916751623437919!3d40.4951347508628!2m3!1f0!2f0!3f0!3m2!1i1024!2i768!4f13.1!3m3!1m2!1s0xd3ef7ef366da999%3A0x187519b2234ff0f8!2s37670%20Santib%C3%A1%C3%B1ez%20de%20la%20Sierra%2C%20Salamanca%2C%20Espa%C3%B1a!5e0!3m2!1ses!2sve!4v1697391250018!5m2!1ses!2sve\" width=\"100%\" height=\"600\" style=\"border:0;\" allowfullscreen=\"\" loading=\"lazy\" referrerpolicy=\"no-referrer-when-downgrade\"><\/iframe>\n<\/div><\/div>\n\n\n\n<div class=\"wp-block-group tic-page-content\"><div class=\"wp-block-group__inner-container is-layout-constrained wp-block-group-is-layout-constrained\">\n<p class=\"tic-titulo-secundario wp-block-paragraph\">C\u00d3MO LLEGAR<\/p>\n\n\n\n<hr class=\"wp-block-separator has-alpha-channel-opacity\"\/>\n\n\n\n<p class=\"wp-block-paragraph\">En transporte p\u00fablico desde:<\/p>\n\n\n\n<div class=\"wp-block-group is-nowrap is-layout-flex wp-container-core-group-is-layout-8f761849 wp-block-group-is-layout-flex\">\n<ul class=\"wp-block-list\">\n<li>Salamanca: hay autob\u00fas (Renfe \u00cd\u00f1igo S.A.) de lunes a viernes a las 17:00 h, y desde Santib\u00e1\u00f1ez de la Sierra a Salamanca durante de lunes a viernes a las 08:40 h.<\/li>\n\n\n\n<li>B\u00e9jar: hay autob\u00fas de la empresa Viag\u00f3n, con ida y vuelta los martes y jueves con salida de Santib\u00e1\u00f1ez de la Sierra a las 8:00 h y vuelta de B\u00e9jar 13:30 h.<\/li>\n<\/ul>\n<\/div>\n\n\n\n<p class=\"wp-block-paragraph\">En coche desde Salamanca salimos por la CL-512 hasta Vecinos, continuamos por la SA-205 hasta llegar a Santib\u00e1\u00f1ez de la Sierra, habiendo recorrido 66 kil\u00f3metros desde el inicio.<\/p>\n<\/div><\/div>\n\n\n\n<div class=\"wp-block-group tic-page-content\"><div class=\"wp-block-group__inner-container is-layout-constrained wp-block-group-is-layout-constrained\">\n<p class=\"tic-titulo-secundario wp-block-paragraph\">QU\u00c9 VER<\/p>\n\n\n\n<hr class=\"wp-block-separator has-alpha-channel-opacity\"\/>\n\n\n\n<div class=\"wp-block-group is-nowrap is-layout-flex wp-container-core-group-is-layout-8f761849 wp-block-group-is-layout-flex\">\n<ul class=\"wp-block-list\">\n<li>Iglesia parroquial de Esp\u00edritu Santo<\/li>\n\n\n\n<li>Ermita de San Juan<\/li>\n\n\n\n<li>Zona de ba\u00f1o en los puentes del Alag\u00f3n<\/li>\n\n\n\n<li>Puente y calzada romana<\/li>\n\n\n\n<li>Rutas de senderismo<\/li>\n\n\n\n<li>Ruta urbana recorrido de la danza<\/li>\n\n\n\n<li>Mirador del Monte<\/li>\n\n\n\n<li>Tumbas antropomorfas y lagares rupestres<\/li>\n\n\n\n<li class=\"tic-content-mosaic-page\"><strong><a href=\"https:\/\/turismosierradefrancia.es\/cultura\/museos-y-espacios-culturales\/espacio-interpretativo-de-la-danza-serrana\/\">Espacio interpretativo de la Danza Serrana en Santib\u00e1\u00f1ez de <\/a><a href=\"https:\/\/turismosierradefrancia.es\/cultura\/centros-interpretacion-museos\/espacio-interpretativo-de-la-danza-serrana\/\">la<\/a><a href=\"https:\/\/turismosierradefrancia.es\/cultura\/museos-y-espacios-culturales\/espacio-interpretativo-de-la-danza-serrana\/\"> Sierra<\/a><\/strong><\/li>\n<\/ul>\n<\/div>\n\n\n\n<a class=\"gb-button gb-button-ec0809ac gb-button-text\" href=\"https:\/\/museos.turismosierradefrancia.es\/centros-interpretacion-museos\/interpretacion-danz-serrana\/form\/visit\" target=\"_blank\" rel=\"noopener noreferrer\">Reservar visita al Espacio Interpretativo de la Danza Serrana<\/a>\n\n\n\n<p class=\"tic-titulo-secundario wp-block-paragraph\">LEYENDAS<\/p>\n\n\n\n<hr class=\"wp-block-separator has-alpha-channel-opacity\"\/>\n\n\n\n<div class=\"wp-block-group is-nowrap is-layout-flex wp-container-core-group-is-layout-8f761849 wp-block-group-is-layout-flex\">\n<ul class=\"wp-block-list\">\n<li class=\"tic-content-mosaic-page\"><strong><a href=\"https:\/\/turismosierradefrancia.es\/cultura\/historia-y-tradicion\/leyendas-de-la-sierra-de-francia\/conde-grimaldos\/\">Conde Grimaldos<\/a><\/strong><\/li>\n<\/ul>\n<\/div>\n\n\n\n<div style=\"height:10px\" aria-hidden=\"true\" class=\"wp-block-spacer\"><\/div>\n<\/div><\/div>\n\n\n\n<div class=\"wp-block-group tic-page-content\"><div class=\"wp-block-group__inner-container is-layout-constrained wp-block-group-is-layout-constrained\">\n<p class=\"tic-titulo-secundario wp-block-paragraph\">AGENDA<\/p>\n\n\n\n<hr class=\"wp-block-separator has-alpha-channel-opacity\"\/>\n\n\n<div class=\"em em-view-container\" id=\"em-view-1182044687\" data-view=\"grid\" style=\"--view-grid-width : 235px\">\r\n\t<div class=\"em pixelbones em-list em-events-list em-grid em-events-grid\" id=\"em-events-grid-1182044687\" data-view-id=\"1182044687\">\r\n\tNo hay eventos programados\t<\/div>\r\n<\/div>\n\n\n\n<div style=\"height:30px\" aria-hidden=\"true\" class=\"wp-block-spacer\"><\/div>\n\n\n\n<div style=\"height:20px\" aria-hidden=\"true\" class=\"wp-block-spacer\"><\/div>\n\n\n\n<div class=\"wp-block-buttons is-content-justification-center is-layout-flex wp-container-core-buttons-is-layout-fe48e5de wp-block-buttons-is-layout-flex\">\n<div class=\"wp-block-button is-style-fill\"><a class=\"wp-block-button__link has-white-color has-text-color has-background has-link-color has-text-align-center wp-element-button\" href=\"https:\/\/turismosierradefrancia.es\/agenda-completa\/\" style=\"border-radius:25px;background-color:#3c6f13\">Ver Oferta Completa de Eventos<\/a><\/div>\n<\/div>\n<\/div><\/div>\n\n\n\n<div class=\"wp-block-group tic-page-content\"><div class=\"wp-block-group__inner-container is-layout-constrained wp-block-group-is-layout-constrained\"><\/div><\/div>\n\n\n\n<div style=\"height:30px\" aria-hidden=\"true\" class=\"wp-block-spacer\"><\/div>\n\n\n\n<div class=\"wp-block-group tic-page-footer\"><div class=\"wp-block-group__inner-container is-layout-constrained wp-block-group-is-layout-constrained\">\n<p class=\"tic-secicon has-medium-font-size wp-block-paragraph\"><strong>Relacionado<\/strong><\/p>\n\n\n\n\t\t\t<div class=\"foogallery foogallery-container foogallery-carousel foogallery-lightbox-none fg-carousel-hide-nav-arrows fg-carousel-hide-pagination fg-carousel-hide-progress-bar fg-carousel fg-ready fg-custom fg-shadow-outline fg-loading-default fg-loaded-fade-in fg-caption-always fg-hover-fade fg-c-c\" id=\"foogallery-gallery-3652\" data-foogallery=\"{&quot;item&quot;:{&quot;showCaptionTitle&quot;:true,&quot;showCaptionDescription&quot;:true},&quot;lazy&quot;:true,&quot;src&quot;:&quot;src&quot;,&quot;srcset&quot;:&quot;srcset&quot;,&quot;template&quot;:{&quot;maxItems&quot;:7,&quot;scale&quot;:0,&quot;gutter&quot;:{&quot;min&quot;:5,&quot;max&quot;:10,&quot;unit&quot;:&quot;px&quot;},&quot;autoplay&quot;:{&quot;time&quot;:5,&quot;interaction&quot;:&quot;disable&quot;},&quot;centerOnClick&quot;:false,&quot;align&quot;:&quot;center&quot;,&quot;activePosition&quot;:&quot;center&quot;}}\" style=\"--fg-title-line-clamp: 0; --fg-description-line-clamp: 0;\" >\n\t<button type=\"button\" class=\"fg-carousel-prev\" title=\"Anterior\"><\/button>\n\t<div class=\"fg-carousel-inner\">\n\t\t<div class=\"fg-carousel-center\"><\/div>\n\t\t<div class=\"fg-item fg-type-iframe fg-loading\"><figure class=\"fg-item-inner\"><a href=\"https:\/\/turismosierradefrancia.es\/nuestros-pueblos\/\" data-caption-title=\"Nuestros Pueblos\" data-attachment-id=\"16463\" data-e-disable-page-transition=\"true\" data-type=\"iframe\" class=\"fg-thumb\"><span class=\"fg-image-wrap\"><img loading=\"lazy\" src=\"https:\/\/turismosierradefrancia.es\/wp-content\/uploads\/cache\/2024\/06\/nuestros-pueblos-recomendado\/3504428687.webp\" title=\"Nuestros Pueblos\" width=\"293\" height=\"400\" class=\"skip-lazy fg-image\" decoding=\"async\" loading=\"lazy\"><\/span><span class=\"fg-image-overlay\"><\/span><\/a><figcaption class=\"fg-caption\"><div class=\"fg-caption-inner\"><div class=\"fg-caption-title\">Nuestros Pueblos<\/div><\/div><\/figcaption><\/figure><div class=\"fg-loader\"><\/div><\/div><div class=\"fg-item fg-type-iframe fg-loading\"><figure class=\"fg-item-inner\"><a href=\"https:\/\/turismosierradefrancia.es\/turismo-activo\/estacion-de-deportes-de-montana\/senderismo\/\" data-caption-title=\"Senderismo\" data-attachment-id=\"16465\" data-e-disable-page-transition=\"true\" data-type=\"iframe\" class=\"fg-thumb\"><span class=\"fg-image-wrap\"><img loading=\"lazy\" src=\"https:\/\/turismosierradefrancia.es\/wp-content\/uploads\/cache\/2024\/06\/senderismo-recomendador\/2738489355.webp\" title=\"Senderismo\" width=\"293\" height=\"400\" class=\"skip-lazy fg-image\" decoding=\"async\" loading=\"lazy\"><\/span><span class=\"fg-image-overlay\"><\/span><\/a><figcaption class=\"fg-caption\"><div class=\"fg-caption-inner\"><div class=\"fg-caption-title\">Senderismo<\/div><\/div><\/figcaption><\/figure><div class=\"fg-loader\"><\/div><\/div><div class=\"fg-item fg-type-iframe fg-loading\"><figure class=\"fg-item-inner\"><a href=\"https:\/\/turismosierradefrancia.es\/turismo-activo\/turismo-rutas-accesibles\/\" data-caption-title=\"Rutas Accesibles\" data-attachment-id=\"16464\" data-e-disable-page-transition=\"true\" data-type=\"iframe\" class=\"fg-thumb\"><span class=\"fg-image-wrap\"><img loading=\"lazy\" src=\"https:\/\/turismosierradefrancia.es\/wp-content\/uploads\/cache\/2024\/06\/rutas-accesibles-recomendador\/2972824326.webp\" title=\"Rutas Accesibles\" width=\"293\" height=\"400\" class=\"skip-lazy fg-image\" decoding=\"async\" loading=\"lazy\"><\/span><span class=\"fg-image-overlay\"><\/span><\/a><figcaption class=\"fg-caption\"><div class=\"fg-caption-inner\"><div class=\"fg-caption-title\">Rutas Accesibles<\/div><\/div><\/figcaption><\/figure><div class=\"fg-loader\"><\/div><\/div><div class=\"fg-item fg-type-iframe fg-loading\"><figure class=\"fg-item-inner\"><a href=\"https:\/\/turismosierradefrancia.es\/donde-dormir\/\" data-caption-title=\"\u00bfD\u00f3nde Comer?\" data-attachment-id=\"16462\" data-e-disable-page-transition=\"true\" data-type=\"iframe\" class=\"fg-thumb\"><span class=\"fg-image-wrap\"><img loading=\"lazy\" src=\"https:\/\/turismosierradefrancia.es\/wp-content\/uploads\/cache\/2024\/06\/donde_comer-recomendado\/1038040024.webp\" title=\"\u00bfD\u00f3nde Comer?\" width=\"293\" height=\"400\" class=\"skip-lazy fg-image\" decoding=\"async\" loading=\"lazy\"><\/span><span class=\"fg-image-overlay\"><\/span><\/a><figcaption class=\"fg-caption\"><div class=\"fg-caption-inner\"><div class=\"fg-caption-title\">\u00bfD\u00f3nde Comer?<\/div><\/div><\/figcaption><\/figure><div class=\"fg-loader\"><\/div><\/div><div class=\"fg-item fg-type-iframe fg-loading\"><figure class=\"fg-item-inner\"><a href=\"https:\/\/turismosierradefrancia.es\/donde-dormir\/\" data-caption-title=\"\u00bfD\u00f3nde Dormir?\" data-attachment-id=\"16461\" data-e-disable-page-transition=\"true\" data-type=\"iframe\" class=\"fg-thumb\"><span class=\"fg-image-wrap\"><img loading=\"lazy\" src=\"https:\/\/turismosierradefrancia.es\/wp-content\/uploads\/cache\/2024\/06\/donde-dormir-recomendado\/1391775750.webp\" title=\"\u00bfD\u00f3nde Dormir?\" width=\"293\" height=\"400\" class=\"skip-lazy fg-image\" decoding=\"async\" loading=\"lazy\"><\/span><span class=\"fg-image-overlay\"><\/span><\/a><figcaption class=\"fg-caption\"><div class=\"fg-caption-inner\"><div class=\"fg-caption-title\">\u00bfD\u00f3nde Dormir?<\/div><\/div><\/figcaption><\/figure><div class=\"fg-loader\"><\/div><\/div><div class=\"fg-item fg-type-iframe fg-loading\"><figure class=\"fg-item-inner\"><a href=\"https:\/\/turismosierradefrancia.es\/turismo-activo\/caminos-de-arte-en-la-naturaleza\/\" data-caption-title=\"Caminos de Arte\" data-attachment-id=\"16459\" data-e-disable-page-transition=\"true\" data-type=\"iframe\" class=\"fg-thumb\"><span class=\"fg-image-wrap\"><img loading=\"lazy\" src=\"https:\/\/turismosierradefrancia.es\/wp-content\/uploads\/cache\/2024\/06\/caminos-del-arte-recomendador\/4270799215.webp\" title=\"Caminos de Arte\" width=\"293\" height=\"400\" class=\"skip-lazy fg-image\" decoding=\"async\" loading=\"lazy\"><\/span><span class=\"fg-image-overlay\"><\/span><\/a><figcaption class=\"fg-caption\"><div class=\"fg-caption-inner\"><div class=\"fg-caption-title\">Caminos de Arte<\/div><\/div><\/figcaption><\/figure><div class=\"fg-loader\"><\/div><\/div><div class=\"fg-item fg-type-iframe fg-loading\"><figure class=\"fg-item-inner\"><a href=\"https:\/\/turismosierradefrancia.es\/cultura\/centros-interpretacion-museos\/\" data-caption-title=\"Centros de Interpretaci\u00f3n\" data-attachment-id=\"16460\" data-e-disable-page-transition=\"true\" data-type=\"iframe\" class=\"fg-thumb\"><span class=\"fg-image-wrap\"><img loading=\"lazy\" src=\"https:\/\/turismosierradefrancia.es\/wp-content\/uploads\/cache\/2024\/06\/centro-interpretacion-museo\/2796342601.webp\" title=\"Centros de Interpretaci\u00f3n\" width=\"293\" height=\"400\" class=\"skip-lazy fg-image\" decoding=\"async\" loading=\"lazy\"><\/span><span class=\"fg-image-overlay\"><\/span><\/a><figcaption class=\"fg-caption\"><div class=\"fg-caption-inner\"><div class=\"fg-caption-title\">Centros de Interpretaci\u00f3n<\/div><\/div><\/figcaption><\/figure><div class=\"fg-loader\"><\/div><\/div>\t<\/div>\n\t<div class=\"fg-carousel-bottom\"><\/div>\n\t<div class=\"fg-carousel-progress\"><\/div>\n\t<button type=\"button\" class=\"fg-carousel-next\" title=\"Siguiente\"><\/button>\n<\/div>\n\n\n\n<div style=\"height:50px\" aria-hidden=\"true\" class=\"wp-block-spacer\"><\/div>\n<\/div><\/div>\n<style class=\"advgb-styles-renderer\">\n#foogallery-gallery-3652 .fg-image { width: 293px; }#foogallery-gallery-3652 { \r\n width:100%;\r\n}\r\n\r\n#foogallery-gallery-3652 div.fg-caption-title { \r\nfont-weight:700;\r\n}\r\n\r\n<\/style>","protected":false},"excerpt":{"rendered":"<p>Parece que su nombre puede provenir de una ermita dedicada a San Juan, de la que hoy en d\u00eda solo&hellip; <a class=\"continue\" href=\"https:\/\/turismosierradefrancia.es\/?page_id=7596\">Seguir leyendo<span> Santib\u00e1\u00f1ez de la Sierra<\/span><\/a><\/p>\n","protected":false},"author":1,"featured_media":0,"parent":3996,"menu_order":0,"comment_status":"closed","ping_status":"closed","template":"","meta":{"advgb_blocks_editor_width":"","advgb_blocks_columns_visual_guide":"","footnotes":""},"class_list":["post-7596","page","type-page","status-publish","hentry"],"yoast_head":"<!-- This site is optimized with the Yoast SEO plugin v28.2 - https:\/\/yoast.com\/product\/yoast-seo-wordpress\/ -->\n<title>Pueblos de la Sierra de Francia: Santib\u00e1\u00f1ez de la Sierra - Sierra de Francia<\/title>\n<meta name=\"description\" content=\"Santiba\u00f1ez de la Sierra parece que formaba parte de una calzada romana que se dirig\u00eda hacia la explotaci\u00f3n minera Las Cavenes en El Cabaco.\" \/>\n<meta name=\"robots\" content=\"index, follow, max-snippet:-1, max-image-preview:large, max-video-preview:-1\" \/>\n<link rel=\"canonical\" href=\"https:\/\/turismosierradefrancia.es\/?page_id=7596\" \/>\n<meta property=\"og:locale\" content=\"es_ES\" \/>\n<meta property=\"og:type\" content=\"article\" \/>\n<meta property=\"og:title\" content=\"Pueblos de la Sierra de Francia: Santib\u00e1\u00f1ez de la Sierra - Sierra de Francia\" \/>\n<meta property=\"og:description\" content=\"Santiba\u00f1ez de la Sierra parece que formaba parte de una calzada romana que se dirig\u00eda hacia la explotaci\u00f3n minera Las Cavenes en El Cabaco.\" \/>\n<meta property=\"og:url\" content=\"https:\/\/turismosierradefrancia.es\/?page_id=7596\" \/>\n<meta property=\"og:site_name\" content=\"Sierra de Francia\" \/>\n<meta property=\"article:publisher\" content=\"https:\/\/www.facebook.com\/visitasierradefrancia\/\" \/>\n<meta property=\"article:modified_time\" content=\"2025-08-29T10:08:29+00:00\" \/>\n<meta property=\"og:image\" content=\"https:\/\/turismosierradefrancia.es\/wp-content\/uploads\/2023\/11\/santibanez-1024x621.webp\" \/>\n<meta name=\"twitter:card\" content=\"summary_large_image\" \/>\n<meta name=\"twitter:site\" content=\"@visitaSF\" \/>\n<meta name=\"twitter:label1\" content=\"Tiempo de lectura\" \/>\n\t<meta name=\"twitter:data1\" content=\"4 minutos\" \/>\n<script type=\"application\/ld+json\" class=\"yoast-schema-graph\">{\"@context\":\"https:\\\/\\\/schema.org\",\"@graph\":[{\"@type\":\"WebPage\",\"@id\":\"https:\\\/\\\/turismosierradefrancia.es\\\/?page_id=7596\",\"url\":\"https:\\\/\\\/turismosierradefrancia.es\\\/?page_id=7596\",\"name\":\"Pueblos de la Sierra de Francia: Santib\u00e1\u00f1ez de la Sierra - Sierra de Francia\",\"isPartOf\":{\"@id\":\"https:\\\/\\\/turismosierradefrancia.es\\\/#website\"},\"primaryImageOfPage\":{\"@id\":\"https:\\\/\\\/turismosierradefrancia.es\\\/?page_id=7596#primaryimage\"},\"image\":{\"@id\":\"https:\\\/\\\/turismosierradefrancia.es\\\/?page_id=7596#primaryimage\"},\"thumbnailUrl\":\"https:\\\/\\\/turismosierradefrancia.es\\\/wp-content\\\/uploads\\\/2023\\\/11\\\/santibanez-1024x621.webp\",\"datePublished\":\"2023-10-15T17:37:03+00:00\",\"dateModified\":\"2025-08-29T10:08:29+00:00\",\"description\":\"Santiba\u00f1ez de la Sierra parece que formaba parte de una calzada romana que se dirig\u00eda hacia la explotaci\u00f3n minera Las Cavenes en El Cabaco.\",\"breadcrumb\":{\"@id\":\"https:\\\/\\\/turismosierradefrancia.es\\\/?page_id=7596#breadcrumb\"},\"inLanguage\":\"es\",\"potentialAction\":[{\"@type\":\"ReadAction\",\"target\":[\"https:\\\/\\\/turismosierradefrancia.es\\\/?page_id=7596\"]}]},{\"@type\":\"ImageObject\",\"inLanguage\":\"es\",\"@id\":\"https:\\\/\\\/turismosierradefrancia.es\\\/?page_id=7596#primaryimage\",\"url\":\"https:\\\/\\\/turismosierradefrancia.es\\\/wp-content\\\/uploads\\\/2023\\\/11\\\/santibanez-1024x621.webp\",\"contentUrl\":\"https:\\\/\\\/turismosierradefrancia.es\\\/wp-content\\\/uploads\\\/2023\\\/11\\\/santibanez-1024x621.webp\"},{\"@type\":\"BreadcrumbList\",\"@id\":\"https:\\\/\\\/turismosierradefrancia.es\\\/?page_id=7596#breadcrumb\",\"itemListElement\":[{\"@type\":\"ListItem\",\"position\":1,\"name\":\"Inicio\",\"item\":\"https:\\\/\\\/turismosierradefrancia.es\\\/\"},{\"@type\":\"ListItem\",\"position\":2,\"name\":\"Nuestros Pueblos\",\"item\":\"https:\\\/\\\/turismosierradefrancia.es\\\/?page_id=3996\"},{\"@type\":\"ListItem\",\"position\":3,\"name\":\"Santib\u00e1\u00f1ez de la Sierra\"}]},{\"@type\":\"WebSite\",\"@id\":\"https:\\\/\\\/turismosierradefrancia.es\\\/#website\",\"url\":\"https:\\\/\\\/turismosierradefrancia.es\\\/\",\"name\":\"Sierra de Francia\",\"description\":\"\",\"publisher\":{\"@id\":\"https:\\\/\\\/turismosierradefrancia.es\\\/#organization\"},\"alternateName\":\"Turismo Sierra de Francia\",\"potentialAction\":[{\"@type\":\"SearchAction\",\"target\":{\"@type\":\"EntryPoint\",\"urlTemplate\":\"https:\\\/\\\/turismosierradefrancia.es\\\/?s={search_term_string}\"},\"query-input\":{\"@type\":\"PropertyValueSpecification\",\"valueRequired\":true,\"valueName\":\"search_term_string\"}}],\"inLanguage\":\"es\"},{\"@type\":\"Organization\",\"@id\":\"https:\\\/\\\/turismosierradefrancia.es\\\/#organization\",\"name\":\"Sierra de Francia\",\"alternateName\":\"Turismo Sierra de Francia\",\"url\":\"https:\\\/\\\/turismosierradefrancia.es\\\/\",\"logo\":{\"@type\":\"ImageObject\",\"inLanguage\":\"es\",\"@id\":\"https:\\\/\\\/turismosierradefrancia.es\\\/#\\\/schema\\\/logo\\\/image\\\/\",\"url\":\"https:\\\/\\\/turismosierradefrancia.es\\\/wp-content\\\/uploads\\\/2024\\\/04\\\/cropped-logo_redondo-removebg-preview.png\",\"contentUrl\":\"https:\\\/\\\/turismosierradefrancia.es\\\/wp-content\\\/uploads\\\/2024\\\/04\\\/cropped-logo_redondo-removebg-preview.png\",\"width\":512,\"height\":512,\"caption\":\"Sierra de Francia\"},\"image\":{\"@id\":\"https:\\\/\\\/turismosierradefrancia.es\\\/#\\\/schema\\\/logo\\\/image\\\/\"},\"sameAs\":[\"https:\\\/\\\/www.facebook.com\\\/visitasierradefrancia\\\/\",\"https:\\\/\\\/x.com\\\/visitaSF\",\"https:\\\/\\\/www.instagram.com\\\/visitasierradefrancia\\\/\",\"https:\\\/\\\/www.youtube.com\\\/@visitasierradefrancia\"]}]}<\/script>\n<!-- \/ Yoast SEO plugin. -->","yoast_head_json":{"title":"Pueblos de la Sierra de Francia: Santib\u00e1\u00f1ez de la Sierra - Sierra de Francia","description":"Santiba\u00f1ez de la Sierra parece que formaba parte de una calzada romana que se dirig\u00eda hacia la explotaci\u00f3n minera Las Cavenes en El Cabaco.","robots":{"index":"index","follow":"follow","max-snippet":"max-snippet:-1","max-image-preview":"max-image-preview:large","max-video-preview":"max-video-preview:-1"},"canonical":"https:\/\/turismosierradefrancia.es\/?page_id=7596","og_locale":"es_ES","og_type":"article","og_title":"Pueblos de la Sierra de Francia: Santib\u00e1\u00f1ez de la Sierra - Sierra de Francia","og_description":"Santiba\u00f1ez de la Sierra parece que formaba parte de una calzada romana que se dirig\u00eda hacia la explotaci\u00f3n minera Las Cavenes en El Cabaco.","og_url":"https:\/\/turismosierradefrancia.es\/?page_id=7596","og_site_name":"Sierra de Francia","article_publisher":"https:\/\/www.facebook.com\/visitasierradefrancia\/","article_modified_time":"2025-08-29T10:08:29+00:00","og_image":[{"url":"https:\/\/turismosierradefrancia.es\/wp-content\/uploads\/2023\/11\/santibanez-1024x621.webp","type":"","width":"","height":""}],"twitter_card":"summary_large_image","twitter_site":"@visitaSF","twitter_misc":{"Tiempo de lectura":"4 minutos"},"schema":{"@context":"https:\/\/schema.org","@graph":[{"@type":"WebPage","@id":"https:\/\/turismosierradefrancia.es\/?page_id=7596","url":"https:\/\/turismosierradefrancia.es\/?page_id=7596","name":"Pueblos de la Sierra de Francia: Santib\u00e1\u00f1ez de la Sierra - Sierra de Francia","isPartOf":{"@id":"https:\/\/turismosierradefrancia.es\/#website"},"primaryImageOfPage":{"@id":"https:\/\/turismosierradefrancia.es\/?page_id=7596#primaryimage"},"image":{"@id":"https:\/\/turismosierradefrancia.es\/?page_id=7596#primaryimage"},"thumbnailUrl":"https:\/\/turismosierradefrancia.es\/wp-content\/uploads\/2023\/11\/santibanez-1024x621.webp","datePublished":"2023-10-15T17:37:03+00:00","dateModified":"2025-08-29T10:08:29+00:00","description":"Santiba\u00f1ez de la Sierra parece que formaba parte de una calzada romana que se dirig\u00eda hacia la explotaci\u00f3n minera Las Cavenes en El Cabaco.","breadcrumb":{"@id":"https:\/\/turismosierradefrancia.es\/?page_id=7596#breadcrumb"},"inLanguage":"es","potentialAction":[{"@type":"ReadAction","target":["https:\/\/turismosierradefrancia.es\/?page_id=7596"]}]},{"@type":"ImageObject","inLanguage":"es","@id":"https:\/\/turismosierradefrancia.es\/?page_id=7596#primaryimage","url":"https:\/\/turismosierradefrancia.es\/wp-content\/uploads\/2023\/11\/santibanez-1024x621.webp","contentUrl":"https:\/\/turismosierradefrancia.es\/wp-content\/uploads\/2023\/11\/santibanez-1024x621.webp"},{"@type":"BreadcrumbList","@id":"https:\/\/turismosierradefrancia.es\/?page_id=7596#breadcrumb","itemListElement":[{"@type":"ListItem","position":1,"name":"Inicio","item":"https:\/\/turismosierradefrancia.es\/"},{"@type":"ListItem","position":2,"name":"Nuestros Pueblos","item":"https:\/\/turismosierradefrancia.es\/?page_id=3996"},{"@type":"ListItem","position":3,"name":"Santib\u00e1\u00f1ez de la Sierra"}]},{"@type":"WebSite","@id":"https:\/\/turismosierradefrancia.es\/#website","url":"https:\/\/turismosierradefrancia.es\/","name":"Sierra de Francia","description":"","publisher":{"@id":"https:\/\/turismosierradefrancia.es\/#organization"},"alternateName":"Turismo Sierra de Francia","potentialAction":[{"@type":"SearchAction","target":{"@type":"EntryPoint","urlTemplate":"https:\/\/turismosierradefrancia.es\/?s={search_term_string}"},"query-input":{"@type":"PropertyValueSpecification","valueRequired":true,"valueName":"search_term_string"}}],"inLanguage":"es"},{"@type":"Organization","@id":"https:\/\/turismosierradefrancia.es\/#organization","name":"Sierra de Francia","alternateName":"Turismo Sierra de Francia","url":"https:\/\/turismosierradefrancia.es\/","logo":{"@type":"ImageObject","inLanguage":"es","@id":"https:\/\/turismosierradefrancia.es\/#\/schema\/logo\/image\/","url":"https:\/\/turismosierradefrancia.es\/wp-content\/uploads\/2024\/04\/cropped-logo_redondo-removebg-preview.png","contentUrl":"https:\/\/turismosierradefrancia.es\/wp-content\/uploads\/2024\/04\/cropped-logo_redondo-removebg-preview.png","width":512,"height":512,"caption":"Sierra de Francia"},"image":{"@id":"https:\/\/turismosierradefrancia.es\/#\/schema\/logo\/image\/"},"sameAs":["https:\/\/www.facebook.com\/visitasierradefrancia\/","https:\/\/x.com\/visitaSF","https:\/\/www.instagram.com\/visitasierradefrancia\/","https:\/\/www.youtube.com\/@visitasierradefrancia"]}]}},"coauthors":[],"author_meta":{"author_link":"https:\/\/turismosierradefrancia.es\/?author=1","display_name":"admin"},"relative_dates":{"created":"Publicado 3 a\u00f1os hace","modified":"Actualizado 1 a\u00f1o hace"},"absolute_dates":{"created":"Publicado el 15\/10\/2023","modified":"Actualizado el 29\/08\/2025"},"absolute_dates_time":{"created":"Publicado el 15\/10\/2023 17:37","modified":"Actualizado el 29\/08\/2025 10:08"},"featured_img_caption":"","featured_img":false,"series_order":"","_links":{"self":[{"href":"https:\/\/turismosierradefrancia.es\/index.php?rest_route=\/wp\/v2\/pages\/7596","targetHints":{"allow":["GET"]}}],"collection":[{"href":"https:\/\/turismosierradefrancia.es\/index.php?rest_route=\/wp\/v2\/pages"}],"about":[{"href":"https:\/\/turismosierradefrancia.es\/index.php?rest_route=\/wp\/v2\/types\/page"}],"author":[{"embeddable":true,"href":"https:\/\/turismosierradefrancia.es\/index.php?rest_route=\/wp\/v2\/users\/1"}],"replies":[{"embeddable":true,"href":"https:\/\/turismosierradefrancia.es\/index.php?rest_route=%2Fwp%2Fv2%2Fcomments&post=7596"}],"version-history":[{"count":69,"href":"https:\/\/turismosierradefrancia.es\/index.php?rest_route=\/wp\/v2\/pages\/7596\/revisions"}],"predecessor-version":[{"id":20634,"href":"https:\/\/turismosierradefrancia.es\/index.php?rest_route=\/wp\/v2\/pages\/7596\/revisions\/20634"}],"up":[{"embeddable":true,"href":"https:\/\/turismosierradefrancia.es\/index.php?rest_route=\/wp\/v2\/pages\/3996"}],"wp:attachment":[{"href":"https:\/\/turismosierradefrancia.es\/index.php?rest_route=%2Fwp%2Fv2%2Fmedia&parent=7596"}],"curies":[{"name":"wp","href":"https:\/\/api.w.org\/{rel}","templated":true}]}}