{"id":8226,"date":"2023-10-27T15:10:24","date_gmt":"2023-10-27T15:10:24","guid":{"rendered":"https:\/\/turismosierradefrancia.es\/?page_id=8226"},"modified":"2025-08-28T15:39:03","modified_gmt":"2025-08-28T15:39:03","slug":"espacio-interpretativo-de-la-danza-serrana","status":"publish","type":"page","link":"https:\/\/turismosierradefrancia.es\/?page_id=8226","title":{"rendered":"Espacio Interpretativo de la Danza Serrana"},"content":{"rendered":"\n<div style=\"height:30px\" aria-hidden=\"true\" class=\"wp-block-spacer\"><\/div>\n\n\n\n<a class=\"tic-subheader-image\" style=\"display:none\" href=\"https:\/\/turismosierradefrancia.es\/wp-content\/uploads\/2024\/07\/baile-santibanez-2.webp\"><\/a>\n\n\n\n<div class=\"wp-block-media-text is-stacked-on-mobile is-image-fill-element tic-page-content has-background\" style=\"background-color:#ecf9ec\"><figure class=\"wp-block-media-text__media\"><img fetchpriority=\"high\" decoding=\"async\" width=\"1024\" height=\"576\" src=\"https:\/\/turismosierradefrancia.es\/wp-content\/uploads\/2024\/07\/contacto-baile-santibanez-1024x576.webp\" alt=\"\" class=\"wp-image-17277 size-full\" style=\"object-position:50% 50%\" srcset=\"https:\/\/turismosierradefrancia.es\/wp-content\/uploads\/2024\/07\/contacto-baile-santibanez-1024x576.webp 1024w, https:\/\/turismosierradefrancia.es\/wp-content\/uploads\/2024\/07\/contacto-baile-santibanez-300x169.webp 300w, https:\/\/turismosierradefrancia.es\/wp-content\/uploads\/2024\/07\/contacto-baile-santibanez-768x432.webp 768w, https:\/\/turismosierradefrancia.es\/wp-content\/uploads\/2024\/07\/contacto-baile-santibanez-1536x864.webp 1536w, https:\/\/turismosierradefrancia.es\/wp-content\/uploads\/2024\/07\/contacto-baile-santibanez-133x75.webp 133w, https:\/\/turismosierradefrancia.es\/wp-content\/uploads\/2024\/07\/contacto-baile-santibanez-600x337.webp 600w, https:\/\/turismosierradefrancia.es\/wp-content\/uploads\/2024\/07\/contacto-baile-santibanez-480x270.webp 480w, https:\/\/turismosierradefrancia.es\/wp-content\/uploads\/2024\/07\/contacto-baile-santibanez.webp 1900w\" sizes=\"(max-width:767px) 480px, (max-width:1024px) 100vw, 1024px\" \/><\/figure><div class=\"wp-block-media-text__content\">\n<div class=\"wp-block-group\"><div class=\"wp-block-group__inner-container is-layout-constrained wp-block-group-is-layout-constrained\">\n<div style=\"height:20px\" aria-hidden=\"true\" class=\"wp-block-spacer\"><\/div>\n\n\n\n<p class=\"has-text-align-center tic-titulo-secundario wp-block-paragraph\">Informaci\u00f3n de Contacto<\/p>\n\n\n\n<hr class=\"wp-block-separator has-alpha-channel-opacity\"\/>\n<\/div><\/div>\n\n\n\n<ul class=\"lists tic-ul\">\n    <li class=\"list tic-li\">\n        <svg class=\"tic-icon\" xmlns=\"http:\/\/www.w3.org\/2000\/svg\" height=\"1em\" viewBox=\"0 0 384 512\"><path d=\"M215.7 499.2C267 435 384 279.4 384 192C384 86 298 0 192 0S0 86 0 192c0 87.4 117 243 168.3 307.2c12.3 15.3 35.1 15.3 47.4 0zM192 128a64 64 0 1 1 0 128 64 64 0 1 1 0-128z\"\/><\/svg>        \n        <a class=\"link text tic-text\" href=\"https:\/\/maps.app.goo.gl\/1pFCBvuSffz7repi8\" target=\"_blank\" rel=\"noreferrer noopener\">   Plaza Agust\u00edn Bull\u00f3n 1, 37670 Santib\u00e1\u00f1ez de la Sierra<\/a\n        >\n    <\/li>\n    <li class=\"list tic-li\">\n        <svg class=\"tic-icon\" xmlns=\"http:\/\/www.w3.org\/2000\/svg\" height=\"1em\" viewBox=\"0 0 512 512\"><path d=\"M164.9 24.6c-7.7-18.6-28-28.5-47.4-23.2l-88 24C12.1 30.2 0 46 0 64C0 311.4 200.6 512 448 512c18 0 33.8-12.1 38.6-29.5l24-88c5.3-19.4-4.6-39.7-23.2-47.4l-96-40c-16.3-6.8-35.2-2.1-46.3 11.6L304.7 368C234.3 334.7 177.3 277.7 144 207.3L193.3 167c13.7-11.2 18.4-30 11.6-46.3l-40-96z\"\/><\/svg>       \n       \n        <a class=\"link text tic-text\" href=\"tel:+34 923 43 53 81\" target=\"_blank\" rel=\"noreferrer noopener\">+34 923 43 53 81 &#8211; Ayuntamiento<\/a\n        >\n    <\/li>\n    <li class=\"list tic-li\">\n        <svg class=\"tic-icon\" xmlns=\"http:\/\/www.w3.org\/2000\/svg\" height=\"1em\" viewBox=\"0 0 512 512\"><path d=\"M48 64C21.5 64 0 85.5 0 112c0 15.1 7.1 29.3 19.2 38.4L236.8 313.6c11.4 8.5 27 8.5 38.4 0L492.8 150.4c12.1-9.1 19.2-23.3 19.2-38.4c0-26.5-21.5-48-48-48H48zM0 176V384c0 35.3 28.7 64 64 64H448c35.3 0 64-28.7 64-64V176L294.4 339.2c-22.8 17.1-54 17.1-76.8 0L0 176z\"\/><\/svg>\n        <a class=\"link text tic-text\" href=\"mailto:aytosantibanez@hotmail.com\" target=\"_blank\" rel=\"noreferrer noopener\">aytosantibanez@hotmail.com<\/a\n        >\n    <\/li>\n    <li class=\"list tic-li\">\n        <svg class=\"tic-icon\" xmlns=\"http:\/\/www.w3.org\/2000\/svg\" height=\"1em\" viewBox=\"0 0 512 512\"><path d=\"M352 256c0 22.2-1.2 43.6-3.3 64H163.3c-2.2-20.4-3.3-41.8-3.3-64s1.2-43.6 3.3-64H348.7c2.2 20.4 3.3 41.8 3.3 64zm28.8-64H503.9c5.3 20.5 8.1 41.9 8.1 64s-2.8 43.5-8.1 64H380.8c2.1-20.6 3.2-42 3.2-64s-1.1-43.4-3.2-64zm112.6-32H376.7c-10-63.9-29.8-117.4-55.3-151.6c78.3 20.7 142 77.5 171.9 151.6zm-149.1 0H167.7c6.1-36.4 15.5-68.6 27-94.7c10.5-23.6 22.2-40.7 33.5-51.5C239.4 3.2 248.7 0 256 0s16.6 3.2 27.8 13.8c11.3 10.8 23 27.9 33.5 51.5c11.6 26 20.9 58.2 27 94.7zm-209 0H18.6C48.6 85.9 112.2 29.1 190.6 8.4C165.1 42.6 145.3 96.1 135.3 160zM8.1 192H131.2c-2.1 20.6-3.2 42-3.2 64s1.1 43.4 3.2 64H8.1C2.8 299.5 0 278.1 0 256s2.8-43.5 8.1-64zM194.7 446.6c-11.6-26-20.9-58.2-27-94.6H344.3c-6.1 36.4-15.5 68.6-27 94.6c-10.5 23.6-22.2 40.7-33.5 51.5C272.6 508.8 263.3 512 256 512s-16.6-3.2-27.8-13.8c-11.3-10.8-23-27.9-33.5-51.5zM135.3 352c10 63.9 29.8 117.4 55.3 151.6C112.2 482.9 48.6 426.1 18.6 352H135.3zm358.1 0c-30 74.1-93.6 130.9-171.9 151.6c25.5-34.2 45.2-87.7 55.3-151.6H493.4z\"\/><\/svg>\n        <a class=\"link text tic-text\" href=\"https:\/\/santiba\u00f1ezdelasierra.es\/turismo\/\" target=\"_blank\" rel=\"noreferrer noopener\">https:\/\/santiba\u00f1ezdelasierra.es\/turismo\/<\/a\n        >\n    <\/li>\n    <li class=\"list tic-li\">\n        <svg class=\"tic-icon\" xmlns=\"http:\/\/www.w3.org\/2000\/svg\" height=\"1em\" viewBox=\"0 0 448 512\"><path d=\"M128 0c17.7 0 32 14.3 32 32V64H288V32c0-17.7 14.3-32 32-32s32 14.3 32 32V64h48c26.5 0 48 21.5 48 48v48H0V112C0 85.5 21.5 64 48 64H96V32c0-17.7 14.3-32 32-32zM0 192H448V464c0 26.5-21.5 48-48 48H48c-26.5 0-48-21.5-48-48V192zm64 80v32c0 8.8 7.2 16 16 16h32c8.8 0 16-7.2 16-16V272c0-8.8-7.2-16-16-16H80c-8.8 0-16 7.2-16 16zm128 0v32c0 8.8 7.2 16 16 16h32c8.8 0 16-7.2 16-16V272c0-8.8-7.2-16-16-16H208c-8.8 0-16 7.2-16 16zm144-16c-8.8 0-16 7.2-16 16v32c0 8.8 7.2 16 16 16h32c8.8 0 16-7.2 16-16V272c0-8.8-7.2-16-16-16H336zM64 400v32c0 8.8 7.2 16 16 16h32c8.8 0 16-7.2 16-16V400c0-8.8-7.2-16-16-16H80c-8.8 0-16 7.2-16 16zm144-16c-8.8 0-16 7.2-16 16v32c0 8.8 7.2 16 16 16h32c8.8 0 16-7.2 16-16V400c0-8.8-7.2-16-16-16H208zm112 16v32c0 8.8 7.2 16 16 16h32c8.8 0 16-7.2 16-16V400c0-8.8-7.2-16-16-16H336c-8.8 0-16 7.2-16 16z\"\/><\/svg>\n        <span class=\"text tic-text\">\n            Pendiente confirmar los horarios.\n        <\/span>\n    <\/li>\n<\/ul>\n\n\n\n<a class=\"gb-button gb-button-ec0809ac\" href=\"https:\/\/museos.turismosierradefrancia.es\/centros-interpretacion-museos\/interpretacion-danz-serrana\/form\/visit\" target=\"_blank\" rel=\"noopener noreferrer\"><span class=\"gb-icon\"><svg xml:space=\"preserve\" style=\"enable-background:new 0 0 311 336;\" viewBox=\"0 0 311 336\" y=\"0px\" x=\"0px\" xmlns:xlink=\"http:\/\/www.w3.org\/1999\/xlink\" xmlns=\"http:\/\/www.w3.org\/2000\/svg\" id=\"Capa_1\" version=\"1.1\">  <path d=\"M163.48,34.41c4.49,1.18,9.1,2.03,13.45,3.58c20.87,7.44,35.67,28.04,36.24,50.21 \tc0.11,4.16,0.02,8.33,0.02,12.75c1.29,0,2.27,0,3.26,0c10.05,0,20.1-0.01,30.14,0c5.76,0.01,7.74,1.97,8.32,7.66 \tc1.4,13.72,2.94,27.43,4.4,41.14c1.41,13.3,2.77,26.61,4.2,39.91c1.42,13.22,2.92,26.42,4.34,39.64c1.43,13.3,2.79,26.61,4.19,39.91 \tc0.52,4.99,1.02,9.98,1.61,14.96c0.61,5.12-1.46,7.52-6.68,7.52c-34.42,0-68.83,0-103.25,0c-38.85,0-77.71,0-116.56,0 \tc-5.55,0-7.45-2.21-6.86-7.79c1.91-17.96,3.76-35.92,5.68-53.87c1.76-16.37,3.61-32.74,5.37-49.11c1.76-16.37,3.44-32.76,5.17-49.13 \tc0.84-7.98,1.67-15.96,2.57-23.94c0.56-5,2.68-6.87,7.75-6.88c10.55-0.03,21.1-0.01,31.65-0.01c0.98,0,1.96,0,3.18,0 \tc0-3.45,0-6.61,0-9.77c0.02-25.12,14.46-45.61,38.17-53.88c3.74-1.3,7.71-1.95,11.58-2.89C155.44,34.41,159.46,34.41,163.48,34.41z \t M262.42,279.57c-5.98-55.81-11.94-111.47-17.9-167.12c-10.98,0-21.66,0-32.54,0c0,2.66,0.13,5.17-0.04,7.66 \tc-0.13,1.94,0.55,2.89,2.31,3.82c7.47,3.92,10.57,12.99,7.28,20.67c-3.22,7.52-11.8,11.65-19.46,9.37 \tc-6.44-1.91-11.25-7.51-11.88-13.81c-0.7-7.06,2.64-13.19,8.95-16.59c0.7-0.38,1.64-1.16,1.67-1.8c0.18-3.06,0.08-6.14,0.08-9.29 \tc-29.54,0-58.79,0-88.22,0c0,2.75,0.09,5.33-0.03,7.91c-0.08,1.7,0.41,2.6,2.04,3.44c7.58,3.87,10.75,12.68,7.59,20.53 \tc-3.08,7.67-11.73,11.93-19.52,9.62c-6.9-2.04-11.35-7.61-12.02-15.07c-0.54-5.99,3.33-12.36,9.31-15.45 \tc0.64-0.33,1.53-1.01,1.55-1.57c0.15-3.14,0.07-6.29,0.07-9.44c-10.6,0-20.86,0-31.34,0c-5.97,55.75-11.93,111.4-17.9,167.14 \tC122.55,279.57,192.43,279.57,262.42,279.57z M201.64,100.79c0-3.15,0.12-6.15-0.03-9.13c-0.16-3.25-0.38-6.52-0.91-9.72 \tc-3.98-24.15-29.56-40.77-53.33-34.73c-20.56,5.23-34.02,22.45-34.14,43.69c-0.02,3.31,0,6.61,0,9.89 \tC142.87,100.79,172.13,100.79,201.64,100.79z M212.35,138.62c0.03-2.87-2.19-5.17-4.97-5.14c-2.68,0.03-4.88,2.24-4.94,4.97 \tc-0.06,2.86,2.14,5.08,5.01,5.06C210.23,143.49,212.31,141.42,212.35,138.62z M112.39,138.66c0.05-2.86-2.16-5.19-4.94-5.19 \tc-2.67,0-4.88,2.2-4.95,4.93c-0.07,2.89,2.07,5.1,4.94,5.11C110.21,143.51,112.34,141.43,112.39,138.66z\" class=\"st0\"><\/path> <\/svg><\/span><span class=\"gb-button-text\">Reservar<\/span><\/a>\n<\/div><\/div>\n\n\n\n<div style=\"height:30px\" aria-hidden=\"true\" class=\"wp-block-spacer\"><\/div>\n\n\n\n<div class=\"wp-block-group tic-page-content\"><div class=\"wp-block-group__inner-container is-layout-constrained wp-block-group-is-layout-constrained\">\n<div style=\"height:20px\" aria-hidden=\"true\" class=\"wp-block-spacer\"><\/div>\n\n\n<div class=\"wp-block-image tic-page-imagen\">\n<figure class=\"alignleft size-large is-resized\"><img decoding=\"async\" width=\"1024\" height=\"291\" src=\"https:\/\/turismosierradefrancia.es\/wp-content\/uploads\/2024\/05\/logo-centro-interpretacion-danza-1024x291.webp\" alt=\"Espacio Interpretativo de la Danza Serrana 1\" class=\"wp-image-13419\" style=\"width:593px\" srcset=\"https:\/\/turismosierradefrancia.es\/wp-content\/uploads\/2024\/05\/logo-centro-interpretacion-danza-1024x291.webp 1024w, https:\/\/turismosierradefrancia.es\/wp-content\/uploads\/2024\/05\/logo-centro-interpretacion-danza-300x85.webp 300w, https:\/\/turismosierradefrancia.es\/wp-content\/uploads\/2024\/05\/logo-centro-interpretacion-danza-768x218.webp 768w, https:\/\/turismosierradefrancia.es\/wp-content\/uploads\/2024\/05\/logo-centro-interpretacion-danza-150x43.webp 150w, https:\/\/turismosierradefrancia.es\/wp-content\/uploads\/2024\/05\/logo-centro-interpretacion-danza-480x136.webp 480w, https:\/\/turismosierradefrancia.es\/wp-content\/uploads\/2024\/05\/logo-centro-interpretacion-danza.webp 1400w\" sizes=\"(max-width:767px) 480px, (max-width:1024px) 100vw, 1024px\" \/><\/figure>\n<\/div>\n\n\n<p class=\"has-drop-cap tic-contenido-principal wp-block-paragraph\">El <strong>Espacio Interpretativo de la Danza Serrana<\/strong> es tu puerta de entrada al fascinante mundo de la danza tradicional de la Sierra de Francia. Te permitir\u00e1 descubrir todo lo relacionado con esta cultura ancestral, en concreto <strong>Santib\u00e1\u00f1ez de la Sierra<\/strong>, conserva el ejemplo vivo de una de las tradiciones m\u00e1s arraigadas en la regi\u00f3n, que ha sido el coraz\u00f3n de la comunidad a lo largo de los siglos.<\/p>\n\n\n\n<p class=\"tic-contenido-principal wp-block-paragraph\">Y es que la danza de Santib\u00e1\u00f1ez es \u00fanica y destaca por su singularidad y sus peculiares matices, como los r\u00e1pidos movimientos de los danzadores o la inusual fuerza con la que son golpeados los palos produciendo impactantes sonidos al chocar. Estos elementos la diferencian notablemente de otras danzas de la provincia y alrededores. <\/p>\n\n\n\n<p class=\"tic-contenido-principal wp-block-paragraph\">Te invitamos a sumergirte en un espectacular viaje a trav\u00e9s de este tesoro cultural \u00fanico que ha sobrevivido a lo largo de los siglos gracias a la pasi\u00f3n, cuidado y mimo con que los serranos han preservado y transmitido la esencia de su arte danc\u00edstico&nbsp;de generaci\u00f3n en generaci\u00f3n.&nbsp;<\/p>\n\n\n\n<div style=\"height:20px\" aria-hidden=\"true\" class=\"wp-block-spacer\"><\/div>\n\n\n\n<p class=\"has-text-align-center tic-cita wp-block-paragraph\">\u00a1Ven a conocer el encanto de la danza tradicional en&nbsp;Santib\u00e1\u00f1ez de la Sierra! <\/p>\n\n\n\n<p class=\"has-text-align-center tic-cita wp-block-paragraph\">Una experiencia cultural que te cautivar\u00e1 por su belleza y complejidad<\/p>\n\n\n\n<div style=\"height:20px\" aria-hidden=\"true\" class=\"wp-block-spacer\"><\/div>\n\n\n\n<figure class=\"wp-block-embed aligncenter is-type-video is-provider-youtube wp-block-embed-youtube wp-embed-aspect-16-9 wp-has-aspect-ratio\"><div class=\"wp-block-embed__wrapper\">\n<iframe title=\"Danza del Paleo en Santiban\u0303ez de la Sierra\" width=\"1220\" height=\"686\" src=\"https:\/\/www.youtube.com\/embed\/jLnodRRjacg?feature=oembed\" frameborder=\"0\" allow=\"accelerometer; autoplay; clipboard-write; encrypted-media; gyroscope; picture-in-picture; web-share\" referrerpolicy=\"strict-origin-when-cross-origin\" allowfullscreen><\/iframe>\n<\/div><\/figure>\n\n\n\n<div style=\"height:30px\" aria-hidden=\"true\" class=\"wp-block-spacer\"><\/div>\n\n\n\n<figure class=\"wp-block-gallery aligncenter has-nested-images columns-3 is-cropped imagen-personalizada wp-block-gallery-1 is-layout-flex wp-block-gallery-is-layout-flex\">\n<figure class=\"wp-block-image size-large\"><a href=\"https:\/\/turismosierradefrancia.es\/wp-content\/uploads\/2024\/06\/espacio-interpretativo-1.webp\"><img decoding=\"async\" width=\"1024\" height=\"681\" data-id=\"15612\" src=\"https:\/\/turismosierradefrancia.es\/wp-content\/uploads\/2024\/06\/espacio-interpretativo-1-1024x681.webp\" alt=\"Espacio Interpretativo de la Danza Serrana 2\" class=\"wp-image-15612\" srcset=\"https:\/\/turismosierradefrancia.es\/wp-content\/uploads\/2024\/06\/espacio-interpretativo-1-1024x681.webp 1024w, https:\/\/turismosierradefrancia.es\/wp-content\/uploads\/2024\/06\/espacio-interpretativo-1-300x200.webp 300w, https:\/\/turismosierradefrancia.es\/wp-content\/uploads\/2024\/06\/espacio-interpretativo-1-768x511.webp 768w, https:\/\/turismosierradefrancia.es\/wp-content\/uploads\/2024\/06\/espacio-interpretativo-1-113x75.webp 113w, https:\/\/turismosierradefrancia.es\/wp-content\/uploads\/2024\/06\/espacio-interpretativo-1-480x319.webp 480w, https:\/\/turismosierradefrancia.es\/wp-content\/uploads\/2024\/06\/espacio-interpretativo-1.webp 1400w\" sizes=\"(max-width:767px) 480px, (max-width:1024px) 100vw, 1024px\" \/><\/a><\/figure>\n\n\n\n<figure class=\"wp-block-image size-large\"><a href=\"https:\/\/turismosierradefrancia.es\/wp-content\/uploads\/2024\/06\/espacio-interpretativo-3.webp\"><img loading=\"lazy\" decoding=\"async\" width=\"1024\" height=\"681\" data-id=\"15614\" src=\"https:\/\/turismosierradefrancia.es\/wp-content\/uploads\/2024\/06\/espacio-interpretativo-3-1024x681.webp\" alt=\"espacio interpretativo danza santiba\u00f1ez 3\" class=\"wp-image-15614\" srcset=\"https:\/\/turismosierradefrancia.es\/wp-content\/uploads\/2024\/06\/espacio-interpretativo-3-1024x681.webp 1024w, https:\/\/turismosierradefrancia.es\/wp-content\/uploads\/2024\/06\/espacio-interpretativo-3-300x200.webp 300w, https:\/\/turismosierradefrancia.es\/wp-content\/uploads\/2024\/06\/espacio-interpretativo-3-768x511.webp 768w, https:\/\/turismosierradefrancia.es\/wp-content\/uploads\/2024\/06\/espacio-interpretativo-3-113x75.webp 113w, https:\/\/turismosierradefrancia.es\/wp-content\/uploads\/2024\/06\/espacio-interpretativo-3-480x319.webp 480w, https:\/\/turismosierradefrancia.es\/wp-content\/uploads\/2024\/06\/espacio-interpretativo-3.webp 1400w\" sizes=\"(max-width:767px) 480px, (max-width:1024px) 100vw, 1024px\" \/><\/a><\/figure>\n\n\n\n<figure class=\"wp-block-image size-large\"><a href=\"https:\/\/turismosierradefrancia.es\/wp-content\/uploads\/2024\/06\/espacio-interpretativo-2.webp\"><img loading=\"lazy\" decoding=\"async\" width=\"1024\" height=\"681\" data-id=\"15613\" src=\"https:\/\/turismosierradefrancia.es\/wp-content\/uploads\/2024\/06\/espacio-interpretativo-2-1024x681.webp\" alt=\"espacio interpretativo danza santiba\u00f1ez 2\" class=\"wp-image-15613\" srcset=\"https:\/\/turismosierradefrancia.es\/wp-content\/uploads\/2024\/06\/espacio-interpretativo-2-1024x681.webp 1024w, https:\/\/turismosierradefrancia.es\/wp-content\/uploads\/2024\/06\/espacio-interpretativo-2-300x199.webp 300w, https:\/\/turismosierradefrancia.es\/wp-content\/uploads\/2024\/06\/espacio-interpretativo-2-768x510.webp 768w, https:\/\/turismosierradefrancia.es\/wp-content\/uploads\/2024\/06\/espacio-interpretativo-2-113x75.webp 113w, https:\/\/turismosierradefrancia.es\/wp-content\/uploads\/2024\/06\/espacio-interpretativo-2-480x319.webp 480w, https:\/\/turismosierradefrancia.es\/wp-content\/uploads\/2024\/06\/espacio-interpretativo-2.webp 1500w\" sizes=\"(max-width:767px) 480px, (max-width:1024px) 100vw, 1024px\" \/><\/a><\/figure>\n\n\n\n<figure class=\"wp-block-image size-large\"><a href=\"https:\/\/turismosierradefrancia.es\/wp-content\/uploads\/2024\/05\/Panel-danza-santibanez-1.webp\"><img loading=\"lazy\" decoding=\"async\" width=\"1024\" height=\"768\" data-id=\"13434\" src=\"https:\/\/turismosierradefrancia.es\/wp-content\/uploads\/2024\/05\/Panel-danza-santibanez-1-1024x768.webp\" alt=\"Espacio Interpretativo de la Danza Serrana 3\" class=\"wp-image-13434\" srcset=\"https:\/\/turismosierradefrancia.es\/wp-content\/uploads\/2024\/05\/Panel-danza-santibanez-1-1024x768.webp 1024w, https:\/\/turismosierradefrancia.es\/wp-content\/uploads\/2024\/05\/Panel-danza-santibanez-1-300x225.webp 300w, https:\/\/turismosierradefrancia.es\/wp-content\/uploads\/2024\/05\/Panel-danza-santibanez-1-768x576.webp 768w, https:\/\/turismosierradefrancia.es\/wp-content\/uploads\/2024\/05\/Panel-danza-santibanez-1-100x75.webp 100w, https:\/\/turismosierradefrancia.es\/wp-content\/uploads\/2024\/05\/Panel-danza-santibanez-1-480x360.webp 480w, https:\/\/turismosierradefrancia.es\/wp-content\/uploads\/2024\/05\/Panel-danza-santibanez-1.webp 1400w\" sizes=\"(max-width:767px) 480px, (max-width:1024px) 100vw, 1024px\" \/><\/a><\/figure>\n\n\n\n<figure class=\"wp-block-image size-large\"><a href=\"https:\/\/turismosierradefrancia.es\/wp-content\/uploads\/2024\/05\/Panel-danza-santibanez-3.webp\"><img loading=\"lazy\" decoding=\"async\" width=\"1024\" height=\"674\" data-id=\"13436\" src=\"https:\/\/turismosierradefrancia.es\/wp-content\/uploads\/2024\/05\/Panel-danza-santibanez-3-1024x674.webp\" alt=\"Espacio Interpretativo de la Danza Serrana 4\" class=\"wp-image-13436\" srcset=\"https:\/\/turismosierradefrancia.es\/wp-content\/uploads\/2024\/05\/Panel-danza-santibanez-3-1024x674.webp 1024w, https:\/\/turismosierradefrancia.es\/wp-content\/uploads\/2024\/05\/Panel-danza-santibanez-3-300x197.webp 300w, https:\/\/turismosierradefrancia.es\/wp-content\/uploads\/2024\/05\/Panel-danza-santibanez-3-768x505.webp 768w, https:\/\/turismosierradefrancia.es\/wp-content\/uploads\/2024\/05\/Panel-danza-santibanez-3-114x75.webp 114w, https:\/\/turismosierradefrancia.es\/wp-content\/uploads\/2024\/05\/Panel-danza-santibanez-3-480x316.webp 480w, https:\/\/turismosierradefrancia.es\/wp-content\/uploads\/2024\/05\/Panel-danza-santibanez-3.webp 1400w\" sizes=\"(max-width:767px) 480px, (max-width:1024px) 100vw, 1024px\" \/><\/a><\/figure>\n\n\n\n<figure class=\"wp-block-image size-large\"><a href=\"https:\/\/turismosierradefrancia.es\/wp-content\/uploads\/2024\/05\/Panel-danza-santibanez-5.webp\"><img loading=\"lazy\" decoding=\"async\" width=\"1024\" height=\"674\" data-id=\"13438\" src=\"https:\/\/turismosierradefrancia.es\/wp-content\/uploads\/2024\/05\/Panel-danza-santibanez-5-1024x674.webp\" alt=\"Espacio Interpretativo de la Danza Serrana 5\" class=\"wp-image-13438\" srcset=\"https:\/\/turismosierradefrancia.es\/wp-content\/uploads\/2024\/05\/Panel-danza-santibanez-5-1024x674.webp 1024w, https:\/\/turismosierradefrancia.es\/wp-content\/uploads\/2024\/05\/Panel-danza-santibanez-5-300x197.webp 300w, https:\/\/turismosierradefrancia.es\/wp-content\/uploads\/2024\/05\/Panel-danza-santibanez-5-768x505.webp 768w, https:\/\/turismosierradefrancia.es\/wp-content\/uploads\/2024\/05\/Panel-danza-santibanez-5-114x75.webp 114w, https:\/\/turismosierradefrancia.es\/wp-content\/uploads\/2024\/05\/Panel-danza-santibanez-5-480x316.webp 480w, https:\/\/turismosierradefrancia.es\/wp-content\/uploads\/2024\/05\/Panel-danza-santibanez-5.webp 1400w\" sizes=\"(max-width:767px) 480px, (max-width:1024px) 100vw, 1024px\" \/><\/a><\/figure>\n<\/figure>\n\n\n\n<div style=\"height:50px\" aria-hidden=\"true\" class=\"wp-block-spacer\"><\/div>\n<\/div><\/div>\n\n\n\n<div class=\"wp-block-group tic-page-content\"><div class=\"wp-block-group__inner-container is-layout-constrained wp-block-group-is-layout-constrained\">\n<p class=\"tic-titulo-secundario wp-block-paragraph\">INFORMACI\u00d3N<\/p>\n\n\n\n<hr class=\"wp-block-separator has-alpha-channel-opacity\"\/>\n\n\n\n<p class=\"wp-block-paragraph\">Descubre la riqueza cultural de Santib\u00e1\u00f1ez de la Sierra a trav\u00e9s de sus paneles interpretativos de forma did\u00e1ctica, que te guiar\u00e1n por un viaje visual a los or\u00edgenes de su danza \u00fanica con fotograf\u00edas de gran calidad, mostrando los remotos or\u00edgenes de estos singulares bailes, la rica indumentaria serrana que portan los danzadores, los distintos paleos y el ramo, as\u00ed como los personajes que los ejecutan, los instrumentos y elementos que emplean, las costumbres que esta tradici\u00f3n lleva aparejadas, o el esfuerzo de todo el pueblo de Santib\u00e1\u00f1ez de la Sierra por recuperar una danza que se ha convertido en su se\u00f1a de identidad y en uno de sus mejores embajadores.&nbsp;<\/p>\n\n\n\n<p class=\"wp-block-paragraph\">Explora la&nbsp;autenticidad&nbsp;de esta expresi\u00f3n folkl\u00f3rica con&nbsp;instrumentos originales&nbsp;y&nbsp;trajes t\u00edpicos&nbsp;de los danzadores, que te acercar\u00e1n a la esencia de esta emblem\u00e1tica manifestaci\u00f3n santiba\u00f1eja. Adem\u00e1s, un&nbsp;audiovisual cautivador y una&nbsp;experiencia interactiva&nbsp;te mostrar\u00e1 como ha evolucionado el paleo y el baile del ramo en Santib\u00e1\u00f1ez desde el siglo pasado hasta nuestros d\u00edas.<\/p>\n\n\n\n<p class=\"wp-block-paragraph\">Para los m\u00e1s peque\u00f1os de la casa, el centro ofrece un divertido juego educativo&nbsp;relacionado con la tem\u00e1tica del museo, en el que, mediante la b\u00fasqueda de un personaje oculto entre los paneles, aprender\u00e1n de manera sencilla y accesible sobre la danza.<\/p>\n\n\n\n<p class=\"wp-block-paragraph\">Ven a Santib\u00e1\u00f1ez de la Sierra y experimenta c\u00f3mo la&nbsp;m\u00fasica, la tradici\u00f3n, la devoci\u00f3n religiosa, el folklore y el colorido&nbsp;se entrelazan en esta danza tan caracter\u00edstica de la localidad.<\/p>\n\n\n\n<p class=\"tic-content-mosaic-page wp-block-paragraph\"><strong><a href=\"https:\/\/turismosierradefrancia.es\/wp-content\/uploads\/2024\/08\/AF_TRIPTICO-PALOTEO-A4-2-sin-cortes.pdf\">Folleto oficial del Espacio Interpretativo de la Danza Serrana en Santiba\u00f1ez de la Sierra<\/a><\/strong><\/p>\n<\/div><\/div>\n\n\n\n<div class=\"wp-block-group tic-page-content\"><div class=\"wp-block-group__inner-container is-layout-constrained wp-block-group-is-layout-constrained\">\n<p class=\"tic-titulo-secundario wp-block-paragraph\">MAPA<\/p>\n\n\n\n<hr class=\"wp-block-separator has-alpha-channel-opacity\"\/>\n\n\n\n<iframe src=\"https:\/\/www.google.com\/maps\/embed?pb=!1m18!1m12!1m3!1d3034.1016705430648!2d-5.916751623437919!3d40.4951347508628!2m3!1f0!2f0!3f0!3m2!1i1024!2i768!4f13.1!3m3!1m2!1s0xd3ef7ef366da999%3A0x187519b2234ff0f8!2s37670%20Santib%C3%A1%C3%B1ez%20de%20la%20Sierra%2C%20Salamanca%2C%20Espa%C3%B1a!5e0!3m2!1ses!2sve!4v1697391250018!5m2!1ses!2sve\" width=\"100%\" height=\"600\" style=\"border:0;\" allowfullscreen=\"\" loading=\"lazy\" referrerpolicy=\"no-referrer-when-downgrade\"><\/iframe>\n<\/div><\/div>\n\n\n\n<div style=\"height:30px\" aria-hidden=\"true\" class=\"wp-block-spacer\"><\/div>\n<style class=\"advgb-styles-renderer\"> \t.st0{fill:#FFFFFF;} <\/style>","protected":false},"excerpt":{"rendered":"<p>El Espacio Interpretativo de la Danza Serrana es tu puerta de entrada al fascinante mundo de la danza tradicional de&hellip; <a class=\"continue\" href=\"https:\/\/turismosierradefrancia.es\/?page_id=8226\">Seguir leyendo<span> Espacio Interpretativo de la Danza Serrana<\/span><\/a><\/p>\n","protected":false},"author":1,"featured_media":0,"parent":1102,"menu_order":0,"comment_status":"closed","ping_status":"closed","template":"","meta":{"advgb_blocks_editor_width":"","advgb_blocks_columns_visual_guide":"","footnotes":""},"class_list":["post-8226","page","type-page","status-publish","hentry"],"yoast_head":"<!-- This site is optimized with the Yoast SEO plugin v28.2 - https:\/\/yoast.com\/product\/yoast-seo-wordpress\/ -->\n<title>Espacio Interpretativo de la Danza Serrana - Sierra de Francia<\/title>\n<meta name=\"description\" content=\"Espacio interpretativo de la danza serrana, situado en Santiba\u00f1ez de la Sierra, te permitir\u00e1 descubrir la danza serrana\" \/>\n<meta name=\"robots\" content=\"index, follow, max-snippet:-1, max-image-preview:large, max-video-preview:-1\" \/>\n<link rel=\"canonical\" href=\"https:\/\/turismosierradefrancia.es\/?page_id=8226\" \/>\n<meta property=\"og:locale\" content=\"es_ES\" \/>\n<meta property=\"og:type\" content=\"article\" \/>\n<meta property=\"og:title\" content=\"Espacio Interpretativo de la Danza Serrana - Sierra de Francia\" \/>\n<meta property=\"og:description\" content=\"Espacio interpretativo de la danza serrana, situado en Santiba\u00f1ez de la Sierra, te permitir\u00e1 descubrir la danza serrana\" \/>\n<meta property=\"og:url\" content=\"https:\/\/turismosierradefrancia.es\/?page_id=8226\" \/>\n<meta property=\"og:site_name\" content=\"Sierra de Francia\" \/>\n<meta property=\"article:publisher\" content=\"https:\/\/www.facebook.com\/visitasierradefrancia\/\" \/>\n<meta property=\"article:modified_time\" content=\"2025-08-28T15:39:03+00:00\" \/>\n<meta property=\"og:image\" content=\"https:\/\/turismosierradefrancia.es\/wp-content\/uploads\/2024\/07\/contacto-baile-santibanez-1024x576.webp\" \/>\n<meta name=\"twitter:card\" content=\"summary_large_image\" \/>\n<meta name=\"twitter:site\" content=\"@visitaSF\" \/>\n<meta name=\"twitter:label1\" content=\"Tiempo de lectura\" \/>\n\t<meta name=\"twitter:data1\" content=\"4 minutos\" \/>\n<script type=\"application\/ld+json\" class=\"yoast-schema-graph\">{\"@context\":\"https:\\\/\\\/schema.org\",\"@graph\":[{\"@type\":\"WebPage\",\"@id\":\"https:\\\/\\\/turismosierradefrancia.es\\\/?page_id=8226\",\"url\":\"https:\\\/\\\/turismosierradefrancia.es\\\/?page_id=8226\",\"name\":\"Espacio Interpretativo de la Danza Serrana - Sierra de Francia\",\"isPartOf\":{\"@id\":\"https:\\\/\\\/turismosierradefrancia.es\\\/#website\"},\"primaryImageOfPage\":{\"@id\":\"https:\\\/\\\/turismosierradefrancia.es\\\/?page_id=8226#primaryimage\"},\"image\":{\"@id\":\"https:\\\/\\\/turismosierradefrancia.es\\\/?page_id=8226#primaryimage\"},\"thumbnailUrl\":\"https:\\\/\\\/turismosierradefrancia.es\\\/wp-content\\\/uploads\\\/2024\\\/07\\\/contacto-baile-santibanez-1024x576.webp\",\"datePublished\":\"2023-10-27T15:10:24+00:00\",\"dateModified\":\"2025-08-28T15:39:03+00:00\",\"description\":\"Espacio interpretativo de la danza serrana, situado en Santiba\u00f1ez de la Sierra, te permitir\u00e1 descubrir la danza serrana\",\"breadcrumb\":{\"@id\":\"https:\\\/\\\/turismosierradefrancia.es\\\/?page_id=8226#breadcrumb\"},\"inLanguage\":\"es\",\"potentialAction\":[{\"@type\":\"ReadAction\",\"target\":[\"https:\\\/\\\/turismosierradefrancia.es\\\/?page_id=8226\"]}]},{\"@type\":\"ImageObject\",\"inLanguage\":\"es\",\"@id\":\"https:\\\/\\\/turismosierradefrancia.es\\\/?page_id=8226#primaryimage\",\"url\":\"https:\\\/\\\/turismosierradefrancia.es\\\/wp-content\\\/uploads\\\/2024\\\/07\\\/contacto-baile-santibanez.webp\",\"contentUrl\":\"https:\\\/\\\/turismosierradefrancia.es\\\/wp-content\\\/uploads\\\/2024\\\/07\\\/contacto-baile-santibanez.webp\",\"width\":1900,\"height\":1069},{\"@type\":\"BreadcrumbList\",\"@id\":\"https:\\\/\\\/turismosierradefrancia.es\\\/?page_id=8226#breadcrumb\",\"itemListElement\":[{\"@type\":\"ListItem\",\"position\":1,\"name\":\"Inicio\",\"item\":\"https:\\\/\\\/turismosierradefrancia.es\\\/\"},{\"@type\":\"ListItem\",\"position\":2,\"name\":\"Cultura\",\"item\":\"https:\\\/\\\/turismosierradefrancia.es\\\/?page_id=3508\"},{\"@type\":\"ListItem\",\"position\":3,\"name\":\"Centros de Interpretaci\u00f3n y Museos\",\"item\":\"https:\\\/\\\/turismosierradefrancia.es\\\/?page_id=1102\"},{\"@type\":\"ListItem\",\"position\":4,\"name\":\"Espacio Interpretativo de la Danza Serrana\"}]},{\"@type\":\"WebSite\",\"@id\":\"https:\\\/\\\/turismosierradefrancia.es\\\/#website\",\"url\":\"https:\\\/\\\/turismosierradefrancia.es\\\/\",\"name\":\"Sierra de Francia\",\"description\":\"\",\"publisher\":{\"@id\":\"https:\\\/\\\/turismosierradefrancia.es\\\/#organization\"},\"alternateName\":\"Turismo Sierra de Francia\",\"potentialAction\":[{\"@type\":\"SearchAction\",\"target\":{\"@type\":\"EntryPoint\",\"urlTemplate\":\"https:\\\/\\\/turismosierradefrancia.es\\\/?s={search_term_string}\"},\"query-input\":{\"@type\":\"PropertyValueSpecification\",\"valueRequired\":true,\"valueName\":\"search_term_string\"}}],\"inLanguage\":\"es\"},{\"@type\":\"Organization\",\"@id\":\"https:\\\/\\\/turismosierradefrancia.es\\\/#organization\",\"name\":\"Sierra de Francia\",\"alternateName\":\"Turismo Sierra de Francia\",\"url\":\"https:\\\/\\\/turismosierradefrancia.es\\\/\",\"logo\":{\"@type\":\"ImageObject\",\"inLanguage\":\"es\",\"@id\":\"https:\\\/\\\/turismosierradefrancia.es\\\/#\\\/schema\\\/logo\\\/image\\\/\",\"url\":\"https:\\\/\\\/turismosierradefrancia.es\\\/wp-content\\\/uploads\\\/2024\\\/04\\\/cropped-logo_redondo-removebg-preview.png\",\"contentUrl\":\"https:\\\/\\\/turismosierradefrancia.es\\\/wp-content\\\/uploads\\\/2024\\\/04\\\/cropped-logo_redondo-removebg-preview.png\",\"width\":512,\"height\":512,\"caption\":\"Sierra de Francia\"},\"image\":{\"@id\":\"https:\\\/\\\/turismosierradefrancia.es\\\/#\\\/schema\\\/logo\\\/image\\\/\"},\"sameAs\":[\"https:\\\/\\\/www.facebook.com\\\/visitasierradefrancia\\\/\",\"https:\\\/\\\/x.com\\\/visitaSF\",\"https:\\\/\\\/www.instagram.com\\\/visitasierradefrancia\\\/\",\"https:\\\/\\\/www.youtube.com\\\/@visitasierradefrancia\"]}]}<\/script>\n<!-- \/ Yoast SEO plugin. -->","yoast_head_json":{"title":"Espacio Interpretativo de la Danza Serrana - Sierra de Francia","description":"Espacio interpretativo de la danza serrana, situado en Santiba\u00f1ez de la Sierra, te permitir\u00e1 descubrir la danza serrana","robots":{"index":"index","follow":"follow","max-snippet":"max-snippet:-1","max-image-preview":"max-image-preview:large","max-video-preview":"max-video-preview:-1"},"canonical":"https:\/\/turismosierradefrancia.es\/?page_id=8226","og_locale":"es_ES","og_type":"article","og_title":"Espacio Interpretativo de la Danza Serrana - Sierra de Francia","og_description":"Espacio interpretativo de la danza serrana, situado en Santiba\u00f1ez de la Sierra, te permitir\u00e1 descubrir la danza serrana","og_url":"https:\/\/turismosierradefrancia.es\/?page_id=8226","og_site_name":"Sierra de Francia","article_publisher":"https:\/\/www.facebook.com\/visitasierradefrancia\/","article_modified_time":"2025-08-28T15:39:03+00:00","og_image":[{"url":"https:\/\/turismosierradefrancia.es\/wp-content\/uploads\/2024\/07\/contacto-baile-santibanez-1024x576.webp","type":"","width":"","height":""}],"twitter_card":"summary_large_image","twitter_site":"@visitaSF","twitter_misc":{"Tiempo de lectura":"4 minutos"},"schema":{"@context":"https:\/\/schema.org","@graph":[{"@type":"WebPage","@id":"https:\/\/turismosierradefrancia.es\/?page_id=8226","url":"https:\/\/turismosierradefrancia.es\/?page_id=8226","name":"Espacio Interpretativo de la Danza Serrana - Sierra de Francia","isPartOf":{"@id":"https:\/\/turismosierradefrancia.es\/#website"},"primaryImageOfPage":{"@id":"https:\/\/turismosierradefrancia.es\/?page_id=8226#primaryimage"},"image":{"@id":"https:\/\/turismosierradefrancia.es\/?page_id=8226#primaryimage"},"thumbnailUrl":"https:\/\/turismosierradefrancia.es\/wp-content\/uploads\/2024\/07\/contacto-baile-santibanez-1024x576.webp","datePublished":"2023-10-27T15:10:24+00:00","dateModified":"2025-08-28T15:39:03+00:00","description":"Espacio interpretativo de la danza serrana, situado en Santiba\u00f1ez de la Sierra, te permitir\u00e1 descubrir la danza serrana","breadcrumb":{"@id":"https:\/\/turismosierradefrancia.es\/?page_id=8226#breadcrumb"},"inLanguage":"es","potentialAction":[{"@type":"ReadAction","target":["https:\/\/turismosierradefrancia.es\/?page_id=8226"]}]},{"@type":"ImageObject","inLanguage":"es","@id":"https:\/\/turismosierradefrancia.es\/?page_id=8226#primaryimage","url":"https:\/\/turismosierradefrancia.es\/wp-content\/uploads\/2024\/07\/contacto-baile-santibanez.webp","contentUrl":"https:\/\/turismosierradefrancia.es\/wp-content\/uploads\/2024\/07\/contacto-baile-santibanez.webp","width":1900,"height":1069},{"@type":"BreadcrumbList","@id":"https:\/\/turismosierradefrancia.es\/?page_id=8226#breadcrumb","itemListElement":[{"@type":"ListItem","position":1,"name":"Inicio","item":"https:\/\/turismosierradefrancia.es\/"},{"@type":"ListItem","position":2,"name":"Cultura","item":"https:\/\/turismosierradefrancia.es\/?page_id=3508"},{"@type":"ListItem","position":3,"name":"Centros de Interpretaci\u00f3n y Museos","item":"https:\/\/turismosierradefrancia.es\/?page_id=1102"},{"@type":"ListItem","position":4,"name":"Espacio Interpretativo de la Danza Serrana"}]},{"@type":"WebSite","@id":"https:\/\/turismosierradefrancia.es\/#website","url":"https:\/\/turismosierradefrancia.es\/","name":"Sierra de Francia","description":"","publisher":{"@id":"https:\/\/turismosierradefrancia.es\/#organization"},"alternateName":"Turismo Sierra de Francia","potentialAction":[{"@type":"SearchAction","target":{"@type":"EntryPoint","urlTemplate":"https:\/\/turismosierradefrancia.es\/?s={search_term_string}"},"query-input":{"@type":"PropertyValueSpecification","valueRequired":true,"valueName":"search_term_string"}}],"inLanguage":"es"},{"@type":"Organization","@id":"https:\/\/turismosierradefrancia.es\/#organization","name":"Sierra de Francia","alternateName":"Turismo Sierra de Francia","url":"https:\/\/turismosierradefrancia.es\/","logo":{"@type":"ImageObject","inLanguage":"es","@id":"https:\/\/turismosierradefrancia.es\/#\/schema\/logo\/image\/","url":"https:\/\/turismosierradefrancia.es\/wp-content\/uploads\/2024\/04\/cropped-logo_redondo-removebg-preview.png","contentUrl":"https:\/\/turismosierradefrancia.es\/wp-content\/uploads\/2024\/04\/cropped-logo_redondo-removebg-preview.png","width":512,"height":512,"caption":"Sierra de Francia"},"image":{"@id":"https:\/\/turismosierradefrancia.es\/#\/schema\/logo\/image\/"},"sameAs":["https:\/\/www.facebook.com\/visitasierradefrancia\/","https:\/\/x.com\/visitaSF","https:\/\/www.instagram.com\/visitasierradefrancia\/","https:\/\/www.youtube.com\/@visitasierradefrancia"]}]}},"coauthors":[],"author_meta":{"author_link":"https:\/\/turismosierradefrancia.es\/?author=1","display_name":"admin"},"relative_dates":{"created":"Publicado 3 a\u00f1os hace","modified":"Actualizado 1 a\u00f1o hace"},"absolute_dates":{"created":"Publicado el 27\/10\/2023","modified":"Actualizado el 28\/08\/2025"},"absolute_dates_time":{"created":"Publicado el 27\/10\/2023 15:10","modified":"Actualizado el 28\/08\/2025 15:39"},"featured_img_caption":"","featured_img":false,"series_order":"","_links":{"self":[{"href":"https:\/\/turismosierradefrancia.es\/index.php?rest_route=\/wp\/v2\/pages\/8226","targetHints":{"allow":["GET"]}}],"collection":[{"href":"https:\/\/turismosierradefrancia.es\/index.php?rest_route=\/wp\/v2\/pages"}],"about":[{"href":"https:\/\/turismosierradefrancia.es\/index.php?rest_route=\/wp\/v2\/types\/page"}],"author":[{"embeddable":true,"href":"https:\/\/turismosierradefrancia.es\/index.php?rest_route=\/wp\/v2\/users\/1"}],"replies":[{"embeddable":true,"href":"https:\/\/turismosierradefrancia.es\/index.php?rest_route=%2Fwp%2Fv2%2Fcomments&post=8226"}],"version-history":[{"count":49,"href":"https:\/\/turismosierradefrancia.es\/index.php?rest_route=\/wp\/v2\/pages\/8226\/revisions"}],"predecessor-version":[{"id":20601,"href":"https:\/\/turismosierradefrancia.es\/index.php?rest_route=\/wp\/v2\/pages\/8226\/revisions\/20601"}],"up":[{"embeddable":true,"href":"https:\/\/turismosierradefrancia.es\/index.php?rest_route=\/wp\/v2\/pages\/1102"}],"wp:attachment":[{"href":"https:\/\/turismosierradefrancia.es\/index.php?rest_route=%2Fwp%2Fv2%2Fmedia&parent=8226"}],"curies":[{"name":"wp","href":"https:\/\/api.w.org\/{rel}","templated":true}]}}